{"id":242,"date":"2026-02-27T19:36:28","date_gmt":"2026-02-27T18:36:28","guid":{"rendered":"https:\/\/www.barcelonacard.org\/tr\/?post_type=ticket&#038;p=242"},"modified":"2026-04-13T05:22:36","modified_gmt":"2026-04-13T03:22:36","slug":"gaudi-paketi","status":"publish","type":"ticket","link":"https:\/\/www.barcelonacard.org\/tr\/biletler\/gaudi-paketi\/","title":{"rendered":"Gaud\u00ed Paketi"},"content":{"rendered":"\n<p>Gaud\u00ed Paketi, Barcelona&#8217;n\u0131n en \u00fcnl\u00fc iki Gaud\u00ed yap\u0131s\u0131n\u0131 ziyaret etmenin en kolay yoludur: Sagrada Fam\u00edlia ve Park G\u00fcell.<\/p>\n\n\n\n<h2 class=\"wp-block-heading\">\u00d6ne \u00c7\u0131kanlar<\/h2>\n\n\n<ul class=\"gb-container gb-container-0926de03 ms-mb-block ms-icon-list\">\n\n<li class=\"gb-headline gb-headline-5c2bcade ms-icon-list__item\"><span class=\"gb-icon\"><svg viewBox=\"0 0 256 256\" fill=\"#000000\" height=\"32\" width=\"32\" xmlns=\"http:\/\/www.w3.org\/2000\/svg\"><path d=\"M232.49,80.49l-128,128a12,12,0,0,1-17,0l-56-56a12,12,0,1,1,17-17L96,183,215.51,63.51a12,12,0,0,1,17,17Z\"><\/path><\/svg><\/span><span class=\"gb-headline-text\">Sagrada Fam\u00edlia&#8217;ya \u00f6ncelikli giri\u015f \u2013 bilet kuyru\u011funu atl\u0131yorsun<\/span><\/li>\n\n\n\n<li class=\"gb-headline gb-headline-7c84206f ms-icon-list__item\"><span class=\"gb-icon\"><svg viewBox=\"0 0 256 256\" fill=\"#000000\" height=\"32\" width=\"32\" xmlns=\"http:\/\/www.w3.org\/2000\/svg\"><path d=\"M232.49,80.49l-128,128a12,12,0,0,1-17,0l-56-56a12,12,0,1,1,17-17L96,183,215.51,63.51a12,12,0,0,1,17,17Z\"><\/path><\/svg><\/span><span class=\"gb-headline-text\">Garantili eri\u015fimle Park G\u00fcell An\u0131tsal B\u00f6lgesi giri\u015fi<\/span><\/li>\n\n\n\n<li class=\"gb-headline gb-headline-b37bb796 ms-icon-list__item\"><span class=\"gb-icon\"><svg viewBox=\"0 0 256 256\" fill=\"#000000\" height=\"32\" width=\"32\" xmlns=\"http:\/\/www.w3.org\/2000\/svg\"><path d=\"M232.49,80.49l-128,128a12,12,0,0,1-17,0l-56-56a12,12,0,1,1,17-17L96,183,215.51,63.51a12,12,0,0,1,17,17Z\"><\/path><\/svg><\/span><span class=\"gb-headline-text\">\u0130ki atraksiyon i\u00e7in ayr\u0131 ayr\u0131 bilet u\u011fra\u015f\u0131 yerine tek rezervasyon<\/span><\/li>\n\n\n\n<li class=\"gb-headline gb-headline-4d0fb89a ms-icon-list__item\"><span class=\"gb-icon\"><svg viewBox=\"0 0 256 256\" fill=\"#000000\" height=\"32\" width=\"32\" xmlns=\"http:\/\/www.w3.org\/2000\/svg\"><path d=\"M232.49,80.49l-128,128a12,12,0,0,1-17,0l-56-56a12,12,0,1,1,17-17L96,183,215.51,63.51a12,12,0,0,1,17,17Z\"><\/path><\/svg><\/span><span class=\"gb-headline-text\">100&#8217;den fazla ilgi noktas\u0131yla Barcelona Sesli Rehber uygulamas\u0131<\/span><\/li>\n\n<\/ul>\n\n\n<h2 class=\"wp-block-heading\">Gaud\u00ed Paketi nas\u0131l sat\u0131n al\u0131n\u0131r?<\/h2>\n\n\n\n<ol class=\"wp-block-list\">\n<li>Gaud\u00ed Paketini sat\u0131n almak i\u00e7in bu sayfadaki rezervasyon mod\u00fcl\u00fcn\u00fc kullan.<\/li>\n\n\n\n<li>Rezervasyonunu tamamlad\u0131ktan sonra Sagrada Fam\u00edlia ve Park G\u00fcell ziyaretlerin i\u00e7in tarih ve saat se\u00e7ebilirsin.<\/li>\n\n\n\n<li>Biletler ve talimatlar e-posta yoluyla sana iletilir.<\/li>\n<\/ol>\n\n\n\n<div class=\"ms-shadow-sm ms-rounded ms-cta-banner ms-mb-block ms-cta\">\n<div class=\"gb-element-9d8fb0a1\">\n<div class=\"ms-cta-banner__body ms-p\">\n<h2 class=\"gb-text gb-text-e425a629\">Gaud\u00ed Paketini rezerve et<\/h2>\n\n\n\n<p class=\"gb-text gb-text-86d0d25c\">Sagrada Fam\u00edlia + Park G\u00fcell + Sesli Rehber i\u00e7in 65,50 \u20ac&#8217;dan ba\u015flayan fiyatlarla.<\/p>\n<\/div>\n\n\n\n<div class=\"ms-cta-banner__header ms-p\">\n<a class=\"gb-text ms-btn ms-btn--primary\" href=\"https:\/\/www.tiqets.com\/barcelona-attractions-c66342\/the-gaudi-bundle-p1012496\/?partner=barcelonacard\" rel=\"nofollow noopener\"><strong>Bilet Sat\u0131n Al<\/strong><\/a>\n<\/div>\n<\/div>\n<\/div>\n\n\n\n<h2 class=\"wp-block-heading\">Gaud\u00ed Paketine neler dahil?<\/h2>\n\n\n\n<div class=\"ms-accordion ms-mb-block\">\n<div class=\"ms-accordion__item\">\n<div class=\"ms-accordion__header\">\n<h3 class=\"gb-text-ms-blocks-103\"><span class=\"gb-shape\"><svg viewBox=\"0 0 256 256\" fill=\"#000000\" height=\"32\" width=\"32\" xmlns=\"http:\/\/www.w3.org\/2000\/svg\"><path d=\"M128,60a44,44,0,1,0,44,44A44.05,44.05,0,0,0,128,60Zm0,64a20,20,0,1,1,20-20A20,20,0,0,1,128,124Zm0-112a92.1,92.1,0,0,0-92,92c0,77.36,81.64,135.4,85.12,137.83a12,12,0,0,0,13.76,0,259,259,0,0,0,42.18-39C205.15,170.57,220,136.37,220,104A92.1,92.1,0,0,0,128,12Zm31.3,174.71A249.35,249.35,0,0,1,128,216.89a249.35,249.35,0,0,1-31.3-30.18C80,167.37,60,137.31,60,104a68,68,0,0,1,136,0C196,137.31,176,167.37,159.3,186.71Z\"><\/path><\/svg><\/span><span class=\"gb-text\">Park G\u00fcell<\/span><\/h3>\n<\/div>\n\n\n\n<div class=\"ms-accordion__body\"><figure>\n                    <div class=\"ms-credits\"><img decoding=\"async\" width=\"1920\" height=\"1080\" class=\"gb-image gb-image-cc263dd8\" src=\"https:\/\/www.barcelonacard.org\/wp-content\/uploads\/park-guell-1746809512.jpg\" alt=\"Park Guell in Barcelona\" title=\"park-guell-1746809512\" srcset=\"https:\/\/www.barcelonacard.org\/tr\/wp-content\/uploads\/sites\/24\/park-guell-1746809512.jpg 1920w, https:\/\/www.barcelonacard.org\/tr\/wp-content\/uploads\/sites\/24\/park-guell-1746809512-768x432.jpg 768w, https:\/\/www.barcelonacard.org\/tr\/wp-content\/uploads\/sites\/24\/park-guell-1746809512-1024x576.jpg 1024w, https:\/\/www.barcelonacard.org\/tr\/wp-content\/uploads\/sites\/24\/park-guell-1746809512-1280x720.jpg 1280w, https:\/\/www.barcelonacard.org\/tr\/wp-content\/uploads\/sites\/24\/park-guell-1746809512-1600x900.jpg 1600w\" sizes=\"(max-width: 1920px) 100vw, 1920px\"><span class='ms-credits__info' id='media935'><svg xmlns=\"http:\/\/www.w3.org\/2000\/svg\" width=\"20\" height=\"22\" fill=\"#000000\" viewBox=\"0 0 256 256\"><path d=\"M128,24A104,104,0,1,0,232,128,104.11,104.11,0,0,0,128,24Zm0,192a88,88,0,1,1,88-88A88.1,88.1,0,0,1,128,216ZM96,128a32,32,0,0,0,57.6,19.2,8,8,0,0,1,12.8,9.61,48,48,0,1,1,0-57.62,8,8,0,0,1-12.8,9.61A32,32,0,0,0,96,128Z\"><\/path><\/svg>bluebe\/<a href=https:\/\/depositphotos.com\/editorial\/panoramic-view-park-guell-barcelona-catalunya-spain-235683708.html rel='nofollow' target='_blank'>Depositphotos<\/a><\/span><span class='ms-credits__btn' id='btn_media935' onclick='ms_credits_trigger(\"#media935\", this)'><svg xmlns=\"http:\/\/www.w3.org\/2000\/svg\" class=\"info_icon\" width=\"28\" height=\"28\" fill=\"#FFF\" viewBox=\"0 0 256 256\"><path d=\"M128,24A104,104,0,1,0,232,128,104.11,104.11,0,0,0,128,24Zm0,192a88,88,0,1,1,88-88A88.1,88.1,0,0,1,128,216Zm16-40a8,8,0,0,1-8,8,16,16,0,0,1-16-16V128a8,8,0,0,1,0-16,16,16,0,0,1,16,16v40A8,8,0,0,1,144,176ZM112,84a12,12,0,1,1,12,12A12,12,0,0,1,112,84Z\"><\/path><\/svg><svg xmlns=\"http:\/\/www.w3.org\/2000\/svg\" class=\"close_icon\" width=\"28\" height=\"28\" fill=\"#FFF\" viewBox=\"0 0 256 256\"><path d=\"M165.66,101.66,139.31,128l26.35,26.34a8,8,0,0,1-11.32,11.32L128,139.31l-26.34,26.35a8,8,0,0,1-11.32-11.32L116.69,128,90.34,101.66a8,8,0,0,1,11.32-11.32L128,116.69l26.34-26.35a8,8,0,0,1,11.32,11.32ZM232,128A104,104,0,1,1,128,24,104.11,104.11,0,0,1,232,128Zm-16,0a88,88,0,1,0-88,88A88.1,88.1,0,0,0,216,128Z\"><\/path><\/svg><\/span><\/div><figcaption class=\"gb-headline gb-headline-1052c05a gb-headline-text\">Barcelona&#8217;daki Park G\u00fcell&#8217;in panoramik g\u00f6r\u00fcn\u00fcm\u00fc<\/figcaption><\/figure>\n\n<ul class=\"gb-container gb-container-53b82d66 ms-mb-block ms-icon-list\">\n\n<li class=\"gb-headline gb-headline-f5138486 ms-icon-list__item\"><span class=\"gb-icon\"><svg viewBox=\"0 0 256 256\" fill=\"#000000\" height=\"32\" width=\"32\" xmlns=\"http:\/\/www.w3.org\/2000\/svg\"><path d=\"M232.49,80.49l-128,128a12,12,0,0,1-17,0l-56-56a12,12,0,1,1,17-17L96,183,215.51,63.51a12,12,0,0,1,17,17Z\"><\/path><\/svg><\/span><span class=\"gb-headline-text\">Park G\u00fcell An\u0131tsal B\u00f6lgesi&#8217;ne zahmetsiz giri\u015f.<\/span><\/li>\n\n<\/ul>\n\n\n<p>Biletini, Gaud\u00ed Ev M\u00fczesi giri\u015fini de kapsayacak \u015fekilde y\u00fckseltebilirsin. Gaud\u00ed&#8217;nin bizzat tasarlad\u0131\u011f\u0131 \u00f6zel mobilyalar\u0131 ve sanat eserlerini ke\u015ffet; Art Nouveau d\u00f6neminin zengin Katalanca zanaatk\u00e2rl\u0131\u011f\u0131n\u0131 yans\u0131tan son evini ziyaret et.<\/p>\n\n\n\n<p><strong>\u0130pucu:<\/strong> T\u00fcm \u015fehri arka planda g\u00f6recek \u015fekilde bir selfie \u00e7ekmeyi unutma!<\/p>\n<\/div>\n<\/div>\n\n\n\n<div class=\"ms-accordion__item\">\n<div class=\"ms-accordion__header\">\n<h3 class=\"gb-text-ms-blocks-203\"><span class=\"gb-shape\"><svg viewBox=\"0 0 256 256\" fill=\"#000000\" height=\"32\" width=\"32\" xmlns=\"http:\/\/www.w3.org\/2000\/svg\"><path d=\"M128,60a44,44,0,1,0,44,44A44.05,44.05,0,0,0,128,60Zm0,64a20,20,0,1,1,20-20A20,20,0,0,1,128,124Zm0-112a92.1,92.1,0,0,0-92,92c0,77.36,81.64,135.4,85.12,137.83a12,12,0,0,0,13.76,0,259,259,0,0,0,42.18-39C205.15,170.57,220,136.37,220,104A92.1,92.1,0,0,0,128,12Zm31.3,174.71A249.35,249.35,0,0,1,128,216.89a249.35,249.35,0,0,1-31.3-30.18C80,167.37,60,137.31,60,104a68,68,0,0,1,136,0C196,137.31,176,167.37,159.3,186.71Z\"><\/path><\/svg><\/span><span class=\"gb-text\">Sagrada Fam\u00edlia<\/span><\/h3>\n<\/div>\n\n\n\n<div class=\"ms-accordion__body\"><figure>\n                    <div class=\"ms-credits\"><img decoding=\"async\" width=\"1920\" height=\"1080\" class=\"gb-image gb-image-d7e8bb26\" src=\"https:\/\/www.barcelonacard.org\/wp-content\/uploads\/sagrada-familia-1746809971.jpg\" alt=\"Sagrada Familia Basilica\" title=\"sagrada-familia-1746809971\" srcset=\"https:\/\/www.barcelonacard.org\/tr\/wp-content\/uploads\/sites\/24\/sagrada-familia-1746809971.jpg 1920w, https:\/\/www.barcelonacard.org\/tr\/wp-content\/uploads\/sites\/24\/sagrada-familia-1746809971-768x432.jpg 768w, https:\/\/www.barcelonacard.org\/tr\/wp-content\/uploads\/sites\/24\/sagrada-familia-1746809971-1024x576.jpg 1024w, https:\/\/www.barcelonacard.org\/tr\/wp-content\/uploads\/sites\/24\/sagrada-familia-1746809971-1280x720.jpg 1280w, https:\/\/www.barcelonacard.org\/tr\/wp-content\/uploads\/sites\/24\/sagrada-familia-1746809971-1600x900.jpg 1600w\" sizes=\"(max-width: 1920px) 100vw, 1920px\"><span class='ms-credits__info' id='media936'><svg xmlns=\"http:\/\/www.w3.org\/2000\/svg\" width=\"20\" height=\"22\" fill=\"#000000\" viewBox=\"0 0 256 256\"><path d=\"M128,24A104,104,0,1,0,232,128,104.11,104.11,0,0,0,128,24Zm0,192a88,88,0,1,1,88-88A88.1,88.1,0,0,1,128,216ZM96,128a32,32,0,0,0,57.6,19.2,8,8,0,0,1,12.8,9.61,48,48,0,1,1,0-57.62,8,8,0,0,1-12.8,9.61A32,32,0,0,0,96,128Z\"><\/path><\/svg>TTstudio\/<a href=https:\/\/depositphotos.com\/editorial\/barcelona-spain-february-2016-sagrada-familia-basilica-barcelona-antoni-gaudi-525256358.html rel='nofollow' target='_blank'>Depositphotos<\/a><\/span><span class='ms-credits__btn' id='btn_media936' onclick='ms_credits_trigger(\"#media936\", this)'><svg xmlns=\"http:\/\/www.w3.org\/2000\/svg\" class=\"info_icon\" width=\"28\" height=\"28\" fill=\"#FFF\" viewBox=\"0 0 256 256\"><path d=\"M128,24A104,104,0,1,0,232,128,104.11,104.11,0,0,0,128,24Zm0,192a88,88,0,1,1,88-88A88.1,88.1,0,0,1,128,216Zm16-40a8,8,0,0,1-8,8,16,16,0,0,1-16-16V128a8,8,0,0,1,0-16,16,16,0,0,1,16,16v40A8,8,0,0,1,144,176ZM112,84a12,12,0,1,1,12,12A12,12,0,0,1,112,84Z\"><\/path><\/svg><svg xmlns=\"http:\/\/www.w3.org\/2000\/svg\" class=\"close_icon\" width=\"28\" height=\"28\" fill=\"#FFF\" viewBox=\"0 0 256 256\"><path d=\"M165.66,101.66,139.31,128l26.35,26.34a8,8,0,0,1-11.32,11.32L128,139.31l-26.34,26.35a8,8,0,0,1-11.32-11.32L116.69,128,90.34,101.66a8,8,0,0,1,11.32-11.32L128,116.69l26.34-26.35a8,8,0,0,1,11.32,11.32ZM232,128A104,104,0,1,1,128,24,104.11,104.11,0,0,1,232,128Zm-16,0a88,88,0,1,0-88,88A88.1,88.1,0,0,0,216,128Z\"><\/path><\/svg><\/span><\/div><figcaption class=\"gb-headline gb-headline-a73d9ee0 gb-headline-text\">Barcelona&#8217;daki Sagrada Fam\u00edlia bazilikas\u0131<\/figcaption><\/figure>\n\n<ul class=\"gb-container gb-container-1ec7782c ms-mb-block ms-icon-list\">\n\n<li class=\"gb-headline gb-headline-ea4f5bed ms-icon-list__item\"><span class=\"gb-icon\"><svg viewBox=\"0 0 256 256\" fill=\"#000000\" height=\"32\" width=\"32\" xmlns=\"http:\/\/www.w3.org\/2000\/svg\"><path d=\"M232.49,80.49l-128,128a12,12,0,0,1-17,0l-56-56a12,12,0,1,1,17-17L96,183,215.51,63.51a12,12,0,0,1,17,17Z\"><\/path><\/svg><\/span><span class=\"gb-headline-text\">Sagrada Fam\u00edlia&#8217;ya \u00f6ncelikli giri\u015f.<\/span><\/li>\n\n\n\n<li class=\"gb-headline gb-headline-eb81dbda ms-icon-list__item\"><span class=\"gb-icon\"><svg viewBox=\"0 0 256 256\" fill=\"#000000\" height=\"32\" width=\"32\" xmlns=\"http:\/\/www.w3.org\/2000\/svg\"><path d=\"M232.49,80.49l-128,128a12,12,0,0,1-17,0l-56-56a12,12,0,1,1,17-17L96,183,215.51,63.51a12,12,0,0,1,17,17Z\"><\/path><\/svg><\/span><span class=\"gb-headline-text\">20 dilde resmi sesli rehber mevcut.<\/span><\/li>\n\n<\/ul>\n\n\n<p>Biletini kule eri\u015fimini de kapsayacak \u015fekilde y\u00fckseltebilir ve Barcelona&#8217;n\u0131n ba\u015fka hi\u00e7bir yerde bulamayaca\u011f\u0131n en g\u00fczel manzaralar\u0131n\u0131n keyfini \u00e7\u0131karabilirsin.<\/p>\n<\/div>\n<\/div>\n\n\n\n<div class=\"ms-accordion__item\">\n<div class=\"ms-accordion__header\">\n<h3 class=\"gb-text-ms-blocks-303\"><span class=\"gb-shape\"><svg viewBox=\"0 0 256 256\" fill=\"#000000\" height=\"32\" width=\"32\" xmlns=\"http:\/\/www.w3.org\/2000\/svg\"><path d=\"M176,12H80A28,28,0,0,0,52,40V216a28,28,0,0,0,28,28h96a28,28,0,0,0,28-28V40A28,28,0,0,0,176,12ZM76,76H180V180H76Zm4-40h96a4,4,0,0,1,4,4V52H76V40A4,4,0,0,1,80,36Zm96,184H80a4,4,0,0,1-4-4V204H180v12A4,4,0,0,1,176,220Z\"><\/path><\/svg><\/span><span class=\"gb-text\">Barcelona: Sesli Rehber Uygulamas\u0131<\/span><\/h3>\n<\/div>\n\n\n\n<div class=\"ms-accordion__body\">\n<ul class=\"wp-block-list\">\n<li>\u015eehirdeki 100&#8217;den fazla ilgi noktas\u0131n\u0131 i\u00e7eren uygulama.<\/li>\n\n\n\n<li>\u0130ngilizce, \u0130talyanca, Frans\u0131zca, Almanca ve \u0130spanyolca dillerinde yerel uzmanlar taraf\u0131ndan haz\u0131rlanm\u0131\u015f g\u00f6rseller, a\u00e7\u0131klamalar ve sesli yorumlar.<\/li>\n\n\n\n<li>Kendi temponuzda ke\u015ffetmene yard\u0131mc\u0131 olacak \u00e7evrimd\u0131\u015f\u0131, etkile\u015fimli dijital haritalar ve navigasyon.<\/li>\n<\/ul>\n\n\n\n<p><strong>Not:<\/strong> Uygulama, a\u00e7\u0131klanan ilgi noktalar\u0131na giri\u015f biletlerini i\u00e7ermez. Sesli yorumlar\u0131 ak\u0131ll\u0131 telefonunda dinlemek i\u00e7in kendi kulakl\u0131\u011f\u0131n\u0131 kullanman gerekir.<\/p>\n<\/div>\n<\/div>\n<\/div>\n\n\n<div class=\"gb-container gb-container-7d45ff9c ms-p ms-rounded ms-mb-last-child-0 ms-mb-children-condensed ms-alert--contrast ms-mb-block\">\n\n<p><strong>Ula\u015f\u0131m ve m\u00fczeleri de istiyor musun?<\/strong> Gaud\u00ed Paketi + Barcelona Card kombinasyonu; s\u0131n\u0131rs\u0131z toplu ta\u015f\u0131ma, 28&#8217;den fazla m\u00fczeye \u00fccretsiz giri\u015f ve Barcelona genelinde 70&#8217;ten fazla indirim sunar.<\/p>\n\n\n\n<p><a href=\"https:\/\/www.tiqets.com\/barcelona-attractions-c66342\/barcelona-card-the-gaudi-bundle-p1014705\/?partner=barcelonacard\" rel=\"nofollow noopener\">Kombinasyonu \u0130ncele<\/a> \u00bb<\/p>\n\n<\/div>\n\n\n<h2 class=\"wp-block-heading\">Di\u011fer Barcelona Paslar\u0131<\/h2>\n\n\n\n<p>Gaud\u00ed Paketi, Sagrada Fam\u00edlia ve Park G\u00fcell&#8217;i kapsayan tek pas de\u011fil. Di\u011ferleriyle nas\u0131l kar\u015f\u0131la\u015ft\u0131r\u0131ld\u0131\u011f\u0131na bir bak.<\/p>\n\n\n<div class=\"ms-table frozenColumn\"><table><tr><th>\u00d6zellik<\/th><th><a href=\"https:\/\/www.barcelonacard.org\/tickets\/all-in-barcelona-card\/\">All-In Card<\/a><\/th><th><a href=\"https:\/\/www.barcelonacard.org\/tr\/biletler\/barcelona-city-pass\/\">Barcelona Pass<\/a><\/th><th><a href=\"https:\/\/www.barcelonacard.org\/tickets\/barcelona-essentials-pass\/\">Temel Ge\u00e7i\u015f Kart\u0131<\/a><\/th><th><a href=\"https:\/\/www.barcelonacard.org\/tr\/biletler\/gaudi-paketi\/\">Gaud\u00ed Paketi<\/a><\/th><\/tr><tr><td>Fiyat<\/td><td>\u20ac124,50<\/td><td>\u20ac96,00<\/td><td>\u20ac87,00<\/td><td>\u20ac65,50<\/td><\/tr><tr><td>Sagrada Familia<\/td><td>\u2713<\/td><td>\u2713<\/td><td>\u2713<\/td><td>\u2713<\/td><\/tr><tr><td>Park G\u00fcell<\/td><td>\u2713<\/td><td>\u2713<\/td><td>\u2713<\/td><td>\u2713<\/td><\/tr><tr><td>Ula\u015f\u0131m (Hola BCN)<\/td><td>\u2713<\/td><td><\/td><td>\u2713<\/td><td> <\/td><\/tr><tr><td>Sesli rehber<\/td><td><\/td><td>\u2713<\/td><td>\u2713<\/td><td>\u2713<\/td><\/tr><tr><td>3. cazibe merkezi<\/td><td>2 premium se\u00e7im<\/td><td>1 se\u00e7in: Casa Batll\u00f3, La Pedrera veya HoHo otob\u00fcs\u00fc<\/td><td><\/td><td> <\/td><\/tr><tr><td>M\u00fcze kart\u0131<\/td><td>33 m\u00fcze<\/td><td><\/td><td><\/td><td> <\/td><\/tr><tr><td>\u0130ndirimler<\/td><td>32 indirim<\/td><td>%10 kod (5 kullan\u0131m)<\/td><td>%10 kod (5 kullan\u0131m)<\/td><td> <\/td><\/tr><tr><td>Dijital bilet<\/td><td>\u2713<\/td><td>\u2713<\/td><td>\u2713<\/td><td>\u2713<\/td><\/tr><\/table><\/div>\n\n\n<p class=\"gb-text-b8f78388\"><span class=\"gb-text\">T\u00fcm Barcelona paslar\u0131n\u0131 ayr\u0131nt\u0131l\u0131 kar\u015f\u0131la\u015ft\u0131r<\/span><span class=\"gb-shape\"><svg xmlns=\"http:\/\/www.w3.org\/2000\/svg\" width=\"32\" height=\"32\" fill=\"#000000\" viewBox=\"0 0 256 256\"><path d=\"M141.66,133.66l-80,80a8,8,0,0,1-11.32-11.32L124.69,128,50.34,53.66A8,8,0,0,1,61.66,42.34l80,80A8,8,0,0,1,141.66,133.66Zm80-11.32-80-80a8,8,0,0,0-11.32,11.32L204.69,128l-74.35,74.34a8,8,0,0,0,11.32,11.32l80-80A8,8,0,0,0,221.66,122.34Z\"><\/path><\/svg><\/span><\/p>\n","protected":false},"excerpt":{"rendered":"<p>Gaud\u00ed Paketi, Barselona\u2019n\u0131n en \u00f6nemli Gaud\u00ed eserlerini gezmek i\u00e7in pratik bir se\u00e7enek sunuyor<\/p>\n","protected":false},"author":4,"featured_media":934,"parent":0,"menu_order":3,"template":"","meta":{"_acf_changed":false,"button_url":"https:\/\/www.tiqets.com\/barcelona-attractions-c66342\/the-gaudi-bundle-p1012496\/?partner=barcelonacard","ms_product_id":"1012496","ms_product_name":"The Gaudi Bundle","ms_price":"65","ms_currency":"EUR","ms_rating_value":"4.4","ms_review_count":"1406","product_id":"","street_address":"","city":"","country":"","postal_code":"","lattitude":"","longitude":"","rank_math_title":"Gaud\u00ed Paketi: Barcelona Card'\u0131n En \u0130yi Alternatifi | \u20ac%customfield(ms_price)%'dan itibaren","rank_math_description":"Gaud\u00ed Paketi, \u00fcnl\u00fc mimar Antoni Gaud\u00ed'nin tasarlad\u0131\u011f\u0131 Barcelona'n\u0131n en pop\u00fcler iki yap\u0131s\u0131n\u0131 \u2014 Sagrada Fam\u00edlia ve Park G\u00fcell'i \u2014 kapsayan 2'si 1 arada bir biletdir. Hemen rezervasyon yap, zaman kazan ve uzun kuyruklar\u0131 atla."},"ticket-type":[],"producer":[],"class_list":["post-242","ticket","type-ticket","status-publish","has-post-thumbnail","hentry"],"acf":[],"product_schema":{"ms_product_id":"1012496","ms_product_name":"The Gaudi Bundle","ms_price":"65","ms_currency":"EUR","ms_rating_value":"4.4","ms_review_count":"1406"},"location_schema":{"product_id":"","street_address":"","city":"","country":"","postal_code":"","lattitude":"","longitude":""},"_links":{"self":[{"href":"https:\/\/www.barcelonacard.org\/tr\/wp-json\/wp\/v2\/ticket\/242","targetHints":{"allow":["GET"]}}],"collection":[{"href":"https:\/\/www.barcelonacard.org\/tr\/wp-json\/wp\/v2\/ticket"}],"about":[{"href":"https:\/\/www.barcelonacard.org\/tr\/wp-json\/wp\/v2\/types\/ticket"}],"author":[{"embeddable":true,"href":"https:\/\/www.barcelonacard.org\/tr\/wp-json\/wp\/v2\/users\/4"}],"wp:featuredmedia":[{"embeddable":true,"href":"https:\/\/www.barcelonacard.org\/tr\/wp-json\/wp\/v2\/media\/934"}],"wp:attachment":[{"href":"https:\/\/www.barcelonacard.org\/tr\/wp-json\/wp\/v2\/media?parent=242"}],"wp:term":[{"taxonomy":"ticket-type","embeddable":true,"href":"https:\/\/www.barcelonacard.org\/tr\/wp-json\/wp\/v2\/ticket-type?post=242"},{"taxonomy":"producer","embeddable":true,"href":"https:\/\/www.barcelonacard.org\/tr\/wp-json\/wp\/v2\/producer?post=242"}],"curies":[{"name":"wp","href":"https:\/\/api.w.org\/{rel}","templated":true}]}}