{"id":980,"date":"2025-09-12T21:03:49","date_gmt":"2025-09-12T19:03:49","guid":{"rendered":"https:\/\/www.barcelonacard.org\/pt\/?post_type=ticket&#038;p=980"},"modified":"2026-04-06T21:09:52","modified_gmt":"2026-04-06T19:09:52","slug":"casa-mila","status":"publish","type":"ticket","link":"https:\/\/www.barcelonacard.org\/pt\/bilhetes\/casa-mila\/","title":{"rendered":"Bilhetes Casa Mil\u00e0 (La Pedrera)"},"content":{"rendered":"\n<p><span class=\"label label-success\">Evite filas<\/span> | <span class=\"label label-warning\">Esgota rapidamente<\/span> | <span class=\"label label-success\">Imperd\u00edvel<\/span><\/p>\n\n\n\n<p class=\"lead\">A Casa Mil\u00e0 (tamb\u00e9m conhecida como La Pedrera) \u00e9 uma obra-prima de arte e arquitetura. A sua famosa fachada \u00e9 esculpida em pedra simples e de cor castanha, mas a superf\u00edcie ondulada e sinuosa confere-lhe um aspeto suave e org\u00e2nico, quase como se estivesse viva.<\/p>\n\n\n<ul class=\"gb-container gb-container-53b82d66 ms-icon-list\">\n\n<li class=\"gb-headline gb-headline-f5138486 ms-icon-list__item\"><span class=\"gb-icon\"><svg viewBox=\"0 0 256 256\" fill=\"#000000\" height=\"32\" width=\"32\" xmlns=\"http:\/\/www.w3.org\/2000\/svg\"><path d=\"M232.49,80.49l-128,128a12,12,0,0,1-17,0l-56-56a12,12,0,1,1,17-17L96,183,215.51,63.51a12,12,0,0,1,17,17Z\"><\/path><\/svg><\/span><span class=\"gb-headline-text\">Poupe tempo e reserve os seus bilhetes online para evitar filas<\/span><\/li>\n\n\n\n<li class=\"gb-headline gb-headline-eb81dbda ms-icon-list__item\"><span class=\"gb-icon\"><svg viewBox=\"0 0 256 256\" fill=\"#000000\" height=\"32\" width=\"32\" xmlns=\"http:\/\/www.w3.org\/2000\/svg\"><path d=\"M232.49,80.49l-128,128a12,12,0,0,1-17,0l-56-56a12,12,0,1,1,17-17L96,183,215.51,63.51a12,12,0,0,1,17,17Z\"><\/path><\/svg><\/span><span class=\"gb-headline-text\">Saiba tudo sobre a Casa Mil\u00e0 com um guia em v\u00eddeo<\/span><\/li>\n\n\n\n<li class=\"gb-headline gb-headline-b37bb796 ms-icon-list__item\"><span class=\"gb-icon\"><svg viewBox=\"0 0 256 256\" fill=\"#000000\" height=\"32\" width=\"32\" xmlns=\"http:\/\/www.w3.org\/2000\/svg\"><path d=\"M232.49,80.49l-128,128a12,12,0,0,1-17,0l-56-56a12,12,0,1,1,17-17L96,183,215.51,63.51a12,12,0,0,1,17,17Z\"><\/path><\/svg><\/span><span class=\"gb-headline-text\">Para uma experi\u00eancia ainda mais especial, opte pela visita noturna, que inclui uma ta\u00e7a de cava no terra\u00e7o<\/span><\/li>\n\n<\/ul>\n\n\n<h2 class=\"wp-block-heading\">Bilhetes e pre\u00e7os<\/h2>\n\n\n\n<p>A Casa Mil\u00e0 tem bilhetes para seis categorias: adultos, idosos, estudantes, adolescentes, visitantes com defici\u00eancia e crian\u00e7as. Crian\u00e7as com menos de 11 anos t\u00eam entrada gratuita.<\/p>\n\n\n\n<div class=\"ms-rounded ms-mb-last-child-0 ms-mb-block ms-tfs--contrast ms-p ms-tfs\">\n<h3 class=\"gb-text\">Bilhetes para a Casa Mil\u00e0<\/h3>\n\n\n\n<p class=\"ms-link-unstyled\">\ud83c\udf9f\ufe0f <a href=\"https:\/\/www.tiqets.com\/pt\/barcelona-attractions-c66342\/tickets-for-la-pedrera-essential-p973460\/?partner=barcelonacard\" rel=\"nofollow noopener\"><strong>Bilhete de entrada + audioguia<\/strong><\/a><\/p>\n\n\n\n<ul class=\"wp-block-list\">\n<li>Evite filas e explore o famoso edif\u00edcio de Gaud\u00ed ao seu pr\u00f3prio ritmo.<\/li>\n\n\n\n<li>Visite o telhado com as esculturas das chamin\u00e9s, o s\u00f3t\u00e3o com maquetes, um apartamento hist\u00f3rico e os p\u00e1tios.<\/li>\n\n\n\n<li>Pode visitar a qualquer hora durante o hor\u00e1rio de funcionamento.<\/li>\n<\/ul>\n\n\n\n<p class=\"ms-link-unstyled\"><strong>\ud83d\udde3\ufe0f&nbsp;<a href=\"https:\/\/www.tiqets.com\/pt\/barcelona-attractions-c66342\/tickets-for-fast-track-la-pedrera-guided-tour-p1090736\/?partner=barcelonacard\" rel=\"nofollow noopener\">Tour guiado<\/a><\/strong><\/p>\n\n\n\n<ul class=\"wp-block-list\">\n<li>Junte-se a um pequeno grupo e seja conduzido por um guia por todas as \u00e1reas principais: telhado, s\u00f3t\u00e3o, apartamento e muito mais.<\/li>\n\n\n\n<li>Evite filas e ou\u00e7a hist\u00f3rias e curiosidades sobre Gaud\u00ed e a casa.<\/li>\n\n\n\n<li>\u00c9 a op\u00e7\u00e3o perfeita se gosta de aprender mais \u00e0 medida que visita.<\/li>\n<\/ul>\n\n\n\n<p class=\"ms-link-unstyled\"><strong>\ud83c\udf19 <a href=\"https:\/\/www.tiqets.com\/pt\/barcelona-attractions-c66342\/tickets-for-casa-mila-guided-night-tour-optional-dinner-p973865\/?partner=barcelonacard\" rel=\"nofollow noopener\">Tour guiado \u00e0 noite + jantar opcional<\/a><\/strong><\/p>\n\n\n\n<ul class=\"wp-block-list\">\n<li>Esta visita guiada noturna permite-lhe desfrutar da beleza de Barcelona sob as estrelas, terminando com um espet\u00e1culo audiovisual no telhado.<\/li>\n\n\n\n<li>Pode tamb\u00e9m reservar um jantar para acompanhar.<\/li>\n\n\n\n<li>Esta visita \u00e9 a op\u00e7\u00e3o perfeita se quiser algo especial ou um pouco diferente de uma visita diurna.<\/li>\n<\/ul>\n\n\n\n<div class=\"ms-cta-button-options ms-mb-block ms-cta\">\n<a class=\"gb-text ms-btn ms-btn--primary ms-shadow\" href=\"https:\/\/www.tiqets.com\/pt\/barcelona-attractions-c66342\/tickets-for-la-pedrera-essential-p973460\/?partner=barcelonacard\" rel=\"nofollow noopener\">Bilhete Casa Mil\u00e0<\/a>\n\n\n\n<a class=\"gb-text ms-btn ms-btn--outline-primary ms-shadow\" href=\"https:\/\/www.tiqets.com\/pt\/casa-mila-la-pedrera-tickets-l145464\/?partner=barcelonacard\" rel=\"nofollow noopener\">Todas as op\u00e7\u00f5es de bilhetes<\/a>\n<\/div>\n<\/div>\n\n\n\n<h2 class=\"wp-block-heading\">Hor\u00e1rio de funcionamento<\/h2>\n\n\n\n<p>A Casa Mil\u00e0 recebe visitantes durante todo o ano, com hor\u00e1rios sazonais para se adaptar \u00e0s diferentes horas de luz do dia em Barcelona.<\/p>\n\n\n<div class=\"ms-table frozenColumn\"><table><tr><th>Per\u00edodo<\/th><th>Datas<\/th><th>Dias<\/th><th>Hor\u00e1rio diurno<\/th><th>Visitas noturnas<\/th><\/tr><tr><td>Hor\u00e1rio de inverno<\/td><td>10 nov 2025 \u2013 5 mar 2026<\/td><td>Segunda \u2013 Domingo e feriados<\/td><td>9:00 \u2013 18:30<\/td><td>19:00 \u2013 23:00<\/td><\/tr><tr><td>Hor\u00e1rio especial de Natal<\/td><td>26 dez 2025 \u2013 4 jan 2026<\/td><td>Segunda \u2013 Domingo<\/td><td>9:00 \u2013 20:30<\/td><td>21:00 \u2013 23:00<\/td><\/tr><tr><td>Ano Novo (1 janeiro 2026)<\/td><td>\u2013<\/td><td>\u2013<\/td><td>11:00 \u2013 20:30<\/td><td>\u2013<\/td><\/tr><tr><td>Hor\u00e1rio de ver\u00e3o<\/td><td>6 mar 2026 \u2013 1 nov 2026<\/td><td>Segunda \u2013 Domingo e feriados<\/td><td>9:00 \u2013 20:30<\/td><td>20:40 \u2013 22:20<\/td><\/tr><\/table><\/div>\n\n\n<div class=\"ms-p ms-rounded ms-mb-last-child-0 ms-mb-children-condensed ms-alert--contrast ms-mb-block\">\n<h4 class=\"gb-text-26a71c5b\"><span class=\"gb-shape\"><svg viewBox=\"0 0 256 256\" fill=\"#000000\" height=\"32\" width=\"32\" xmlns=\"http:\/\/www.w3.org\/2000\/svg\"><path d=\"M108,84a16,16,0,1,1,16,16A16,16,0,0,1,108,84Zm128,44A108,108,0,1,1,128,20,108.12,108.12,0,0,1,236,128Zm-24,0a84,84,0,1,0-84,84A84.09,84.09,0,0,0,212,128Zm-72,36.68V132a20,20,0,0,0-20-20,12,12,0,0,0-4,23.32V168a20,20,0,0,0,20,20,12,12,0,0,0,4-23.32Z\"><\/path><\/svg><\/span><span class=\"gb-text\"><strong>Oferta especial:<\/strong><\/span><\/h4>\n\n\n\n<p class=\"gb-text\">Se planeia visitar a Casa Batll\u00f3, a Casa Mil\u00e0 e a Casa Vicens, o <strong>3 Casas de Gaud\u00ed<\/strong> \u00e9 uma op\u00e7\u00e3o bastante conveniente. O pacote inclui acesso priorit\u00e1rio \u00e0s tr\u00eas atra\u00e7\u00f5es e uma aplica\u00e7\u00e3o de guia da cidade para o ajudar a explorar as obras de Gaud\u00ed em Barcelona.<\/p>\n\n\n\n<p class=\"gb-text\"><a href=\"https:\/\/www.tiqets.com\/pt\/barcelona-attractions-c66342\/three-houses-of-gaudi-p1012536\/?partner=barcelonacard\" rel=\"nofollow noopener\">Clique aqui para mais informa\u00e7\u00f5es \u00bb<\/a><\/p>\n<\/div>\n\n\n\n<h2 class=\"wp-block-heading\">O que ver e fazer<\/h2>\n\n\n\n<p>A Casa Mil\u00e0 \u00e9 uma obra-prima do modernismo catal\u00e3o e imperd\u00edvel para quem aprecia arquitetura. Eis o que pode explorar durante a sua visita:<\/p>\n\n\n\n<h3 class=\"wp-block-heading\">Os p\u00e1tios<\/h3>\n\n\n\n<p>Os p\u00e1tios interiores da Casa Mil\u00e0 s\u00e3o uma verdadeira maravilha de design, uma vez que permitem a entrada de luz natural no edif\u00edcio. Tamb\u00e9m apresentam o trabalho em ferro carater\u00edstico de Gaud\u00ed e murais coloridos, que contribuem para a est\u00e9tica \u00fanica do edif\u00edcio.<\/p>\n\n\n\n<h3 class=\"wp-block-heading\">O telhado<\/h3>\n\n\n\n<p>O telhado \u00e9 uma das carater\u00edsticas mais ic\u00f3nicas da Casa Mil\u00e0, famoso pelas suas chamin\u00e9s surreais e pelas vistas panor\u00e2micas de Barcelona. Se optar pela visita noturna, poder\u00e1 assistir a um impressionante espet\u00e1culo audiovisual que ilumina o telhado, criando uma atmosfera m\u00e1gica.<\/p>\n\n\n\n<h3 class=\"wp-block-heading\">O s\u00f3t\u00e3o<\/h3>\n\n\n\n<p>Conhecido como o \u00abS\u00f3t\u00e3o da Baleia\u00bb devido aos seus arcos caten\u00e1rios que se assemelham \u00e0 caixa tor\u00e1cica de uma baleia, este espa\u00e7o alberga uma exposi\u00e7\u00e3o permanente chamada \u00abEspai Gaud\u00ed\u00bb. A exposi\u00e7\u00e3o mostra a vis\u00e3o arquitet\u00f3nica de Gaud\u00ed e as t\u00e9cnicas inovadoras que ele utilizou no seu trabalho.<\/p>\n\n\n\n<h3 class=\"wp-block-heading\">O piso principal<\/h3>\n\n\n\n<p>Outrora a luxuosa resid\u00eancia da fam\u00edlia Mil\u00e0, o piso principal alberga agora exposi\u00e7\u00f5es tempor\u00e1rias. Estas exposi\u00e7\u00f5es oferecem aos visitantes uma vis\u00e3o da vida no in\u00edcio do s\u00e9culo XX em Barcelona e das complexidades do design da obra de Gaud\u00ed.<\/p>\n\n\n\n<h2 class=\"wp-block-heading\">Sabia que? (Tr\u00eas fatos interessantes!)<\/h2>\n\n\n\n<ul class=\"wp-block-list\">\n<li>Ainda hoje, alguns apartamentos privados continuam ocupados, enquanto outras partes do edif\u00edcio s\u00e3o utilizadas como escrit\u00f3rios.<\/li>\n\n\n\n<li>Gaud\u00ed queria que os residentes do edif\u00edcio interagissem e se conhecessem, por isso instalou elevadores apenas em cada segundo andar para criar mais oportunidades de encontro.<\/li>\n\n\n\n<li>A alcunha La Pedrera, que significa \u00aba pedreira\u00bb, era originalmente um termo depreciativo utilizado pelos locais que n\u00e3o estavam habituados ao estilo arquitet\u00f3nico n\u00e3o convencional de Gaud\u00ed.<\/li>\n<\/ul>\n\n\n\n<h2 class=\"wp-block-heading\">Fotos<\/h2>\n\n\n\n<figure><div class=\"ms-credits\">\n<img decoding=\"async\" class=\"gb-media-90e9d5d7\" src=\"https:\/\/www.barcelonacard.org\/wp-content\/uploads\/casa-mila-1747037707.jpg\" alt=\"\" title=\"casa-mila-1747037707\"\/>\n<span class='ms-credits__info' id='media966'><svg xmlns=\"http:\/\/www.w3.org\/2000\/svg\" width=\"20\" height=\"22\" fill=\"#000000\" viewBox=\"0 0 256 256\"><path d=\"M128,24A104,104,0,1,0,232,128,104.11,104.11,0,0,0,128,24Zm0,192a88,88,0,1,1,88-88A88.1,88.1,0,0,1,128,216ZM96,128a32,32,0,0,0,57.6,19.2,8,8,0,0,1,12.8,9.61,48,48,0,1,1,0-57.62,8,8,0,0,1-12.8,9.61A32,32,0,0,0,96,128Z\"><\/path><\/svg>andglb\/<a href=https:\/\/depositphotos.com\/editorial\/port-aventura-spain-june-2015-port-aventura-amusement-park-european-279285138.html rel='nofollow' target='_blank'>Depositphotos<\/a><\/span><span class='ms-credits__btn' id='btn_media966' onclick='ms_credits_trigger(\"#media966\", this)'><svg xmlns=\"http:\/\/www.w3.org\/2000\/svg\" class=\"info_icon\" width=\"28\" height=\"28\" fill=\"#FFF\" viewBox=\"0 0 256 256\"><path d=\"M128,24A104,104,0,1,0,232,128,104.11,104.11,0,0,0,128,24Zm0,192a88,88,0,1,1,88-88A88.1,88.1,0,0,1,128,216Zm16-40a8,8,0,0,1-8,8,16,16,0,0,1-16-16V128a8,8,0,0,1,0-16,16,16,0,0,1,16,16v40A8,8,0,0,1,144,176ZM112,84a12,12,0,1,1,12,12A12,12,0,0,1,112,84Z\"><\/path><\/svg><svg xmlns=\"http:\/\/www.w3.org\/2000\/svg\" class=\"close_icon\" width=\"28\" height=\"28\" fill=\"#FFF\" viewBox=\"0 0 256 256\"><path d=\"M165.66,101.66,139.31,128l26.35,26.34a8,8,0,0,1-11.32,11.32L128,139.31l-26.34,26.35a8,8,0,0,1-11.32-11.32L116.69,128,90.34,101.66a8,8,0,0,1,11.32-11.32L128,116.69l26.34-26.35a8,8,0,0,1,11.32,11.32ZM232,128A104,104,0,1,1,128,24,104.11,104.11,0,0,1,232,128Zm-16,0a88,88,0,1,0-88,88A88.1,88.1,0,0,0,216,128Z\"><\/path><\/svg><\/span><\/div>\n\n\n<figcaption class=\"gb-text\">Exterior da Casa Mil\u00e0 (La Pedrera) de Antoni Gaud\u00ed em Barcelona, Espanha<\/figcaption>\n<\/figure>\n\n\n\n<figure><div class=\"ms-credits\">\n<img decoding=\"async\" class=\"gb-media-fbf38060\" alt=\"\" src=\"https:\/\/www.barcelonacard.org\/wp-content\/uploads\/roof-casa-mila-1747037735.jpg\" title=\"roof-casa-mila-1747037735\"\/>\n<span class='ms-credits__info' id='media967'><svg xmlns=\"http:\/\/www.w3.org\/2000\/svg\" width=\"20\" height=\"22\" fill=\"#000000\" viewBox=\"0 0 256 256\"><path d=\"M128,24A104,104,0,1,0,232,128,104.11,104.11,0,0,0,128,24Zm0,192a88,88,0,1,1,88-88A88.1,88.1,0,0,1,128,216ZM96,128a32,32,0,0,0,57.6,19.2,8,8,0,0,1,12.8,9.61,48,48,0,1,1,0-57.62,8,8,0,0,1-12.8,9.61A32,32,0,0,0,96,128Z\"><\/path><\/svg>YuliyaGusyeva\/<a href=https:\/\/depositphotos.com\/editorial\/salou-spain-may-2015-portaventura-roller-coaster-shambala-motion-famous-384820482.html rel='nofollow' target='_blank'>Depositphotos<\/a><\/span><span class='ms-credits__btn' id='btn_media967' onclick='ms_credits_trigger(\"#media967\", this)'><svg xmlns=\"http:\/\/www.w3.org\/2000\/svg\" class=\"info_icon\" width=\"28\" height=\"28\" fill=\"#FFF\" viewBox=\"0 0 256 256\"><path d=\"M128,24A104,104,0,1,0,232,128,104.11,104.11,0,0,0,128,24Zm0,192a88,88,0,1,1,88-88A88.1,88.1,0,0,1,128,216Zm16-40a8,8,0,0,1-8,8,16,16,0,0,1-16-16V128a8,8,0,0,1,0-16,16,16,0,0,1,16,16v40A8,8,0,0,1,144,176ZM112,84a12,12,0,1,1,12,12A12,12,0,0,1,112,84Z\"><\/path><\/svg><svg xmlns=\"http:\/\/www.w3.org\/2000\/svg\" class=\"close_icon\" width=\"28\" height=\"28\" fill=\"#FFF\" viewBox=\"0 0 256 256\"><path d=\"M165.66,101.66,139.31,128l26.35,26.34a8,8,0,0,1-11.32,11.32L128,139.31l-26.34,26.35a8,8,0,0,1-11.32-11.32L116.69,128,90.34,101.66a8,8,0,0,1,11.32-11.32L128,116.69l26.34-26.35a8,8,0,0,1,11.32,11.32ZM232,128A104,104,0,1,1,128,24,104.11,104.11,0,0,1,232,128Zm-16,0a88,88,0,1,0-88,88A88.1,88.1,0,0,0,216,128Z\"><\/path><\/svg><\/span><\/div>\n\n\n<figcaption class=\"gb-text\">Detalhes do telhado da Casa Mil\u00e0<\/figcaption>\n<\/figure>\n\n\n\n<figure><div class=\"ms-credits\">\n<img decoding=\"async\" class=\"gb-media-bca56b47\" alt=\"\" src=\"https:\/\/www.barcelonacard.org\/wp-content\/uploads\/courtyard-of-casa-mila-1747037799.jpg\" title=\"courtyard-of-casa-mila-1747037799\"\/>\n<span class='ms-credits__info' id='media968'><svg xmlns=\"http:\/\/www.w3.org\/2000\/svg\" width=\"20\" height=\"22\" fill=\"#000000\" viewBox=\"0 0 256 256\"><path d=\"M128,24A104,104,0,1,0,232,128,104.11,104.11,0,0,0,128,24Zm0,192a88,88,0,1,1,88-88A88.1,88.1,0,0,1,128,216ZM96,128a32,32,0,0,0,57.6,19.2,8,8,0,0,1,12.8,9.61,48,48,0,1,1,0-57.62,8,8,0,0,1-12.8,9.61A32,32,0,0,0,96,128Z\"><\/path><\/svg>Pitstock\/<a href=https:\/\/depositphotos.com\/editorial\/scenic-view-europe-newest-theme-park-ferrari-land-part-portaventura-413565430.html rel='nofollow' target='_blank'>Depositphotos<\/a><\/span><span class='ms-credits__btn' id='btn_media968' onclick='ms_credits_trigger(\"#media968\", this)'><svg xmlns=\"http:\/\/www.w3.org\/2000\/svg\" class=\"info_icon\" width=\"28\" height=\"28\" fill=\"#FFF\" viewBox=\"0 0 256 256\"><path d=\"M128,24A104,104,0,1,0,232,128,104.11,104.11,0,0,0,128,24Zm0,192a88,88,0,1,1,88-88A88.1,88.1,0,0,1,128,216Zm16-40a8,8,0,0,1-8,8,16,16,0,0,1-16-16V128a8,8,0,0,1,0-16,16,16,0,0,1,16,16v40A8,8,0,0,1,144,176ZM112,84a12,12,0,1,1,12,12A12,12,0,0,1,112,84Z\"><\/path><\/svg><svg xmlns=\"http:\/\/www.w3.org\/2000\/svg\" class=\"close_icon\" width=\"28\" height=\"28\" fill=\"#FFF\" viewBox=\"0 0 256 256\"><path d=\"M165.66,101.66,139.31,128l26.35,26.34a8,8,0,0,1-11.32,11.32L128,139.31l-26.34,26.35a8,8,0,0,1-11.32-11.32L116.69,128,90.34,101.66a8,8,0,0,1,11.32-11.32L128,116.69l26.34-26.35a8,8,0,0,1,11.32,11.32ZM232,128A104,104,0,1,1,128,24,104.11,104.11,0,0,1,232,128Zm-16,0a88,88,0,1,0-88,88A88.1,88.1,0,0,0,216,128Z\"><\/path><\/svg><\/span><\/div>\n\n\n<figcaption class=\"gb-text\">O colorido p\u00e1tio el\u00edptico da Casa Mil\u00e0<\/figcaption>\n<\/figure>\n\n\n\n<h2 class=\"wp-block-heading\">Hist\u00f3ria<\/h2>\n\n\n\n<p>Descubra a hist\u00f3ria por tr\u00e1s de um dos marcos mais emblem\u00e1ticos de Barcelona.<\/p>\n\n\n\n<div class=\"ms-timeline-list\">\n<div class=\"ms-timeline-item\">\n<p class=\"gb-text ms-timeline-item__time\">1906<\/p>\n\n\n\n<p class=\"gb-text\">Gaud\u00ed come\u00e7a a construir a Casa Mil\u00e0 (La Pedrera) para a rica fam\u00edlia Mil\u00e0.<\/p>\n<\/div>\n\n\n\n<div class=\"ms-timeline-item\">\n<p class=\"gb-text ms-timeline-item__time\">1912<\/p>\n\n\n\n<p class=\"gb-text\">O edif\u00edcio \u00e9 conclu\u00eddo, com uma fachada ondulada em pedra e varandas em ferro, muito singulares para a \u00e9poca.<\/p>\n<\/div>\n\n\n\n<div class=\"ms-timeline-item\">\n<p class=\"gb-text ms-timeline-item__time\">1969<\/p>\n\n\n\n<p class=\"gb-text\">Torna-se um monumento cultural protegido em Espanha.<\/p>\n<\/div>\n\n\n\n<div class=\"ms-timeline-item\">\n<p class=\"gb-text ms-timeline-item__time\">1984<\/p>\n\n\n\n<p class=\"gb-text\">A UNESCO nomeia-o Patrim\u00f3nio Mundial pelo seu valor art\u00edstico.<\/p>\n<\/div>\n\n\n\n<div class=\"ms-timeline-item\">\n<p class=\"gb-text ms-timeline-item__time\">1996<\/p>\n\n\n\n<p class=\"gb-text\">Ap\u00f3s a restaura\u00e7\u00e3o, o edif\u00edcio abre ao p\u00fablico para visitas.<\/p>\n<\/div>\n\n\n\n<div class=\"ms-timeline-item\">\n<p class=\"gb-text ms-timeline-item__time\">2013<\/p>\n\n\n\n<p class=\"gb-text\">Torna-se um centro cultural com arte, m\u00fasica e exposi\u00e7\u00f5es.<\/p>\n<\/div>\n<\/div>\n\n\n\n<div>\n<h2 class=\"wp-block-heading\">Mapa e endere\u00e7o (localiza\u00e7\u00e3o)<\/h2>\n<\/div>\n\n\n\n<address class=\"ms-mapblock ms-mb-block\">\n\t\n\t\t<h4>\n\t\t\tCasa Mila\t\t<\/h2>\n\n\t\t<p class=\"ms-mb-0\">\n            <img decoding=\"async\" class=\"ms-mapblock__map ms-rounded\" src=\"https:\/\/www.barcelonacard.org\/pt\/wp-content\/uploads\/sites\/11\/maps\/staticmap_41.3952155_2.1619024_14_768x432.png\" alt=\"Casa Mila\" \/>\n\t\t<\/p>\n\n\t\t<p class=\"ms-text-sm ms-text-muted\">\n\t\t\tPg. de Gr\u00e0cia, 92, L&#8217;Eixample, 08008 Barcelona, Spain \u00b7\n\t\t\t<a rel=\"nofollow noopener\" target=\"_blank\" href=\"https:\/\/maps.google.com\/?q=41.3952155,2.1619024\">Google Maps<\/a>\n\t\t<\/p>\n\n\t<\/address>\n\n\n<h2 class=\"wp-block-heading\">Como chegar<\/h2>\n\n\n\n<p><strong>\ud83d\ude8c Autocarro:<\/strong> Pode apanhar qualquer um destes autocarros: V15, V17, H10, H8, 7, 22, 24, 6, 33 ou 34.<\/p>\n\n\n\n<p><strong>\ud83d\ude87 Metro:<\/strong> As linhas 3 e 5 param na esta\u00e7\u00e3o Diagonal, perto de La Pedrera.<\/p>\n\n\n\n<p><strong>\ud83d\ude86 Comboio Renfe:<\/strong> Saia na esta\u00e7\u00e3o Passeig de Gr\u00e0cia.<\/p>\n\n\n\n<p><strong>\ud83d\ude86 Comboio FGC:<\/strong> Saia na esta\u00e7\u00e3o Proven\u00e7a \u2013 La Pedrera.<\/p>\n","protected":false},"excerpt":{"rendered":"<p>A Casa Mil\u00e0 (La Pedrera) \u00e9 uma impressionante maravilha arquitect\u00f3nica, com a sua fachada de pedra ondulada que evoca uma forma viva.<\/p>\n","protected":false},"author":4,"featured_media":839,"parent":0,"menu_order":11,"template":"","meta":{"_acf_changed":false,"button_url":"https:\/\/www.tiqets.com\/pt\/barcelona-attractions-c66342\/tickets-for-la-pedrera-essential-p973460\/?partner=barcelonacard","ms_product_id":"973460","ms_product_name":"Casa Mil\u00e0 - La Pedrera: Entry Ticket + Audio Guide","ms_price":"25","ms_currency":"EUR","ms_rating_value":"4.7","ms_review_count":"9643","product_id":"973460","street_address":"Passeig de Gr\u00e0cia, 92","city":"Barcelona","country":"Spain","postal_code":"08008","lattitude":"41.395383","longitude":"2.161957","rank_math_title":"Casa Mil\u00e0 (La Pedrera): Comprar bilhetes online | A partir de \u20ac%customfield(ms_price)% | Evite filas","rank_math_description":"Reserve os seus bilhetes para a Casa Mil\u00e0 (La Pedrera) e conhe\u00e7a uma das atra\u00e7\u00f5es imperd\u00edveis de Barcelona. Venha explorar este belo edif\u00edcio e aprender sobre a sua fascinante hist\u00f3ria e arquitetura com acesso sem filas e um pr\u00e1tico guia \u00e1udio multilingue."},"ticket-type":[],"producer":[],"class_list":["post-980","ticket","type-ticket","status-publish","has-post-thumbnail","hentry"],"acf":[],"product_schema":{"ms_product_id":"973460","ms_product_name":"Casa Mil\u00e0 - La Pedrera: Entry Ticket + Audio Guide","ms_price":"25","ms_currency":"EUR","ms_rating_value":"4.7","ms_review_count":"9643"},"location_schema":{"product_id":"973460","street_address":"Passeig de Gr\u00e0cia, 92","city":"Barcelona","country":"Spain","postal_code":"08008","lattitude":"41.395383","longitude":"2.161957"},"_links":{"self":[{"href":"https:\/\/www.barcelonacard.org\/pt\/wp-json\/wp\/v2\/ticket\/980","targetHints":{"allow":["GET"]}}],"collection":[{"href":"https:\/\/www.barcelonacard.org\/pt\/wp-json\/wp\/v2\/ticket"}],"about":[{"href":"https:\/\/www.barcelonacard.org\/pt\/wp-json\/wp\/v2\/types\/ticket"}],"author":[{"embeddable":true,"href":"https:\/\/www.barcelonacard.org\/pt\/wp-json\/wp\/v2\/users\/4"}],"wp:featuredmedia":[{"embeddable":true,"href":"https:\/\/www.barcelonacard.org\/pt\/wp-json\/wp\/v2\/media\/839"}],"wp:attachment":[{"href":"https:\/\/www.barcelonacard.org\/pt\/wp-json\/wp\/v2\/media?parent=980"}],"wp:term":[{"taxonomy":"ticket-type","embeddable":true,"href":"https:\/\/www.barcelonacard.org\/pt\/wp-json\/wp\/v2\/ticket-type?post=980"},{"taxonomy":"producer","embeddable":true,"href":"https:\/\/www.barcelonacard.org\/pt\/wp-json\/wp\/v2\/producer?post=980"}],"curies":[{"name":"wp","href":"https:\/\/api.w.org\/{rel}","templated":true}]}}