{"id":956,"date":"2025-08-25T22:57:47","date_gmt":"2025-08-25T20:57:47","guid":{"rendered":"https:\/\/www.barcelonacard.org\/pt\/?post_type=ticket&#038;p=956"},"modified":"2026-04-16T06:51:55","modified_gmt":"2026-04-16T04:51:55","slug":"sagrada-familia","status":"publish","type":"ticket","link":"https:\/\/www.barcelonacard.org\/pt\/bilhetes\/sagrada-familia\/","title":{"rendered":"Bilhetes Sagrada Fam\u00edlia"},"content":{"rendered":"\n<div class=\"wp-block-group is-nowrap is-layout-flex wp-container-core-group-is-layout-ad2f72ca wp-block-group-is-layout-flex\">\n<div class=\"gb-text ms-badge ms-badge--primary ms-mb-block\">Patrim\u00f3nio Mundial da UNESCO<\/div>\n\n\n\n<div class=\"gb-text ms-badge ms-badge--primary ms-mb-block\">evitar filas<\/div>\n\n\n\n<div class=\"gb-text ms-badge ms-badge--primary ms-mb-block\">esgota r\u00e1pido<\/div>\n\n\n\n<div class=\"gb-text ms-badge ms-badge--primary ms-mb-block\">imperd\u00edvel<\/div>\n<\/div>\n\n\n\n<p>A Sagrada Fam\u00edlia \u00e9 a obra mais famosa de Antoni Gaud\u00ed, o seu magnum opus. Se est\u00e1s em Barcelona, n\u00e3o a podes perder.<\/p>\n\n\n\n<h2 class=\"wp-block-heading\">Destaques<\/h2>\n\n\n<ul class=\"gb-container gb-container-53b82d66 ms-mb-block ms-icon-list\">\n\n<li class=\"gb-headline gb-headline-f5138486 ms-icon-list__item\"><span class=\"gb-icon\"><svg viewBox=\"0 0 256 256\" fill=\"#000000\" height=\"32\" width=\"32\" xmlns=\"http:\/\/www.w3.org\/2000\/svg\"><path d=\"M232.49,80.49l-128,128a12,12,0,0,1-17,0l-56-56a12,12,0,1,1,17-17L96,183,215.51,63.51a12,12,0,0,1,17,17Z\"><\/path><\/svg><\/span><span class=\"gb-headline-text\">Aproveite a entrada r\u00e1pida para o impressionante monumento de Barcelona com um bilhete pr\u00e9-reservado.<\/span><\/li>\n\n\n\n<li class=\"gb-headline gb-headline-eb81dbda ms-icon-list__item\"><span class=\"gb-icon\"><svg viewBox=\"0 0 256 256\" fill=\"#000000\" height=\"32\" width=\"32\" xmlns=\"http:\/\/www.w3.org\/2000\/svg\"><path d=\"M232.49,80.49l-128,128a12,12,0,0,1-17,0l-56-56a12,12,0,1,1,17-17L96,183,215.51,63.51a12,12,0,0,1,17,17Z\"><\/path><\/svg><\/span><span class=\"gb-headline-text\">Explore a bas\u00edlica, Patrim\u00f3nio Mundial da UNESCO, com um audioguia e aprenda tudo sobre Gaud\u00ed.<\/span><\/li>\n\n\n\n<li class=\"gb-headline gb-headline-b37bb796 ms-icon-list__item\"><span class=\"gb-icon\"><svg viewBox=\"0 0 256 256\" fill=\"#000000\" height=\"32\" width=\"32\" xmlns=\"http:\/\/www.w3.org\/2000\/svg\"><path d=\"M232.49,80.49l-128,128a12,12,0,0,1-17,0l-56-56a12,12,0,1,1,17-17L96,183,215.51,63.51a12,12,0,0,1,17,17Z\"><\/path><\/svg><\/span><span class=\"gb-headline-text\">Escolha entre v\u00e1rios hor\u00e1rios diferentes para se adequar ao seu plano de f\u00e9rias.<\/span><\/li>\n\n<\/ul>\n\n\n<div class=\"ms-rounded ms-mb-last-child-0 ms-mb-block ms-tfs--contrast ms-p ms-tfs\">\n<h3 class=\"gb-text\">Bilhetes para a Sagrada Fam\u00edlia<\/h3>\n\n\n\n<div class=\"gb-element-08f6a601 ms-mb-block\">\n<p class=\"gb-text ms-mb-0 gb-text-a23aaba0\"><a href=\"https:\/\/www.tiqets.com\/en\/lisbon-attractions-c76528\/tickets-for-lisbon-card-p974847\/?partner=lisboacard\" rel=\"nofollow noopener\"><\/a><strong>\ud83c\udf9f <strong><strong>Sagrada Fam\u00edlia: Bilhete de acesso r\u00e1pido<\/strong><\/strong><\/strong><\/p>\n\n\n\n<div class=\"gb-text ms-badge ms-badge--outline-contrast\">Mais vendido<\/div>\n<\/div>\n\n\n\n<ul class=\"wp-block-list\">\n<li class=\"ms-link-unstyled\"><a href=\"https:\/\/www.tiqets.com\/pt\/barcelona-attractions-c66342\/tickets-for-sagrada-familia-fast-track-p918256\/?partner=barcelonacard\" rel=\"nofollow noopener\"><strong>Bilhete de acesso r\u00e1pido:<\/strong><\/a> Evite filas com entrada r\u00e1pida na Sagrada Fam\u00edlia. Tamb\u00e9m pode descarregar uma aplica\u00e7\u00e3o pr\u00e1tica com audioguias em v\u00e1rios idiomas para desfrutar da visita \u00e0 sua maneira.<\/li>\n\n\n\n<li class=\"ms-link-unstyled\"><a href=\"https:\/\/www.tiqets.com\/pt\/barcelona-attractions-c66342\/tickets-for-sagrada-familia-fast-track-tower-access-p975248\/?partner=barcelonacard\" rel=\"nofollow noopener\"><strong>Bilhete de acesso r\u00e1pido + acesso \u00e0 torre:<\/strong><\/a> Ideal se gosta de fazer as coisas \u00e0 sua maneira. Evite filas e entre diretamente na Sagrada Fam\u00edlia. Tamb\u00e9m pode optar por visitar uma das torres para ter uma vista incr\u00edvel da cidade. Inclui uma aplica\u00e7\u00e3o com audioguia para download.<\/li>\n<\/ul>\n\n\n\n<p><strong>\ud83d\udc63&nbsp;Participe numa visita guiada:<\/strong><\/p>\n\n\n\n<ul class=\"wp-block-list\">\n<li class=\"ms-link-unstyled\"><a href=\"https:\/\/www.tiqets.com\/pt\/barcelona-attractions-c66342\/tickets-for-sagrada-familia-go-with-a-local-guided-tour-p1111443\/?partner=barcelonacard\" rel=\"nofollow noopener\"><strong>Tour guiado Go With a Local:<\/strong><\/a> \u00c9 uma visita de 90 minutos com um habitante de Barcelona que conhece muito bem o local. As visitas est\u00e3o dispon\u00edveis em ingl\u00eas, espanhol, italiano, franc\u00eas e alem\u00e3o, para que possa escolher a que melhor se adapta \u00e0s suas necessidades.<\/li>\n\n\n\n<li class=\"ms-link-unstyled\"><a href=\"https:\/\/www.tiqets.com\/pt\/barcelona-attractions-c66342\/tickets-for-sagrada-familia-guided-tour-p1111513\/?partner=barcelonacard\" rel=\"nofollow noopener\"><strong>Sem filas + tour guiado:<\/strong><\/a> \u00e9 uma visita de 90 minutos onde descobrir\u00e1 a maravilha arquitet\u00f3nica da Sagrada Fam\u00edlia numa visita guiada com acesso sem filas. Ao fazer a reserva, pode escolher a op\u00e7\u00e3o que melhor se adequa a si: visita guiada + acesso \u00e0s torres, visita guiada, visita guiada em hor\u00e1rio premium.<\/li>\n\n\n\n<li class=\"ms-link-unstyled\"><a href=\"https:\/\/www.tiqets.com\/pt\/barcelona-sehenswuerdigkeiten-c66342\/tickets-fur-sagrada-familia-tour-fur-kleine-gruppen-mit-guide-p1119925\/?partner=barcelonacard\" rel=\"nofollow noopener\"><strong>Tour guiado em grupo pequeno:<\/strong><\/a> para uma visita mais pessoal, experimente esta visita privada \u00e0 Sagrada Fam\u00edlia. Evite as filas e fa\u00e7a uma visita guiada com um local que conhece as melhores hist\u00f3rias, perfeita para pequenos grupos (at\u00e9 15 pessoas).<\/li>\n<\/ul>\n\n\n\n<p class=\"ms-link-unstyled\">\ud83c\udfab<strong> <a href=\"https:\/\/www.tiqets.com\/pt\/barcelona-attractions-c66342\/the-barcelona-pass-p1012495\/?partner=barcelonacard\" rel=\"nofollow noopener\">Barcelona Pass<\/a> or <\/strong><a href=\"https:\/\/www.tiqets.com\/pt\/barcelona-attractions-c66342\/the-gaudi-bundle-p1012496\/?partner=barcelonacard\" rel=\"nofollow noopener\"><strong>Op\u00e7\u00f5es Combinadas<\/strong><\/a><\/p>\n\n\n\n<p class=\"ms-link-unstyled\">Pode adquirir bilhetes combinados que incluem a <strong>Sagrada Fam\u00edlia<\/strong>, o <strong>Parque G\u00fcell<\/strong>, o autocarro <strong>Hop-On Hop-Off<\/strong> e at\u00e9 mesmo o transporte p\u00fablico. \u00c9 uma op\u00e7\u00e3o inteligente se quiser explorar v\u00e1rios locais de uma s\u00f3 vez.<\/p>\n\n\n\n<div class=\"ms-cta-button-options ms-mb-block ms-cta\">\n<a class=\"gb-text ms-btn ms-btn--primary ms-shadow\" href=\"https:\/\/www.tiqets.com\/pt\/barcelona-attractions-c66342\/tickets-for-sagrada-familia-fast-track-p918256\/?partner=barcelonacard\" rel=\"nofollow noopener\">Bilhetes Sagrada Fam\u00edlia<\/a>\n\n\n\n<a class=\"gb-text ms-btn ms-btn--outline-primary ms-shadow\" href=\"https:\/\/www.tiqets.com\/pt\/sagrada-familia-tickets-l133161\/?partner=barcelonacard\" rel=\"nofollow noopener\">Todas as op\u00e7\u00f5es de bilhetes<\/a>\n<\/div>\n<\/div>\n\n\n\n<h2 class=\"wp-block-heading\">Bilhetes e pre\u00e7os<\/h2>\n\n\n\n<p>A Sagrada Fam\u00edlia \u00e9 a atra\u00e7\u00e3o tur\u00edstica mais visitada de Barcelona: mais de 3 milh\u00f5es de pessoas visitam a famosa bas\u00edlica todos os anos.<\/p>\n\n\n\n<p>Para evitar as longas filas de espera, recomenda-se comprar os seus <strong>bilhetes online<\/strong>. Receber\u00e1 os bilhetes por e-mail e poder\u00e1 mostr\u00e1-los no seu smartphone para evitar a fila na entrada.<\/p>\n\n\n\n<p>Os bilhetes para a Sagrada Fam\u00edlia s\u00e3o de quatro tipos: adultos, adolescentes, crian\u00e7as e idosos. A entrada \u00e9 gratuita para crian\u00e7as menores de 11 anos, visitantes com defici\u00eancia (\u00e9 necess\u00e1rio comprovar defici\u00eancia superior a 65%) e um acompanhante por visitante com defici\u00eancia.<\/p>\n\n\n\n<p>Os audioguias est\u00e3o dispon\u00edveis em v\u00e1rios idiomas. Para a visita guiada, ser\u00e1 acompanhado por um guia ao vivo em ingl\u00eas.<\/p>\n\n\n\n<p><strong>Nota:<\/strong> As pol\u00edticas de cancelamento e remarca\u00e7\u00e3o variam de acordo com a op\u00e7\u00e3o de bilhete. Verifique o seu e-mail de confirma\u00e7\u00e3o para obter detalhes espec\u00edficos sobre a sua reserva.<\/p>\n\n\n\n<h2 class=\"wp-block-heading\">Hor\u00e1rio de funcionamento<\/h2>\n\n\n\n<p>Aqui est\u00e1 quando pode visitar, dependendo da \u00e9poca do ano:<\/p>\n\n\n<div class=\"ms-table\"><table><tr><th>Per\u00edodo<\/th><th>Dias<\/th><th>Hor\u00e1rio de abertura<\/th><\/tr><tr><td>Novembro \u2013 Fevereiro<\/td><td>Segunda \u2013 S\u00e1bado<\/td><td>9:00 \u2013 18:00<\/td><\/tr><tr><td><\/td><td>Domingo<\/td><td>10:30 \u2013 18:00<\/td><\/tr><tr><td>Mar\u00e7o &#038; Outubro<\/td><td>Segunda \u2013 Sexta<\/td><td>9:00 \u2013 19:00<\/td><\/tr><tr><td><\/td><td>S\u00e1bado<\/td><td>9:00 \u2013 18:00<\/td><\/tr><tr><td><\/td><td>Domingo<\/td><td>10:30 \u2013 19:00<\/td><\/tr><tr><td>Abril \u2013 Setembro<\/td><td>Segunda \u2013 Sexta<\/td><td>9:00 \u2013 20:00<\/td><\/tr><tr><td><\/td><td>S\u00e1bado<\/td><td>9:00 \u2013 18:00<\/td><\/tr><tr><td><\/td><td>Domingo<\/td><td>10:30 \u2013 20:00<\/td><\/tr><tr><td>Dias especiais<\/td><td>25 &#038; 26 dezembro, 1 &#038; 6 janeiro<\/td><td>9:00 \u2013 14:00<\/td><\/tr><\/table><\/div>\n\n\n<p><strong>Aviso:<\/strong> <\/p>\n\n\n\n<ul class=\"wp-block-list\">\n<li>O hor\u00e1rio de funcionamento pode mudar devido a eventos dentro da bas\u00edlica.<\/li>\n\n\n\n<li>As torres podem ser encerradas a curto prazo devido a trabalhos de manuten\u00e7\u00e3o ou condi\u00e7\u00f5es meteorol\u00f3gicas adversas.<\/li>\n\n\n\n<li>Hora de sil\u00eancio: Todas as manh\u00e3s, das 9h \u00e0s 10h, a Sagrada Fam\u00edlia reserva uma hora de sil\u00eancio para ora\u00e7\u00e3o e contempla\u00e7\u00e3o. Ainda \u00e9 poss\u00edvel visitar durante esse per\u00edodo, mas \u00e9 necess\u00e1rio usar auscultadores para o audioguia e manter o ru\u00eddo ao m\u00ednimo.<\/li>\n<\/ul>\n\n\n\n<p>Devido ao elevado n\u00famero de visitantes, a Sagrada Fam\u00edlia funciona com hor\u00e1rios marcados. Ao comprar o seu bilhete, ser-lhe-\u00e1 pedido que escolha uma data e hora para a sua visita. N\u00e3o se preocupe, uma vez dentro, pode ficar o tempo que quiser.<\/p>\n\n\n<div class=\"gb-container gb-container-07d6dedd ms-p ms-rounded ms-mb-last-child-0 ms-mb-children-condensed ms-alert--contrast ms-mb-block\">\n\n<h4 class=\"gb-headline gb-headline-a881f9d2\"><span class=\"gb-icon\"><svg viewBox=\"0 0 256 256\" fill=\"#000000\" height=\"32\" width=\"32\" xmlns=\"http:\/\/www.w3.org\/2000\/svg\"><path d=\"M128,20A108,108,0,1,0,236,128,108.12,108.12,0,0,0,128,20Zm0,192a84,84,0,1,1,84-84A84.09,84.09,0,0,1,128,212Zm-12-80V80a12,12,0,0,1,24,0v52a12,12,0,0,1-24,0Zm28,40a16,16,0,1,1-16-16A16,16,0,0,1,144,172Z\"><\/path><\/svg><\/span><span class=\"gb-headline-text\">Oferta especial: Passe Gaud\u00ed<\/span><\/h4>\n\n\n\n<p>Se planeia visitar a <strong>Sagrada Fam\u00edlia<\/strong> e o <strong>Parque G\u00fcell<\/strong>, adquira o Pacote Gaud\u00ed para m\u00e1xima conveni\u00eancia. O Pacote Gaud\u00ed inclui acesso a ambas as atra\u00e7\u00f5es, bem como muitas outras funcionalidades exclusivas.<\/p>\n\n\n\n<p><a href=\"https:\/\/www.tiqets.com\/pt\/barcelona-attractions-c66342\/the-gaudi-bundle-p1012496\/?partner=barcelonacard\" rel=\"nofollow noopener\">Clique aqui para mais informa\u00e7\u00f5es \u00bb<\/a><\/p>\n\n<\/div>\n\n\n<h2 class=\"wp-block-heading\">O que ver e fazer<\/h2>\n\n\n\n<p>Os bilhetes para a Sagrada Fam\u00edlia d\u00e3o acesso \u00e0s seguintes \u00e1reas:<\/p>\n\n\n\n<h3 class=\"wp-block-heading\">A bas\u00edlica<\/h3>\n\n\n\n<p>A nave central \u00e9 magn\u00edfica de se ver. Ornamentada com detalhes elaborados, \u00e9 dif\u00edcil encontrar linhas retas em qualquer parte , devido \u00e0 prefer\u00eancia de Gaud\u00ed por formas org\u00e2nicas, inspiradas na natureza.<\/p>\n\n\n\n<p>A riqueza e a complexidade das decora\u00e7\u00f5es s\u00e3o ainda mais real\u00e7adas pela luz colorida que entra pelos elaborados vitrais em cada extremidade.<\/p>\n\n\n\n<h3 class=\"wp-block-heading\">As torres<\/h3>\n\n\n\n<p>Desfrute de uma vista deslumbrante de Barcelona subindo \u00e0s torres da Sagrada Fam\u00edlia. Gaud\u00ed planeou 18 torres, e at\u00e9 agora foram constru\u00eddas 9. A vista do topo \u00e9 incr\u00edvel, mas \u00e9 necess\u00e1rio um bilhete especial com acesso \u00e0s torres. Um elevador leva-o at\u00e9 l\u00e1, e a vista \u00e9 inesquec\u00edvel.<\/p>\n\n\n\n<p><strong>Dica:<\/strong> h\u00e1 um elevador para subir, mas tem de descer a p\u00e9. As janelas no caminho de descida oferecem excelentes vistas da cidade e da Sagrada Fam\u00edlia.<\/p>\n\n\n\n<h3 class=\"wp-block-heading\">O museu<\/h3>\n\n\n\n<p>O museu da Sagrada Fam\u00edlia fica no semi-por\u00e3o sob a fachada da Paix\u00e3o, ocupa o espa\u00e7o da antiga oficina de Gaud\u00ed e cont\u00e9m uma cole\u00e7\u00e3o de desenhos, modelos de gesso e plantas para a constru\u00e7\u00e3o do templo. Uma vis\u00e3o interessante sobre as origens da Sagrada Fam\u00edlia.<\/p>\n\n\n\n<h3 class=\"wp-block-heading\">A loja<\/h3>\n\n\n\n<p>Depois de explorar o magn\u00edfico monumento, pare por um momento na loja se quiser levar uma lembran\u00e7a para casa. Encontrar\u00e1 todos os itens t\u00edpicos, bem como alguns mais interessantes, como gravuras dos esbo\u00e7os de Gaud\u00ed e livros sobre o templo e a arquitetura de Gaud\u00ed.<\/p>\n\n\n\n<h2 class=\"wp-block-heading\">Sabia que: (3 factos interessantes!)<\/h2>\n\n\n\n<ul class=\"wp-block-list\">\n<li>Ao contr\u00e1rio da cren\u00e7a popular, a Sagrada Fam\u00edlia n\u00e3o \u00e9 uma catedral, mas sim uma bas\u00edlica.<\/li>\n\n\n\n<li>A constru\u00e7\u00e3o come\u00e7ou em 1882 e continua at\u00e9 hoje, tornando-a um dos projetos de constru\u00e7\u00e3o mais longos do mundo.<\/li>\n\n\n\n<li>Quando estiver conclu\u00edda, ser\u00e1 a igreja mais alta do mundo, com 172 metros de altura.<\/li>\n<\/ul>\n\n\n\n<h2 class=\"wp-block-heading\">Fotos<\/h2>\n\n\n\n<figure><div class=\"ms-credits\">\n<img decoding=\"async\" class=\"gb-media-6dfbceb3\" alt=\"Sagrada Familia Basilica\" src=\"https:\/\/www.barcelonacard.org\/wp-content\/uploads\/sagrada-familia-1746809971.jpg\" title=\"sagrada-familia-1746809971\"\/>\n<span class='ms-credits__info' id='media856'><svg xmlns=\"http:\/\/www.w3.org\/2000\/svg\" width=\"20\" height=\"22\" fill=\"#000000\" viewBox=\"0 0 256 256\"><path d=\"M128,24A104,104,0,1,0,232,128,104.11,104.11,0,0,0,128,24Zm0,192a88,88,0,1,1,88-88A88.1,88.1,0,0,1,128,216ZM96,128a32,32,0,0,0,57.6,19.2,8,8,0,0,1,12.8,9.61,48,48,0,1,1,0-57.62,8,8,0,0,1-12.8,9.61A32,32,0,0,0,96,128Z\"><\/path><\/svg>TTstudio\/<a href=https:\/\/depositphotos.com\/editorial\/barcelona-spain-february-2016-sagrada-familia-basilica-barcelona-antoni-gaudi-525256358.html rel='nofollow' target='_blank'>Depositphotos<\/a><\/span><span class='ms-credits__btn' id='btn_media856' onclick='ms_credits_trigger(\"#media856\", this)'><svg xmlns=\"http:\/\/www.w3.org\/2000\/svg\" class=\"info_icon\" width=\"28\" height=\"28\" fill=\"#FFF\" viewBox=\"0 0 256 256\"><path d=\"M128,24A104,104,0,1,0,232,128,104.11,104.11,0,0,0,128,24Zm0,192a88,88,0,1,1,88-88A88.1,88.1,0,0,1,128,216Zm16-40a8,8,0,0,1-8,8,16,16,0,0,1-16-16V128a8,8,0,0,1,0-16,16,16,0,0,1,16,16v40A8,8,0,0,1,144,176ZM112,84a12,12,0,1,1,12,12A12,12,0,0,1,112,84Z\"><\/path><\/svg><svg xmlns=\"http:\/\/www.w3.org\/2000\/svg\" class=\"close_icon\" width=\"28\" height=\"28\" fill=\"#FFF\" viewBox=\"0 0 256 256\"><path d=\"M165.66,101.66,139.31,128l26.35,26.34a8,8,0,0,1-11.32,11.32L128,139.31l-26.34,26.35a8,8,0,0,1-11.32-11.32L116.69,128,90.34,101.66a8,8,0,0,1,11.32-11.32L128,116.69l26.34-26.35a8,8,0,0,1,11.32,11.32ZM232,128A104,104,0,1,1,128,24,104.11,104.11,0,0,1,232,128Zm-16,0a88,88,0,1,0-88,88A88.1,88.1,0,0,0,216,128Z\"><\/path><\/svg><\/span><\/div>\n\n\n<figcaption class=\"gb-text\">Sagrada Fam\u00edlia em Barcelona, Espanha<\/figcaption>\n<\/figure>\n\n\n\n<figure><div class=\"ms-credits\">\n<img decoding=\"async\" class=\"gb-media-a296d533\" alt=\"\" src=\"https:\/\/www.barcelonacard.org\/wp-content\/uploads\/interior-of-sagrada-familia-1747126680.jpg\" title=\"interior-of-sagrada-familia-1747126680\"\/>\n<span class='ms-credits__info' id='media815'><svg xmlns=\"http:\/\/www.w3.org\/2000\/svg\" width=\"20\" height=\"22\" fill=\"#000000\" viewBox=\"0 0 256 256\"><path d=\"M128,24A104,104,0,1,0,232,128,104.11,104.11,0,0,0,128,24Zm0,192a88,88,0,1,1,88-88A88.1,88.1,0,0,1,128,216ZM96,128a32,32,0,0,0,57.6,19.2,8,8,0,0,1,12.8,9.61,48,48,0,1,1,0-57.62,8,8,0,0,1-12.8,9.61A32,32,0,0,0,96,128Z\"><\/path><\/svg>motimeiri\/<a href=https:\/\/depositphotos.com\/photo\/interior-sagrada-familia-cathedral-barcelona-387012902.html rel='nofollow' target='_blank'>Depositphotos<\/a><\/span><span class='ms-credits__btn' id='btn_media815' onclick='ms_credits_trigger(\"#media815\", this)'><svg xmlns=\"http:\/\/www.w3.org\/2000\/svg\" class=\"info_icon\" width=\"28\" height=\"28\" fill=\"#FFF\" viewBox=\"0 0 256 256\"><path d=\"M128,24A104,104,0,1,0,232,128,104.11,104.11,0,0,0,128,24Zm0,192a88,88,0,1,1,88-88A88.1,88.1,0,0,1,128,216Zm16-40a8,8,0,0,1-8,8,16,16,0,0,1-16-16V128a8,8,0,0,1,0-16,16,16,0,0,1,16,16v40A8,8,0,0,1,144,176ZM112,84a12,12,0,1,1,12,12A12,12,0,0,1,112,84Z\"><\/path><\/svg><svg xmlns=\"http:\/\/www.w3.org\/2000\/svg\" class=\"close_icon\" width=\"28\" height=\"28\" fill=\"#FFF\" viewBox=\"0 0 256 256\"><path d=\"M165.66,101.66,139.31,128l26.35,26.34a8,8,0,0,1-11.32,11.32L128,139.31l-26.34,26.35a8,8,0,0,1-11.32-11.32L116.69,128,90.34,101.66a8,8,0,0,1,11.32-11.32L128,116.69l26.34-26.35a8,8,0,0,1,11.32,11.32ZM232,128A104,104,0,1,1,128,24,104.11,104.11,0,0,1,232,128Zm-16,0a88,88,0,1,0-88,88A88.1,88.1,0,0,0,216,128Z\"><\/path><\/svg><\/span><\/div>\n\n\n<figcaption class=\"gb-text\">Interior da catedral da Sagrada Fam\u00edlia em Barcelona<\/figcaption>\n<\/figure>\n\n\n\n<figure><div class=\"ms-credits\">\n<img decoding=\"async\" class=\"gb-media-e7488f09\" alt=\"\" src=\"https:\/\/www.barcelonacard.org\/wp-content\/uploads\/window-of-sagrada-familia-1747126695.jpg\" title=\"window-of-sagrada-familia-1747126695\"\/>\n<span class='ms-credits__info' id='media814'><svg xmlns=\"http:\/\/www.w3.org\/2000\/svg\" width=\"20\" height=\"22\" fill=\"#000000\" viewBox=\"0 0 256 256\"><path d=\"M128,24A104,104,0,1,0,232,128,104.11,104.11,0,0,0,128,24Zm0,192a88,88,0,1,1,88-88A88.1,88.1,0,0,1,128,216ZM96,128a32,32,0,0,0,57.6,19.2,8,8,0,0,1,12.8,9.61,48,48,0,1,1,0-57.62,8,8,0,0,1-12.8,9.61A32,32,0,0,0,96,128Z\"><\/path><\/svg>nadtochiy\/<a href=https:\/\/depositphotos.com\/editorial\/stained-windows-from-inside-the-sagrada-familia-in-barcelona-spain-389320166.html rel='nofollow' target='_blank'>Depositphotos<\/a><\/span><span class='ms-credits__btn' id='btn_media814' onclick='ms_credits_trigger(\"#media814\", this)'><svg xmlns=\"http:\/\/www.w3.org\/2000\/svg\" class=\"info_icon\" width=\"28\" height=\"28\" fill=\"#FFF\" viewBox=\"0 0 256 256\"><path d=\"M128,24A104,104,0,1,0,232,128,104.11,104.11,0,0,0,128,24Zm0,192a88,88,0,1,1,88-88A88.1,88.1,0,0,1,128,216Zm16-40a8,8,0,0,1-8,8,16,16,0,0,1-16-16V128a8,8,0,0,1,0-16,16,16,0,0,1,16,16v40A8,8,0,0,1,144,176ZM112,84a12,12,0,1,1,12,12A12,12,0,0,1,112,84Z\"><\/path><\/svg><svg xmlns=\"http:\/\/www.w3.org\/2000\/svg\" class=\"close_icon\" width=\"28\" height=\"28\" fill=\"#FFF\" viewBox=\"0 0 256 256\"><path d=\"M165.66,101.66,139.31,128l26.35,26.34a8,8,0,0,1-11.32,11.32L128,139.31l-26.34,26.35a8,8,0,0,1-11.32-11.32L116.69,128,90.34,101.66a8,8,0,0,1,11.32-11.32L128,116.69l26.34-26.35a8,8,0,0,1,11.32,11.32ZM232,128A104,104,0,1,1,128,24,104.11,104.11,0,0,1,232,128Zm-16,0a88,88,0,1,0-88,88A88.1,88.1,0,0,0,216,128Z\"><\/path><\/svg><\/span><\/div>\n\n\n<figcaption class=\"gb-text\">Vitrais do interior da Sagrada Fam\u00edlia em Barcelona<\/figcaption>\n<\/figure>\n\n\n\n<h2 class=\"wp-block-heading\">Hist\u00f3ria<\/h2>\n\n\n\n<div class=\"ms-timeline-list\">\n<div class=\"ms-timeline-item\">\n<p class=\"gb-text ms-timeline-item__time\">1882<\/p>\n\n\n\n<p class=\"gb-text\">O arquiteto Paula del Villar come\u00e7a a trabalhar na igreja com um design tradicional.<\/p>\n<\/div>\n\n\n\n<div class=\"ms-timeline-item\">\n<p class=\"gb-text ms-timeline-item__time\">1883<\/p>\n\n\n\n<p class=\"gb-text\">Antoni Gaud\u00ed assume o projeto e reimagina-o completamente com o seu estilo caracter\u00edstico, continuando a trabalhar nele pelos pr\u00f3ximos 43 anos.<\/p>\n<\/div>\n\n\n\n<div class=\"ms-timeline-item\">\n<p class=\"gb-text ms-timeline-item__time\">1926<\/p>\n\n\n\n<p class=\"gb-text\">Gaud\u00ed falece, deixando a igreja inacabada. Apenas uma pequena parte est\u00e1 conclu\u00edda, mas sua vis\u00e3o define o tom para tudo o que se segue.<\/p>\n<\/div>\n\n\n\n<div class=\"ms-timeline-item\">\n<p class=\"gb-text ms-timeline-item__time\">1930<\/p>\n\n\n\n<p class=\"gb-text\">A primeira parte da igreja \u00e9 oficialmente conclu\u00edda, quatro anos ap\u00f3s a morte de Gaud\u00ed.<\/p>\n<\/div>\n\n\n\n<div class=\"ms-timeline-item\">\n<p class=\"gb-text ms-timeline-item__time\">1936 &#8211; 1939<\/p>\n\n\n\n<p class=\"gb-text\">Durante a Guerra Civil Espanhola, partes da igreja s\u00e3o danificadas e alguns dos planos de Gaud\u00ed s\u00e3o perdidos.<\/p>\n<\/div>\n\n\n\n<div class=\"ms-timeline-item\">\n<p class=\"gb-text ms-timeline-item__time\">D\u00e9cadas de 1950 a 2000<\/p>\n\n\n\n<p class=\"gb-text\">O trabalho continua lentamente ao longo dos anos, seguindo a vis\u00e3o de Gaud\u00ed o mais fielmente poss\u00edvel.<\/p>\n<\/div>\n\n\n\n<div class=\"ms-timeline-item\">\n<p class=\"gb-text ms-timeline-item__time\">Atualmente<\/p>\n\n\n\n<p class=\"gb-text\">A Sagrada Fam\u00edlia ainda est\u00e1 em constru\u00e7\u00e3o, mas j\u00e1 \u00e9 uma igreja em funcionamento, Patrim\u00f3nio Mundial da UNESCO e um dos locais mais visitados do mundo.<\/p>\n<\/div>\n<\/div>\n\n\n\n<h2 class=\"wp-block-heading\">Mapa e endere\u00e7o (localiza\u00e7\u00e3o)<\/h2>\n\n\n\n<address class=\"wp-block-ms-blocks-staticmap ms-mapblock ms-mb-block\"><h4>Sagrada Familia<\/h4><p class=\"ms-mb-0\"><img decoding=\"async\" class=\"ms-mapblock__map ms-rounded\" src=\"https:\/\/www.barcelonacard.org\/pt\/wp-content\/uploads\/sites\/11\/maps\/staticmap_41.4036299_2.1743558_14_600x400.png\" alt=\"Map of Sagrada Familia\"\/><\/p><p class=\"ms-text-sm ms-text-muted\">Carrer de Mallorca, 401, L&#8217;Eixample, 08013 Barcelona, Spain \u00b7 <a rel=\"nofollow noopener\" target=\"_blank\" href=\"https:\/\/maps.google.com\/?q=41.4036299,2.1743558\">Google Maps<\/a><\/p><\/address>\n\n\n\n<h2 class=\"wp-block-heading\">Como chegar<\/h2>\n\n\n\n<p>\ud83d\ude87&nbsp;<strong>Metro:<\/strong> Apanhe a L2 ou L5 at\u00e9 \u00e0 esta\u00e7\u00e3o Sagrada Fam\u00edlia.<\/p>\n\n\n\n<p>\ud83d\ude8c&nbsp;<strong>Bus:<\/strong> Apanhe o autocarro 19, 33, 34, D50, H10 ou B24.<\/p>\n\n\n\n<p><strong>\ud83d\udeb6Entradas:<\/strong><\/p>\n\n\n\n<ul class=\"wp-block-list\">\n<li>Visitantes individuais: Use a entrada principal na Fachada da Natividade, na Carrer de la Marina.<\/li>\n\n\n\n<li>Grupos: Entre pela entrada para grupos, tamb\u00e9m na Carrer de la Marina.<\/li>\n<\/ul>\n\n\n\n<p><\/p>\n","protected":false},"excerpt":{"rendered":"<p>A obra-prima inacabada de Gaud\u00ed e o monumento mais ic\u00f3nico de Barcelona.<\/p>\n","protected":false},"author":4,"featured_media":856,"parent":0,"menu_order":1,"template":"","meta":{"_acf_changed":false,"button_url":"https:\/\/www.tiqets.com\/pt\/atracoes-barcelona-c66342\/bilhetes-para-sagrada-familia-bilhete-de-acesso-rapido-torres-opcionais-p1111400\/?partner=barcelonacard","ms_product_id":"1111400","ms_product_name":"Sagrada Familia: Fast Track Ticket + Optional Towers","ms_price":"33","ms_currency":"EUR","ms_rating_value":"4.7","ms_review_count":"64304","product_id":"1111400","street_address":"Carrer de Mallorca, 401","city":"Barcelona","country":"Spain","postal_code":"08013","lattitude":"41.404484","longitude":"2.175728","rank_math_title":"Sagrada Fam\u00edlia: Comprar bilhetes online | A partir de \u20ac%customfield(ms_price)% | Evite filas","rank_math_description":"DISPONIBILIDADE LIMITADA - Reserve j\u00e1 os seus bilhetes para a Sagrada Fam\u00edlia e desfrute do acesso sem filas \u00e0 igreja mais famosa do mundo, projetada pelo famoso arquiteto Antoni Gaud\u00ed."},"ticket-type":[],"producer":[],"class_list":["post-956","ticket","type-ticket","status-publish","has-post-thumbnail","hentry"],"acf":[],"product_schema":{"ms_product_id":"1111400","ms_product_name":"Sagrada Familia: Fast Track Ticket + Optional Towers","ms_price":"33","ms_currency":"EUR","ms_rating_value":"4.7","ms_review_count":"64304"},"location_schema":{"product_id":"1111400","street_address":"Carrer de Mallorca, 401","city":"Barcelona","country":"Spain","postal_code":"08013","lattitude":"41.404484","longitude":"2.175728"},"_links":{"self":[{"href":"https:\/\/www.barcelonacard.org\/pt\/wp-json\/wp\/v2\/ticket\/956","targetHints":{"allow":["GET"]}}],"collection":[{"href":"https:\/\/www.barcelonacard.org\/pt\/wp-json\/wp\/v2\/ticket"}],"about":[{"href":"https:\/\/www.barcelonacard.org\/pt\/wp-json\/wp\/v2\/types\/ticket"}],"author":[{"embeddable":true,"href":"https:\/\/www.barcelonacard.org\/pt\/wp-json\/wp\/v2\/users\/4"}],"wp:featuredmedia":[{"embeddable":true,"href":"https:\/\/www.barcelonacard.org\/pt\/wp-json\/wp\/v2\/media\/856"}],"wp:attachment":[{"href":"https:\/\/www.barcelonacard.org\/pt\/wp-json\/wp\/v2\/media?parent=956"}],"wp:term":[{"taxonomy":"ticket-type","embeddable":true,"href":"https:\/\/www.barcelonacard.org\/pt\/wp-json\/wp\/v2\/ticket-type?post=956"},{"taxonomy":"producer","embeddable":true,"href":"https:\/\/www.barcelonacard.org\/pt\/wp-json\/wp\/v2\/producer?post=956"}],"curies":[{"name":"wp","href":"https:\/\/api.w.org\/{rel}","templated":true}]}}