{"id":968,"date":"2025-09-12T00:57:24","date_gmt":"2025-09-11T22:57:24","guid":{"rendered":"https:\/\/www.barcelonacard.org\/pl\/?post_type=ticket&#038;p=968"},"modified":"2026-04-06T21:14:50","modified_gmt":"2026-04-06T19:14:50","slug":"casa-mila","status":"publish","type":"ticket","link":"https:\/\/www.barcelonacard.org\/pl\/bilety\/casa-mila\/","title":{"rendered":"Bilety do Casa Mil\u00e0 (La Pedrera)"},"content":{"rendered":"\n<p><span class=\"label label-success\">bez kolejki<\/span> | <span class=\"label label-warning\">szybko si\u0119 wyprzedaj\u0105<\/span> | <span class=\"label label-success\">trzeba zobaczy\u0107<\/span><\/p>\n\n\n\n<p class=\"lead\">Casa Mil\u00e0 (znana r\u00f3wnie\u017c jako La Pedrera) to cud sztuki i architektury. Jej s\u0142ynna fasada, wyrze\u017abiona z g\u0142adkiego, br\u0105zowego kamienia, ma falist\u0105, pofa\u0142dowan\u0105 powierzchni\u0119, kt\u00f3ra nadaje jej mi\u0119kki, niemal organiczny charakter, jakby by\u0142a \u017cyw\u0105 istot\u0105.<\/p>\n\n\n<ul class=\"gb-container gb-container-53b82d66 ms-icon-list\">\n\n<li class=\"gb-headline gb-headline-f5138486 ms-icon-list__item\"><span class=\"gb-icon\"><svg viewBox=\"0 0 256 256\" fill=\"#000000\" height=\"32\" width=\"32\" xmlns=\"http:\/\/www.w3.org\/2000\/svg\"><path d=\"M232.49,80.49l-128,128a12,12,0,0,1-17,0l-56-56a12,12,0,1,1,17-17L96,183,215.51,63.51a12,12,0,0,1,17,17Z\"><\/path><\/svg><\/span><span class=\"gb-headline-text\">Oszcz\u0119d\u017a czas i zarezerwuj bilety online, aby omin\u0105\u0107 kolejk\u0119<\/span><\/li>\n\n\n\n<li class=\"gb-headline gb-headline-eb81dbda ms-icon-list__item\"><span class=\"gb-icon\"><svg viewBox=\"0 0 256 256\" fill=\"#000000\" height=\"32\" width=\"32\" xmlns=\"http:\/\/www.w3.org\/2000\/svg\"><path d=\"M232.49,80.49l-128,128a12,12,0,0,1-17,0l-56-56a12,12,0,1,1,17-17L96,183,215.51,63.51a12,12,0,0,1,17,17Z\"><\/path><\/svg><\/span><span class=\"gb-headline-text\">Dowiedz si\u0119 wszystkiego o Casa Mil\u00e0 dzi\u0119ki przewodnikowi wideo<\/span><\/li>\n\n\n\n<li class=\"gb-headline gb-headline-b37bb796 ms-icon-list__item\"><span class=\"gb-icon\"><svg viewBox=\"0 0 256 256\" fill=\"#000000\" height=\"32\" width=\"32\" xmlns=\"http:\/\/www.w3.org\/2000\/svg\"><path d=\"M232.49,80.49l-128,128a12,12,0,0,1-17,0l-56-56a12,12,0,1,1,17-17L96,183,215.51,63.51a12,12,0,0,1,17,17Z\"><\/path><\/svg><\/span><span class=\"gb-headline-text\">Aby prze\u017cy\u0107 co\u015b naprawd\u0119 wyj\u0105tkowego, wybierz si\u0119 na nocn\u0105 wycieczk\u0119, w cen\u0119 kt\u00f3rej wliczony jest szampan na dachu.<\/span><\/li>\n\n<\/ul>\n\n\n<h2 class=\"wp-block-heading\">Bilety i ceny<\/h2>\n\n\n\n<p>Casa Mil\u00e0 oferuje bilety w sze\u015bciu kategoriach: doro\u015bli, seniorzy, studenci, m\u0142odzie\u017c, osoby niepe\u0142nosprawne i dzieci. Dzieci poni\u017cej 11. roku \u017cycia maj\u0105 wst\u0119p bezp\u0142atny.<\/p>\n\n\n\n<div class=\"ms-rounded ms-mb-last-child-0 ms-mb-block ms-tfs--contrast ms-p ms-tfs\">\n<h3 class=\"gb-text\">Bilety do Casa Mil\u00e0<\/h3>\n\n\n\n<p class=\"ms-link-unstyled\"><strong>\ud83c\udf9f\ufe0f <a href=\"https:\/\/www.tiqets.com\/pl\/barcelona-attractions-c66342\/tickets-for-la-pedrera-essential-p973460\/?partner=barcelonacard\" rel=\"nofollow noopener\">Bilet wst\u0119pu + Przewodnik audio<\/a><\/strong><\/p>\n\n\n\n<ul class=\"wp-block-list\">\n<li>Omi\u0144 kolejk\u0119 i zwiedzaj s\u0142ynny budynek Gaud\u00edego na w\u0142asn\u0105 r\u0119k\u0119.<\/li>\n\n\n\n<li>Odwied\u017a dach z rze\u017abami komin\u00f3w, strych z makietami, historyczne mieszkanie i dziedzi\u0144ce.<\/li>\n\n\n\n<li>Mo\u017cesz przyj\u015b\u0107 o dowolnej porze w godzinach otwarcia.<\/li>\n<\/ul>\n\n\n\n<p class=\"ms-link-unstyled\"><strong>\ud83d\udde3\ufe0f&nbsp;<a href=\"https:\/\/www.tiqets.com\/pl\/barcelona-attractions-c66342\/tickets-for-fast-track-la-pedrera-guided-tour-p1090736\/?partner=barcelonacard\" rel=\"nofollow noopener\">Wycieczka z przewodnikiem<\/a><\/strong><\/p>\n\n\n\n<ul class=\"wp-block-list\">\n<li>Do\u0142\u0105cz do ma\u0142ej grupy z przewodnikiem, kt\u00f3ry oprowadzi Ci\u0119 po wszystkich g\u0142\u00f3wnych obszarach: dachu, strychu, mieszkaniu i nie tylko.<\/li>\n\n\n\n<li>Omi\u0144 kolejk\u0119 i pos\u0142uchaj opowie\u015bci oraz ciekawostek o Gaudim i domu.<\/li>\n\n\n\n<li>Idealne rozwi\u0105zanie, je\u015bli lubisz zdobywa\u0107 wiedz\u0119 w trakcie zwiedzania.<\/li>\n<\/ul>\n\n\n\n<p class=\"ms-link-unstyled\">\ud83c\udf19 <a href=\"https:\/\/www.tiqets.com\/pl\/barcelona-attractions-c66342\/tickets-for-casa-mila-guided-night-tour-optional-dinner-p973865\/?partner=barcelonacard\" rel=\"nofollow noopener\"><strong>Nocna wycieczka z przewodnikiem + opcjonalna kolacja<\/strong><\/a><\/p>\n\n\n\n<ul class=\"wp-block-list\">\n<li>Ta nocna wycieczka z przewodnikiem pozwoli Ci podziwia\u0107 pi\u0119kno Barcelony pod gwiazdami, a ko\u0144czy si\u0119 pokazem audiowizualnym na dachu.<\/li>\n\n\n\n<li>Mo\u017cesz r\u00f3wnie\u017c zarezerwowa\u0107 opcj\u0119 z kolacj\u0105.<\/li>\n\n\n\n<li>To \u015bwietna opcja, je\u015bli chcesz prze\u017cy\u0107 co\u015b wyj\u0105tkowego lub nieco innego ni\u017c zwiedzanie w ci\u0105gu dnia.<\/li>\n<\/ul>\n\n\n\n<div class=\"ms-cta-button-options ms-mb-block ms-cta\">\n<a class=\"gb-text ms-btn ms-btn--primary ms-shadow\" href=\"https:\/\/www.tiqets.com\/pl\/barcelona-attractions-c66342\/tickets-for-la-pedrera-essential-p973460\/?partner=barcelonacard\" rel=\"nofollow noopener\">Bilety wst\u0119pu<\/a>\n\n\n\n<a class=\"gb-text ms-btn ms-btn--outline-primary ms-shadow\" href=\"https:\/\/www.tiqets.com\/pl\/casa-mila-la-pedrera-tickets-l145464\/?partner=barcelonacard\" rel=\"nofollow noopener\"><strong>Wszystkie opcje bilet\u00f3w<\/strong><\/a>\n<\/div>\n<\/div>\n\n\n\n<h2 class=\"wp-block-heading\">Godziny otwarcia<\/h2>\n\n\n\n<p>Casa Mil\u00e0 przyjmuje zwiedzaj\u0105cych przez ca\u0142y rok, a godziny otwarcia s\u0105 dostosowane do zmieniaj\u0105cej si\u0119 d\u0142ugo\u015bci dnia w Barcelonie.<\/p>\n\n\n<div class=\"ms-table frozenColumn\"><table><tr><th>Okres<\/th><th>Daty<\/th><th>Dni<\/th><th>Godziny dzienne<\/th><th>Nocne zwiedzanie<\/th><\/tr><tr><td>Godziny zimowe<\/td><td>10 lis 2025 \u2013 5 mar 2026<\/td><td>Poniedzia\u0142ek \u2013 Niedziela i \u015bwi\u0119ta<\/td><td>9:00 \u2013 18:30<\/td><td>19:00 \u2013 23:00<\/td><\/tr><tr><td>Specjalne godziny \u015bwi\u0105teczne<\/td><td>26 gru 2025 \u2013 4 sty 2026<\/td><td>Poniedzia\u0142ek \u2013 Niedziela<\/td><td>9:00 \u2013 20:30<\/td><td>21:00 \u2013 23:00<\/td><\/tr><tr><td>Nowy Rok (1 stycznia 2026)<\/td><td>\u2013<\/td><td>\u2013<\/td><td>11:00 \u2013 20:30<\/td><td>\u2013<\/td><\/tr><tr><td>Godziny letnie<\/td><td>6 mar 2026 \u2013 1 lis 2026<\/td><td>Poniedzia\u0142ek \u2013 Niedziela i \u015bwi\u0119ta<\/td><td>9:00 \u2013 20:30<\/td><td>20:40 \u2013 22:20<\/td><\/tr><\/table><\/div>\n\n\n<div class=\"ms-p ms-rounded ms-mb-last-child-0 ms-mb-children-condensed ms-alert--contrast ms-mb-block\">\n<h4 class=\"gb-text-26a71c5b\"><span class=\"gb-shape\"><svg viewBox=\"0 0 256 256\" fill=\"#000000\" height=\"32\" width=\"32\" xmlns=\"http:\/\/www.w3.org\/2000\/svg\"><path d=\"M108,84a16,16,0,1,1,16,16A16,16,0,0,1,108,84Zm128,44A108,108,0,1,1,128,20,108.12,108.12,0,0,1,236,128Zm-24,0a84,84,0,1,0-84,84A84.09,84.09,0,0,0,212,128Zm-72,36.68V132a20,20,0,0,0-20-20,12,12,0,0,0-4,23.32V168a20,20,0,0,0,20,20,12,12,0,0,0,4-23.32Z\"><\/path><\/svg><\/span><span class=\"gb-text\"><strong>Oferta specjalna<\/strong>:<\/span><\/h4>\n\n\n\n<p class=\"gb-text\">Je\u015bli planujesz zwiedzi\u0107 Casa Batll\u00f3, Casa Mil\u00e0 i Casa Vicens, <strong>3 Domy Gaudiego<\/strong> jest bardzo wygodn\u0105 opcj\u0105. Obejmuje on wst\u0119p bez kolejki do wszystkich trzech atrakcji oraz aplikacj\u0119 z przewodnikiem po mie\u015bcie, kt\u00f3ra pomo\u017ce Ci porusza\u0107 si\u0119 po kulturowych zabytkach Barcelony.<\/p>\n\n\n\n<p class=\"gb-text\"><a href=\"https:\/\/www.tiqets.com\/pl\/barcelona-attractions-c66342\/three-houses-of-gaudi-p1012536\/?partner=barcelonacard\" rel=\"nofollow noopener\">Kliknij tutaj, aby uzyska\u0107 wi\u0119cej informacji \u00bb<\/a><\/p>\n<\/div>\n\n\n\n<h2 class=\"wp-block-heading\">Co warto zobaczy\u0107 i zrobi\u0107<\/h2>\n\n\n\n<p>Casa Mil\u00e0 to arcydzie\u0142o katalo\u0144skiego modernizmu, kt\u00f3re trzeba zobaczy\u0107, je\u015bli cenisz architektur\u0119. Oto, co mo\u017cesz zwiedzi\u0107 podczas wizyty:<\/p>\n\n\n\n<h3 class=\"wp-block-heading\">Patio<\/h3>\n\n\n\n<p>Wewn\u0119trzne dziedzi\u0144ce Casa Mil\u00e0 to cud architektury, kt\u00f3ry zapewnia naturalne \u015bwiat\u0142o w budynku. Na dziedzi\u0144cach znajduj\u0105 si\u0119 r\u00f3wnie\u017c charakterystyczne dla Gaud\u00edego elementy kute i kolorowe murale, kt\u00f3re nadaj\u0105 budynkowi wyj\u0105tkow\u0105 estetyk\u0119.<\/p>\n\n\n\n<h3 class=\"wp-block-heading\">Dach<\/h3>\n\n\n\n<p>Dach jest jedn\u0105 z najbardziej charakterystycznych cech Casa Mil\u00e0, znan\u0105 z surrealistycznych komin\u00f3w i panoramicznych widok\u00f3w na Barcelon\u0119. Je\u015bli wybierzesz si\u0119 na nocn\u0105 wycieczk\u0119, b\u0119dziesz \u015bwiadkiem imponuj\u0105cego pokazu audiowizualnego, kt\u00f3ry o\u015bwietla dach, tworz\u0105c magiczn\u0105 atmosfer\u0119.<\/p>\n\n\n\n<h3 class=\"wp-block-heading\">Strych<\/h3>\n\n\n\n<p>Znany jako \u201eStrych Wieloryba\u201d ze wzgl\u0119du na unikalne \u0142uki \u0142a\u0144cuchowe przypominaj\u0105ce klatk\u0119 piersiow\u0105 wieloryba. Ta przestrze\u0144 mie\u015bci sta\u0142\u0105 wystaw\u0119 zatytu\u0142owan\u0105 \u201eEspai Gaud\u00ed\u201d. Wystawa ta zg\u0142\u0119bia wizj\u0119 architektoniczn\u0105 Gaud\u00edego i innowacyjne techniki, kt\u00f3re wykorzystywa\u0142 w swojej pracy.<\/p>\n\n\n\n<h3 class=\"wp-block-heading\">Parter<\/h3>\n\n\n\n<p>Parter, niegdy\u015b luksusowa rezydencja rodziny Mil\u00e0, obecnie go\u015bci wystawy czasowe. Wystawy te oferuj\u0105 zwiedzaj\u0105cym wgl\u0105d w \u017cycie Barcelony na pocz\u0105tku XX wieku oraz zawi\u0142o\u015bci projektowe dzie\u0142 Gaud\u00edego.<\/p>\n\n\n\n<h2 class=\"wp-block-heading\">Czy wiesz, \u017ce? (Trzy ciekawe fakty!)<\/h2>\n\n\n\n<ul class=\"wp-block-list\">\n<li>Nawet dzisiaj kilka prywatnych mieszka\u0144 wci\u0105\u017c jest zamieszkanych, a inne cz\u0119\u015bci budynku s\u0105 wykorzystywane jako biura.<\/li>\n\n\n\n<li>Gaud\u00ed chcia\u0142, aby mieszka\u0144cy budynku nawi\u0105zywali kontakty i poznawali si\u0119 nawzajem, dlatego zainstalowa\u0142 windy tylko na co drugim pi\u0119trze, aby stworzy\u0107 wi\u0119cej okazji do spotka\u0144.<\/li>\n\n\n\n<li>Przydomek La Pedrera, oznaczaj\u0105cy \u201ekamienio\u0142om\u201d, by\u0142 pierwotnie obra\u017aliwym terminem u\u017cywanym przez mieszka\u0144c\u00f3w, kt\u00f3rzy nie byli przyzwyczajeni do niekonwencjonalnego stylu architektonicznego Gaud\u00edego.<\/li>\n<\/ul>\n\n\n\n<h2 class=\"wp-block-heading\">Zdj\u0119cia<\/h2>\n\n\n\n<figure><div class=\"ms-credits\">\n<img decoding=\"async\" class=\"gb-media-90e9d5d7\" src=\"https:\/\/www.barcelonacard.org\/wp-content\/uploads\/casa-mila-1747037707.jpg\" alt=\"\" title=\"casa-mila-1747037707\"\/>\n<span class='ms-credits__info' id='media966'><svg xmlns=\"http:\/\/www.w3.org\/2000\/svg\" width=\"20\" height=\"22\" fill=\"#000000\" viewBox=\"0 0 256 256\"><path d=\"M128,24A104,104,0,1,0,232,128,104.11,104.11,0,0,0,128,24Zm0,192a88,88,0,1,1,88-88A88.1,88.1,0,0,1,128,216ZM96,128a32,32,0,0,0,57.6,19.2,8,8,0,0,1,12.8,9.61,48,48,0,1,1,0-57.62,8,8,0,0,1-12.8,9.61A32,32,0,0,0,96,128Z\"><\/path><\/svg>OlyaSolodenko\/<a href=https:\/\/depositphotos.com\/editorial\/barcelona-spain-december-2022-exterior-casa-mila-pedrera-antoni-gaudi-701339116.html rel='nofollow' target='_blank'>Depositphotos<\/a><\/span><span class='ms-credits__btn' id='btn_media966' onclick='ms_credits_trigger(\"#media966\", this)'><svg xmlns=\"http:\/\/www.w3.org\/2000\/svg\" class=\"info_icon\" width=\"28\" height=\"28\" fill=\"#FFF\" viewBox=\"0 0 256 256\"><path d=\"M128,24A104,104,0,1,0,232,128,104.11,104.11,0,0,0,128,24Zm0,192a88,88,0,1,1,88-88A88.1,88.1,0,0,1,128,216Zm16-40a8,8,0,0,1-8,8,16,16,0,0,1-16-16V128a8,8,0,0,1,0-16,16,16,0,0,1,16,16v40A8,8,0,0,1,144,176ZM112,84a12,12,0,1,1,12,12A12,12,0,0,1,112,84Z\"><\/path><\/svg><svg xmlns=\"http:\/\/www.w3.org\/2000\/svg\" class=\"close_icon\" width=\"28\" height=\"28\" fill=\"#FFF\" viewBox=\"0 0 256 256\"><path d=\"M165.66,101.66,139.31,128l26.35,26.34a8,8,0,0,1-11.32,11.32L128,139.31l-26.34,26.35a8,8,0,0,1-11.32-11.32L116.69,128,90.34,101.66a8,8,0,0,1,11.32-11.32L128,116.69l26.34-26.35a8,8,0,0,1,11.32,11.32ZM232,128A104,104,0,1,1,128,24,104.11,104.11,0,0,1,232,128Zm-16,0a88,88,0,1,0-88,88A88.1,88.1,0,0,0,216,128Z\"><\/path><\/svg><\/span><\/div>\n\n\n<figcaption class=\"gb-text\">Zewn\u0119trzna cz\u0119\u015b\u0107 Casa Mil\u00e0 (La Pedrera) autorstwa Antoniego Gaud\u00edego w Barcelonie, Hiszpania<\/figcaption>\n<\/figure>\n\n\n\n<figure><div class=\"ms-credits\">\n<img decoding=\"async\" class=\"gb-media-fbf38060\" alt=\"\" src=\"https:\/\/www.barcelonacard.org\/wp-content\/uploads\/roof-casa-mila-1747037735.jpg\" title=\"roof-casa-mila-1747037735\"\/>\n<span class='ms-credits__info' id='media967'><svg xmlns=\"http:\/\/www.w3.org\/2000\/svg\" width=\"20\" height=\"22\" fill=\"#000000\" viewBox=\"0 0 256 256\"><path d=\"M128,24A104,104,0,1,0,232,128,104.11,104.11,0,0,0,128,24Zm0,192a88,88,0,1,1,88-88A88.1,88.1,0,0,1,128,216ZM96,128a32,32,0,0,0,57.6,19.2,8,8,0,0,1,12.8,9.61,48,48,0,1,1,0-57.62,8,8,0,0,1-12.8,9.61A32,32,0,0,0,96,128Z\"><\/path><\/svg>florin1961\/<a href=https:\/\/depositphotos.com\/editorial\/barcelona-catalonia-spain-feb-2022-details-roof-casa-mila-pedrera-705349700.html rel='nofollow' target='_blank'>Depositphotos<\/a><\/span><span class='ms-credits__btn' id='btn_media967' onclick='ms_credits_trigger(\"#media967\", this)'><svg xmlns=\"http:\/\/www.w3.org\/2000\/svg\" class=\"info_icon\" width=\"28\" height=\"28\" fill=\"#FFF\" viewBox=\"0 0 256 256\"><path d=\"M128,24A104,104,0,1,0,232,128,104.11,104.11,0,0,0,128,24Zm0,192a88,88,0,1,1,88-88A88.1,88.1,0,0,1,128,216Zm16-40a8,8,0,0,1-8,8,16,16,0,0,1-16-16V128a8,8,0,0,1,0-16,16,16,0,0,1,16,16v40A8,8,0,0,1,144,176ZM112,84a12,12,0,1,1,12,12A12,12,0,0,1,112,84Z\"><\/path><\/svg><svg xmlns=\"http:\/\/www.w3.org\/2000\/svg\" class=\"close_icon\" width=\"28\" height=\"28\" fill=\"#FFF\" viewBox=\"0 0 256 256\"><path d=\"M165.66,101.66,139.31,128l26.35,26.34a8,8,0,0,1-11.32,11.32L128,139.31l-26.34,26.35a8,8,0,0,1-11.32-11.32L116.69,128,90.34,101.66a8,8,0,0,1,11.32-11.32L128,116.69l26.34-26.35a8,8,0,0,1,11.32,11.32ZM232,128A104,104,0,1,1,128,24,104.11,104.11,0,0,1,232,128Zm-16,0a88,88,0,1,0-88,88A88.1,88.1,0,0,0,216,128Z\"><\/path><\/svg><\/span><\/div>\n\n\n<figcaption class=\"gb-text\">Detale dachu Casa Mil\u00e0<\/figcaption>\n<\/figure>\n\n\n\n<figure><div class=\"ms-credits\">\n<img decoding=\"async\" class=\"gb-media-bca56b47\" alt=\"\" src=\"https:\/\/www.barcelonacard.org\/wp-content\/uploads\/courtyard-of-casa-mila-1747037799.jpg\" title=\"courtyard-of-casa-mila-1747037799\"\/>\n<span class='ms-credits__info' id='media968'><svg xmlns=\"http:\/\/www.w3.org\/2000\/svg\" width=\"20\" height=\"22\" fill=\"#000000\" viewBox=\"0 0 256 256\"><path d=\"M128,24A104,104,0,1,0,232,128,104.11,104.11,0,0,0,128,24Zm0,192a88,88,0,1,1,88-88A88.1,88.1,0,0,1,128,216ZM96,128a32,32,0,0,0,57.6,19.2,8,8,0,0,1,12.8,9.61,48,48,0,1,1,0-57.62,8,8,0,0,1-12.8,9.61A32,32,0,0,0,96,128Z\"><\/path><\/svg>taldav68\/<a href=https:\/\/depositphotos.com\/editorial\/barcelona-spain-october-2023-colorful-elliptic-courtyard-casa-mila-pedrera-693678838.html rel='nofollow' target='_blank'>Depositphotos<\/a><\/span><span class='ms-credits__btn' id='btn_media968' onclick='ms_credits_trigger(\"#media968\", this)'><svg xmlns=\"http:\/\/www.w3.org\/2000\/svg\" class=\"info_icon\" width=\"28\" height=\"28\" fill=\"#FFF\" viewBox=\"0 0 256 256\"><path d=\"M128,24A104,104,0,1,0,232,128,104.11,104.11,0,0,0,128,24Zm0,192a88,88,0,1,1,88-88A88.1,88.1,0,0,1,128,216Zm16-40a8,8,0,0,1-8,8,16,16,0,0,1-16-16V128a8,8,0,0,1,0-16,16,16,0,0,1,16,16v40A8,8,0,0,1,144,176ZM112,84a12,12,0,1,1,12,12A12,12,0,0,1,112,84Z\"><\/path><\/svg><svg xmlns=\"http:\/\/www.w3.org\/2000\/svg\" class=\"close_icon\" width=\"28\" height=\"28\" fill=\"#FFF\" viewBox=\"0 0 256 256\"><path d=\"M165.66,101.66,139.31,128l26.35,26.34a8,8,0,0,1-11.32,11.32L128,139.31l-26.34,26.35a8,8,0,0,1-11.32-11.32L116.69,128,90.34,101.66a8,8,0,0,1,11.32-11.32L128,116.69l26.34-26.35a8,8,0,0,1,11.32,11.32ZM232,128A104,104,0,1,1,128,24,104.11,104.11,0,0,1,232,128Zm-16,0a88,88,0,1,0-88,88A88.1,88.1,0,0,0,216,128Z\"><\/path><\/svg><\/span><\/div>\n\n\n<figcaption class=\"gb-text\">Kolorowy eliptyczny dziedziniec Casa Mil\u00e0<\/figcaption>\n<\/figure>\n\n\n\n<h2 class=\"wp-block-heading\">Historia<\/h2>\n\n\n\n<p>Odkryj histori\u0119 jednego z najbardziej charakterystycznych zabytk\u00f3w Barcelony.<\/p>\n\n\n\n<div class=\"ms-timeline-list\">\n<div class=\"ms-timeline-item\">\n<p class=\"gb-text ms-timeline-item__time\">1906<\/p>\n\n\n\n<p class=\"gb-text\">Gaud\u00ed rozpoczyna budow\u0119 Casa Mil\u00e0 (La Pedrera) dla zamo\u017cnej rodziny Mil\u00e0.<\/p>\n<\/div>\n\n\n\n<div class=\"ms-timeline-item\">\n<p class=\"gb-text ms-timeline-item__time\">1912<\/p>\n\n\n\n<p class=\"gb-text\">Budynek zostaje uko\u0144czony, z falist\u0105 kamienn\u0105 fasad\u0105 i \u017celaznymi balkonami, co by\u0142o bardzo wyj\u0105tkowe w tamtych czasach.<\/p>\n<\/div>\n\n\n\n<div class=\"ms-timeline-item\">\n<p class=\"gb-text ms-timeline-item__time\">1969<\/p>\n\n\n\n<p class=\"gb-text\">Budynek zostaje obj\u0119ty ochron\u0105 jako zabytek kultury w Hiszpanii.<\/p>\n<\/div>\n\n\n\n<div class=\"ms-timeline-item\">\n<p class=\"gb-text ms-timeline-item__time\">1984<\/p>\n\n\n\n<p class=\"gb-text\">UNESCO wpisuje go na list\u0119 \u015bwiatowego dziedzictwa ze wzgl\u0119du na jego warto\u015b\u0107 artystyczn\u0105.<\/p>\n<\/div>\n\n\n\n<div class=\"ms-timeline-item\">\n<p class=\"gb-text ms-timeline-item__time\">1996<\/p>\n\n\n\n<p class=\"gb-text\">Po renowacji budynek zostaje otwarty dla zwiedzaj\u0105cych.<\/p>\n<\/div>\n\n\n\n<div class=\"ms-timeline-item\">\n<p class=\"gb-text ms-timeline-item__time\">2013<\/p>\n\n\n\n<p class=\"gb-text\">Budynek staje si\u0119 centrum kultury, w kt\u00f3rym odbywaj\u0105 si\u0119 wystawy sztuki i muzyki.<\/p>\n<\/div>\n<\/div>\n\n\n\n<div>\n<h2 class=\"wp-block-heading\">Mapa i adres (lokalizacja)<\/h2>\n<\/div>\n\n\n\n<address class=\"ms-mapblock ms-mb-block\">\n\t\n\t\t<h4>\n\t\t\tCasa Mila\t\t<\/h2>\n\n\t\t<p class=\"ms-mb-0\">\n            <img decoding=\"async\" class=\"ms-mapblock__map ms-rounded\" src=\"https:\/\/www.barcelonacard.org\/pl\/wp-content\/uploads\/sites\/10\/maps\/staticmap_41.3952155_2.1619024_14_768x432.png\" alt=\"Casa Mila\" \/>\n\t\t<\/p>\n\n\t\t<p class=\"ms-text-sm ms-text-muted\">\n\t\t\tPg. de Gr\u00e0cia, 92, L&#8217;Eixample, 08008 Barcelona, Spain \u00b7\n\t\t\t<a rel=\"nofollow noopener\" target=\"_blank\" href=\"https:\/\/maps.google.com\/?q=41.3952155,2.1619024\">Google Maps<\/a>\n\t\t<\/p>\n\n\t<\/address>\n\n\n<h2 class=\"wp-block-heading\">Jak dojecha\u0107<\/h2>\n\n\n\n<p><strong>\ud83d\ude8c Autobus:<\/strong> Mo\u017cna dojecha\u0107 jednym z nast\u0119puj\u0105cych autobus\u00f3w: V15, V17, H10, H8, 7, 22, 24, 6, 33 lub 34.<\/p>\n\n\n\n<p><strong>\ud83d\ude87 Metro:<\/strong> Linie 3 i 5 zatrzymuj\u0105 si\u0119 na stacji Diagonal, w pobli\u017cu La Pedrera.<\/p>\n\n\n\n<p><strong>\ud83d\ude86 Poci\u0105g Renfe:<\/strong> Nale\u017cy wysi\u0105\u015b\u0107 na stacji Passeig de Gr\u00e0cia.<\/p>\n\n\n\n<p><strong>\ud83d\ude86 Poci\u0105g FGC:<\/strong> Nale\u017cy wysi\u0105\u015b\u0107 na stacji Proven\u00e7a \u2013 La Pedrera.<\/p>\n\n\n\n<p><\/p>\n","protected":false},"excerpt":{"rendered":"<p>Casa Mil\u00e0 (La Pedrera) to zachwycaj\u0105ce arcydzie\u0142o architektoniczne \u2013 faluj\u0105ca kamienna fasada przypomina \u017cyw\u0105 form\u0119.<\/p>\n","protected":false},"author":4,"featured_media":842,"parent":0,"menu_order":11,"template":"","meta":{"_acf_changed":false,"button_url":"https:\/\/www.tiqets.com\/pl\/barcelona-attractions-c66342\/tickets-for-la-pedrera-essential-p973460\/?partner=barcelonacard","ms_product_id":"973460","ms_product_name":"Casa Mil\u00e0 - La Pedrera: Entry Ticket + Audio Guide","ms_price":"25","ms_currency":"EUR","ms_rating_value":"4.7","ms_review_count":"9643","product_id":"973460","street_address":"Passeig de Gr\u00e0cia, 92","city":"Barcelona","country":"Spain","postal_code":"08008","lattitude":"41.395383","longitude":"2.161957","rank_math_title":"Casa Mil\u00e0 (La Pedrera): Kup bilety online | Od \u20ac%customfield(ms_price)% | Omi\u0144 kolejk\u0119","rank_math_description":"Zarezerwuj bilety do Casa Mil\u00e0 (La Pedrera) i poznaj jedn\u0105 z obowi\u0105zkowych atrakcji Barcelony. Przyjd\u017a i poznaj ten pi\u0119kny budynek, poznaj\u0105c jego fascynuj\u0105c\u0105 histori\u0119 i architektur\u0119 dzi\u0119ki biletowi wst\u0119pu bez kolejki i wygodnemu wieloj\u0119zycznemu audioprzewodnikowi."},"ticket-type":[],"producer":[],"class_list":["post-968","ticket","type-ticket","status-publish","has-post-thumbnail","hentry"],"acf":[],"product_schema":{"ms_product_id":"973460","ms_product_name":"Casa Mil\u00e0 - La Pedrera: Entry Ticket + Audio Guide","ms_price":"25","ms_currency":"EUR","ms_rating_value":"4.7","ms_review_count":"9643"},"location_schema":{"product_id":"973460","street_address":"Passeig de Gr\u00e0cia, 92","city":"Barcelona","country":"Spain","postal_code":"08008","lattitude":"41.395383","longitude":"2.161957"},"_links":{"self":[{"href":"https:\/\/www.barcelonacard.org\/pl\/wp-json\/wp\/v2\/ticket\/968","targetHints":{"allow":["GET"]}}],"collection":[{"href":"https:\/\/www.barcelonacard.org\/pl\/wp-json\/wp\/v2\/ticket"}],"about":[{"href":"https:\/\/www.barcelonacard.org\/pl\/wp-json\/wp\/v2\/types\/ticket"}],"author":[{"embeddable":true,"href":"https:\/\/www.barcelonacard.org\/pl\/wp-json\/wp\/v2\/users\/4"}],"wp:featuredmedia":[{"embeddable":true,"href":"https:\/\/www.barcelonacard.org\/pl\/wp-json\/wp\/v2\/media\/842"}],"wp:attachment":[{"href":"https:\/\/www.barcelonacard.org\/pl\/wp-json\/wp\/v2\/media?parent=968"}],"wp:term":[{"taxonomy":"ticket-type","embeddable":true,"href":"https:\/\/www.barcelonacard.org\/pl\/wp-json\/wp\/v2\/ticket-type?post=968"},{"taxonomy":"producer","embeddable":true,"href":"https:\/\/www.barcelonacard.org\/pl\/wp-json\/wp\/v2\/producer?post=968"}],"curies":[{"name":"wp","href":"https:\/\/api.w.org\/{rel}","templated":true}]}}