{"id":961,"date":"2025-09-12T01:17:34","date_gmt":"2025-09-11T23:17:34","guid":{"rendered":"https:\/\/www.barcelonacard.org\/pl\/?post_type=ticket&#038;p=961"},"modified":"2026-04-07T17:12:24","modified_gmt":"2026-04-07T15:12:24","slug":"park-guell","status":"publish","type":"ticket","link":"https:\/\/www.barcelonacard.org\/pl\/bilety\/park-guell\/","title":{"rendered":"Bilety do Park G\u00fcell"},"content":{"rendered":"\n<div class=\"wp-block-group is-nowrap is-layout-flex wp-container-core-group-is-layout-ad2f72ca wp-block-group-is-layout-flex\">\n<div class=\"gb-text ms-badge ms-badge--primary ms-mb-block\">Obiekt z listy UNESCO<\/div>\n\n\n\n<div class=\"gb-text ms-badge ms-badge--primary ms-mb-block\">Bez kolejki<\/div>\n\n\n\n<div class=\"gb-text ms-badge ms-badge--primary ms-mb-block\">Szybko si\u0119 wyprzedaje<\/div>\n\n\n\n<div class=\"gb-text ms-badge ms-badge--primary ms-mb-block\">Koniecznie zobacz<\/div>\n<\/div>\n\n\n\n<div class=\"ms-rounded ms-mb-last-child-0 ms-mb-block ms-tfs--contrast ms-p ms-tfs\">\n<h3 class=\"gb-text\">\ud83c\udf9f\ufe0f Bilety do Park G\u00fcell<\/h3>\n\n\n\n<p class=\"ms-link-unstyled\"><a href=\"https:\/\/www.tiqets.com\/pl\/barcelona-attractions-c66342\/tickets-for-park-guell-entry-ticket-audio-guide-p1111514\/?partner=barcelonacard\" rel=\"nofollow noopener\"><strong>Park G\u00fcell: bilet wst\u0119pu + przewodnik audio<\/strong><\/a><\/p>\n\n\n\n<p>Je\u015bli chcesz zwiedza\u0107 we w\u0142asnym tempie, ten bilet zapewni Ci dost\u0119p do strefy monumentalnej Parku G\u00fcell i audioprzewodnik do pobrania na telefon. To bardzo proste i elastyczne rozwi\u0105zanie.<\/p>\n\n\n\n<p class=\"ms-link-unstyled\"><a href=\"https:\/\/www.tiqets.com\/pl\/barcelona-attractions-c66342\/tickets-for-park-guell-guided-tour-p1107460\/?partner=barcelonacard\" data-type=\"link\" data-id=\"https:\/\/www.tiqets.com\/en\/barcelona-attractions-c66342\/tickets-for-park-guell-guided-tour-p1107460\/?partner=barcelonacard\" rel=\"nofollow noopener\"><strong>Park G\u00fcell: zwiedzanie z przewodnikiem<\/strong><\/a><\/p>\n\n\n\n<p>Je\u015bli wolisz, aby kto\u015b oprowadzi\u0142 Ci\u0119 po parku, ta opcja b\u0119dzie idealna. Przewodnik opowie Ci ciekawe historie o Gaud\u00edm i o tym, jak powsta\u0142 projekt. To \u015bwietny wyb\u00f3r dla os\u00f3b odwiedzaj\u0105cych park po raz pierwszy lub dla wszystkich, kt\u00f3rych interesuj\u0105 historia i symbolika tego miejsca.<\/p>\n\n\n\n<hr class=\"wp-block-separator has-alpha-channel-opacity\"\/>\n\n\n\n<h3 class=\"wp-block-heading\">\ud83c\udfab Planujesz zobaczy\u0107 wi\u0119cej w Barcelonie? Te pakiety u\u0142atwi\u0105 Ci to.<\/h3>\n\n\n\n<ul class=\"wp-block-list\">\n<li><a href=\"https:\/\/www.tiqets.com\/pl\/barcelona-attractions-c66342\/best-of-barcelona-bundle-p1031461\/?partner=barcelonacard&amp;tq_campaign=S-en--P-park-guell--L-mc--A-tf\" rel=\"nofollow noopener\"><strong>Pakiet The Best of Barcelona<\/strong><\/a>&nbsp;obejmuje Park G\u00fcell, Sagrada Familia i Casa Batll\u00f3.<\/li>\n\n\n\n<li><a href=\"https:\/\/www.barcelonacard.org\/pl\/tickets\/barcelona-city-pass\/\" target=\"_blank\" rel=\"noreferrer noopener\"><strong>Barcelona Pass<\/strong><\/a> obejmuje Park G\u00fcell, Sagrada Familia i jedn\u0105 z atrakcji do wyboru: Casa Batll\u00f3, La Pedrera lub autobus hop-on hop-off. Jeste\u015b wielkim fanem Gaud\u00edego?<\/li>\n\n\n\n<li><a href=\"https:\/\/www.barcelonacard.org\/pl\/bilety\/pakiet-gaudi\/\" target=\"_blank\" rel=\"noreferrer noopener\"><strong>Pakiet Gaud\u00ed<\/strong><\/a> obejmuje wszystkie jego najwa\u017cniejsze dzie\u0142a.<\/li>\n<\/ul>\n\n\n\n<hr class=\"wp-block-separator has-alpha-channel-opacity\"\/>\n\n\n\n<h3 class=\"wp-block-heading\">\u2705 Szybkie rekomendacje<\/h3>\n\n\n\n<ul class=\"wp-block-list\">\n<li>Podr\u00f3\u017cujesz w pojedynk\u0119: idealny b\u0119dzie bilet wst\u0119pu + audioprzewodnik<\/li>\n\n\n\n<li>Odwiedzasz miasto po raz pierwszy: wypr\u00f3buj wycieczk\u0119 z przewodnikiem<\/li>\n\n\n\n<li>Mi\u0142o\u015bnicy Gaud\u00edego: wybierz pakiet Gaud\u00ed Experience lub pakiet Gaud\u00ed<\/li>\n\n\n\n<li>Chcesz zobaczy\u0107 najwa\u017cniejsze atrakcje: wybierz pakiet The Best of Barcelona<\/li>\n\n\n\n<li>Zale\u017cy Ci na elastyczno\u015bci: wybierz Barcelona Pass<\/li>\n<\/ul>\n\n\n\n<div class=\"ms-cta-button-options ms-mb-block ms-cta\">\n<a class=\"gb-text ms-btn ms-btn--primary ms-shadow\" href=\"https:\/\/www.tiqets.com\/pl\/barcelona-attractions-c66342\/tickets-for-park-guell-entry-ticket-audio-guide-p1111514\/?partner=barcelonacard\" rel=\"nofollow noopener\">Bilety do Park G\u00fcell<\/a>\n\n\n\n<a class=\"gb-text ms-btn ms-btn--outline-primary ms-shadow\" href=\"https:\/\/www.tiqets.com\/pl\/park-guell-tickets-l141902\/?partner=barcelonacard\" rel=\"nofollow noopener\">Wszystkie opcje bilet\u00f3w<\/a>\n<\/div>\n<\/div>\n\n\n\n<p>\u017badna wizyta w Barcelonie nie by\u0142aby pe\u0142na bez odwiedzenia Parku G\u00fcell \u2013 najwa\u017cniejszego parku w mie\u015bcie, zaprojektowanego przez s\u0142ynnego architekta Antoniego Gaud\u00edego.<\/p>\n\n\n\n<h2 class=\"wp-block-heading\">Najwa\u017cniejsze informacje<\/h2>\n\n\n<ul class=\"gb-container gb-container-53b82d66 ms-icon-list\">\n\n<li class=\"gb-headline gb-headline-f5138486 ms-icon-list__item\"><span class=\"gb-icon\"><svg viewBox=\"0 0 256 256\" fill=\"#000000\" height=\"32\" width=\"32\" xmlns=\"http:\/\/www.w3.org\/2000\/svg\"><path d=\"M232.49,80.49l-128,128a12,12,0,0,1-17,0l-56-56a12,12,0,1,1,17-17L96,183,215.51,63.51a12,12,0,0,1,17,17Z\"><\/path><\/svg><\/span><span class=\"gb-headline-text\">Park G\u00fcell przyci\u0105ga wielu turyst\u00f3w, wi\u0119c zarezerwuj bilety online, aby omin\u0105\u0107 kolejki<\/span><\/li>\n\n\n\n<li class=\"gb-headline gb-headline-eb81dbda ms-icon-list__item\"><span class=\"gb-icon\"><svg viewBox=\"0 0 256 256\" fill=\"#000000\" height=\"32\" width=\"32\" xmlns=\"http:\/\/www.w3.org\/2000\/svg\"><path d=\"M232.49,80.49l-128,128a12,12,0,0,1-17,0l-56-56a12,12,0,1,1,17-17L96,183,215.51,63.51a12,12,0,0,1,17,17Z\"><\/path><\/svg><\/span><span class=\"gb-headline-text\">Wybierz dat\u0119 i godzin\u0119, kt\u00f3re najlepiej pasuj\u0105 do Twoich plan\u00f3w<\/span><\/li>\n\n\n\n<li class=\"gb-headline gb-headline-b37bb796 ms-icon-list__item\"><span class=\"gb-icon\"><svg viewBox=\"0 0 256 256\" fill=\"#000000\" height=\"32\" width=\"32\" xmlns=\"http:\/\/www.w3.org\/2000\/svg\"><path d=\"M232.49,80.49l-128,128a12,12,0,0,1-17,0l-56-56a12,12,0,1,1,17-17L96,183,215.51,63.51a12,12,0,0,1,17,17Z\"><\/path><\/svg><\/span><span class=\"gb-headline-text\">Wejd\u017a na szczyt wzg\u00f3rza i podziwiaj spektakularny widok na Barcelon\u0119!<\/span><\/li>\n\n<\/ul>\n\n\n<h2 class=\"wp-block-heading\">Bilety i ceny<\/h2>\n\n\n\n<p>Park G\u00fcell oferuje bilety w przyst\u0119pnych cenach, a dzieci do sz\u00f3stego roku \u017cycia maj\u0105 wst\u0119p bezp\u0142atny. Dost\u0119pnych jest kilka opcji.<\/p>\n\n\n\n<p>Ze wzgl\u0119du na popularno\u015b\u0107 Park G\u00fcell zdecydowanie zalecamy <strong>rezerwacj\u0119 bilet\u00f3w online<\/strong> z wyprzedzeniem, aby zagwarantowa\u0107 sobie wej\u015bcie o <strong>wybranej godzinie<\/strong>. Szczeg\u00f3lnie polecamy wycieczk\u0119 z przewodnikiem, kt\u00f3ra pozwoli zg\u0142\u0119bi\u0107 historyczne i architektoniczne znaczenie tego dzie\u0142a Gaudiego.<\/p>\n\n\n\n<h2 class=\"wp-block-heading\">Godziny otwarcia<\/h2>\n\n\n<div class=\"ms-table\"><table><tr><th>Okres<\/th><th>Godziny otwarcia<\/th><th>Ostatnie wej\u015bcie<\/th><\/tr><tr><td>25 pa\u017adziernika \u2013 6 lutego<\/td><td>9:30 \u2013 17:30<\/td><td>16:30<\/td><\/tr><tr><td>7 lutego \u2013 28 marca<\/td><td>9:30 \u2013 18:00<\/td><td>17:00<\/td><\/tr><tr><td>29 marca \u2013 24 pa\u017adziernika<\/td><td>9:30 \u2013 19:30<\/td><td>18:30<\/td><\/tr><\/table><\/div>\n\n\n<p>Tw\u00f3j bilet ma okre\u015blon\u0105 godzin\u0119 wej\u015bcia, a po niej masz 30 minut na to, \u017ceby wej\u015b\u0107 do \u015brodka. Na przyk\u0142ad, je\u015bli bilet jest na 9:30, mo\u017cesz wej\u015b\u0107 do 10:00. Po tym czasie stracisz prawo do wej\u015bcia. Po wej\u015bciu mo\u017cesz zosta\u0107 tak d\u0142ugo, jak chcesz, ale je\u015bli wyjdziesz, nie b\u0119dziesz m\u00f3g\u0142 wr\u00f3ci\u0107. Postaraj si\u0119 przyby\u0107 na czas, aby nie przegapi\u0107 godziny wej\u015bcia.<\/p>\n\n\n<div class=\"gb-container gb-container-52536c5e ms-p ms-rounded ms-mb-last-child-0 ms-mb-children-condensed ms-alert--contrast ms-mb-block\">\n\n<h4 class=\"gb-headline gb-headline-2f7b646a\"><span class=\"gb-icon\"><svg viewBox=\"0 0 256 256\" fill=\"#000000\" height=\"32\" width=\"32\" xmlns=\"http:\/\/www.w3.org\/2000\/svg\"><path d=\"M128,20A108,108,0,1,0,236,128,108.12,108.12,0,0,0,128,20Zm0,192a84,84,0,1,1,84-84A84.09,84.09,0,0,1,128,212Zm-12-80V80a12,12,0,0,1,24,0v52a12,12,0,0,1-24,0Zm28,40a16,16,0,1,1-16-16A16,16,0,0,1,144,172Z\"><\/path><\/svg><\/span><span class=\"gb-headline-text\">Oferta specjalna: Pakiet Gaud\u00ed<\/span><\/h4>\n\n\n\n<p>Je\u015bli planujesz odwiedzi\u0107 zar\u00f3wno <strong>Sagrada Familia<\/strong>, jak i <strong>Park G\u00fcell<\/strong>, skorzystaj z pakietu Gaud\u00ed, aby maksymalnie u\u0142atwi\u0107 sobie zwiedzanie. Pakiet obejmuje wst\u0119p bez kolejki do obu atrakcji, a tak\u017ce dodatkowe ekskluzywne udogodnienia.<\/p>\n\n\n\n<p><a href=\"https:\/\/www.tiqets.com\/pl\/barcelona-attractions-c66342\/the-gaudi-bundle-p1012496\/?partner=barcelonacard\" rel=\"nofollow noopener\">Kliknij tutaj, aby uzyska\u0107 wi\u0119cej informacji \u00bb<\/a><\/p>\n\n<\/div>\n\n\n<h2 class=\"wp-block-heading\">Co warto zobaczy\u0107 i zrobi\u0107<\/h2>\n\n\n\n<p>Park G\u00fcell jest jednym z najpopularniejszych miejsc w Barcelonie, oferuj\u0105cym mn\u00f3stwo atrakcji i miejsc, w kt\u00f3rych mo\u017cna zrobi\u0107 wspania\u0142e zdj\u0119cia. Oto kilka z nich:<\/p>\n\n\n\n<h3 class=\"wp-block-heading\">Tur\u00f3 de les Tres Creus<\/h3>\n\n\n\n<p>Wzg\u00f3rze Trzech Krzy\u017cy to najwy\u017cszy punkt w parku, z kt\u00f3rego roztacza si\u0119 jeden z najbardziej zapieraj\u0105cych dech w piersiach widok\u00f3w na stolic\u0119 Katalonii. Jest to idealne miejsce do ogl\u0105dania zachodu s\u0142o\u0144ca i popularne miejsce do robienia zdj\u0119\u0107 z panoram\u0105 miasta w tle.<\/p>\n\n\n\n<h3 class=\"wp-block-heading\">Sala Hipostylowa<\/h3>\n\n\n\n<p>Znajduj\u0105ca si\u0119 w pobli\u017cu wej\u015bcia sala charakteryzuje si\u0119 lasem doryckich kolumn, podtrzymuj\u0105cych centralny taras parku. Sufit zdobi\u0105 kolorowe mozaiki, a ka\u017cdy kolor reprezentuje inn\u0105 por\u0119 roku i faz\u0119 ksi\u0119\u017cyca. Jest to uderzaj\u0105cy przyk\u0142ad po\u0142\u0105czenia sztuki i natury przez Gaudiego.<\/p>\n\n\n\n<h3 class=\"wp-block-heading\">Wiadukty i chodniki<\/h3>\n\n\n\n<p>Zaprojektowane w okresie naturalistycznym Gaud\u00edego wiadukty i chodniki w parku s\u0105 inspirowane natur\u0105, a kamienne kolumny wydaj\u0105 si\u0119 wyrasta\u0107 wprost z ziemi. Te \u015bcie\u017cki s\u0105 idealne do spokojnych spacer\u00f3w, podczas kt\u00f3rych mo\u017cna podziwia\u0107 geniusz architektoniczny Gaud\u00edego.<\/p>\n\n\n\n<h2 class=\"wp-block-heading\">Czy wiesz, \u017ce?(3 ciekawe fakty!)<\/h2>\n\n\n\n<ul class=\"wp-block-list\">\n<li>Park G\u00fcell mia\u0142 pierwotnie by\u0107 ekskluzywnym osiedlem mieszkaniowym, ale kiedy pierwotny plan si\u0119 nie powi\u00f3d\u0142, zosta\u0142 przekszta\u0142cony w park publiczny.<\/li>\n\n\n\n<li>Gaud\u00ed mieszka\u0142 w Park G\u00fcell od 1906 roku a\u017c do swojej \u015bmierci w 1926 roku. Jego dom, kt\u00f3ry obecnie jest Muzeum Domu Gaud\u00edego (Casa Museu Gaud\u00ed), jest otwarty dla zwiedzaj\u0105cych.<\/li>\n\n\n\n<li>Kolosalne kolumny doryckie w Sali Hipostylowej s\u0142u\u017c\u0105 do zbierania wody. Deszcz\u00f3wka spadaj\u0105ca na g\u0142\u00f3wny plac powy\u017cej jest filtrowana do podziemnej cysterny, kt\u00f3ra mia\u0142a zaopatrywa\u0107 domy na osiedlu.<\/li>\n<\/ul>\n\n\n\n<h2 class=\"wp-block-heading\">Zdj\u0119cia<\/h2>\n\n\n\n<figure><div class=\"ms-credits\">\n<img decoding=\"async\" class=\"gb-media-fa7fd8b2\" alt=\"Park Guell in Barcelona\" src=\"https:\/\/www.barcelonacard.org\/wp-content\/uploads\/park-guell-1746809512.jpg\" title=\"park-guell-1746809512\"\/>\n<span class='ms-credits__info' id='media935'><svg xmlns=\"http:\/\/www.w3.org\/2000\/svg\" width=\"20\" height=\"22\" fill=\"#000000\" viewBox=\"0 0 256 256\"><path d=\"M128,24A104,104,0,1,0,232,128,104.11,104.11,0,0,0,128,24Zm0,192a88,88,0,1,1,88-88A88.1,88.1,0,0,1,128,216ZM96,128a32,32,0,0,0,57.6,19.2,8,8,0,0,1,12.8,9.61,48,48,0,1,1,0-57.62,8,8,0,0,1-12.8,9.61A32,32,0,0,0,96,128Z\"><\/path><\/svg>bluebe\/<a href=https:\/\/depositphotos.com\/editorial\/panoramic-view-park-guell-barcelona-catalunya-spain-235683708.html rel='nofollow' target='_blank'>Depositphotos<\/a><\/span><span class='ms-credits__btn' id='btn_media935' onclick='ms_credits_trigger(\"#media935\", this)'><svg xmlns=\"http:\/\/www.w3.org\/2000\/svg\" class=\"info_icon\" width=\"28\" height=\"28\" fill=\"#FFF\" viewBox=\"0 0 256 256\"><path d=\"M128,24A104,104,0,1,0,232,128,104.11,104.11,0,0,0,128,24Zm0,192a88,88,0,1,1,88-88A88.1,88.1,0,0,1,128,216Zm16-40a8,8,0,0,1-8,8,16,16,0,0,1-16-16V128a8,8,0,0,1,0-16,16,16,0,0,1,16,16v40A8,8,0,0,1,144,176ZM112,84a12,12,0,1,1,12,12A12,12,0,0,1,112,84Z\"><\/path><\/svg><svg xmlns=\"http:\/\/www.w3.org\/2000\/svg\" class=\"close_icon\" width=\"28\" height=\"28\" fill=\"#FFF\" viewBox=\"0 0 256 256\"><path d=\"M165.66,101.66,139.31,128l26.35,26.34a8,8,0,0,1-11.32,11.32L128,139.31l-26.34,26.35a8,8,0,0,1-11.32-11.32L116.69,128,90.34,101.66a8,8,0,0,1,11.32-11.32L128,116.69l26.34-26.35a8,8,0,0,1,11.32,11.32ZM232,128A104,104,0,1,1,128,24,104.11,104.11,0,0,1,232,128Zm-16,0a88,88,0,1,0-88,88A88.1,88.1,0,0,0,216,128Z\"><\/path><\/svg><\/span><\/div>\n\n\n<figcaption class=\"gb-text\">Park G\u00fcell autorstwa architekta Gaudiego w letni dzie\u0144 w Barcelonie, Hiszpania<\/figcaption>\n<\/figure>\n\n\n\n<figure><div class=\"ms-credits\">\n<img decoding=\"async\" class=\"gb-media-6e6039e3\" alt=\"\" src=\"https:\/\/www.barcelonacard.org\/wp-content\/uploads\/lizard-fountain-1747201135.jpg\" title=\"lizard-fountain-1747201135\"\/>\n<span class='ms-credits__info' id='media998'><svg xmlns=\"http:\/\/www.w3.org\/2000\/svg\" width=\"20\" height=\"22\" fill=\"#000000\" viewBox=\"0 0 256 256\"><path d=\"M128,24A104,104,0,1,0,232,128,104.11,104.11,0,0,0,128,24Zm0,192a88,88,0,1,1,88-88A88.1,88.1,0,0,1,128,216ZM96,128a32,32,0,0,0,57.6,19.2,8,8,0,0,1,12.8,9.61,48,48,0,1,1,0-57.62,8,8,0,0,1-12.8,9.61A32,32,0,0,0,96,128Z\"><\/path><\/svg>anamejia18\/<a href=https:\/\/depositphotos.com\/editorial\/barcelona-march-2018-facade-palace-catalan-music-barcelona-200864254.html rel='nofollow' target='_blank'>Depositphotos<\/a><\/span><span class='ms-credits__btn' id='btn_media998' onclick='ms_credits_trigger(\"#media998\", this)'><svg xmlns=\"http:\/\/www.w3.org\/2000\/svg\" class=\"info_icon\" width=\"28\" height=\"28\" fill=\"#FFF\" viewBox=\"0 0 256 256\"><path d=\"M128,24A104,104,0,1,0,232,128,104.11,104.11,0,0,0,128,24Zm0,192a88,88,0,1,1,88-88A88.1,88.1,0,0,1,128,216Zm16-40a8,8,0,0,1-8,8,16,16,0,0,1-16-16V128a8,8,0,0,1,0-16,16,16,0,0,1,16,16v40A8,8,0,0,1,144,176ZM112,84a12,12,0,1,1,12,12A12,12,0,0,1,112,84Z\"><\/path><\/svg><svg xmlns=\"http:\/\/www.w3.org\/2000\/svg\" class=\"close_icon\" width=\"28\" height=\"28\" fill=\"#FFF\" viewBox=\"0 0 256 256\"><path d=\"M165.66,101.66,139.31,128l26.35,26.34a8,8,0,0,1-11.32,11.32L128,139.31l-26.34,26.35a8,8,0,0,1-11.32-11.32L116.69,128,90.34,101.66a8,8,0,0,1,11.32-11.32L128,116.69l26.34-26.35a8,8,0,0,1,11.32,11.32ZM232,128A104,104,0,1,1,128,24,104.11,104.11,0,0,1,232,128Zm-16,0a88,88,0,1,0-88,88A88.1,88.1,0,0,0,216,128Z\"><\/path><\/svg><\/span><\/div>\n\n\n<figcaption class=\"gb-text\">Fontanna jaszczurki w Park G\u00fcell w Barcelonie, Hiszpania<\/figcaption>\n<\/figure>\n\n\n\n<figure><div class=\"ms-credits\">\n<img decoding=\"async\" class=\"gb-media-3e502703\" alt=\"\" src=\"https:\/\/www.barcelonacard.org\/wp-content\/uploads\/park-guell-barcelona-1747201164.jpg\" title=\"park-guell-barcelona-1747201164\"\/>\n<span class='ms-credits__info' id='media999'><svg xmlns=\"http:\/\/www.w3.org\/2000\/svg\" width=\"20\" height=\"22\" fill=\"#000000\" viewBox=\"0 0 256 256\"><path d=\"M128,24A104,104,0,1,0,232,128,104.11,104.11,0,0,0,128,24Zm0,192a88,88,0,1,1,88-88A88.1,88.1,0,0,1,128,216ZM96,128a32,32,0,0,0,57.6,19.2,8,8,0,0,1,12.8,9.61,48,48,0,1,1,0-57.62,8,8,0,0,1-12.8,9.61A32,32,0,0,0,96,128Z\"><\/path><\/svg>alfredosaz.gmail.com\/<a href=https:\/\/depositphotos.com\/editorial\/barcelona-spain-september-2021-corridor-doors-surgical-area-background-hospital-511078432.html rel='nofollow' target='_blank'>Depositphotos<\/a><\/span><span class='ms-credits__btn' id='btn_media999' onclick='ms_credits_trigger(\"#media999\", this)'><svg xmlns=\"http:\/\/www.w3.org\/2000\/svg\" class=\"info_icon\" width=\"28\" height=\"28\" fill=\"#FFF\" viewBox=\"0 0 256 256\"><path d=\"M128,24A104,104,0,1,0,232,128,104.11,104.11,0,0,0,128,24Zm0,192a88,88,0,1,1,88-88A88.1,88.1,0,0,1,128,216Zm16-40a8,8,0,0,1-8,8,16,16,0,0,1-16-16V128a8,8,0,0,1,0-16,16,16,0,0,1,16,16v40A8,8,0,0,1,144,176ZM112,84a12,12,0,1,1,12,12A12,12,0,0,1,112,84Z\"><\/path><\/svg><svg xmlns=\"http:\/\/www.w3.org\/2000\/svg\" class=\"close_icon\" width=\"28\" height=\"28\" fill=\"#FFF\" viewBox=\"0 0 256 256\"><path d=\"M165.66,101.66,139.31,128l26.35,26.34a8,8,0,0,1-11.32,11.32L128,139.31l-26.34,26.35a8,8,0,0,1-11.32-11.32L116.69,128,90.34,101.66a8,8,0,0,1,11.32-11.32L128,116.69l26.34-26.35a8,8,0,0,1,11.32,11.32ZM232,128A104,104,0,1,1,128,24,104.11,104.11,0,0,1,232,128Zm-16,0a88,88,0,1,0-88,88A88.1,88.1,0,0,0,216,128Z\"><\/path><\/svg><\/span><\/div>\n\n\n<figcaption class=\"gb-text\">Portyk pralni w Park G\u00fcell w Barcelonie, Hiszpania<\/figcaption>\n<\/figure>\n\n\n\n<h2 class=\"wp-block-heading\">Historia<\/h2>\n\n\n\n<p>Zanim Park G\u00fcell sta\u0142 si\u0119 kolorowym miejscem, jakie znamy dzi\u015b, mia\u0142 zupe\u0142nie inn\u0105 histori\u0119. Oto jego pocz\u0105tki:<\/p>\n\n\n\n<div class=\"ms-timeline-list\">\n<div class=\"ms-timeline-item\">\n<p class=\"gb-text ms-timeline-item__time\">1900<\/p>\n\n\n\n<p class=\"gb-text\">Bogaty biznesmen Eusebi G\u00fcell poprosi\u0142 swojego przyjaciela, architekta Antoniego Gaud\u00edego, o zaprojektowanie luksusowego osiedla z ogrodem w Barcelonie.<\/p>\n<\/div>\n\n\n\n<div class=\"ms-timeline-item\">\n<p class=\"gb-text ms-timeline-item__time\">1906<\/p>\n\n\n\n<p class=\"gb-text\">Gaud\u00ed rozpocz\u0105\u0142 budow\u0119 na wzg\u00f3rzu zwanym Muntanya Pelada. Planowano wybudowa\u0107 60 dom\u00f3w, ale uko\u0144czono tylko 2.<\/p>\n<\/div>\n\n\n\n<div class=\"ms-timeline-item\">\n<p class=\"gb-text ms-timeline-item__time\">1914<\/p>\n\n\n\n<p class=\"gb-text\">Projekt zosta\u0142 wstrzymany, poniewa\u017c nikt nie chcia\u0142 kupowa\u0107 dom\u00f3w. Pozosta\u0142y jednak pi\u0119kne ogrody, alejki i budynki.<\/p>\n<\/div>\n\n\n\n<div class=\"ms-timeline-item\">\n<p class=\"gb-text ms-timeline-item__time\">1922<\/p>\n\n\n\n<p class=\"gb-text\">Rodzina Eusebiego G\u00fcella przekaza\u0142a park miastu Barcelona.<\/p>\n<\/div>\n\n\n\n<div class=\"ms-timeline-item\">\n<p class=\"gb-text ms-timeline-item__time\">1926<\/p>\n\n\n\n<p class=\"gb-text\">Park G\u00fcell zosta\u0142 oficjalnie otwarty dla publiczno\u015bci. W tym samym roku zmar\u0142 Gaud\u00ed.<\/p>\n<\/div>\n\n\n\n<div class=\"ms-timeline-item\">\n<p class=\"gb-text ms-timeline-item__time\">1984<\/p>\n\n\n\n<p class=\"gb-text\">Park G\u00fcell zosta\u0142 wpisany na List\u0119 \u015awiatowego Dziedzictwa UNESCO ze wzgl\u0119du na sw\u00f3j wyj\u0105tkowy i pi\u0119kny projekt.<\/p>\n<\/div>\n\n\n\n<div class=\"ms-timeline-item\">\n<p class=\"gb-text ms-timeline-item__time\">Obecnie<\/p>\n\n\n\n<p class=\"gb-text\">Jest to jeden z najs\u0142ynniejszych park\u00f3w na \u015bwiecie, b\u0119d\u0105cy po\u0142\u0105czeniem natury, sztuki i wyobra\u017ani. Miliony ludzi przychodz\u0105 tu, by spacerowa\u0107, robi\u0107 zdj\u0119cia i podziwia\u0107 zabawny styl Gaud\u00edego.<\/p>\n<\/div>\n<\/div>\n\n\n\n<h2 class=\"wp-block-heading\">Mapa i adres (lokalizacja)<\/h2>\n\n\n\n<address class=\"ms-mapblock ms-mb-block\">\n\t\n\t\t<h4>\n\t\t\tPark Guell\t\t<\/h2>\n\n\t\t<p class=\"ms-mb-0\">\n            <img decoding=\"async\" class=\"ms-mapblock__map ms-rounded\" src=\"https:\/\/www.barcelonacard.org\/pl\/wp-content\/uploads\/sites\/10\/maps\/staticmap_41.4144948_2.1526945_14_768x432.png\" alt=\"Park Guell\" \/>\n\t\t<\/p>\n\n\t\t<p class=\"ms-text-sm ms-text-muted\">\n\t\t\tPark G\u00fcell, Gr\u00e0cia, 08024 Barcelona, Spain \u00b7\n\t\t\t<a rel=\"nofollow noopener\" target=\"_blank\" href=\"https:\/\/maps.google.com\/?q=41.4144948,2.1526945\">Google Maps<\/a>\n\t\t<\/p>\n\n\t<\/address>\n\n\n<h2 class=\"wp-block-heading\">Jak si\u0119 tam dosta\u0107<\/h2>\n\n\n\n<p>Park G\u00fcell has several entry points. For the easiest and most convenient access, we recommend these:<\/p>\n\n\n\n<ul class=\"wp-block-list\">\n<li>Carretera del Carmel, 23 \u2013 przy tym wej\u015bciu znajduje si\u0119 r\u00f3wnie\u017c parking dla autokar\u00f3w.<\/li>\n\n\n\n<li>Carrer de Larrard \u2013 wej\u015bcie od strony bocznej uliczki Carrer d&#8217;Olot \/ Carrer Marianao.<\/li>\n\n\n\n<li>Avinguda del Santuari de Sant Josep de la Muntanya \u2013 wej\u015bcie ze schodami ruchomymi.<\/li>\n<\/ul>\n\n\n\n<p><strong>\ud83d\ude87 Metrem:<\/strong> Wsi\u0105d\u017a do linii L3 (zielonej) i wysi\u0105d\u017a na stacji Lesseps. Stamt\u0105d jest oko\u0142o 20 minut spacerem. Polecamy wej\u015bcie od strony Avinguda del Santuari de Sant Josep de la Muntanya, kt\u00f3re ma schody ruchome.<\/p>\n\n\n\n<p><strong>\ud83d\ude8c Autobusem:<\/strong><\/p>\n\n\n\n<ul class=\"wp-block-list\">\n<li>Autobusy H6 i D40: Wysi\u0105d\u017a na przystanku Travessera de Dalt. Stamt\u0105d 10 minut pieszo do wej\u015bcia przy Sant Josep de la Muntanya lub Carrer de Larrard.<\/li>\n\n\n\n<li>Autobusy 24 i V19: Zatrzymuj\u0105 si\u0119 tu\u017c przy g\u0142\u00f3wnym wej\u015bciu przy Carretera del Carmel.<\/li>\n<\/ul>\n\n\n\n<p><strong>\ud83d\ude8c Autobusami turystycznymi:<\/strong> &nbsp;<a href=\"https:\/\/www.tiqets.com\/pl\/barcelona-attractions-c66342\/tickets-for-hop-on-hop-off-bus-barcelona-p974325\/?partner=barcelonacard&amp;tq_campaign=S-en--P-park-guell--L-mc--A-tl\" rel=\"nofollow noopener\">Autobus w Barcelonie Tur\u00edstic<\/a> (linia niebieska) i <a href=\"https:\/\/www.tiqets.com\/pl\/barcelona-attractions-c66342\/tickets-for-city-tour-barcelona-p974590\/?partner=barcelonacard&amp;tq_campaign=S-en--P-park-guell--L-mc--A-tl\" rel=\"nofollow noopener\">City Tour Barcelona<\/a> (trasa zielona) zatrzymuj\u0105 si\u0119 przy Avinguda de la Mare de D\u00e9u de Montserrat. Stamt\u0105d jest 10 minut spacerem przez Av. Pompeu Fabra.<\/p>\n\n\n\n<p><strong>\ud83d\ude96 Taks\u00f3wk\u0105:<\/strong> Taks\u00f3wki mog\u0105 podwie\u017a\u0107 Ci\u0119 do wej\u015bcia przy Carretera del Carmel, kt\u00f3re jest najbli\u017csze i najwygodniejsze.<\/p>\n\n\n\n<p>\ud83d\ude97 <strong>Samochodem:<\/strong> Mo\u017cesz zaparkowa\u0107 na parkingu BSM Travessera de Dalt \u2013 Park G\u00fcell. Skorzystaj z aplikacji smou, aby zarz\u0105dza\u0107 parkingiem i uzyska\u0107 30% zni\u017cki.<\/p>\n\n\n\n<p><\/p>\n","protected":false},"excerpt":{"rendered":"<p>Mozaikowa kraina czar\u00f3w Gaud\u00edego z widokiem na miasto. Klejnot UNESCO, kt\u00f3ry b\u0142yskawicznie si\u0119 wyprzedaje.<\/p>\n","protected":false},"author":4,"featured_media":860,"parent":0,"menu_order":4,"template":"","meta":{"_acf_changed":false,"button_url":"https:\/\/www.tiqets.com\/pl\/barcelona-attractions-c66342\/tickets-for-park-guell-entry-ticket-audio-guide-p1111514\/?partner=barcelonacard","ms_product_id":"1111514","ms_product_name":"Park G\u00fcell: Entry Ticket + Audio Guide","ms_price":"21","ms_currency":"EUR","ms_rating_value":"4.3","ms_review_count":"37306","product_id":"1111514","street_address":"Carrer d'Olot, 11","city":"Barcelona","country":"Spain","postal_code":"08024","lattitude":"41.414495","longitude":"2.152694","rank_math_title":"Park G\u00fcell: Kup bilety online | Od \u20ac%customfield(ms_price)% | Omi\u0144 kolejk\u0119","rank_math_description":"OGRANICZONA DOST\u0118PNO\u015a\u0106 \u2013 Zarezerwuj bilety do Parku G\u00fcell w Barcelonie i skorzystaj z mo\u017cliwo\u015bci omini\u0119cia kolejki do tego wspania\u0142ego parku. Zwiedzaj zabytkow\u0105 stref\u0119, spaceruj po wyniesionych kamiennych \u015bcie\u017ckach i zr\u00f3b sobie selfie przed s\u0142ynn\u0105 rze\u017ab\u0105 smoka Gaudiego. Nie mo\u017cesz tego przegapi\u0107!"},"ticket-type":[],"producer":[],"class_list":["post-961","ticket","type-ticket","status-publish","has-post-thumbnail","hentry"],"acf":[],"product_schema":{"ms_product_id":"1111514","ms_product_name":"Park G\u00fcell: Entry Ticket + Audio Guide","ms_price":"21","ms_currency":"EUR","ms_rating_value":"4.3","ms_review_count":"37306"},"location_schema":{"product_id":"1111514","street_address":"Carrer d'Olot, 11","city":"Barcelona","country":"Spain","postal_code":"08024","lattitude":"41.414495","longitude":"2.152694"},"_links":{"self":[{"href":"https:\/\/www.barcelonacard.org\/pl\/wp-json\/wp\/v2\/ticket\/961","targetHints":{"allow":["GET"]}}],"collection":[{"href":"https:\/\/www.barcelonacard.org\/pl\/wp-json\/wp\/v2\/ticket"}],"about":[{"href":"https:\/\/www.barcelonacard.org\/pl\/wp-json\/wp\/v2\/types\/ticket"}],"author":[{"embeddable":true,"href":"https:\/\/www.barcelonacard.org\/pl\/wp-json\/wp\/v2\/users\/4"}],"wp:featuredmedia":[{"embeddable":true,"href":"https:\/\/www.barcelonacard.org\/pl\/wp-json\/wp\/v2\/media\/860"}],"wp:attachment":[{"href":"https:\/\/www.barcelonacard.org\/pl\/wp-json\/wp\/v2\/media?parent=961"}],"wp:term":[{"taxonomy":"ticket-type","embeddable":true,"href":"https:\/\/www.barcelonacard.org\/pl\/wp-json\/wp\/v2\/ticket-type?post=961"},{"taxonomy":"producer","embeddable":true,"href":"https:\/\/www.barcelonacard.org\/pl\/wp-json\/wp\/v2\/producer?post=961"}],"curies":[{"name":"wp","href":"https:\/\/api.w.org\/{rel}","templated":true}]}}