{"id":964,"date":"2025-09-02T22:46:19","date_gmt":"2025-09-02T20:46:19","guid":{"rendered":"https:\/\/www.barcelonacard.org\/it\/?post_type=ticket&#038;p=964"},"modified":"2026-04-06T21:05:08","modified_gmt":"2026-04-06T19:05:08","slug":"casa-mila","status":"publish","type":"ticket","link":"https:\/\/www.barcelonacard.org\/it\/biglietti\/casa-mila\/","title":{"rendered":"Biglietti per Casa Mil\u00e0 (La Pedrera)"},"content":{"rendered":"\n<p><span class=\"label label-success\">Salta la fila<\/span> | <span class=\"label label-warning\">Si esaurisce velocemente<\/span> | <span class=\"label label-success\">Da non perdere<\/span><\/p>\n\n\n\n<p class=\"lead\">Casa Mil\u00e0 (conosciuta anche come La Pedrera) \u00e8 una meraviglia sia dal punto di vista artistico che architettonico. La sua famosa facciata \u00e8 scolpita nella semplice pietra marrone, ma la sua superficie ondulata e sinuosa le conferisce un aspetto morbido, quasi organico, come se fosse un essere vivente.<\/p>\n\n\n<ul class=\"gb-container gb-container-53b82d66 ms-icon-list\">\n\n<li class=\"gb-headline gb-headline-f5138486 ms-icon-list__item\"><span class=\"gb-icon\"><svg viewBox=\"0 0 256 256\" fill=\"#000000\" height=\"32\" width=\"32\" xmlns=\"http:\/\/www.w3.org\/2000\/svg\"><path d=\"M232.49,80.49l-128,128a12,12,0,0,1-17,0l-56-56a12,12,0,1,1,17-17L96,183,215.51,63.51a12,12,0,0,1,17,17Z\"><\/path><\/svg><\/span><span class=\"gb-headline-text\">Risparmia tempo e prenota i tuoi biglietti online per saltare la fila<\/span><\/li>\n\n\n\n<li class=\"gb-headline gb-headline-eb81dbda ms-icon-list__item\"><span class=\"gb-icon\"><svg viewBox=\"0 0 256 256\" fill=\"#000000\" height=\"32\" width=\"32\" xmlns=\"http:\/\/www.w3.org\/2000\/svg\"><path d=\"M232.49,80.49l-128,128a12,12,0,0,1-17,0l-56-56a12,12,0,1,1,17-17L96,183,215.51,63.51a12,12,0,0,1,17,17Z\"><\/path><\/svg><\/span><span class=\"gb-headline-text\">Scopri tutto quello che c&#8217;\u00e8 da sapere sulla Casa Mil\u00e0 con una video guida<\/span><\/li>\n\n\n\n<li class=\"gb-headline gb-headline-b37bb796 ms-icon-list__item\"><span class=\"gb-icon\"><svg viewBox=\"0 0 256 256\" fill=\"#000000\" height=\"32\" width=\"32\" xmlns=\"http:\/\/www.w3.org\/2000\/svg\"><path d=\"M232.49,80.49l-128,128a12,12,0,0,1-17,0l-56-56a12,12,0,1,1,17-17L96,183,215.51,63.51a12,12,0,0,1,17,17Z\"><\/path><\/svg><\/span><span class=\"gb-headline-text\">Per un&#8217;esperienza davvero speciale, partecipa al tour notturno, che include un bicchiere di Cava (spumante) sul tetto<\/span><\/li>\n\n<\/ul>\n\n\n<h2 class=\"wp-block-heading\">Biglietti e prezzi<\/h2>\n\n\n\n<p>La Casa Mil\u00e0 offre biglietti in sei categorie: adulti, anziani, studenti, adolescenti, visitatori disabili e bambini. I bambini sotto i 11 anni entrano gratis.<\/p>\n\n\n\n<div class=\"ms-rounded ms-mb-last-child-0 ms-mb-block ms-tfs--contrast ms-p ms-tfs\">\n<h3 class=\"gb-text\">Biglietti Casa Mil\u00e0<\/h3>\n\n\n\n<p class=\"ms-link-unstyled\">\ud83c\udf9f\ufe0f <a href=\"https:\/\/www.tiqets.com\/it\/barcelona-attractions-c66342\/tickets-for-la-pedrera-essential-p973460\/?partner=barcelonacard\" rel=\"nofollow noopener\"><strong>Biglietto d&#8217;ingresso + Audioguida<\/strong><\/a><\/p>\n\n\n\n<ul class=\"wp-block-list\">\n<li>Salta la fila ed esplora il famoso edificio di Gaud\u00ed in autonomia.<\/li>\n\n\n\n<li>Visita il tetto con le sculture dei camini, la soffitta con i modelli, un appartamento storico e i cortili.<\/li>\n\n\n\n<li>Puoi andare in qualsiasi momento durante l&#8217;orario di apertura.<\/li>\n<\/ul>\n\n\n\n<p class=\"ms-link-unstyled\"><strong>\ud83d\udde3\ufe0f&nbsp;<a href=\"https:\/\/www.tiqets.com\/it\/barcelona-attractions-c66342\/tickets-for-fast-track-la-pedrera-guided-tour-p1090736\/?partner=barcelonacard\" rel=\"nofollow noopener\">Tour guidato<\/a><\/strong><\/p>\n\n\n\n<ul class=\"wp-block-list\">\n<li>Unisciti a un piccolo gruppo con una guida che ti accompagner\u00e0 attraverso tutte le aree principali: tetto, soffitta, appartamento e altro ancora.<\/li>\n\n\n\n<li>Salta la fila e ascolta storie e curiosit\u00e0 su Gaud\u00ed e sulla casa.<\/li>\n\n\n\n<li>Perfetto se ti piace imparare qualcosa di nuovo mentre visiti.<\/li>\n<\/ul>\n\n\n\n<p class=\"ms-link-unstyled\">\ud83c\udf19 <a href=\"https:\/\/www.tiqets.com\/it\/barcelona-attractions-c66342\/tickets-for-casa-mila-guided-night-tour-optional-dinner-p973865\/?partner=barcelonacard\" rel=\"nofollow noopener\"><strong>Tour notturno guidato + cena (opzionale)<\/strong><\/a><\/p>\n\n\n\n<ul class=\"wp-block-list\">\n<li>Questo tour notturno guidato ti permette di ammirare la bellezza di Barcellona sotto le stelle. Si conclude con uno spettacolo audiovisivo sul tetto.<\/li>\n\n\n\n<li>Puoi anche prenotare una cena.<\/li>\n\n\n\n<li>Ideale se desideri un&#8217;esperienza speciale o un po&#8217; diversa da una visita diurna.<\/li>\n<\/ul>\n\n\n\n<div class=\"ms-cta-button-options ms-mb-block ms-cta\">\n<a class=\"gb-text ms-btn ms-btn--primary ms-shadow\" href=\"https:\/\/www.tiqets.com\/it\/barcelona-attractions-c66342\/tickets-for-la-pedrera-essential-p973460\/?partner=barcelonacard\" rel=\"nofollow noopener\">Biglietti d&#8217;ingresso<\/a>\n\n\n\n<a class=\"gb-text ms-btn ms-btn--outline-primary ms-shadow\" href=\"https:\/\/www.tiqets.com\/it\/casa-mila-la-pedrera-tickets-l145464\/?partner=barcelonacard\" rel=\"nofollow noopener\">Tutte le opzioni di biglietto<\/a>\n<\/div>\n<\/div>\n\n\n\n<h2 class=\"wp-block-heading\">Orari di apertura<\/h2>\n\n\n\n<p>Casa Mil\u00e0 accoglie i visitatori tutto l&#8217;anno con orari stagionali che si adattano al variare delle ore di luce a Barcellona.<\/p>\n\n\n<div class=\"ms-table frozenColumn\"><table><tr><th>Periodo<\/th><th>Date<\/th><th>Giorni<\/th><th>Orari diurni<\/th><th>Visite notturne<\/th><\/tr><tr><td>Orario invernale<\/td><td>10 nov 2025 \u2013 5 mar 2026<\/td><td>Luned\u00ec \u2013 Domenica e festivi<\/td><td>9:00 \u2013 18:30<\/td><td>19:00 \u2013 23:00<\/td><\/tr><tr><td>Orario speciale di Natale<\/td><td>26 dic 2025 \u2013 4 gen 2026<\/td><td>Luned\u00ec \u2013 Domenica<\/td><td>9:00 \u2013 20:30<\/td><td>21:00 \u2013 23:00<\/td><\/tr><tr><td>Capodanno (1 gennaio 2026)<\/td><td>\u2013<\/td><td>\u2013<\/td><td>11:00 \u2013 20:30<\/td><td>\u2013<\/td><\/tr><tr><td>Orario estivo<\/td><td>6 mar 2026 \u2013 1 nov 2026<\/td><td>Luned\u00ec \u2013 Domenica e festivi<\/td><td>9:00 \u2013 20:30<\/td><td>20:40 \u2013 22:20<\/td><\/tr><\/table><\/div>\n\n\n<div class=\"ms-p ms-rounded ms-mb-last-child-0 ms-mb-children-condensed ms-alert--contrast ms-mb-block\">\n<h4 class=\"gb-text-26a71c5b\"><span class=\"gb-shape\"><svg viewBox=\"0 0 256 256\" fill=\"#000000\" height=\"32\" width=\"32\" xmlns=\"http:\/\/www.w3.org\/2000\/svg\"><path d=\"M108,84a16,16,0,1,1,16,16A16,16,0,0,1,108,84Zm128,44A108,108,0,1,1,128,20,108.12,108.12,0,0,1,236,128Zm-24,0a84,84,0,1,0-84,84A84.09,84.09,0,0,0,212,128Zm-72,36.68V132a20,20,0,0,0-20-20,12,12,0,0,0-4,23.32V168a20,20,0,0,0,20,20,12,12,0,0,0,4-23.32Z\"><\/path><\/svg><\/span><span class=\"gb-text\"><strong>Offerta speciale:<\/strong><\/span><\/h4>\n\n\n\n<p class=\"gb-text\">Se hai intenzione di visitare Casa Batll\u00f3, Casa Mil\u00e0 e Casa Vicens, il pacchetto <strong>3 Case di Gaud\u00ed<\/strong> \u00e8 un&#8217;opzione conveniente. Il pacchetto include l&#8217;accesso salta fila a tutte e tre le attrazioni e un&#8217;app guida della citt\u00e0 per aiutarti a orientarti tra i monumenti culturali di Barcellona.<\/p>\n\n\n\n<p class=\"gb-text\"><a href=\"https:\/\/www.tiqets.com\/it\/barcelona-attractions-c66342\/three-houses-of-gaudi-p1012536\/?partner=barcelonacard\" rel=\"nofollow noopener\">Clicca qui per maggiori informazioni \u00bb<\/a><\/p>\n<\/div>\n\n\n\n<h2 class=\"wp-block-heading\">Cosa vedere e fare<\/h2>\n\n\n\n<p>Casa Mil\u00e0 \u00e8 un capolavoro del modernismo catalano e una tappa obbligata per chiunque apprezzi l&#8217;architettura. Ecco cosa puoi esplorare durante la tua visita:<\/p>\n\n\n\n<h3 class=\"wp-block-heading\">I cortili<\/h3>\n\n\n\n<p>I cortili interni di Casa Mil\u00e0 sono una meraviglia del design, e portano luce naturale all&#8217;interno dell&#8217;edificio. I cortili presentano anche le caratteristiche lavorazioni in ferro battuto e i murales colorati di Gaud\u00ed, che contribuiscono all&#8217;estetica unica dell&#8217;edificio.<\/p>\n\n\n\n<h3 class=\"wp-block-heading\">Il tetto<\/h3>\n\n\n\n<p>Il tetto \u00e8 una delle caratteristiche pi\u00f9 iconiche di Casa Mil\u00e0, rinomato per i suoi camini surreali e la vista panoramica su Barcellona. Se partecipi al tour notturno, potrai assistere a un impressionante spettacolo audiovisivo che illumina il tetto, creando un&#8217;atmosfera magica.<\/p>\n\n\n\n<h3 class=\"wp-block-heading\">La soffitta<\/h3>\n\n\n\n<p>Conosciuta come la &#8220;soffitta della balena&#8221; per i suoi unici archi che ricordano la gabbia toracica di una balena, questo spazio ospita una mostra permanente chiamata &#8220;Espai Gaud\u00ed&#8221;. La mostra approfondisce la visione architettonica di Gaud\u00ed e le tecniche innovative che ha utilizzato nel suo lavoro.<\/p>\n\n\n\n<h3 class=\"wp-block-heading\">Il piano principale<\/h3>\n\n\n\n<p>Un tempo lussuosa residenza della famiglia Mil\u00e0, il piano principale ospita ora mostre temporanee. Queste mostre offrono ai visitatori uno sguardo sulla vita a Barcellona all&#8217;inizio del XX secolo e sulle complessit\u00e0 progettuali dell&#8217;opera di Gaud\u00ed.<\/p>\n\n\n\n<h2 class=\"wp-block-heading\">Lo sapevi che: (3 curiosit\u00e0!)<\/h2>\n\n\n\n<ul class=\"wp-block-list\">\n<li>Ancora oggi alcuni appartamenti privati sono occupati, mentre altre parti dell&#8217;edificio sono adibite a uffici.<\/li>\n\n\n\n<li>Gaud\u00ed voleva che i residenti dell&#8217;edificio interagissero e si conoscessero, quindi install\u00f2 ascensori solo ogni due piani per creare maggiori opportunit\u00e0 di incontro.<\/li>\n\n\n\n<li>Il soprannome La Pedrera, che significa &#8220;la cava&#8221;, era in origine un termine dispregiativo usato dalla gente del posto che non era abituata allo stile architettonico non convenzionale di Gaud\u00ed.<\/li>\n<\/ul>\n\n\n\n<h2 class=\"wp-block-heading\">Immagini<\/h2>\n\n\n\n<figure><div class=\"ms-credits\">\n<img decoding=\"async\" class=\"gb-media-90e9d5d7\" src=\"https:\/\/www.barcelonacard.org\/wp-content\/uploads\/casa-mila-1747037707.jpg\" alt=\"\" title=\"casa-mila-1747037707\"\/>\n<span class='ms-credits__info' id='media966'><svg xmlns=\"http:\/\/www.w3.org\/2000\/svg\" width=\"20\" height=\"22\" fill=\"#000000\" viewBox=\"0 0 256 256\"><path d=\"M128,24A104,104,0,1,0,232,128,104.11,104.11,0,0,0,128,24Zm0,192a88,88,0,1,1,88-88A88.1,88.1,0,0,1,128,216ZM96,128a32,32,0,0,0,57.6,19.2,8,8,0,0,1,12.8,9.61,48,48,0,1,1,0-57.62,8,8,0,0,1-12.8,9.61A32,32,0,0,0,96,128Z\"><\/path><\/svg>OlyaSolodenko\/<a href=https:\/\/depositphotos.com\/editorial\/barcelona-spain-december-2022-exterior-casa-mila-pedrera-antoni-gaudi-701339116.html rel='nofollow' target='_blank'>Depositphotos<\/a><\/span><span class='ms-credits__btn' id='btn_media966' onclick='ms_credits_trigger(\"#media966\", this)'><svg xmlns=\"http:\/\/www.w3.org\/2000\/svg\" class=\"info_icon\" width=\"28\" height=\"28\" fill=\"#FFF\" viewBox=\"0 0 256 256\"><path d=\"M128,24A104,104,0,1,0,232,128,104.11,104.11,0,0,0,128,24Zm0,192a88,88,0,1,1,88-88A88.1,88.1,0,0,1,128,216Zm16-40a8,8,0,0,1-8,8,16,16,0,0,1-16-16V128a8,8,0,0,1,0-16,16,16,0,0,1,16,16v40A8,8,0,0,1,144,176ZM112,84a12,12,0,1,1,12,12A12,12,0,0,1,112,84Z\"><\/path><\/svg><svg xmlns=\"http:\/\/www.w3.org\/2000\/svg\" class=\"close_icon\" width=\"28\" height=\"28\" fill=\"#FFF\" viewBox=\"0 0 256 256\"><path d=\"M165.66,101.66,139.31,128l26.35,26.34a8,8,0,0,1-11.32,11.32L128,139.31l-26.34,26.35a8,8,0,0,1-11.32-11.32L116.69,128,90.34,101.66a8,8,0,0,1,11.32-11.32L128,116.69l26.34-26.35a8,8,0,0,1,11.32,11.32ZM232,128A104,104,0,1,1,128,24,104.11,104.11,0,0,1,232,128Zm-16,0a88,88,0,1,0-88,88A88.1,88.1,0,0,0,216,128Z\"><\/path><\/svg><\/span><\/div>\n\n\n<figcaption class=\"gb-text\">Esterno della Casa Mil\u00e0 (La Pedrera) di Antoni Gaud\u00ed a Barcellona, Spagna<\/figcaption>\n<\/figure>\n\n\n\n<figure><div class=\"ms-credits\">\n<img decoding=\"async\" class=\"gb-media-fbf38060\" alt=\"\" src=\"https:\/\/www.barcelonacard.org\/wp-content\/uploads\/roof-casa-mila-1747037735.jpg\" title=\"roof-casa-mila-1747037735\"\/>\n<span class='ms-credits__info' id='media967'><svg xmlns=\"http:\/\/www.w3.org\/2000\/svg\" width=\"20\" height=\"22\" fill=\"#000000\" viewBox=\"0 0 256 256\"><path d=\"M128,24A104,104,0,1,0,232,128,104.11,104.11,0,0,0,128,24Zm0,192a88,88,0,1,1,88-88A88.1,88.1,0,0,1,128,216ZM96,128a32,32,0,0,0,57.6,19.2,8,8,0,0,1,12.8,9.61,48,48,0,1,1,0-57.62,8,8,0,0,1-12.8,9.61A32,32,0,0,0,96,128Z\"><\/path><\/svg>florin1961\/<a href=https:\/\/depositphotos.com\/editorial\/barcelona-catalonia-spain-feb-2022-details-roof-casa-mila-pedrera-705349700.html rel='nofollow' target='_blank'>Depositphotos<\/a><\/span><span class='ms-credits__btn' id='btn_media967' onclick='ms_credits_trigger(\"#media967\", this)'><svg xmlns=\"http:\/\/www.w3.org\/2000\/svg\" class=\"info_icon\" width=\"28\" height=\"28\" fill=\"#FFF\" viewBox=\"0 0 256 256\"><path d=\"M128,24A104,104,0,1,0,232,128,104.11,104.11,0,0,0,128,24Zm0,192a88,88,0,1,1,88-88A88.1,88.1,0,0,1,128,216Zm16-40a8,8,0,0,1-8,8,16,16,0,0,1-16-16V128a8,8,0,0,1,0-16,16,16,0,0,1,16,16v40A8,8,0,0,1,144,176ZM112,84a12,12,0,1,1,12,12A12,12,0,0,1,112,84Z\"><\/path><\/svg><svg xmlns=\"http:\/\/www.w3.org\/2000\/svg\" class=\"close_icon\" width=\"28\" height=\"28\" fill=\"#FFF\" viewBox=\"0 0 256 256\"><path d=\"M165.66,101.66,139.31,128l26.35,26.34a8,8,0,0,1-11.32,11.32L128,139.31l-26.34,26.35a8,8,0,0,1-11.32-11.32L116.69,128,90.34,101.66a8,8,0,0,1,11.32-11.32L128,116.69l26.34-26.35a8,8,0,0,1,11.32,11.32ZM232,128A104,104,0,1,1,128,24,104.11,104.11,0,0,1,232,128Zm-16,0a88,88,0,1,0-88,88A88.1,88.1,0,0,0,216,128Z\"><\/path><\/svg><\/span><\/div>\n\n\n<figcaption class=\"gb-text\">Dettagli dal tetto della Casa Mil\u00e0<\/figcaption>\n<\/figure>\n\n\n\n<figure><div class=\"ms-credits\">\n<img decoding=\"async\" class=\"gb-media-bca56b47\" alt=\"\" src=\"https:\/\/www.barcelonacard.org\/wp-content\/uploads\/courtyard-of-casa-mila-1747037799.jpg\" title=\"courtyard-of-casa-mila-1747037799\"\/>\n<span class='ms-credits__info' id='media968'><svg xmlns=\"http:\/\/www.w3.org\/2000\/svg\" width=\"20\" height=\"22\" fill=\"#000000\" viewBox=\"0 0 256 256\"><path d=\"M128,24A104,104,0,1,0,232,128,104.11,104.11,0,0,0,128,24Zm0,192a88,88,0,1,1,88-88A88.1,88.1,0,0,1,128,216ZM96,128a32,32,0,0,0,57.6,19.2,8,8,0,0,1,12.8,9.61,48,48,0,1,1,0-57.62,8,8,0,0,1-12.8,9.61A32,32,0,0,0,96,128Z\"><\/path><\/svg>taldav68\/<a href=https:\/\/depositphotos.com\/editorial\/barcelona-spain-october-2023-colorful-elliptic-courtyard-casa-mila-pedrera-693678838.html rel='nofollow' target='_blank'>Depositphotos<\/a><\/span><span class='ms-credits__btn' id='btn_media968' onclick='ms_credits_trigger(\"#media968\", this)'><svg xmlns=\"http:\/\/www.w3.org\/2000\/svg\" class=\"info_icon\" width=\"28\" height=\"28\" fill=\"#FFF\" viewBox=\"0 0 256 256\"><path d=\"M128,24A104,104,0,1,0,232,128,104.11,104.11,0,0,0,128,24Zm0,192a88,88,0,1,1,88-88A88.1,88.1,0,0,1,128,216Zm16-40a8,8,0,0,1-8,8,16,16,0,0,1-16-16V128a8,8,0,0,1,0-16,16,16,0,0,1,16,16v40A8,8,0,0,1,144,176ZM112,84a12,12,0,1,1,12,12A12,12,0,0,1,112,84Z\"><\/path><\/svg><svg xmlns=\"http:\/\/www.w3.org\/2000\/svg\" class=\"close_icon\" width=\"28\" height=\"28\" fill=\"#FFF\" viewBox=\"0 0 256 256\"><path d=\"M165.66,101.66,139.31,128l26.35,26.34a8,8,0,0,1-11.32,11.32L128,139.31l-26.34,26.35a8,8,0,0,1-11.32-11.32L116.69,128,90.34,101.66a8,8,0,0,1,11.32-11.32L128,116.69l26.34-26.35a8,8,0,0,1,11.32,11.32ZM232,128A104,104,0,1,1,128,24,104.11,104.11,0,0,1,232,128Zm-16,0a88,88,0,1,0-88,88A88.1,88.1,0,0,0,216,128Z\"><\/path><\/svg><\/span><\/div>\n\n\n<figcaption class=\"gb-text\">Il colorato cortile ellittico della Casa Mil\u00e0<\/figcaption>\n<\/figure>\n\n\n\n<h2 class=\"wp-block-heading\">Storia<\/h2>\n\n\n\n<p>Scopri la storia di uno dei monumenti pi\u00f9 iconici di Barcellona.<\/p>\n\n\n\n<div class=\"ms-timeline-list\">\n<div class=\"ms-timeline-item\">\n<p class=\"gb-text ms-timeline-item__time\">1906<\/p>\n\n\n\n<p class=\"gb-text\">Gaud\u00ed inizia a costruire la Casa Mil\u00e0 (La Pedrera) per la ricca famiglia Mil\u00e0.<\/p>\n<\/div>\n\n\n\n<div class=\"ms-timeline-item\">\n<p class=\"gb-text ms-timeline-item__time\">1912<\/p>\n\n\n\n<p class=\"gb-text\">L&#8217;edificio viene completato, con una facciata ondulata in pietra e balconi in ferro, molto singolare per l&#8217;epoca.<\/p>\n<\/div>\n\n\n\n<div class=\"ms-timeline-item\">\n<p class=\"gb-text ms-timeline-item__time\">1969<\/p>\n\n\n\n<p class=\"gb-text\">Diventa monumento culturale protetto in Spagna.<\/p>\n<\/div>\n\n\n\n<div class=\"ms-timeline-item\">\n<p class=\"gb-text ms-timeline-item__time\">1984<\/p>\n\n\n\n<p class=\"gb-text\">L&#8217;UNESCO lo nomina Patrimonio dell&#8217;Umanit\u00e0 per il suo valore artistico.<\/p>\n<\/div>\n\n\n\n<div class=\"ms-timeline-item\">\n<p class=\"gb-text ms-timeline-item__time\">1996<\/p>\n\n\n\n<p class=\"gb-text\">Dopo il restauro, viene aperto al pubblico per le visite.<\/p>\n<\/div>\n\n\n\n<div class=\"ms-timeline-item\">\n<p class=\"gb-text ms-timeline-item__time\">2013<\/p>\n\n\n\n<p class=\"gb-text\">Diventa un centro culturale con arte, musica e mostre.<\/p>\n<\/div>\n<\/div>\n\n\n\n<div>\n<h2 class=\"wp-block-heading\">Mappa e indirizzo (posizione)<\/h2>\n<\/div>\n\n\n\n<address class=\"ms-mapblock ms-mb-block\">\n\t\n\t\t<h4>\n\t\t\tCasa Mila\t\t<\/h2>\n\n\t\t<p class=\"ms-mb-0\">\n            <img decoding=\"async\" class=\"ms-mapblock__map ms-rounded\" src=\"https:\/\/www.barcelonacard.org\/it\/wp-content\/uploads\/sites\/9\/maps\/staticmap_41.3952155_2.1619024_14_768x432.png\" alt=\"Casa Mila\" \/>\n\t\t<\/p>\n\n\t\t<p class=\"ms-text-sm ms-text-muted\">\n\t\t\tPg. de Gr\u00e0cia, 92, L&#8217;Eixample, 08008 Barcelona, Spain \u00b7\n\t\t\t<a rel=\"nofollow noopener\" target=\"_blank\" href=\"https:\/\/maps.google.com\/?q=41.3952155,2.1619024\">Google Maps<\/a>\n\t\t<\/p>\n\n\t<\/address>\n\n\n<h2 class=\"wp-block-heading\">Come arrivare<\/h2>\n\n\n\n<p><strong>\ud83d\ude8c Autobus:<\/strong> Puoi prendere uno qualsiasi di questi autobus: V15, V17, H10, H8, 7, 22, 24, 6, 33 o 34.<\/p>\n\n\n\n<p><strong>\ud83d\ude87 Metropolitana:<\/strong> Le linee 3 e 5 fermano alla stazione Diagonal, vicino a La Pedrera.<\/p>\n\n\n\n<p><strong>\ud83d\ude86 Treno Renfe:<\/strong> Scendi alla stazione Passeig de Gr\u00e0cia.<\/p>\n\n\n\n<p><strong>\ud83d\ude86 Treno FGC:<\/strong> Scendi alla stazione Proven\u00e7a \u2013 La Pedrera.<\/p>\n","protected":false},"excerpt":{"rendered":"<p>Casa Mil\u00e0 (La Pedrera) \u00e8 una straordinaria meraviglia architettonica, con la sua facciata in pietra ondulata che ricorda una forma vivente.<\/p>\n","protected":false},"author":4,"featured_media":836,"parent":0,"menu_order":11,"template":"","meta":{"_acf_changed":false,"button_url":"https:\/\/www.tiqets.com\/it\/barcelona-attractions-c66342\/tickets-for-la-pedrera-essential-p973460\/?partner=barcelonacard","ms_product_id":"973460","ms_product_name":"Casa Mil\u00e0 - La Pedrera: Entry Ticket + Audio Guide","ms_price":"25","ms_currency":"EUR","ms_rating_value":"4.7","ms_review_count":"9643","product_id":"","street_address":"","city":"","country":"","postal_code":"","lattitude":"","longitude":"","rank_math_title":"Casa Mil\u00e0 (La Pedrera): Acquista i biglietti online | A partire da \u20ac%customfield(ms_price)% | Salta la coda","rank_math_description":"Prenota i tuoi biglietti per Casa Mil\u00e0 (La Pedrera) e scopri una delle attrazioni imperdibili di Barcellona. Vieni a esplorare questo splendido edificio e scopri la sua affascinante storia e architettura con l'accesso salta fila e una comoda audioguida multilingue."},"ticket-type":[],"producer":[],"class_list":["post-964","ticket","type-ticket","status-publish","has-post-thumbnail","hentry"],"acf":[],"product_schema":{"ms_product_id":"973460","ms_product_name":"Casa Mil\u00e0 - La Pedrera: Entry Ticket + Audio Guide","ms_price":"25","ms_currency":"EUR","ms_rating_value":"4.7","ms_review_count":"9643"},"location_schema":{"product_id":"","street_address":"","city":"","country":"","postal_code":"","lattitude":"","longitude":""},"_links":{"self":[{"href":"https:\/\/www.barcelonacard.org\/it\/wp-json\/wp\/v2\/ticket\/964","targetHints":{"allow":["GET"]}}],"collection":[{"href":"https:\/\/www.barcelonacard.org\/it\/wp-json\/wp\/v2\/ticket"}],"about":[{"href":"https:\/\/www.barcelonacard.org\/it\/wp-json\/wp\/v2\/types\/ticket"}],"author":[{"embeddable":true,"href":"https:\/\/www.barcelonacard.org\/it\/wp-json\/wp\/v2\/users\/4"}],"wp:featuredmedia":[{"embeddable":true,"href":"https:\/\/www.barcelonacard.org\/it\/wp-json\/wp\/v2\/media\/836"}],"wp:attachment":[{"href":"https:\/\/www.barcelonacard.org\/it\/wp-json\/wp\/v2\/media?parent=964"}],"wp:term":[{"taxonomy":"ticket-type","embeddable":true,"href":"https:\/\/www.barcelonacard.org\/it\/wp-json\/wp\/v2\/ticket-type?post=964"},{"taxonomy":"producer","embeddable":true,"href":"https:\/\/www.barcelonacard.org\/it\/wp-json\/wp\/v2\/producer?post=964"}],"curies":[{"name":"wp","href":"https:\/\/api.w.org\/{rel}","templated":true}]}}