{"id":957,"date":"2025-09-02T23:23:11","date_gmt":"2025-09-02T21:23:11","guid":{"rendered":"https:\/\/www.barcelonacard.org\/it\/?post_type=ticket&#038;p=957"},"modified":"2026-04-07T17:12:59","modified_gmt":"2026-04-07T15:12:59","slug":"parco-guell","status":"publish","type":"ticket","link":"https:\/\/www.barcelonacard.org\/it\/biglietti\/parco-guell\/","title":{"rendered":"Biglietti Parco G\u00fcell"},"content":{"rendered":"\n<div class=\"wp-block-group is-nowrap is-layout-flex wp-container-core-group-is-layout-ad2f72ca wp-block-group-is-layout-flex\">\n<div class=\"gb-text ms-badge ms-badge--primary ms-mb-block\">Patrimonio UNESCO<\/div>\n\n\n\n<div class=\"gb-text ms-badge ms-badge--primary ms-mb-block\">Salta la fila<\/div>\n\n\n\n<div class=\"gb-text ms-badge ms-badge--primary ms-mb-block\">Si esaurisce rapidamente<\/div>\n\n\n\n<div class=\"gb-text ms-badge ms-badge--primary ms-mb-block\">Da non perdere<\/div>\n<\/div>\n\n\n\n<div class=\"ms-rounded ms-mb-last-child-0 ms-mb-block ms-tfs--contrast ms-p ms-tfs\">\n<h3 class=\"gb-text\">\ud83c\udf9f\ufe0f Biglietti per il Parco G\u00fcell<\/h3>\n\n\n\n<p class=\"ms-link-unstyled\"><a href=\"https:\/\/www.tiqets.com\/it\/barcelona-attractions-c66342\/tickets-for-park-guell-entry-ticket-audio-guide-p1111514\/?partner=barcelonacard\" rel=\"nofollow noopener\"><strong>Parco G\u00fcell: Biglietto d&#8217;ingresso + Audioguida<\/strong><\/a><\/p>\n\n\n\n<p>Se vuoi prenderti il tuo tempo per esplorare il parco in autonomia, questo biglietto fa al caso tuo. Ti d\u00e0 accesso all&#8217;area monumentale del Parco G\u00fcell e include un&#8217;audioguida da scaricare sul tuo smartphone. Una soluzione super semplice e flessibile.<\/p>\n\n\n\n<p class=\"ms-link-unstyled\"><a href=\"https:\/\/www.tiqets.com\/it\/barcelona-attractions-c66342\/tickets-for-park-guell-guided-tour-p1107460\/?partner=barcelonacard\" data-type=\"link\" data-id=\"https:\/\/www.tiqets.com\/en\/barcelona-attractions-c66342\/tickets-for-park-guell-guided-tour-p1107460\/?partner=barcelonacard\" rel=\"nofollow noopener\"><strong>Parco G\u00fcell: Visita guidata<\/strong><\/a><\/p>\n\n\n\n<p>Se preferisci che qualcuno ti spieghi ci\u00f2 che stai vedendo, questo tour \u00e8 un&#8217;ottima scelta. Una guida ti accompagner\u00e0 nel parco e ti racconter\u00e0 storie interessanti su Gaud\u00ed e sul suo progetto. Perfetto per chi visita il parco per la prima volta o per chi \u00e8 curioso di conoscere la storia e il simbolismo del luogo.<\/p>\n\n\n\n<hr class=\"wp-block-separator has-alpha-channel-opacity\"\/>\n\n\n\n<h3 class=\"wp-block-heading\">\ud83c\udfab Vuoi vedere altre cose a Barcellona? Questi pacchetti ti semplificano la vita!<\/h3>\n\n\n\n<ul class=\"wp-block-list\">\n<li class=\"ms-link-unstyled\">Il pacchetto <a href=\"https:\/\/www.tiqets.com\/it\/barcelona-attractions-c66342\/best-of-barcelona-bundle-p1031461\/?partner=barcelonacard&amp;tq_campaign=S-en--P-park-guell--L-mc--A-tf\" rel=\"nofollow noopener\"><strong>il TOP di Barcellona<\/strong><\/a> include il Parco G\u00fcell, la Sagrada Familia e Casa Batll\u00f3.<\/li>\n\n\n\n<li class=\"ms-link-unstyled\">Il <a href=\"https:\/\/www.barcelonacard.org\/it\/tickets\/barcelona-city-pass\/\" target=\"_blank\" rel=\"noreferrer noopener\"><strong>Barcelona Pass<\/strong><\/a> include il Parco G\u00fcell, la Sagrada Familia e un&#8217;altra attrazione a scelta tra Casa Batll\u00f3, La Pedrera o l&#8217;autobus hop-on hop-off. Sei un grande fan di Gaud\u00ed?<\/li>\n\n\n\n<li class=\"ms-link-unstyled\">Il <a href=\"https:\/\/www.barcelonacard.org\/it\/biglietti\/pacchetto-gaudi\/\" target=\"_blank\" data-type=\"link\" data-id=\"https:\/\/www.barcelonacard.org\/it\/biglietti\/pacchetto-gaudi\/\" rel=\"noreferrer noopener\"><strong>pacchetto Gaud\u00ed<\/strong><\/a> copre tutte le sue opere pi\u00f9 importanti.<\/li>\n<\/ul>\n\n\n\n<hr class=\"wp-block-separator has-alpha-channel-opacity\"\/>\n\n\n\n<h3 class=\"wp-block-heading\">\u2705 Consigli veloci<\/h3>\n\n\n\n<ul class=\"wp-block-list\">\n<li>Viaggiatori solitari: L&#8217;ingresso + audioguida \u00e8 la scelta perfetta<\/li>\n\n\n\n<li>Chi visita il parco per la prima volta: Prova la visita guidata<\/li>\n\n\n\n<li>Amanti di Gaud\u00ed: Scegli l&#8217;esperienza Gaud\u00ed o il pacchetto Gaud\u00ed<\/li>\n\n\n\n<li>Per vedere le principali attrazioni: Opta per il pacchetto &#8220;Il meglio di Barcellona&#8221;<\/li>\n\n\n\n<li>Per chi cerca flessibilit\u00e0: Il Barcelona Pass \u00e8 la soluzione migliore<\/li>\n<\/ul>\n\n\n\n<div class=\"ms-cta-button-options ms-mb-block ms-cta\">\n<a class=\"gb-text ms-btn ms-btn--primary ms-shadow\" href=\"https:\/\/www.tiqets.com\/it\/barcelona-attractions-c66342\/tickets-for-park-guell-entry-ticket-audio-guide-p1111514\/?partner=barcelonacard\" rel=\"nofollow noopener\">Biglietti per il Parco G\u00fcell<\/a>\n\n\n\n<a class=\"gb-text ms-btn ms-btn--outline-primary ms-shadow\" href=\"https:\/\/www.tiqets.com\/it\/park-guell-tickets-l141902\/?partner=barcelonacard\" rel=\"nofollow noopener\">Tutte le opzioni di biglietti<\/a>\n<\/div>\n<\/div>\n\n\n\n<p>Nessuna visita a Barcellona sarebbe completa senza una tappa al Park G\u00fcell, il parco pi\u00f9 importante della citt\u00e0, progettato dal celebre architetto Antoni Gaud\u00ed.<\/p>\n\n\n\n<h2 class=\"wp-block-heading\">Punti salienti<\/h2>\n\n\n<ul class=\"gb-container gb-container-53b82d66 ms-icon-list\">\n\n<li class=\"gb-headline gb-headline-f5138486 ms-icon-list__item\"><span class=\"gb-icon\"><svg viewBox=\"0 0 256 256\" fill=\"#000000\" height=\"32\" width=\"32\" xmlns=\"http:\/\/www.w3.org\/2000\/svg\"><path d=\"M232.49,80.49l-128,128a12,12,0,0,1-17,0l-56-56a12,12,0,1,1,17-17L96,183,215.51,63.51a12,12,0,0,1,17,17Z\"><\/path><\/svg><\/span><span class=\"gb-headline-text\">Dato che il Parco G\u00fcell attira moltissimi visitatori, ti consigliamo di prenotare i tuoi biglietti online per saltare la fila<\/span><\/li>\n\n\n\n<li class=\"gb-headline gb-headline-eb81dbda ms-icon-list__item\"><span class=\"gb-icon\"><svg viewBox=\"0 0 256 256\" fill=\"#000000\" height=\"32\" width=\"32\" xmlns=\"http:\/\/www.w3.org\/2000\/svg\"><path d=\"M232.49,80.49l-128,128a12,12,0,0,1-17,0l-56-56a12,12,0,1,1,17-17L96,183,215.51,63.51a12,12,0,0,1,17,17Z\"><\/path><\/svg><\/span><span class=\"gb-headline-text\">Scegli la data e l&#8217;ora che preferisci in base ai tuoi programmi di viaggio<\/span><\/li>\n\n\n\n<li class=\"gb-headline gb-headline-b37bb796 ms-icon-list__item\"><span class=\"gb-icon\"><svg viewBox=\"0 0 256 256\" fill=\"#000000\" height=\"32\" width=\"32\" xmlns=\"http:\/\/www.w3.org\/2000\/svg\"><path d=\"M232.49,80.49l-128,128a12,12,0,0,1-17,0l-56-56a12,12,0,1,1,17-17L96,183,215.51,63.51a12,12,0,0,1,17,17Z\"><\/path><\/svg><\/span><span class=\"gb-headline-text\">Salendo in cima alla collina potrai goderti una vista spettacolare di Barcellona ai tuoi piedi!<\/span><\/li>\n\n<\/ul>\n\n\n<h2 class=\"wp-block-heading\">Biglietti e prezzi<\/h2>\n\n\n\n<p>Il Parco G\u00fcell offre biglietti a prezzi ragionevoli, con ingresso gratuito per i bambini fino a sei anni. Sono disponibili diverse opzioni.<\/p>\n\n\n\n<p>Dato che il parco \u00e8 molto popolare, ti consigliamo vivamente di <strong>prenotare i biglietti online<\/strong> in anticipo per essere sicuro di trovare <strong>la fascia oraria che preferisci<\/strong>. Se ti interessa il significato storico e architettonico dell&#8217;opera di Gaud\u00ed, ti consigliamo la visita guidata.<\/p>\n\n\n\n<h2 class=\"wp-block-heading\">Orari di apertura<\/h2>\n\n\n<div class=\"ms-table\"><table><tr><th>Periodo<\/th><th>Orari di apertura<\/th><th>Ultimo ingresso<\/th><\/tr><tr><td>25 ottobre \u2013 6 febbraio<\/td><td>9:30 \u2013 17:30<\/td><td>16:30<\/td><\/tr><tr><td>7 febbraio \u2013 28 marzo<\/td><td>9:30 \u2013 18:00<\/td><td>17:00<\/td><\/tr><tr><td>29 marzo \u2013 24 ottobre<\/td><td>9:30 \u2013 19:30<\/td><td>18:30<\/td><\/tr><\/table><\/div>\n\n\n<p>Il tuo biglietto ha un orario prestabilito e hai 30 minuti di tempo per entrare da quell&#8217;orario. Ad esempio, se il tuo biglietto \u00e8 per le 9:30, puoi entrare fino alle 10:00. Dopodich\u00e9, perderai il diritto di accesso. Una volta dentro, puoi restare quanto vuoi, ma se esci non puoi rientrare. Ti consigliamo di arrivare in anticipo per non rischiare di perdere l&#8217;orario di ingresso.<\/p>\n\n\n<div class=\"gb-container gb-container-52536c5e ms-p ms-rounded ms-mb-last-child-0 ms-mb-children-condensed ms-alert--contrast ms-mb-block\">\n\n<h4 class=\"gb-headline gb-headline-2f7b646a\"><span class=\"gb-icon\"><svg viewBox=\"0 0 256 256\" fill=\"#000000\" height=\"32\" width=\"32\" xmlns=\"http:\/\/www.w3.org\/2000\/svg\"><path d=\"M128,20A108,108,0,1,0,236,128,108.12,108.12,0,0,0,128,20Zm0,192a84,84,0,1,1,84-84A84.09,84.09,0,0,1,128,212Zm-12-80V80a12,12,0,0,1,24,0v52a12,12,0,0,1-24,0Zm28,40a16,16,0,1,1-16-16A16,16,0,0,1,144,172Z\"><\/path><\/svg><\/span><span class=\"gb-headline-text\">Offerta speciale: il pacchetto Gaud\u00ed<\/span><\/h4>\n\n\n\n<p>Se hai intenzione di visitare sia la <strong>Sagrada Familia<\/strong> che il <strong>Parco G\u00fcell<\/strong>, acquista il pacchetto Gaud\u00ed per la massima comodit\u00e0. Il pacchetto include l&#8217;accesso prioritario a entrambe le attrazioni e altri vantaggi esclusivi.<\/p>\n\n\n\n<p><a href=\"https:\/\/www.tiqets.com\/it\/barcelona-attractions-c66342\/the-gaudi-bundle-p1012496\/?partner=barcelonacard\" rel=\"nofollow noopener\">Clicca qui per maggiori informazioni \u00bb<\/a><\/p>\n\n<\/div>\n\n\n<h2 class=\"wp-block-heading\">Cosa vedere e fare<\/h2>\n\n\n\n<p>Il Parco G\u00fcell \u00e8 una delle mete pi\u00f9 popolari di Barcellona, con moltissimi punti panoramici e angoli perfetti per scattare foto mozzafiato. Eccone alcuni da non perdere:<\/p>\n\n\n\n<h3 class=\"wp-block-heading\">Tur\u00f3 de les Tres Creus<\/h3>\n\n\n\n<p>La Collina delle Tre Croci \u00e8 il punto pi\u00f9 alto del parco e offre una delle viste pi\u00f9 spettacolari di Barcellona. \u00c8 il luogo ideale per ammirare il tramonto e scattare selfie con lo sfondo della citt\u00e0.<\/p>\n\n\n\n<h3 class=\"wp-block-heading\">Sala Ipostila<\/h3>\n\n\n\n<p>Situata vicino all&#8217;ingresso, questa sala presenta un &#8220;bosco&#8221; di colonne in stile dorico che sostengono la terrazza centrale del parco. Il soffitto \u00e8 decorato con mosaici colorati, in cui ogni colore rappresenta le diverse stagioni e le fasi lunari. \u00c8 un esempio lampante dell&#8217;integrazione tra arte e natura tipica di Gaud\u00ed.<\/p>\n\n\n\n<h3 class=\"wp-block-heading\">Il viadotto e le passerelle<\/h3>\n\n\n\n<p>Progettati durante la fase naturalista di Gaud\u00ed, i viadotti e le passerelle del parco si ispirano alla natura, con colonne in pietra che sembrano essere cresciute direttamente dal terreno. Questi sentieri sono perfetti per una piacevole passeggiata, ammirando il genio architettonico di Gaud\u00ed.<\/p>\n\n\n\n<h2 class=\"wp-block-heading\">Lo sapevi che: (3 curiosit\u00e0!)<\/h2>\n\n\n\n<ul class=\"wp-block-list\">\n<li>Il Parco G\u00fcell era stato originariamente concepito come un complesso residenziale di lusso, ma il progetto iniziale fall\u00ec e fu trasformato in un parco pubblico.<\/li>\n\n\n\n<li>Gaud\u00ed visse nel Parco G\u00fcell dal 1906 fino alla sua morte nel 1926. La sua casa, che ora \u00e8 la Casa Museo Gaud\u00ed, \u00e8 aperta al pubblico.<\/li>\n\n\n\n<li>Le colonne doriche della sala ipostila in realt\u00e0 servivano per raccogliere l&#8217;acqua. L&#8217;acqua piovana che cadeva sulla piazza principale filtrava in una cisterna sotterranea, pensata per rifornire le case del parco.<\/li>\n<\/ul>\n\n\n\n<h2 class=\"wp-block-heading\">Immagini<\/h2>\n\n\n\n<figure><div class=\"ms-credits\">\n<img decoding=\"async\" class=\"gb-media-fa7fd8b2\" alt=\"Park Guell in Barcelona\" src=\"https:\/\/www.barcelonacard.org\/wp-content\/uploads\/park-guell-1746809512.jpg\" title=\"park-guell-1746809512\"\/>\n<span class='ms-credits__info' id='media935'><svg xmlns=\"http:\/\/www.w3.org\/2000\/svg\" width=\"20\" height=\"22\" fill=\"#000000\" viewBox=\"0 0 256 256\"><path d=\"M128,24A104,104,0,1,0,232,128,104.11,104.11,0,0,0,128,24Zm0,192a88,88,0,1,1,88-88A88.1,88.1,0,0,1,128,216ZM96,128a32,32,0,0,0,57.6,19.2,8,8,0,0,1,12.8,9.61,48,48,0,1,1,0-57.62,8,8,0,0,1-12.8,9.61A32,32,0,0,0,96,128Z\"><\/path><\/svg>bluebe\/<a href=https:\/\/depositphotos.com\/editorial\/panoramic-view-park-guell-barcelona-catalunya-spain-235683708.html rel='nofollow' target='_blank'>Depositphotos<\/a><\/span><span class='ms-credits__btn' id='btn_media935' onclick='ms_credits_trigger(\"#media935\", this)'><svg xmlns=\"http:\/\/www.w3.org\/2000\/svg\" class=\"info_icon\" width=\"28\" height=\"28\" fill=\"#FFF\" viewBox=\"0 0 256 256\"><path d=\"M128,24A104,104,0,1,0,232,128,104.11,104.11,0,0,0,128,24Zm0,192a88,88,0,1,1,88-88A88.1,88.1,0,0,1,128,216Zm16-40a8,8,0,0,1-8,8,16,16,0,0,1-16-16V128a8,8,0,0,1,0-16,16,16,0,0,1,16,16v40A8,8,0,0,1,144,176ZM112,84a12,12,0,1,1,12,12A12,12,0,0,1,112,84Z\"><\/path><\/svg><svg xmlns=\"http:\/\/www.w3.org\/2000\/svg\" class=\"close_icon\" width=\"28\" height=\"28\" fill=\"#FFF\" viewBox=\"0 0 256 256\"><path d=\"M165.66,101.66,139.31,128l26.35,26.34a8,8,0,0,1-11.32,11.32L128,139.31l-26.34,26.35a8,8,0,0,1-11.32-11.32L116.69,128,90.34,101.66a8,8,0,0,1,11.32-11.32L128,116.69l26.34-26.35a8,8,0,0,1,11.32,11.32ZM232,128A104,104,0,1,1,128,24,104.11,104.11,0,0,1,232,128Zm-16,0a88,88,0,1,0-88,88A88.1,88.1,0,0,0,216,128Z\"><\/path><\/svg><\/span><\/div>\n\n\n<figcaption class=\"gb-text\">Il Parco G\u00fcell dell&#8217;architetto Gaud\u00ed in una giornata estiva a Barcellona, Spagna<\/figcaption>\n<\/figure>\n\n\n\n<figure><div class=\"ms-credits\">\n<img decoding=\"async\" class=\"gb-media-6e6039e3\" alt=\"\" src=\"https:\/\/www.barcelonacard.org\/wp-content\/uploads\/lizard-fountain-1747201135.jpg\" title=\"lizard-fountain-1747201135\"\/>\n<span class='ms-credits__info' id='media998'><svg xmlns=\"http:\/\/www.w3.org\/2000\/svg\" width=\"20\" height=\"22\" fill=\"#000000\" viewBox=\"0 0 256 256\"><path d=\"M128,24A104,104,0,1,0,232,128,104.11,104.11,0,0,0,128,24Zm0,192a88,88,0,1,1,88-88A88.1,88.1,0,0,1,128,216ZM96,128a32,32,0,0,0,57.6,19.2,8,8,0,0,1,12.8,9.61,48,48,0,1,1,0-57.62,8,8,0,0,1-12.8,9.61A32,32,0,0,0,96,128Z\"><\/path><\/svg>YuliyaGusyeva\/<a href=https:\/\/depositphotos.com\/editorial\/salou-spain-may-2015-portaventura-roller-coaster-shambala-motion-famous-384820482.html rel='nofollow' target='_blank'>Depositphotos<\/a><\/span><span class='ms-credits__btn' id='btn_media998' onclick='ms_credits_trigger(\"#media998\", this)'><svg xmlns=\"http:\/\/www.w3.org\/2000\/svg\" class=\"info_icon\" width=\"28\" height=\"28\" fill=\"#FFF\" viewBox=\"0 0 256 256\"><path d=\"M128,24A104,104,0,1,0,232,128,104.11,104.11,0,0,0,128,24Zm0,192a88,88,0,1,1,88-88A88.1,88.1,0,0,1,128,216Zm16-40a8,8,0,0,1-8,8,16,16,0,0,1-16-16V128a8,8,0,0,1,0-16,16,16,0,0,1,16,16v40A8,8,0,0,1,144,176ZM112,84a12,12,0,1,1,12,12A12,12,0,0,1,112,84Z\"><\/path><\/svg><svg xmlns=\"http:\/\/www.w3.org\/2000\/svg\" class=\"close_icon\" width=\"28\" height=\"28\" fill=\"#FFF\" viewBox=\"0 0 256 256\"><path d=\"M165.66,101.66,139.31,128l26.35,26.34a8,8,0,0,1-11.32,11.32L128,139.31l-26.34,26.35a8,8,0,0,1-11.32-11.32L116.69,128,90.34,101.66a8,8,0,0,1,11.32-11.32L128,116.69l26.34-26.35a8,8,0,0,1,11.32,11.32ZM232,128A104,104,0,1,1,128,24,104.11,104.11,0,0,1,232,128Zm-16,0a88,88,0,1,0-88,88A88.1,88.1,0,0,0,216,128Z\"><\/path><\/svg><\/span><\/div>\n\n\n<figcaption class=\"gb-text\">La fontana della lucertola al Parco G\u00fcell di Barcellona, Spagna<\/figcaption>\n<\/figure>\n\n\n\n<figure><div class=\"ms-credits\">\n<img decoding=\"async\" class=\"gb-media-3e502703\" alt=\"\" src=\"https:\/\/www.barcelonacard.org\/wp-content\/uploads\/park-guell-barcelona-1747201164.jpg\" title=\"park-guell-barcelona-1747201164\"\/>\n<span class='ms-credits__info' id='media999'><svg xmlns=\"http:\/\/www.w3.org\/2000\/svg\" width=\"20\" height=\"22\" fill=\"#000000\" viewBox=\"0 0 256 256\"><path d=\"M128,24A104,104,0,1,0,232,128,104.11,104.11,0,0,0,128,24Zm0,192a88,88,0,1,1,88-88A88.1,88.1,0,0,1,128,216ZM96,128a32,32,0,0,0,57.6,19.2,8,8,0,0,1,12.8,9.61,48,48,0,1,1,0-57.62,8,8,0,0,1-12.8,9.61A32,32,0,0,0,96,128Z\"><\/path><\/svg>Pitstock\/<a href=https:\/\/depositphotos.com\/editorial\/scenic-view-europe-newest-theme-park-ferrari-land-part-portaventura-413565430.html rel='nofollow' target='_blank'>Depositphotos<\/a><\/span><span class='ms-credits__btn' id='btn_media999' onclick='ms_credits_trigger(\"#media999\", this)'><svg xmlns=\"http:\/\/www.w3.org\/2000\/svg\" class=\"info_icon\" width=\"28\" height=\"28\" fill=\"#FFF\" viewBox=\"0 0 256 256\"><path d=\"M128,24A104,104,0,1,0,232,128,104.11,104.11,0,0,0,128,24Zm0,192a88,88,0,1,1,88-88A88.1,88.1,0,0,1,128,216Zm16-40a8,8,0,0,1-8,8,16,16,0,0,1-16-16V128a8,8,0,0,1,0-16,16,16,0,0,1,16,16v40A8,8,0,0,1,144,176ZM112,84a12,12,0,1,1,12,12A12,12,0,0,1,112,84Z\"><\/path><\/svg><svg xmlns=\"http:\/\/www.w3.org\/2000\/svg\" class=\"close_icon\" width=\"28\" height=\"28\" fill=\"#FFF\" viewBox=\"0 0 256 256\"><path d=\"M165.66,101.66,139.31,128l26.35,26.34a8,8,0,0,1-11.32,11.32L128,139.31l-26.34,26.35a8,8,0,0,1-11.32-11.32L116.69,128,90.34,101.66a8,8,0,0,1,11.32-11.32L128,116.69l26.34-26.35a8,8,0,0,1,11.32,11.32ZM232,128A104,104,0,1,1,128,24,104.11,104.11,0,0,1,232,128Zm-16,0a88,88,0,1,0-88,88A88.1,88.1,0,0,0,216,128Z\"><\/path><\/svg><\/span><\/div>\n\n\n<figcaption class=\"gb-text\">Il portico della lavanderia al Parco G\u00fcell di Barcellona, Spagna<\/figcaption>\n<\/figure>\n\n\n\n<h2 class=\"wp-block-heading\">Storia<\/h2>\n\n\n\n<p>Prima di diventare il coloratissimo capolavoro che conosciamo oggi, il Parco G\u00fcell ha avuto un inizio molto diverso. Ecco la storia di come \u00e8 nato:<\/p>\n\n\n\n<div class=\"ms-timeline-list\">\n<div class=\"ms-timeline-item\">\n<p class=\"gb-text ms-timeline-item__time\">1900<\/p>\n\n\n\n<p class=\"gb-text\">Un ricco uomo d&#8217;affari, Eusebi G\u00fcell, chiese al suo amico, l&#8217;architetto Antoni Gaud\u00ed, di progettare un elegante quartiere residenziale con giardini a Barcellona.<\/p>\n<\/div>\n\n\n\n<div class=\"ms-timeline-item\">\n<p class=\"gb-text ms-timeline-item__time\">1906<\/p>\n\n\n\n<p class=\"gb-text\">Gaud\u00ed inizi\u00f2 la costruzione su una collina chiamata Muntanya Pelada. Il progetto prevedeva 60 case, ma ne furono completate solo due.<\/p>\n<\/div>\n\n\n\n<div class=\"ms-timeline-item\">\n<p class=\"gb-text ms-timeline-item__time\">1914<\/p>\n\n\n\n<p class=\"gb-text\">Il progetto fu interrotto perch\u00e9 non si riusciva a vendere le case. Ma i bellissimi giardini, i sentieri e gli edifici furono conservati.<\/p>\n<\/div>\n\n\n\n<div class=\"ms-timeline-item\">\n<p class=\"gb-text ms-timeline-item__time\">1922<\/p>\n\n\n\n<p class=\"gb-text\">La famiglia di Eusebi G\u00fcell don\u00f2 il parco alla citt\u00e0 di Barcellona.<\/p>\n<\/div>\n\n\n\n<div class=\"ms-timeline-item\">\n<p class=\"gb-text ms-timeline-item__time\">1926<\/p>\n\n\n\n<p class=\"gb-text\">Il Parco G\u00fcell fu ufficialmente aperto come parco pubblico. Nello stesso anno mor\u00ec anche Gaud\u00ed.<\/p>\n<\/div>\n\n\n\n<div class=\"ms-timeline-item\">\n<p class=\"gb-text ms-timeline-item__time\">1984<\/p>\n\n\n\n<p class=\"gb-text\">Il Parco G\u00fcell fu dichiarato Patrimonio dell&#8217;Umanit\u00e0 dall&#8217;UNESCO per il suo design unico e straordinario.<\/p>\n<\/div>\n\n\n\n<div class=\"ms-timeline-item\">\n<p class=\"gb-text ms-timeline-item__time\">Oggi<\/p>\n\n\n\n<p class=\"gb-text\">\u00c8 uno dei parchi pi\u00f9 famosi al mondo, un mix di natura, arte e fantasia dove milioni di persone vengono a passeggiare, scattare foto e godersi lo stile giocoso di Gaud\u00ed.<\/p>\n<\/div>\n<\/div>\n\n\n\n<h2 class=\"wp-block-heading\">Mappa e indirizzo (posizione)<\/h2>\n\n\n\n<address class=\"ms-mapblock ms-mb-block\">\n\t\n\t\t<h4>\n\t\t\tPark Guell\t\t<\/h2>\n\n\t\t<p class=\"ms-mb-0\">\n            <img decoding=\"async\" class=\"ms-mapblock__map ms-rounded\" src=\"https:\/\/www.barcelonacard.org\/it\/wp-content\/uploads\/sites\/9\/maps\/staticmap_41.4144948_2.1526945_14_768x432.png\" alt=\"Park Guell\" \/>\n\t\t<\/p>\n\n\t\t<p class=\"ms-text-sm ms-text-muted\">\n\t\t\tPark G\u00fcell, Gr\u00e0cia, 08024 Barcelona, Spain \u00b7\n\t\t\t<a rel=\"nofollow noopener\" target=\"_blank\" href=\"https:\/\/maps.google.com\/?q=41.4144948,2.1526945\">Google Maps<\/a>\n\t\t<\/p>\n\n\t<\/address>\n\n\n<h2 class=\"wp-block-heading\">Come arrivare<\/h2>\n\n\n\n<p>Il Parco G\u00fcell ha diversi punti di accesso. Per un&#8217;entrata pi\u00f9 facile e comoda, ti consigliamo i seguenti:<\/p>\n\n\n\n<ul class=\"wp-block-list\">\n<li>Carretera del Carmel, 23: questo ingresso dispone anche di un&#8217;area di parcheggio per i pullman turistici.<\/li>\n\n\n\n<li>Carrer de Larrard: ingresso dalla via laterale Carrer d&#8217;Olot \/ Carrer Marianao.<\/li>\n\n\n\n<li>Avinguda del Santuari de Sant Josep de la Muntanya: ingresso con scala mobile.<\/li>\n<\/ul>\n\n\n\n<p><strong>\ud83d\ude87 Metropolitana:<\/strong> Prendi la linea L3 (verde) e scendi alla stazione Lesseps. Da l\u00ec, ci sono circa 20 minuti a piedi. Ti consigliamo l&#8217;ingresso sull&#8217;Avinguda del Santuari de Sant Josep de la Muntanya, che ha una comoda scala mobile.<\/p>\n\n\n\n<p><strong>\ud83d\ude8c Autobus:<\/strong><\/p>\n\n\n\n<ul class=\"wp-block-list\">\n<li>Gli autobus H6 e D40 fermano a Travessera de Dalt. Da l\u00ec, ci vogliono 10 minuti a piedi fino all&#8217;ingresso su Sant Josep de la Muntanya o Carrer de Larrard.<\/li>\n\n\n\n<li>Gli autobus 24 e V19 fermano proprio vicino all&#8217;ingresso principale su Carretera del Carmel.<\/li>\n<\/ul>\n\n\n\n<p><strong>\ud83d\ude8c Autobus turistici:<\/strong> Il <a href=\"https:\/\/www.tiqets.com\/it\/barcelona-attractions-c66342\/tickets-for-hop-on-hop-off-bus-barcelona-p974325\/?partner=barcelonacard&amp;tq_campaign=S-en--P-park-guell--L-mc--A-tl\" rel=\"nofollow noopener\">Bus Turistic a Barcellona<\/a> (linea blu) e il <a href=\"https:\/\/www.tiqets.com\/it\/barcelona-attractions-c66342\/tickets-for-city-tour-barcelona-p974590\/?partner=barcelonacard&amp;tq_campaign=S-en--P-park-guell--L-mc--A-tl\" rel=\"nofollow noopener\">City Tour Barcellona<\/a> (percorso verde) fermano in Avinguda de la Mare de D\u00e9u de Montserrat. Da l\u00ec, il Parco \u00e8 a 10 minuti a piedi, passando per Av. Pompeu Fabra.<\/p>\n\n\n\n<p><strong>\ud83d\ude96 Taxi:<\/strong> I taxi possono lasciarti all&#8217;ingresso di Carretera del Carmel, il pi\u00f9 vicino e comodo.<\/p>\n\n\n\n<p>\ud83d\ude97 <strong>Auto:<\/strong> Puoi parcheggiare al parcheggio BSM Travessera de Dalt &#8211; Park G\u00fcell. Usa l&#8217;app smou per gestire il parcheggio e ottenere uno sconto del 30%.<\/p>\n\n\n\n<p><\/p>\n","protected":false},"excerpt":{"rendered":"<p>Il mondo di mosaici di Gaud\u00ed con vista sulla citt\u00e0. Un gioiello UNESCO che va sold out in fretta.<\/p>\n","protected":false},"author":4,"featured_media":854,"parent":0,"menu_order":4,"template":"","meta":{"_acf_changed":false,"button_url":"https:\/\/www.tiqets.com\/it\/barcelona-attractions-c66342\/tickets-for-park-guell-entry-ticket-audio-guide-p1111514\/?partner=barcelonacard","ms_product_id":"1111514","ms_product_name":"Park G\u00fcell: Entry Ticket + Audio Guide","ms_price":"20","ms_currency":"EUR","ms_rating_value":"4.3","ms_review_count":"37161","product_id":"","street_address":"","city":"","country":"","postal_code":"","lattitude":"","longitude":"","rank_math_title":"Parco G\u00fcell: acquista i biglietti online | A partire da \u20ac%customfield(ms_price)% | Salta la fila","rank_math_description":"DISPONIBILIT\u00c0 LIMITATA - Prenota i tuoi biglietti per il Parco G\u00fcell di Barcellona e salta la fila per accedere a questo meraviglioso parco. Esplora la zona monumentale, passeggia lungo i camminamenti in pietra rialzati e scatta un selfie davanti alla famosa scultura del drago di Gaud\u00ed. Non puoi perdertelo!"},"ticket-type":[],"producer":[],"class_list":["post-957","ticket","type-ticket","status-publish","has-post-thumbnail","hentry"],"acf":[],"product_schema":{"ms_product_id":"1111514","ms_product_name":"Park G\u00fcell: Entry Ticket + Audio Guide","ms_price":"20","ms_currency":"EUR","ms_rating_value":"4.3","ms_review_count":"37161"},"location_schema":{"product_id":"","street_address":"","city":"","country":"","postal_code":"","lattitude":"","longitude":""},"_links":{"self":[{"href":"https:\/\/www.barcelonacard.org\/it\/wp-json\/wp\/v2\/ticket\/957","targetHints":{"allow":["GET"]}}],"collection":[{"href":"https:\/\/www.barcelonacard.org\/it\/wp-json\/wp\/v2\/ticket"}],"about":[{"href":"https:\/\/www.barcelonacard.org\/it\/wp-json\/wp\/v2\/types\/ticket"}],"author":[{"embeddable":true,"href":"https:\/\/www.barcelonacard.org\/it\/wp-json\/wp\/v2\/users\/4"}],"wp:featuredmedia":[{"embeddable":true,"href":"https:\/\/www.barcelonacard.org\/it\/wp-json\/wp\/v2\/media\/854"}],"wp:attachment":[{"href":"https:\/\/www.barcelonacard.org\/it\/wp-json\/wp\/v2\/media?parent=957"}],"wp:term":[{"taxonomy":"ticket-type","embeddable":true,"href":"https:\/\/www.barcelonacard.org\/it\/wp-json\/wp\/v2\/ticket-type?post=957"},{"taxonomy":"producer","embeddable":true,"href":"https:\/\/www.barcelonacard.org\/it\/wp-json\/wp\/v2\/producer?post=957"}],"curies":[{"name":"wp","href":"https:\/\/api.w.org\/{rel}","templated":true}]}}