{"id":978,"date":"2025-09-02T20:57:14","date_gmt":"2025-09-02T18:57:14","guid":{"rendered":"https:\/\/www.barcelonacard.org\/fr\/?post_type=ticket&#038;p=978"},"modified":"2026-04-06T20:50:54","modified_gmt":"2026-04-06T18:50:54","slug":"casa-mila","status":"publish","type":"ticket","link":"https:\/\/www.barcelonacard.org\/fr\/billets\/casa-mila\/","title":{"rendered":"Billets Casa Mil\u00e0 (La Pedrera)"},"content":{"rendered":"\n<p><span class=\"label label-success\">\u00c9vitez les files d&rsquo;attente<\/span> | <span class=\"label label-warning\">Billets limit\u00e9s<\/span> | <span class=\"label label-success\">Une visite incontournable<\/span><\/p>\n\n\n\n<p class=\"lead\">La Casa Mil\u00e0 (aussi appel\u00e9e La Pedrera) est une merveille d&rsquo;art et d&rsquo;architecture. Sa c\u00e9l\u00e8bre fa\u00e7ade est sculpt\u00e9e dans une roche calcaire unie, mais ses formes ondul\u00e9es lui donnent un aspect doux, presque organique, comme si l&rsquo;\u00e9difice \u00e9tait vivant.<\/p>\n\n\n<ul class=\"gb-container gb-container-53b82d66 ms-icon-list\">\n\n<li class=\"gb-headline gb-headline-f5138486 ms-icon-list__item\"><span class=\"gb-icon\"><svg viewBox=\"0 0 256 256\" fill=\"#000000\" height=\"32\" width=\"32\" xmlns=\"http:\/\/www.w3.org\/2000\/svg\"><path d=\"M232.49,80.49l-128,128a12,12,0,0,1-17,0l-56-56a12,12,0,1,1,17-17L96,183,215.51,63.51a12,12,0,0,1,17,17Z\"><\/path><\/svg><\/span><span class=\"gb-headline-text\">Gagnez du temps en r\u00e9servant vos billets en ligne pour \u00e9viter de faire la queue.<\/span><\/li>\n\n\n\n<li class=\"gb-headline gb-headline-eb81dbda ms-icon-list__item\"><span class=\"gb-icon\"><svg viewBox=\"0 0 256 256\" fill=\"#000000\" height=\"32\" width=\"32\" xmlns=\"http:\/\/www.w3.org\/2000\/svg\"><path d=\"M232.49,80.49l-128,128a12,12,0,0,1-17,0l-56-56a12,12,0,1,1,17-17L96,183,215.51,63.51a12,12,0,0,1,17,17Z\"><\/path><\/svg><\/span><span class=\"gb-headline-text\">D\u00e9couvrez tout sur la Casa Mil\u00e0 gr\u00e2ce \u00e0 un guide vid\u00e9o.<\/span><\/li>\n\n\n\n<li class=\"gb-headline gb-headline-b37bb796 ms-icon-list__item\"><span class=\"gb-icon\"><svg viewBox=\"0 0 256 256\" fill=\"#000000\" height=\"32\" width=\"32\" xmlns=\"http:\/\/www.w3.org\/2000\/svg\"><path d=\"M232.49,80.49l-128,128a12,12,0,0,1-17,0l-56-56a12,12,0,1,1,17-17L96,183,215.51,63.51a12,12,0,0,1,17,17Z\"><\/path><\/svg><\/span><span class=\"gb-headline-text\">Pour une exp\u00e9rience encore plus sp\u00e9ciale, optez pour la visite nocturne, qui inclut une d\u00e9gustation de cava sur le toit.<\/span><\/li>\n\n<\/ul>\n\n\n<h2 class=\"wp-block-heading\">Billets et prix<\/h2>\n\n\n\n<p>La Casa Mil\u00e0 propose six cat\u00e9gories de billets : adultes, seniors, \u00e9tudiants, adolescents, personnes en situation de handicap et enfants. L&rsquo;entr\u00e9e est gratuite pour les enfants de moins de 11 ans.<\/p>\n\n\n\n<div class=\"ms-rounded ms-mb-last-child-0 ms-mb-block ms-tfs--contrast ms-p ms-tfs\">\n<h3 class=\"gb-text\"><strong>Billets pour la Casa Mil\u00e0<\/strong><\/h3>\n\n\n\n<p class=\"ms-link-unstyled\">\ud83c\udf9f\ufe0f <a href=\"https:\/\/www.tiqets.com\/fr\/barcelona-attractions-c66342\/tickets-for-la-pedrera-essential-p973460\/?partner=barcelonacard\" rel=\"nofollow noopener\"><strong>Billet d&rsquo;entr\u00e9e + Audioguide<\/strong><\/a><\/p>\n\n\n\n<ul class=\"wp-block-list\">\n<li>\u00c9vitez les files d&rsquo;attente et explorez ce c\u00e9l\u00e8bre b\u00e2timent de Gaud\u00ed \u00e0 votre rythme.<\/li>\n\n\n\n<li>Visitez le toit avec ses sculptures de chemin\u00e9es, le grenier avec ses maquettes, un appartement historique et les cours int\u00e9rieures.<\/li>\n\n\n\n<li>Acc\u00e9dez au site \u00e0 tout moment durant les heures d&rsquo;ouverture.<\/li>\n<\/ul>\n\n\n\n<p class=\"ms-link-unstyled\"><strong>\ud83d\udde3\ufe0f&nbsp;<a href=\"https:\/\/www.tiqets.com\/fr\/barcelona-attractions-c66342\/tickets-for-fast-track-la-pedrera-guided-tour-p1090736\/?partner=barcelonacard\" rel=\"nofollow noopener\">Visite guid\u00e9e<\/a><\/strong><\/p>\n\n\n\n<ul class=\"wp-block-list\">\n<li>Rejoignez un petit groupe et suivez un guide qui vous fera d\u00e9couvrir tous les espaces cl\u00e9s : le toit, le grenier, l&rsquo;appartement, etc.<\/li>\n\n\n\n<li>\u00c9vitez les files d&rsquo;attente et d\u00e9couvrez des anecdotes et des informations fascinantes sur Gaud\u00ed et la maison.<\/li>\n\n\n\n<li>Id\u00e9al si vous aimez en apprendre davantage au fil de la visite.<\/li>\n<\/ul>\n\n\n\n<p class=\"ms-link-unstyled\">\ud83c\udf19 <a href=\"https:\/\/www.tiqets.com\/fr\/barcelona-attractions-c66342\/tickets-for-casa-mila-guided-night-tour-optional-dinner-p973865\/?partner=barcelonacard\" rel=\"nofollow noopener\"><strong>Visite guid\u00e9e nocturne + d\u00eener en option<\/strong><\/a><\/p>\n\n\n\n<ul class=\"wp-block-list\">\n<li>Cette visite guid\u00e9e de nuit vous permet d&rsquo;admirer la beaut\u00e9 de Barcelone sous les \u00e9toiles et se termine par un spectacle audiovisuel sur le toit.<\/li>\n\n\n\n<li>Vous pouvez \u00e9galement r\u00e9server un d\u00eener pour accompagner la visite.<\/li>\n\n\n\n<li>Id\u00e9al si vous cherchez une exp\u00e9rience unique et diff\u00e9rente d&rsquo;une visite de jour.<\/li>\n<\/ul>\n\n\n\n<div class=\"ms-cta-button-options ms-mb-block ms-cta\">\n<a class=\"gb-text ms-btn ms-btn--primary ms-shadow\" href=\"https:\/\/www.tiqets.com\/fr\/barcelona-attractions-c66342\/tickets-for-la-pedrera-essential-p973460\/?partner=barcelonacard\" rel=\"nofollow noopener\">Billets d&rsquo;entr\u00e9e<\/a>\n\n\n\n<a class=\"gb-text ms-btn ms-btn--outline-primary ms-shadow\" href=\"https:\/\/www.tiqets.com\/fr\/casa-mila-la-pedrera-tickets-l145464\/?partner=barcelonacard\" rel=\"nofollow noopener\">Toutes les options<\/a>\n<\/div>\n<\/div>\n\n\n\n<h2 class=\"wp-block-heading\">Horaires d&rsquo;ouverture<\/h2>\n\n\n\n<p>La Casa Mil\u00e0 est ouverte aux visiteurs toute l&rsquo;ann\u00e9e, avec des horaires saisonniers qui s&rsquo;adaptent aux variations de la dur\u00e9e du jour \u00e0 Barcelone.<\/p>\n\n\n<div class=\"ms-table frozenColumn\"><table><tr><th>P\u00e9riode<\/th><th>Dates<\/th><th>Jours<\/th><th>Horaires de jour<\/th><th>Visites nocturnes<\/th><\/tr><tr><td>Horaires d\u2019hiver<\/td><td>10 nov 2025 \u2013 5 mars 2026<\/td><td>Lundi \u2013 Dimanche et jours f\u00e9ri\u00e9s<\/td><td>9h00 \u2013 18h30<\/td><td>19h00 \u2013 23h00<\/td><\/tr><tr><td>Horaires sp\u00e9ciaux de No\u00ebl<\/td><td>26 d\u00e9c 2025 \u2013 4 jan 2026<\/td><td>Lundi \u2013 Dimanche<\/td><td>9h00 \u2013 20h30<\/td><td>21h00 \u2013 23h00<\/td><\/tr><tr><td>Jour de l\u2019An (1er janvier 2026)<\/td><td>\u2013<\/td><td>\u2013<\/td><td>11h00 \u2013 20h30<\/td><td>\u2013<\/td><\/tr><tr><td>Horaires d\u2019\u00e9t\u00e9<\/td><td>6 mars 2026 \u2013 1 nov 2026<\/td><td>Lundi \u2013 Dimanche et jours f\u00e9ri\u00e9s<\/td><td>9h00 \u2013 20h30<\/td><td>20h40 \u2013 22h20<\/td><\/tr><\/table><\/div>\n\n\n<div class=\"ms-p ms-rounded ms-mb-last-child-0 ms-mb-children-condensed ms-alert--contrast ms-mb-block\">\n<h4 class=\"gb-text-26a71c5b\"><span class=\"gb-shape\"><svg viewBox=\"0 0 256 256\" fill=\"#000000\" height=\"32\" width=\"32\" xmlns=\"http:\/\/www.w3.org\/2000\/svg\"><path d=\"M108,84a16,16,0,1,1,16,16A16,16,0,0,1,108,84Zm128,44A108,108,0,1,1,128,20,108.12,108.12,0,0,1,236,128Zm-24,0a84,84,0,1,0-84,84A84.09,84.09,0,0,0,212,128Zm-72,36.68V132a20,20,0,0,0-20-20,12,12,0,0,0-4,23.32V168a20,20,0,0,0,20,20,12,12,0,0,0,4-23.32Z\"><\/path><\/svg><\/span><span class=\"gb-text\"><strong>Offre sp\u00e9ciale :<\/strong><\/span><\/h4>\n\n\n\n<p class=\"gb-text\">Si vous pr\u00e9voyez de visiter la Casa Batll\u00f3, la Casa Mil\u00e0 et la Casa Vicens, le <strong>forfait 3 Maisons de Gaud\u00ed<\/strong> est une option tr\u00e8s pratique. Ce forfait comprend un acc\u00e8s coupe-file aux trois attractions ainsi qu&rsquo;une application de guide qui vous aidera \u00e0 vous rep\u00e9rer parmi les sites culturels de Barcelone.<\/p>\n\n\n\n<p class=\"gb-text\"><a href=\"https:\/\/www.tiqets.com\/fr\/barcelona-attractions-c66342\/three-houses-of-gaudi-p1012536\/?partner=barcelonacard\" rel=\"nofollow noopener\">Cliquez ici pour plus d&rsquo;informations \u00bb<\/a><\/p>\n<\/div>\n\n\n\n<h2 class=\"wp-block-heading\">\u00c0 voir et \u00e0 faire<\/h2>\n\n\n\n<p>La Casa Mil\u00e0 est un chef-d&rsquo;\u0153uvre du modernisme catalan et un incontournable pour tous les amateurs d&rsquo;architecture. Voici ce que vous pouvez y d\u00e9couvrir :<\/p>\n\n\n\n<h3 class=\"wp-block-heading\">Les patios<\/h3>\n\n\n\n<p>Les cours int\u00e9rieures de la Casa Mil\u00e0 sont une merveille de design qui laissent entrer la lumi\u00e8re naturelle dans le b\u00e2timent. Elles pr\u00e9sentent \u00e9galement les ferronneries et les fresques color\u00e9es caract\u00e9ristiques de Gaud\u00ed, ce qui contribue \u00e0 l&rsquo;esth\u00e9tique unique de l&rsquo;\u00e9difice.<\/p>\n\n\n\n<h3 class=\"wp-block-heading\">Le toit<\/h3>\n\n\n\n<p>Le toit est l&rsquo;un des \u00e9l\u00e9ments les plus embl\u00e9matiques de la Casa Mil\u00e0, c\u00e9l\u00e8bre pour ses chemin\u00e9es surr\u00e9alistes et sa vue panoramique sur Barcelone. Si vous optez pour la visite nocturne, vous assisterez \u00e0 un impressionnant spectacle audiovisuel qui illumine le toit, cr\u00e9ant une atmosph\u00e8re magique.<\/p>\n\n\n\n<h3 class=\"wp-block-heading\">Le grenier<\/h3>\n\n\n\n<p>Surnomm\u00e9 le \u00ab grenier de la baleine \u00bb en raison de ses arcs cat\u00e9naires uniques qui rappellent la cage thoracique d&rsquo;une baleine, cet espace abrite l&rsquo;exposition permanente \u00ab Espai Gaud\u00ed \u00bb. Cette exposition explore la vision architecturale de Gaud\u00ed et les techniques innovantes qu&rsquo;il a utilis\u00e9es dans son travail.<\/p>\n\n\n\n<h3 class=\"wp-block-heading\">Le rez-de-chauss\u00e9e<\/h3>\n\n\n\n<p>Autrefois luxueuse r\u00e9sidence de la famille Mil\u00e0, le rez-de-chauss\u00e9e accueille aujourd&rsquo;hui des expositions temporaires. Ces expositions donnent un aper\u00e7u de la vie \u00e0 Barcelone au d\u00e9but du XXe si\u00e8cle et des subtilit\u00e9s du design dans l&rsquo;\u0153uvre de Gaud\u00ed.<\/p>\n\n\n\n<h2 class=\"wp-block-heading\">Le saviez-vous ? (3 faits int\u00e9ressants !)<\/h2>\n\n\n\n<ul class=\"wp-block-list\">\n<li>Aujourd&rsquo;hui encore, quelques appartements priv\u00e9s sont occup\u00e9s, tandis que d&rsquo;autres parties du b\u00e2timent sont utilis\u00e9es comme bureaux.<\/li>\n\n\n\n<li>Gaud\u00ed souhaitait que les r\u00e9sidents du b\u00e2timent interagissent et apprennent \u00e0 se conna\u00eetre, c&rsquo;est pourquoi il a install\u00e9 des ascenseurs uniquement \u00e0 chaque deuxi\u00e8me \u00e9tage pour cr\u00e9er davantage d&rsquo;occasions de rencontre.<\/li>\n\n\n\n<li>Le surnom La Pedrera, qui signifie \u00ab la carri\u00e8re \u00bb, \u00e9tait \u00e0 l&rsquo;origine un terme p\u00e9joratif utilis\u00e9 par les habitants qui n&rsquo;\u00e9taient pas habitu\u00e9s au style architectural non conventionnel de Gaud\u00ed.<\/li>\n<\/ul>\n\n\n\n<h2 class=\"wp-block-heading\">Photos<\/h2>\n\n\n\n<figure><div class=\"ms-credits\">\n<img decoding=\"async\" class=\"gb-media-90e9d5d7\" src=\"https:\/\/www.barcelonacard.org\/wp-content\/uploads\/casa-mila-1747037707.jpg\" alt=\"\" title=\"casa-mila-1747037707\"\/>\n<span class='ms-credits__info' id='media966'><svg xmlns=\"http:\/\/www.w3.org\/2000\/svg\" width=\"20\" height=\"22\" fill=\"#000000\" viewBox=\"0 0 256 256\"><path d=\"M128,24A104,104,0,1,0,232,128,104.11,104.11,0,0,0,128,24Zm0,192a88,88,0,1,1,88-88A88.1,88.1,0,0,1,128,216ZM96,128a32,32,0,0,0,57.6,19.2,8,8,0,0,1,12.8,9.61,48,48,0,1,1,0-57.62,8,8,0,0,1-12.8,9.61A32,32,0,0,0,96,128Z\"><\/path><\/svg>OlyaSolodenko\/<a href=https:\/\/depositphotos.com\/editorial\/barcelona-spain-december-2022-exterior-casa-mila-pedrera-antoni-gaudi-701339116.html rel='nofollow' target='_blank'>Depositphotos<\/a><\/span><span class='ms-credits__btn' id='btn_media966' onclick='ms_credits_trigger(\"#media966\", this)'><svg xmlns=\"http:\/\/www.w3.org\/2000\/svg\" class=\"info_icon\" width=\"28\" height=\"28\" fill=\"#FFF\" viewBox=\"0 0 256 256\"><path d=\"M128,24A104,104,0,1,0,232,128,104.11,104.11,0,0,0,128,24Zm0,192a88,88,0,1,1,88-88A88.1,88.1,0,0,1,128,216Zm16-40a8,8,0,0,1-8,8,16,16,0,0,1-16-16V128a8,8,0,0,1,0-16,16,16,0,0,1,16,16v40A8,8,0,0,1,144,176ZM112,84a12,12,0,1,1,12,12A12,12,0,0,1,112,84Z\"><\/path><\/svg><svg xmlns=\"http:\/\/www.w3.org\/2000\/svg\" class=\"close_icon\" width=\"28\" height=\"28\" fill=\"#FFF\" viewBox=\"0 0 256 256\"><path d=\"M165.66,101.66,139.31,128l26.35,26.34a8,8,0,0,1-11.32,11.32L128,139.31l-26.34,26.35a8,8,0,0,1-11.32-11.32L116.69,128,90.34,101.66a8,8,0,0,1,11.32-11.32L128,116.69l26.34-26.35a8,8,0,0,1,11.32,11.32ZM232,128A104,104,0,1,1,128,24,104.11,104.11,0,0,1,232,128Zm-16,0a88,88,0,1,0-88,88A88.1,88.1,0,0,0,216,128Z\"><\/path><\/svg><\/span><\/div>\n\n\n<figcaption class=\"gb-text\">Ext\u00e9rieur de la Casa Mil\u00e0 (La Pedrera) d&rsquo;Antoni Gaudi \u00e0 Barcelone, en Espagne<\/figcaption>\n<\/figure>\n\n\n\n<figure><div class=\"ms-credits\">\n<img decoding=\"async\" class=\"gb-media-fbf38060\" alt=\"\" src=\"https:\/\/www.barcelonacard.org\/wp-content\/uploads\/roof-casa-mila-1747037735.jpg\" title=\"roof-casa-mila-1747037735\"\/>\n<span class='ms-credits__info' id='media967'><svg xmlns=\"http:\/\/www.w3.org\/2000\/svg\" width=\"20\" height=\"22\" fill=\"#000000\" viewBox=\"0 0 256 256\"><path d=\"M128,24A104,104,0,1,0,232,128,104.11,104.11,0,0,0,128,24Zm0,192a88,88,0,1,1,88-88A88.1,88.1,0,0,1,128,216ZM96,128a32,32,0,0,0,57.6,19.2,8,8,0,0,1,12.8,9.61,48,48,0,1,1,0-57.62,8,8,0,0,1-12.8,9.61A32,32,0,0,0,96,128Z\"><\/path><\/svg>florin1961\/<a href=https:\/\/depositphotos.com\/editorial\/barcelona-catalonia-spain-feb-2022-details-roof-casa-mila-pedrera-705349700.html rel='nofollow' target='_blank'>Depositphotos<\/a><\/span><span class='ms-credits__btn' id='btn_media967' onclick='ms_credits_trigger(\"#media967\", this)'><svg xmlns=\"http:\/\/www.w3.org\/2000\/svg\" class=\"info_icon\" width=\"28\" height=\"28\" fill=\"#FFF\" viewBox=\"0 0 256 256\"><path d=\"M128,24A104,104,0,1,0,232,128,104.11,104.11,0,0,0,128,24Zm0,192a88,88,0,1,1,88-88A88.1,88.1,0,0,1,128,216Zm16-40a8,8,0,0,1-8,8,16,16,0,0,1-16-16V128a8,8,0,0,1,0-16,16,16,0,0,1,16,16v40A8,8,0,0,1,144,176ZM112,84a12,12,0,1,1,12,12A12,12,0,0,1,112,84Z\"><\/path><\/svg><svg xmlns=\"http:\/\/www.w3.org\/2000\/svg\" class=\"close_icon\" width=\"28\" height=\"28\" fill=\"#FFF\" viewBox=\"0 0 256 256\"><path d=\"M165.66,101.66,139.31,128l26.35,26.34a8,8,0,0,1-11.32,11.32L128,139.31l-26.34,26.35a8,8,0,0,1-11.32-11.32L116.69,128,90.34,101.66a8,8,0,0,1,11.32-11.32L128,116.69l26.34-26.35a8,8,0,0,1,11.32,11.32ZM232,128A104,104,0,1,1,128,24,104.11,104.11,0,0,1,232,128Zm-16,0a88,88,0,1,0-88,88A88.1,88.1,0,0,0,216,128Z\"><\/path><\/svg><\/span><\/div>\n\n\n<figcaption class=\"gb-text\">D\u00e9tails du toit de la Casa Mil\u00e0<\/figcaption>\n<\/figure>\n\n\n\n<figure><div class=\"ms-credits\">\n<img decoding=\"async\" class=\"gb-media-bca56b47\" alt=\"\" src=\"https:\/\/www.barcelonacard.org\/wp-content\/uploads\/courtyard-of-casa-mila-1747037799.jpg\" title=\"courtyard-of-casa-mila-1747037799\"\/>\n<span class='ms-credits__info' id='media968'><svg xmlns=\"http:\/\/www.w3.org\/2000\/svg\" width=\"20\" height=\"22\" fill=\"#000000\" viewBox=\"0 0 256 256\"><path d=\"M128,24A104,104,0,1,0,232,128,104.11,104.11,0,0,0,128,24Zm0,192a88,88,0,1,1,88-88A88.1,88.1,0,0,1,128,216ZM96,128a32,32,0,0,0,57.6,19.2,8,8,0,0,1,12.8,9.61,48,48,0,1,1,0-57.62,8,8,0,0,1-12.8,9.61A32,32,0,0,0,96,128Z\"><\/path><\/svg>taldav68\/<a href=https:\/\/depositphotos.com\/editorial\/barcelona-spain-october-2023-colorful-elliptic-courtyard-casa-mila-pedrera-693678838.html rel='nofollow' target='_blank'>Depositphotos<\/a><\/span><span class='ms-credits__btn' id='btn_media968' onclick='ms_credits_trigger(\"#media968\", this)'><svg xmlns=\"http:\/\/www.w3.org\/2000\/svg\" class=\"info_icon\" width=\"28\" height=\"28\" fill=\"#FFF\" viewBox=\"0 0 256 256\"><path d=\"M128,24A104,104,0,1,0,232,128,104.11,104.11,0,0,0,128,24Zm0,192a88,88,0,1,1,88-88A88.1,88.1,0,0,1,128,216Zm16-40a8,8,0,0,1-8,8,16,16,0,0,1-16-16V128a8,8,0,0,1,0-16,16,16,0,0,1,16,16v40A8,8,0,0,1,144,176ZM112,84a12,12,0,1,1,12,12A12,12,0,0,1,112,84Z\"><\/path><\/svg><svg xmlns=\"http:\/\/www.w3.org\/2000\/svg\" class=\"close_icon\" width=\"28\" height=\"28\" fill=\"#FFF\" viewBox=\"0 0 256 256\"><path d=\"M165.66,101.66,139.31,128l26.35,26.34a8,8,0,0,1-11.32,11.32L128,139.31l-26.34,26.35a8,8,0,0,1-11.32-11.32L116.69,128,90.34,101.66a8,8,0,0,1,11.32-11.32L128,116.69l26.34-26.35a8,8,0,0,1,11.32,11.32ZM232,128A104,104,0,1,1,128,24,104.11,104.11,0,0,1,232,128Zm-16,0a88,88,0,1,0-88,88A88.1,88.1,0,0,0,216,128Z\"><\/path><\/svg><\/span><\/div>\n\n\n<figcaption class=\"gb-text\">La cour elliptique color\u00e9e de la Casa Mil\u00e0<\/figcaption>\n<\/figure>\n\n\n\n<h2 class=\"wp-block-heading\">Histoire<\/h2>\n\n\n\n<p>D\u00e9couvrez l&rsquo;histoire de l&rsquo;un des monuments les plus embl\u00e9matiques de Barcelone.<\/p>\n\n\n\n<div class=\"ms-timeline-list\">\n<div class=\"ms-timeline-item\">\n<p class=\"gb-text ms-timeline-item__time\">1906<\/p>\n\n\n\n<p class=\"gb-text\">Gaud\u00ed commence la construction de la Casa Mil\u00e0 (La Pedrera) pour la riche famille Mil\u00e0.<\/p>\n<\/div>\n\n\n\n<div class=\"ms-timeline-item\">\n<p class=\"gb-text ms-timeline-item__time\">1912<\/p>\n\n\n\n<p class=\"gb-text\">Le b\u00e2timent est achev\u00e9, avec une fa\u00e7ade en pierre ondul\u00e9e et des balcons en fer, tr\u00e8s uniques pour l&rsquo;\u00e9poque.<\/p>\n<\/div>\n\n\n\n<div class=\"ms-timeline-item\">\n<p class=\"gb-text ms-timeline-item__time\">1969<\/p>\n\n\n\n<p class=\"gb-text\">Il devient un monument culturel prot\u00e9g\u00e9 en Espagne.<\/p>\n<\/div>\n\n\n\n<div class=\"ms-timeline-item\">\n<p class=\"gb-text ms-timeline-item__time\">1984<\/p>\n\n\n\n<p class=\"gb-text\">L&rsquo;UNESCO le classe au patrimoine mondial pour sa valeur artistique.<\/p>\n<\/div>\n\n\n\n<div class=\"ms-timeline-item\">\n<p class=\"gb-text ms-timeline-item__time\">1996<\/p>\n\n\n\n<p class=\"gb-text\">Apr\u00e8s restauration, il est ouvert au public pour des visites.<\/p>\n<\/div>\n\n\n\n<div class=\"ms-timeline-item\">\n<p class=\"gb-text ms-timeline-item__time\">2013<\/p>\n\n\n\n<p class=\"gb-text\">Il devient un centre culturel d\u00e9di\u00e9 \u00e0 l&rsquo;art, \u00e0 la musique et aux expositions.<\/p>\n<\/div>\n<\/div>\n\n\n\n<div>\n<h2 class=\"wp-block-heading\">Carte et adresse <strong>(emplacement)<\/strong><\/h2>\n<\/div>\n\n\n\n<address class=\"ms-mapblock ms-mb-block\">\n\t\n\t\t<h4>\n\t\t\tCasa Mila\t\t<\/h2>\n\n\t\t<p class=\"ms-mb-0\">\n            <img decoding=\"async\" class=\"ms-mapblock__map ms-rounded\" src=\"https:\/\/www.barcelonacard.org\/fr\/wp-content\/uploads\/sites\/8\/maps\/staticmap_41.3952155_2.1619024_14_768x432.png\" alt=\"Casa Mila\" \/>\n\t\t<\/p>\n\n\t\t<p class=\"ms-text-sm ms-text-muted\">\n\t\t\tPg. de Gr\u00e0cia, 92, L&rsquo;Eixample, 08008 Barcelona, Spain \u00b7\n\t\t\t<a rel=\"nofollow noopener\" target=\"_blank\" href=\"https:\/\/maps.google.com\/?q=41.3952155,2.1619024\">Google Maps<\/a>\n\t\t<\/p>\n\n\t<\/address>\n\n\n<h2 class=\"wp-block-heading\">Comment s&rsquo;y rendre <\/h2>\n\n\n\n<p><strong>\ud83d\ude8c Bus:<\/strong> Vous pouvez prendre l&rsquo;une des lignes suivantes : V15, V17, H10, H8, 7, 22, 24, 6, 33 ou 34.<\/p>\n\n\n\n<p><strong>\ud83d\ude87 M\u00e9tro:<\/strong> Les lignes 3 et 5 s&rsquo;arr\u00eatent \u00e0 la station Diagonal, pr\u00e8s de La Pedrera.<\/p>\n\n\n\n<p><strong>\ud83d\ude86 Train Renfe:<\/strong> Descendez \u00e0 la station Passeig de Gr\u00e0cia.<\/p>\n\n\n\n<p><strong>\ud83d\ude86 Train FGC:<\/strong> Descendez \u00e0 la station Proven\u00e7a \u2013 La Pedrera.<\/p>\n\n\n\n<p><\/p>\n","protected":false},"excerpt":{"rendered":"<p>La Casa Mil\u00e0 (La Pedrera) est un chef-d&rsquo;\u0153uvre architectural saisissant, avec sa fa\u00e7ade en pierre ondul\u00e9e qui \u00e9voque une forme vivante.<\/p>\n","protected":false},"author":4,"featured_media":844,"parent":0,"menu_order":11,"template":"","meta":{"_acf_changed":false,"button_url":"https:\/\/www.tiqets.com\/fr\/barcelona-attractions-c66342\/tickets-for-la-pedrera-essential-p973460\/?partner=barcelonacard","ms_product_id":"973460","ms_product_name":"Casa Mil\u00e0 - La Pedrera: Entry Ticket + Audio Guide","ms_price":"25","ms_currency":"EUR","ms_rating_value":"4.7","ms_review_count":"9643","product_id":"","street_address":"","city":"","country":"","postal_code":"","lattitude":"","longitude":"","rank_math_title":"Casa Mil\u00e0 (La Pedrera)\u00a0: Achetez vos billets en ligne | \u00c0 partir de \u20ac%customfield(ms_price)% | Billet coupe-file","rank_math_description":"R\u00e9servez vos billets pour la Casa Mil\u00e0 (La Pedrera) et d\u00e9couvrez l'un des sites incontournables de Barcelone. Venez explorer ce magnifique b\u00e2timent et d\u00e9couvrir son histoire et son architecture fascinantes gr\u00e2ce \u00e0 un acc\u00e8s coupe-file et un audioguide multilingue pratique."},"ticket-type":[],"producer":[],"class_list":["post-978","ticket","type-ticket","status-publish","has-post-thumbnail","hentry"],"acf":[],"product_schema":{"ms_product_id":"973460","ms_product_name":"Casa Mil\u00e0 - La Pedrera: Entry Ticket + Audio Guide","ms_price":"25","ms_currency":"EUR","ms_rating_value":"4.7","ms_review_count":"9643"},"location_schema":{"product_id":"","street_address":"","city":"","country":"","postal_code":"","lattitude":"","longitude":""},"_links":{"self":[{"href":"https:\/\/www.barcelonacard.org\/fr\/wp-json\/wp\/v2\/ticket\/978","targetHints":{"allow":["GET"]}}],"collection":[{"href":"https:\/\/www.barcelonacard.org\/fr\/wp-json\/wp\/v2\/ticket"}],"about":[{"href":"https:\/\/www.barcelonacard.org\/fr\/wp-json\/wp\/v2\/types\/ticket"}],"author":[{"embeddable":true,"href":"https:\/\/www.barcelonacard.org\/fr\/wp-json\/wp\/v2\/users\/4"}],"wp:featuredmedia":[{"embeddable":true,"href":"https:\/\/www.barcelonacard.org\/fr\/wp-json\/wp\/v2\/media\/844"}],"wp:attachment":[{"href":"https:\/\/www.barcelonacard.org\/fr\/wp-json\/wp\/v2\/media?parent=978"}],"wp:term":[{"taxonomy":"ticket-type","embeddable":true,"href":"https:\/\/www.barcelonacard.org\/fr\/wp-json\/wp\/v2\/ticket-type?post=978"},{"taxonomy":"producer","embeddable":true,"href":"https:\/\/www.barcelonacard.org\/fr\/wp-json\/wp\/v2\/producer?post=978"}],"curies":[{"name":"wp","href":"https:\/\/api.w.org\/{rel}","templated":true}]}}