{"id":971,"date":"2025-09-02T20:18:44","date_gmt":"2025-09-02T18:18:44","guid":{"rendered":"https:\/\/www.barcelonacard.org\/fr\/?post_type=ticket&#038;p=971"},"modified":"2026-04-07T17:13:27","modified_gmt":"2026-04-07T15:13:27","slug":"parc-guell","status":"publish","type":"ticket","link":"https:\/\/www.barcelonacard.org\/fr\/billets\/parc-guell\/","title":{"rendered":"Billets Parc G\u00fcell"},"content":{"rendered":"\n<div class=\"wp-block-group is-nowrap is-layout-flex wp-container-core-group-is-layout-ad2f72ca wp-block-group-is-layout-flex\">\n<div class=\"gb-text ms-badge ms-badge--primary ms-mb-block\">Patrimoine mondial de l\u2019UNESCO<\/div>\n\n\n\n<div class=\"gb-text ms-badge ms-badge--primary ms-mb-block\">Coupe-file<\/div>\n\n\n\n<div class=\"gb-text ms-badge ms-badge--primary ms-mb-block\">Se vend vite<\/div>\n\n\n\n<div class=\"gb-text ms-badge ms-badge--primary ms-mb-block\">Incontournable<\/div>\n<\/div>\n\n\n\n<div class=\"ms-rounded ms-mb-last-child-0 ms-mb-block ms-tfs--contrast ms-p ms-tfs\">\n<h3 class=\"gb-text\">\ud83c\udf9f\ufe0f Billets pour le parc G\u00fcell<\/h3>\n\n\n\n<p class=\"ms-link-unstyled\"><a href=\"https:\/\/www.tiqets.com\/fr\/barcelona-attractions-c66342\/tickets-for-park-guell-entry-ticket-audio-guide-p1111514\/?partner=barcelonacard\" rel=\"nofollow noopener\"><strong>Parc G\u00fcell : Billet d&rsquo;entr\u00e9e + Audioguide<\/strong><\/a><\/p>\n\n\n\n<p>Si vous pr\u00e9f\u00e9rez prendre votre temps et visiter le site \u00e0 votre rythme, ce billet vous donne acc\u00e8s \u00e0 la zone monumentale du parc G\u00fcell et comprend un audioguide que vous pouvez t\u00e9l\u00e9charger sur votre t\u00e9l\u00e9phone. C&rsquo;est simple et flexible.<\/p>\n\n\n\n<p class=\"ms-link-unstyled\"><a href=\"https:\/\/www.tiqets.com\/fr\/barcelona-attractions-c66342\/tickets-for-park-guell-guided-tour-p1107460\/?partner=barcelonacard\" data-type=\"link\" data-id=\"https:\/\/www.tiqets.com\/en\/barcelona-attractions-c66342\/tickets-for-park-guell-guided-tour-p1107460\/?partner=barcelonacard\" rel=\"nofollow noopener\"><strong>Parc G\u00fcell : visite guid\u00e9e<\/strong><\/a><\/p>\n\n\n\n<p>Si vous pr\u00e9f\u00e9rez que quelqu&rsquo;un vous explique ce que vous voyez, cette visite est un excellent choix. Un guide vous fera d\u00e9couvrir le parc et vous racontera des anecdotes int\u00e9ressantes sur Gaud\u00ed et la conception du parc. C&rsquo;est l&rsquo;id\u00e9al pour les nouveaux visiteurs ou pour toute personne curieuse de conna\u00eetre l&rsquo;histoire et le symbolisme du parc.<\/p>\n\n\n\n<hr class=\"wp-block-separator has-alpha-channel-opacity\"\/>\n\n\n\n<h3 class=\"wp-block-heading\">\ud83c\udfab Vous pr\u00e9voyez de visiter d&rsquo;autres sites \u00e0 Barcelone ? Ces forfaits vous simplifient la t\u00e2che.<\/h3>\n\n\n\n<ul class=\"wp-block-list\">\n<li class=\"ms-link-unstyled\"><a href=\"https:\/\/www.tiqets.com\/fr\/barcelona-attractions-c66342\/best-of-barcelona-bundle-p1031461\/?partner=barcelonacard&amp;tq_campaign=S-en--P-park-guell--L-mc--A-tf\" rel=\"nofollow noopener\"><strong>Billet combin\u00e9 Best of Barcelona<\/strong><\/a><strong> <\/strong> comprend le parc G\u00fcell, la Sagrada Familia et la Casa Batll\u00f3.<\/li>\n\n\n\n<li class=\"ms-link-unstyled\"><a href=\"https:\/\/www.barcelonacard.org\/fr\/tickets\/pass-barcelone\/\" target=\"_blank\" rel=\"noreferrer noopener\"><strong>Pass Barcelone<\/strong><\/a> comprend le parc G\u00fcell, la Sagrada Familia et un autre site au choix : la Casa Batll\u00f3, La Pedrera ou le bus touristique \u00e0 arr\u00eats multiples. Vous \u00eates un grand fan de Gaud\u00ed ?<\/li>\n\n\n\n<li class=\"ms-link-unstyled\"><a href=\"https:\/\/www.barcelonacard.org\/fr\/tickets\/billet-combine-gaudi\/\" target=\"_blank\" rel=\"noreferrer noopener\"><strong>Billet combin\u00e9 Gaud\u00ed<\/strong><\/a>&nbsp;couvre toutes ses \u0153uvres majeures.<\/li>\n<\/ul>\n\n\n\n<hr class=\"wp-block-separator has-alpha-channel-opacity\"\/>\n\n\n\n<h3 class=\"wp-block-heading\">\u2705 Recommandations rapides<\/h3>\n\n\n\n<ul class=\"wp-block-list\">\n<li>Voyageurs seuls : L&rsquo;entr\u00e9e + l&rsquo;audioguide sont parfaits<\/li>\n\n\n\n<li>Nouveaux visiteurs : Optez pour la visite guid\u00e9e<\/li>\n\n\n\n<li>Amoureux de Gaud\u00ed : Choisissez l&rsquo;exp\u00e9rience Gaud\u00ed ou le forfait Gaud\u00ed<\/li>\n\n\n\n<li>Pour visiter les principales attractions : Optez pour le forfait Le meilleur de Barcelone<\/li>\n\n\n\n<li>Pour plus de flexibilit\u00e9 : Optez pour le Barcelona Pass<\/li>\n<\/ul>\n\n\n\n<div class=\"ms-cta-button-options ms-mb-block ms-cta\">\n<a class=\"gb-text ms-btn ms-btn--primary ms-shadow\" href=\"https:\/\/www.tiqets.com\/fr\/barcelona-attractions-c66342\/tickets-for-park-guell-entry-ticket-audio-guide-p1111514\/?partner=barcelonacard\" rel=\"nofollow noopener\">Billets pour le parc G\u00fcell<\/a>\n\n\n\n<a class=\"gb-text ms-btn ms-btn--outline-primary ms-shadow\" href=\"https:\/\/www.tiqets.com\/fr\/park-guell-tickets-l141902\/?partner=barcelonacard\" rel=\"nofollow noopener\"><strong>Toutes les options de billets<\/strong><\/a>\n<\/div>\n<\/div>\n\n\n\n<p>Aucune visite de Barcelone ne serait compl\u00e8te sans un arr\u00eat au Park G\u00fcell, le parc le plus embl\u00e9matique de la ville, con\u00e7u par le c\u00e9l\u00e8bre architecte Antoni Gaud\u00ed.<\/p>\n\n\n\n<h2 class=\"wp-block-heading\">Points forts<\/h2>\n\n\n<ul class=\"gb-container gb-container-53b82d66 ms-icon-list\">\n\n<li class=\"gb-headline gb-headline-f5138486 ms-icon-list__item\"><span class=\"gb-icon\"><svg viewBox=\"0 0 256 256\" fill=\"#000000\" height=\"32\" width=\"32\" xmlns=\"http:\/\/www.w3.org\/2000\/svg\"><path d=\"M232.49,80.49l-128,128a12,12,0,0,1-17,0l-56-56a12,12,0,1,1,17-17L96,183,215.51,63.51a12,12,0,0,1,17,17Z\"><\/path><\/svg><\/span><span class=\"gb-headline-text\">Le parc G\u00fcell attire de nombreux visiteurs, alors r\u00e9servez vos billets en ligne pour \u00e9viter les files d&rsquo;attente.<\/span><\/li>\n\n\n\n<li class=\"gb-headline gb-headline-eb81dbda ms-icon-list__item\"><span class=\"gb-icon\"><svg viewBox=\"0 0 256 256\" fill=\"#000000\" height=\"32\" width=\"32\" xmlns=\"http:\/\/www.w3.org\/2000\/svg\"><path d=\"M232.49,80.49l-128,128a12,12,0,0,1-17,0l-56-56a12,12,0,1,1,17-17L96,183,215.51,63.51a12,12,0,0,1,17,17Z\"><\/path><\/svg><\/span><span class=\"gb-headline-text\">Choisissez la date et l&rsquo;heure qui conviennent le mieux \u00e0 votre programme de vacances.<\/span><\/li>\n\n\n\n<li class=\"gb-headline gb-headline-b37bb796 ms-icon-list__item\"><span class=\"gb-icon\"><svg viewBox=\"0 0 256 256\" fill=\"#000000\" height=\"32\" width=\"32\" xmlns=\"http:\/\/www.w3.org\/2000\/svg\"><path d=\"M232.49,80.49l-128,128a12,12,0,0,1-17,0l-56-56a12,12,0,1,1,17-17L96,183,215.51,63.51a12,12,0,0,1,17,17Z\"><\/path><\/svg><\/span><span class=\"gb-headline-text\">Montez au sommet de la colline et profitez d&rsquo;une vue spectaculaire sur Barcelone !<\/span><\/li>\n\n<\/ul>\n\n\n<h2 class=\"wp-block-heading\">Billets et prix<\/h2>\n\n\n\n<p>Le parc G\u00fcell propose des billets \u00e0 des prix raisonnables, et l&rsquo;entr\u00e9e est gratuite pour les enfants de moins de 6 ans. Plusieurs options s&rsquo;offrent \u00e0 vous.<\/p>\n\n\n\n<p>Compte tenu de la popularit\u00e9 du parc, il est fortement recommand\u00e9 de <strong>r\u00e9server vos billets en ligne<\/strong> \u00e0 l&rsquo;avance afin de garantir <strong>l&rsquo;heure de visite de votre choix<\/strong>. La visite guid\u00e9e est particuli\u00e8rement int\u00e9ressante pour ceux qui s&rsquo;int\u00e9ressent \u00e0 l&rsquo;importance historique et architecturale de l&rsquo;\u0153uvre de Gaud\u00ed.<\/p>\n\n\n\n<h2 class=\"wp-block-heading\">Heures d&rsquo;ouverture<\/h2>\n\n\n<div class=\"ms-table\"><table><tr><th>P\u00e9riode<\/th><th>Heures d\u2019ouverture<\/th><th>Derni\u00e8re entr\u00e9e<\/th><\/tr><tr><td>25 octobre \u2013 6 f\u00e9vrier<\/td><td>9:30 \u2013 17:30<\/td><td>16:30<\/td><\/tr><tr><td>7 f\u00e9vrier \u2013 28 mars<\/td><td>9:30 \u2013 18:00<\/td><td>17:00<\/td><\/tr><tr><td>29 mars \u2013 24 octobre<\/td><td>9:30 \u2013 19:30<\/td><td>18:30<\/td><\/tr><\/table><\/div>\n\n\n<p>Votre billet indique une heure pr\u00e9cise, et vous disposez de 30 minutes apr\u00e8s cette heure pour entrer. Par exemple, si votre billet est pour 9:30, vous pouvez entrer jusqu&rsquo;\u00e0 10:00. Pass\u00e9 ce d\u00e9lai, vous perdrez votre droit d&rsquo;entr\u00e9e. Une fois \u00e0 l&rsquo;int\u00e9rieur, vous pouvez rester aussi longtemps que vous le souhaitez, mais si vous sortez, vous ne pourrez pas y revenir. Essayez d&rsquo;arriver t\u00f4t pour ne pas manquer l&rsquo;heure de votre entr\u00e9e.<\/p>\n\n\n<div class=\"gb-container gb-container-52536c5e ms-p ms-rounded ms-mb-last-child-0 ms-mb-children-condensed ms-alert--contrast ms-mb-block\">\n\n<h4 class=\"gb-headline gb-headline-2f7b646a\"><span class=\"gb-icon\"><svg viewBox=\"0 0 256 256\" fill=\"#000000\" height=\"32\" width=\"32\" xmlns=\"http:\/\/www.w3.org\/2000\/svg\"><path d=\"M128,20A108,108,0,1,0,236,128,108.12,108.12,0,0,0,128,20Zm0,192a84,84,0,1,1,84-84A84.09,84.09,0,0,1,128,212Zm-12-80V80a12,12,0,0,1,24,0v52a12,12,0,0,1-24,0Zm28,40a16,16,0,1,1-16-16A16,16,0,0,1,144,172Z\"><\/path><\/svg><\/span><span class=\"gb-headline-text\">Offre sp\u00e9ciale : Billet combin\u00e9 Gaud\u00ed<\/span><\/h4>\n\n\n\n<p>Si vous pr\u00e9voyez de visiter \u00e0 la fois la <strong>Sagrada Familia<\/strong> et le <strong>parc G\u00fcell<\/strong>, optez pour le forfait Gaud\u00ed pour un maximum de commodit\u00e9. Ce forfait comprend un acc\u00e8s coupe-file aux deux attractions ainsi que d&rsquo;autres avantages exclusifs.<br><a href=\"https:\/\/www.tiqets.com\/fr\/barcelona-attractions-c66342\/the-gaudi-bundle-p1012496\/?partner=barcelonacard\" rel=\"nofollow noopener\">Cliquez ici pour plus d&rsquo;informations sur \u00bb<\/a><\/p>\n\n<\/div>\n\n\n<h2 class=\"wp-block-heading\">\u00c0 voir et \u00e0 faire<\/h2>\n\n\n\n<p>Le parc G\u00fcell est l&rsquo;une des destinations les plus populaires de Barcelone, avec beaucoup de choses \u00e0 voir et de nombreux endroits o\u00f9 prendre de superbes photos. Voici quelques-uns des meilleurs :<\/p>\n\n\n\n<h3 class=\"wp-block-heading\">Le Tur\u00f3 de les Tres Creus<\/h3>\n\n\n\n<p>La colline des Trois Croix est le point culminant du parc et offre l&rsquo;une des vues les plus \u00e9poustouflantes sur la capitale catalane. C&rsquo;est un endroit id\u00e9al pour admirer le coucher du soleil et un lieu tr\u00e8s pris\u00e9 pour prendre des selfies avec la ville en arri\u00e8re-plan.<\/p>\n\n\n\n<h3 class=\"wp-block-heading\">La salle hypostyle<\/h3>\n\n\n\n<p>Situ\u00e9e pr\u00e8s de l&rsquo;entr\u00e9e, cette salle est compos\u00e9e d&rsquo;une for\u00eat de colonnes de style dorique qui soutiennent la terrasse centrale du parc. Le plafond est orn\u00e9 de mosa\u00efques color\u00e9es, chaque couleur repr\u00e9sentant une saison et une phase lunaire diff\u00e9rentes. C&rsquo;est un exemple frappant de l&rsquo;int\u00e9gration de l&rsquo;art et de la nature par Gaud\u00ed.<\/p>\n\n\n\n<h3 class=\"wp-block-heading\">Le viaduc et les passerelles<\/h3>\n\n\n\n<p>Con\u00e7us pendant la phase naturaliste de Gaud\u00ed, les viaducs et les passerelles du parc s&rsquo;inspirent de la nature, avec des colonnes de pierre qui semblent avoir pouss\u00e9 naturellement depuis le sol. Ces sentiers sont parfaits pour une promenade tranquille tout en admirant le g\u00e9nie architectural de Gaud\u00ed.<\/p>\n\n\n\n<h2 class=\"wp-block-heading\">Le saviez-vous ? (3 faits int\u00e9ressants !)<\/h2>\n\n\n\n<ul class=\"wp-block-list\">\n<li>Le parc G\u00fcell \u00e9tait \u00e0 l&rsquo;origine destin\u00e9 \u00e0 \u00eatre un lotissement de luxe, mais lorsque le projet initial a \u00e9chou\u00e9, il a \u00e9t\u00e9 transform\u00e9 en parc public.<\/li>\n\n\n\n<li>Gaud\u00ed a v\u00e9cu dans le parc G\u00fcell de 1906 jusqu&rsquo;\u00e0 sa mort en 1926. Sa maison, qui est aujourd&rsquo;hui la maison-mus\u00e9e Gaud\u00ed (Casa Museu Gaud\u00ed), est ouverte aux visiteurs.<\/li>\n\n\n\n<li>Les colonnes doriques de la salle hypostyle sont en r\u00e9alit\u00e9 des collecteurs d&rsquo;eau. L&rsquo;eau de pluie qui tombe sur la place principale au-dessus s&rsquo;infiltre dans une citerne souterraine, qui \u00e9tait destin\u00e9e \u00e0 alimenter les maisons du parc.<\/li>\n<\/ul>\n\n\n\n<h2 class=\"wp-block-heading\">Photos<\/h2>\n\n\n\n<figure><div class=\"ms-credits\">\n<img decoding=\"async\" class=\"gb-media-fa7fd8b2\" alt=\"Park Guell in Barcelona\" src=\"https:\/\/www.barcelonacard.org\/wp-content\/uploads\/park-guell-1746809512.jpg\" title=\"park-guell-1746809512\"\/>\n<span class='ms-credits__info' id='media935'><svg xmlns=\"http:\/\/www.w3.org\/2000\/svg\" width=\"20\" height=\"22\" fill=\"#000000\" viewBox=\"0 0 256 256\"><path d=\"M128,24A104,104,0,1,0,232,128,104.11,104.11,0,0,0,128,24Zm0,192a88,88,0,1,1,88-88A88.1,88.1,0,0,1,128,216ZM96,128a32,32,0,0,0,57.6,19.2,8,8,0,0,1,12.8,9.61,48,48,0,1,1,0-57.62,8,8,0,0,1-12.8,9.61A32,32,0,0,0,96,128Z\"><\/path><\/svg>bluebe\/<a href=https:\/\/depositphotos.com\/editorial\/panoramic-view-park-guell-barcelona-catalunya-spain-235683708.html rel='nofollow' target='_blank'>Depositphotos<\/a><\/span><span class='ms-credits__btn' id='btn_media935' onclick='ms_credits_trigger(\"#media935\", this)'><svg xmlns=\"http:\/\/www.w3.org\/2000\/svg\" class=\"info_icon\" width=\"28\" height=\"28\" fill=\"#FFF\" viewBox=\"0 0 256 256\"><path d=\"M128,24A104,104,0,1,0,232,128,104.11,104.11,0,0,0,128,24Zm0,192a88,88,0,1,1,88-88A88.1,88.1,0,0,1,128,216Zm16-40a8,8,0,0,1-8,8,16,16,0,0,1-16-16V128a8,8,0,0,1,0-16,16,16,0,0,1,16,16v40A8,8,0,0,1,144,176ZM112,84a12,12,0,1,1,12,12A12,12,0,0,1,112,84Z\"><\/path><\/svg><svg xmlns=\"http:\/\/www.w3.org\/2000\/svg\" class=\"close_icon\" width=\"28\" height=\"28\" fill=\"#FFF\" viewBox=\"0 0 256 256\"><path d=\"M165.66,101.66,139.31,128l26.35,26.34a8,8,0,0,1-11.32,11.32L128,139.31l-26.34,26.35a8,8,0,0,1-11.32-11.32L116.69,128,90.34,101.66a8,8,0,0,1,11.32-11.32L128,116.69l26.34-26.35a8,8,0,0,1,11.32,11.32ZM232,128A104,104,0,1,1,128,24,104.11,104.11,0,0,1,232,128Zm-16,0a88,88,0,1,0-88,88A88.1,88.1,0,0,0,216,128Z\"><\/path><\/svg><\/span><\/div>\n\n\n<figcaption class=\"gb-text\">Le parc G\u00fcell de l&rsquo;architecte Gaud\u00ed par une journ\u00e9e d&rsquo;\u00e9t\u00e9 \u00e0 Barcelone, en Espagne.<\/figcaption>\n<\/figure>\n\n\n\n<figure><div class=\"ms-credits\">\n<img decoding=\"async\" class=\"gb-media-6e6039e3\" alt=\"\" src=\"https:\/\/www.barcelonacard.org\/wp-content\/uploads\/lizard-fountain-1747201135.jpg\" title=\"lizard-fountain-1747201135\"\/>\n<span class='ms-credits__info' id='media998'><svg xmlns=\"http:\/\/www.w3.org\/2000\/svg\" width=\"20\" height=\"22\" fill=\"#000000\" viewBox=\"0 0 256 256\"><path d=\"M128,24A104,104,0,1,0,232,128,104.11,104.11,0,0,0,128,24Zm0,192a88,88,0,1,1,88-88A88.1,88.1,0,0,1,128,216ZM96,128a32,32,0,0,0,57.6,19.2,8,8,0,0,1,12.8,9.61,48,48,0,1,1,0-57.62,8,8,0,0,1-12.8,9.61A32,32,0,0,0,96,128Z\"><\/path><\/svg>fazon1\/<a href=https:\/\/depositphotos.com\/editorial\/lizard-fountain-at-park-guell-7644123.html rel='nofollow' target='_blank'>Depositphotos<\/a><\/span><span class='ms-credits__btn' id='btn_media998' onclick='ms_credits_trigger(\"#media998\", this)'><svg xmlns=\"http:\/\/www.w3.org\/2000\/svg\" class=\"info_icon\" width=\"28\" height=\"28\" fill=\"#FFF\" viewBox=\"0 0 256 256\"><path d=\"M128,24A104,104,0,1,0,232,128,104.11,104.11,0,0,0,128,24Zm0,192a88,88,0,1,1,88-88A88.1,88.1,0,0,1,128,216Zm16-40a8,8,0,0,1-8,8,16,16,0,0,1-16-16V128a8,8,0,0,1,0-16,16,16,0,0,1,16,16v40A8,8,0,0,1,144,176ZM112,84a12,12,0,1,1,12,12A12,12,0,0,1,112,84Z\"><\/path><\/svg><svg xmlns=\"http:\/\/www.w3.org\/2000\/svg\" class=\"close_icon\" width=\"28\" height=\"28\" fill=\"#FFF\" viewBox=\"0 0 256 256\"><path d=\"M165.66,101.66,139.31,128l26.35,26.34a8,8,0,0,1-11.32,11.32L128,139.31l-26.34,26.35a8,8,0,0,1-11.32-11.32L116.69,128,90.34,101.66a8,8,0,0,1,11.32-11.32L128,116.69l26.34-26.35a8,8,0,0,1,11.32,11.32ZM232,128A104,104,0,1,1,128,24,104.11,104.11,0,0,1,232,128Zm-16,0a88,88,0,1,0-88,88A88.1,88.1,0,0,0,216,128Z\"><\/path><\/svg><\/span><\/div>\n\n\n<figcaption class=\"gb-text\">La fontaine aux l\u00e9zards du parc G\u00fcell \u00e0 Barcelone, en Espagne.<\/figcaption>\n<\/figure>\n\n\n\n<figure>\n<img decoding=\"async\" class=\"gb-media-3e502703\" alt=\"\" src=\"https:\/\/www.barcelonacard.org\/wp-content\/uploads\/park-guell-barcelona-1747201164.jpg\" title=\"park-guell-barcelona-1747201164\"\/>\n\n\n\n<figcaption class=\"gb-text\">Le portique de la buanderie du parc G\u00fcell \u00e0 Barcelone, en Espagne.<\/figcaption>\n<\/figure>\n\n\n\n<h2 class=\"wp-block-heading\">Histoire<\/h2>\n\n\n\n<p>Avant de devenir le monument color\u00e9 que nous connaissons aujourd&rsquo;hui, le parc G\u00fcell a eu des d\u00e9buts bien diff\u00e9rents. Voici l&rsquo;histoire de ses origines :<\/p>\n\n\n\n<div class=\"ms-timeline-list\">\n<div class=\"ms-timeline-item\">\n<p class=\"gb-text ms-timeline-item__time\">1900<\/p>\n\n\n\n<p class=\"gb-text\">Un riche homme d&rsquo;affaires, Eusebi G\u00fcell, demande \u00e0 son ami, l&rsquo;architecte Antoni Gaud\u00ed, de concevoir un quartier r\u00e9sidentiel de luxe avec des jardins \u00e0 Barcelone.<\/p>\n<\/div>\n\n\n\n<div class=\"ms-timeline-item\">\n<p class=\"gb-text ms-timeline-item__time\">1906<\/p>\n\n\n\n<p class=\"gb-text\">Gaud\u00ed commence la construction sur une colline appel\u00e9e Muntanya Pelada. Le projet pr\u00e9voyait 60 maisons, mais seules deux furent achev\u00e9es.<\/p>\n<\/div>\n\n\n\n<div class=\"ms-timeline-item\">\n<p class=\"gb-text ms-timeline-item__time\">1914<\/p>\n\n\n\n<p class=\"gb-text\">Le projet est interrompu, car les maisons ne trouvent pas preneur. Cependant, les magnifiques jardins, all\u00e9es et b\u00e2timents sont conserv\u00e9s.<\/p>\n<\/div>\n\n\n\n<div class=\"ms-timeline-item\">\n<p class=\"gb-text ms-timeline-item__time\">1922<\/p>\n\n\n\n<p class=\"gb-text\">La famille d&rsquo;Eusebi G\u00fcell fait don du parc \u00e0 la ville de Barcelone.<\/p>\n<\/div>\n\n\n\n<div class=\"ms-timeline-item\">\n<p class=\"gb-text ms-timeline-item__time\">1926<\/p>\n\n\n\n<p class=\"gb-text\">Le parc G\u00fcell ouvre officiellement ses portes au public. C&rsquo;est \u00e9galement l&rsquo;ann\u00e9e du d\u00e9c\u00e8s de Gaud\u00ed.<\/p>\n<\/div>\n\n\n\n<div class=\"ms-timeline-item\">\n<p class=\"gb-text ms-timeline-item__time\">1984<\/p>\n\n\n\n<p class=\"gb-text\">Le parc G\u00fcell est class\u00e9 au patrimoine mondial de l&rsquo;UNESCO pour son design unique et magnifique.<\/p>\n<\/div>\n\n\n\n<div class=\"ms-timeline-item\">\n<p class=\"gb-text ms-timeline-item__time\">Aujourd&rsquo;hui<\/p>\n\n\n\n<p class=\"gb-text\">Le parc G\u00fcell est l&rsquo;un des plus c\u00e9l\u00e8bres au monde. C&rsquo;est un m\u00e9lange de nature, d&rsquo;art et d&rsquo;imagination o\u00f9 des millions de personnes viennent se promener, prendre des photos et appr\u00e9cier le style ludique de Gaud\u00ed.<\/p>\n<\/div>\n<\/div>\n\n\n\n<h2 class=\"wp-block-heading\">Carte et adresse (emplacement)<\/h2>\n\n\n\n<address class=\"ms-mapblock ms-mb-block\">\n\t\n\t\t<h4>\n\t\t\tPark Guell\t\t<\/h2>\n\n\t\t<p class=\"ms-mb-0\">\n            <img decoding=\"async\" class=\"ms-mapblock__map ms-rounded\" src=\"https:\/\/www.barcelonacard.org\/fr\/wp-content\/uploads\/sites\/8\/maps\/staticmap_41.4144948_2.1526945_14_768x432.png\" alt=\"Park Guell\" \/>\n\t\t<\/p>\n\n\t\t<p class=\"ms-text-sm ms-text-muted\">\n\t\t\tPark G\u00fcell, Gr\u00e0cia, 08024 Barcelona, Spain \u00b7\n\t\t\t<a rel=\"nofollow noopener\" target=\"_blank\" href=\"https:\/\/maps.google.com\/?q=41.4144948,2.1526945\">Google Maps<\/a>\n\t\t<\/p>\n\n\t<\/address>\n\n\n<h2 class=\"wp-block-heading\">Comment s&rsquo;y rendre<\/h2>\n\n\n\n<p>Le parc G\u00fcell poss\u00e8de plusieurs entr\u00e9es. Pour un acc\u00e8s plus facile et plus pratique, nous vous recommandons les suivantes :<\/p>\n\n\n\n<ul class=\"wp-block-list\">\n<li>Carretera del Carmel, 23 \u2013 cette entr\u00e9e dispose \u00e9galement d&rsquo;un parking pour les autocars.<\/li>\n\n\n\n<li>Carrer de Larrard \u2013 entr\u00e9e depuis les rues lat\u00e9rales Carrer d&rsquo;Olot \/ Carrer Marianao.<\/li>\n\n\n\n<li>Avinguda del Santuari de Sant Josep de la Muntanya \u2013 entr\u00e9e avec escalier m\u00e9canique.<\/li>\n<\/ul>\n\n\n\n<p><strong>\ud83d\ude87 M\u00e9tro<\/strong> <strong>:<\/strong> Prenez la ligne L3 (verte) et descendez \u00e0 la station Lesseps. De l\u00e0, comptez environ 20 minutes de marche. Nous vous conseillons de choisir l&rsquo;entr\u00e9e par l&rsquo;Avinguda del Santuari de Sant Josep de la Muntanya, qui est \u00e9quip\u00e9e d&rsquo;un escalier m\u00e9canique.<\/p>\n\n\n\n<p><strong>\ud83d\ude8c Bus :<\/strong><\/p>\n\n\n\n<ul class=\"wp-block-list\">\n<li>Bus H6 et D40 : descendez \u00e0 l&rsquo;arr\u00eat Travessera de Dalt. Il vous faudra 10 minutes de marche pour rejoindre l&rsquo;entr\u00e9e sur Sant Josep de la Muntanya ou Carrer de Larrard.<\/li>\n\n\n\n<li>Bus 24 et V19 : ils s&rsquo;arr\u00eatent juste \u00e0 c\u00f4t\u00e9 de l&rsquo;entr\u00e9e principale, sur Carretera del Carmel.<\/li>\n<\/ul>\n\n\n\n<p><strong>\ud83d\ude8c Bus touristiques<\/strong> <strong>:<\/strong> Le <a href=\"https:\/\/www.tiqets.com\/fr\/activites-attractions-barcelone-c66342\/billets-pour-bus-touristique-de-barcelone-visite-en-bus-hop-on-hop-off-p974325\/?partner=barcelonacard\" rel=\"nofollow noopener\">Bus Touristique de Barcelone<\/a> (ligne bleue) et le <a href=\"https:\/\/www.tiqets.com\/fr\/barcelona-attractions-c66342\/tickets-for-city-tour-barcelona-p974590\/?partner=barcelonacard\" rel=\"nofollow noopener\">City Tour de Barcelone<\/a> (itin\u00e9raire vert) s&rsquo;arr\u00eatent sur l&rsquo;Avinguda de la Mare de D\u00e9u de Montserrat. De l\u00e0, il faut compter 10 minutes de marche par l&rsquo;avenue Pompeu Fabra.<\/p>\n\n\n\n<p><strong>\ud83d\ude96 Taxi :<\/strong> Les taxis peuvent vous d\u00e9poser \u00e0 l&rsquo;entr\u00e9e de la Carretera del Carmel, la plus proche et la plus pratique.<\/p>\n\n\n\n<p>\ud83d\ude97 <strong>Voiture<\/strong> <strong>:<\/strong> Vous pouvez vous garer au parking BSM Travessera de Dalt \u2013 Park G\u00fcell. Utilisez l&rsquo;application smou pour g\u00e9rer votre stationnement et b\u00e9n\u00e9ficier d&rsquo;une r\u00e9duction de 30 %.<\/p>\n\n\n\n<p><\/p>\n","protected":false},"excerpt":{"rendered":"<p>Un monde de mosa\u00efques sign\u00e9 Gaud\u00ed avec vue sur la ville. Un joyau de l&rsquo;UNESCO qui affiche vite complet.<\/p>\n","protected":false},"author":4,"featured_media":862,"parent":0,"menu_order":4,"template":"","meta":{"_acf_changed":false,"button_url":"https:\/\/www.tiqets.com\/fr\/barcelona-attractions-c66342\/tickets-for-park-guell-entry-ticket-audio-guide-p1111514\/?partner=barcelonacard","ms_product_id":"1111514","ms_product_name":"Park G\u00fcell: Entry Ticket + Audio Guide","ms_price":"20","ms_currency":"EUR","ms_rating_value":"4.3","ms_review_count":"37161","product_id":"","street_address":"","city":"","country":"","postal_code":"","lattitude":"","longitude":"","rank_math_title":"Parc G\u00fcell\u00a0: Achetez vos billets en ligne | \u00c0 partir de \u20ac%customfield(ms_price)% | Billet coupe-file","rank_math_description":"DISPONIBILIT\u00c9 LIMIT\u00c9E - R\u00e9servez vos billets pour le Parc G\u00fcell de Barcelone et profitez d'un acc\u00e8s coupe-file \u00e0 ce magnifique parc. Explorez la zone monumentale, parcourez les all\u00e9es en pierre et prenez un selfie devant le c\u00e9l\u00e8bre dragon de Gaud\u00ed. Impossible de le manquer !"},"ticket-type":[],"producer":[],"class_list":["post-971","ticket","type-ticket","status-publish","has-post-thumbnail","hentry"],"acf":[],"product_schema":{"ms_product_id":"1111514","ms_product_name":"Park G\u00fcell: Entry Ticket + Audio Guide","ms_price":"20","ms_currency":"EUR","ms_rating_value":"4.3","ms_review_count":"37161"},"location_schema":{"product_id":"","street_address":"","city":"","country":"","postal_code":"","lattitude":"","longitude":""},"_links":{"self":[{"href":"https:\/\/www.barcelonacard.org\/fr\/wp-json\/wp\/v2\/ticket\/971","targetHints":{"allow":["GET"]}}],"collection":[{"href":"https:\/\/www.barcelonacard.org\/fr\/wp-json\/wp\/v2\/ticket"}],"about":[{"href":"https:\/\/www.barcelonacard.org\/fr\/wp-json\/wp\/v2\/types\/ticket"}],"author":[{"embeddable":true,"href":"https:\/\/www.barcelonacard.org\/fr\/wp-json\/wp\/v2\/users\/4"}],"wp:featuredmedia":[{"embeddable":true,"href":"https:\/\/www.barcelonacard.org\/fr\/wp-json\/wp\/v2\/media\/862"}],"wp:attachment":[{"href":"https:\/\/www.barcelonacard.org\/fr\/wp-json\/wp\/v2\/media?parent=971"}],"wp:term":[{"taxonomy":"ticket-type","embeddable":true,"href":"https:\/\/www.barcelonacard.org\/fr\/wp-json\/wp\/v2\/ticket-type?post=971"},{"taxonomy":"producer","embeddable":true,"href":"https:\/\/www.barcelonacard.org\/fr\/wp-json\/wp\/v2\/producer?post=971"}],"curies":[{"name":"wp","href":"https:\/\/api.w.org\/{rel}","templated":true}]}}