{"id":967,"date":"2025-08-19T01:08:13","date_gmt":"2025-08-18T23:08:13","guid":{"rendered":"https:\/\/www.barcelonacard.org\/es\/?post_type=ticket&#038;p=967"},"modified":"2026-04-07T17:13:53","modified_gmt":"2026-04-07T15:13:53","slug":"park-guell","status":"publish","type":"ticket","link":"https:\/\/www.barcelonacard.org\/es\/entradas\/park-guell\/","title":{"rendered":"Entradas Park G\u00fcell"},"content":{"rendered":"\n<div class=\"wp-block-group is-nowrap is-layout-flex wp-container-core-group-is-layout-ad2f72ca wp-block-group-is-layout-flex\">\n<div class=\"gb-text ms-badge ms-badge--primary ms-mb-block\">Patrimonio de la Humanidad<\/div>\n\n\n\n<div class=\"gb-text ms-badge ms-badge--primary ms-mb-block\">Sin colas<\/div>\n\n\n\n<div class=\"gb-text ms-badge ms-badge--primary ms-mb-block\">Se agota r\u00e1pido<\/div>\n\n\n\n<div class=\"gb-text ms-badge ms-badge--primary ms-mb-block\">Imprescindible<\/div>\n<\/div>\n\n\n\n<div class=\"ms-rounded ms-mb-last-child-0 ms-mb-block ms-tfs--contrast ms-p ms-tfs\">\n<h3 class=\"gb-text\">\ud83c\udf9f\ufe0f Entradas Para El Park G\u00fcell<\/h3>\n\n\n\n<p class=\"ms-link-unstyled\"><a href=\"https:\/\/www.tiqets.com\/es\/barcelona-attractions-c66342\/tickets-for-park-guell-entry-ticket-audio-guide-p1111514\/?partner=barcelonacard\" rel=\"nofollow noopener\"><strong>Park G\u00fcell: Entrada + Audiogu\u00eda<\/strong><\/a><\/p>\n\n\n\n<p>Si te apetece recorrer el parque a tu aire y sin prisas, esta entrada te da acceso a la Zona Monumental del Park G\u00fcell e incluye una audiogu\u00eda que puedes descargar en tu tel\u00e9fono. \u00a1S\u00faper f\u00e1cil y flexible.<\/p>\n\n\n\n<p class=\"ms-link-unstyled\"><a href=\"https:\/\/www.tiqets.com\/es\/barcelona-attractions-c66342\/tickets-for-park-guell-guided-tour-p1107460\/?partner=barcelonacard\" data-type=\"link\" data-id=\"https:\/\/www.tiqets.com\/en\/barcelona-attractions-c66342\/tickets-for-park-guell-guided-tour-p1107460\/?partner=barcelonacard\" rel=\"nofollow noopener\"><strong>Park G\u00fcell: Visita guiada<\/strong><\/a><\/p>\n\n\n\n<p class=\"ms-link-unstyled\">Si prefieres que alguien te cuente la historia y los detalles de lo que est\u00e1s viendo, esta visita es una excelente opci\u00f3n. Un gu\u00eda te acompa\u00f1ar\u00e1 por el parque y te desvelar\u00e1 historias interesantes sobre Gaud\u00ed y el dise\u00f1o de este lugar. Ideal para quienes visitan el parque por primera vez o para cualquiera que sienta curiosidad por su historia y simbolismo.<\/p>\n\n\n\n<hr class=\"wp-block-separator has-alpha-channel-opacity\"\/>\n\n\n\n<h3 class=\"wp-block-heading\">\ud83c\udfab \u00bfQuieres ver m\u00e1s en Barcelona? \u00a1Estos paquetes te lo ponen muy f\u00e1cil!<\/h3>\n\n\n\n<ul class=\"wp-block-list\">\n<li>El <strong><a href=\"https:\/\/www.tiqets.com\/es\/atracciones-barcelona-c66342\/entradas-para-pase-lo-mejor-de-barcelona-p1031461\/?partner=barcelonacard\" data-type=\"link\" data-id=\"https:\/\/www.tiqets.com\/es\/atracciones-barcelona-c66342\/entradas-para-pase-lo-mejor-de-barcelona-p1031461\/?partner=barcelonacard\" rel=\"nofollow noopener\">Pase Lo mejor de Barcelona<\/a><\/strong> incluye el Park G\u00fcell, la Sagrada Familia y la Casa Batll\u00f3.<\/li>\n\n\n\n<li>El <strong><a href=\"https:\/\/www.barcelonacard.org\/es\/tickets\/barcelona-city-pass\/\" target=\"_blank\" data-type=\"link\" data-id=\"https:\/\/www.barcelonacard.org\/tickets\/barcelona-city-pass\/\" rel=\"noreferrer noopener\">Barcelona Pass<\/a><\/strong> te ofrece el Park G\u00fcell, la Sagrada Familia y una atracci\u00f3n m\u00e1s a elegir entre la Casa Batll\u00f3, La Pedrera o el autob\u00fas tur\u00edstico.<\/li>\n\n\n\n<li>\u00bfEres un gran fan de Gaud\u00ed? El <strong><a href=\"https:\/\/www.barcelonacard.org\/es\/tickets\/paquete-gaudi\/\" target=\"_blank\" data-type=\"link\" data-id=\"https:\/\/www.barcelonacard.org\/tickets\/gaudi-bundle\/\" rel=\"noreferrer noopener\">Paquete Gaud\u00ed<\/a><\/strong> cubre sus obras m\u00e1s importantes.<\/li>\n<\/ul>\n\n\n\n<hr class=\"wp-block-separator has-alpha-channel-opacity\"\/>\n\n\n\n<h3 class=\"wp-block-heading\">\u2705 Recomendaciones r\u00e1pidas<\/h3>\n\n\n\n<ul class=\"wp-block-list\">\n<li>Viajeros individuales: La entrada + audiogu\u00eda es perfecta<\/li>\n\n\n\n<li>Quienes visitan la ciudad por primera vez: Prueben la visita guiada.<\/li>\n\n\n\n<li>Amantes de Gaud\u00ed: Elijan la Experiencia Gaud\u00ed o el Paquete Gaud\u00ed.<\/li>\n\n\n\n<li>Quienes desean ver las principales atracciones: Elijan Pase Lo mejor de Barcelona<\/li>\n\n\n\n<li>Si buscas flexibilidad: Elige el Barcelona Pass<\/li>\n<\/ul>\n\n\n\n<div class=\"ms-cta-button-options ms-mb-block ms-cta\">\n<a class=\"gb-text ms-btn ms-btn--primary ms-shadow\" href=\"https:\/\/www.tiqets.com\/es\/barcelona-attractions-c66342\/tickets-for-park-guell-entry-ticket-audio-guide-p1111514\/?partner=barcelonacard\" rel=\"nofollow noopener\">Entradas Park G\u00fcell<\/a>\n\n\n\n<a class=\"gb-text ms-btn ms-btn--outline-primary ms-shadow\" href=\"https:\/\/www.tiqets.com\/es\/park-guell-tickets-l141902\/?partner=barcelonacard\" rel=\"nofollow noopener\">Todas las opciones de entradas<\/a>\n<\/div>\n<\/div>\n\n\n\n<p>Ninguna visita a Barcelona estar\u00eda completa sin pasar por el Park G\u00fcell, el parque m\u00e1s importante de la ciudad, dise\u00f1ado por el c\u00e9lebre arquitecto Antoni Gaud\u00ed.<\/p>\n\n\n\n<h2 class=\"wp-block-heading\">Aspectos destacados<\/h2>\n\n\n<ul class=\"gb-container gb-container-53b82d66 ms-mb-block ms-icon-list\">\n\n<li class=\"gb-headline gb-headline-f5138486 ms-icon-list__item\"><span class=\"gb-icon\"><svg viewBox=\"0 0 256 256\" fill=\"#000000\" height=\"32\" width=\"32\" xmlns=\"http:\/\/www.w3.org\/2000\/svg\"><path d=\"M232.49,80.49l-128,128a12,12,0,0,1-17,0l-56-56a12,12,0,1,1,17-17L96,183,215.51,63.51a12,12,0,0,1,17,17Z\"><\/path><\/svg><\/span><span class=\"gb-headline-text\">El Park G\u00fcell atrae a much\u00edsimos visitantes, por eso es importante reservar tus entradas online para saltarte las colas<\/span><\/li>\n\n\n\n<li class=\"gb-headline gb-headline-eb81dbda ms-icon-list__item\"><span class=\"gb-icon\"><svg viewBox=\"0 0 256 256\" fill=\"#000000\" height=\"32\" width=\"32\" xmlns=\"http:\/\/www.w3.org\/2000\/svg\"><path d=\"M232.49,80.49l-128,128a12,12,0,0,1-17,0l-56-56a12,12,0,1,1,17-17L96,183,215.51,63.51a12,12,0,0,1,17,17Z\"><\/path><\/svg><\/span><span class=\"gb-headline-text\">Elige la fecha y la hora que mejor se adapte a tus planes de vacaciones<\/span><\/li>\n\n\n\n<li class=\"gb-headline gb-headline-b37bb796 ms-icon-list__item\"><span class=\"gb-icon\"><svg viewBox=\"0 0 256 256\" fill=\"#000000\" height=\"32\" width=\"32\" xmlns=\"http:\/\/www.w3.org\/2000\/svg\"><path d=\"M232.49,80.49l-128,128a12,12,0,0,1-17,0l-56-56a12,12,0,1,1,17-17L96,183,215.51,63.51a12,12,0,0,1,17,17Z\"><\/path><\/svg><\/span><span class=\"gb-headline-text\">Sube a la cima de la colina y disfruta de unas vistas espectaculares de Barcelona a tus pies.<\/span><\/li>\n\n<\/ul>\n\n\n<h2 class=\"wp-block-heading\">Entradas y precios<\/h2>\n\n\n\n<p>El Park G\u00fcell ofrece entradas a precios razonables, con entrada gratuita para ni\u00f1os de hasta seis a\u00f1os. \u00a1Hay varias opciones disponibles para que elijas la que m\u00e1s te convenga!<\/p>\n\n\n\n<p>Dada la gran popularidad del parque, es muy recomendable reservar las entradas online con antelaci\u00f3n para asegurarte la franja horaria que prefieras. La visita guiada es especialmente interesante para aquellos apasionados por la importancia hist\u00f3rica y arquitect\u00f3nica de la obra de Gaud\u00ed.<\/p>\n\n\n\n<h2 class=\"wp-block-heading\">Horario de apertura<\/h2>\n\n\n<div class=\"ms-table\"><table><tr><th>Per\u00edodo<\/th><th>Horario de apertura<\/th><th>\u00daltima entrada<\/th><\/tr><tr><td>25 de octubre \u2013 6 de febrero<\/td><td>9:30 \u2013 17:30<\/td><td>16:30<\/td><\/tr><tr><td>7 de febrero \u2013 28 de marzo<\/td><td>9:30 \u2013 18:00<\/td><td>17:00<\/td><\/tr><tr><td>29 de marzo \u2013 24 de octubre<\/td><td>9:30 \u2013 19:30<\/td><td>18:30<\/td><\/tr><\/table><\/div>\n\n\n<p>Tu entrada tiene una hora fijada y dispones de 30 minutos para entrar despu\u00e9s de esa hora. Por ejemplo, si tu entrada es para las 9:30 h, puedes entrar hasta las 10:00 h. Pasado ese tiempo, perder\u00e1s tu derecho a entrar.<\/p>\n\n\n\n<p>Una vez dentro, puedes quedarte todo el tiempo que quieras, pero si sales, no podr\u00e1s volver a entrar. Intenta llegar temprano para no perder tu hora de entrada.<\/p>\n\n\n<div class=\"gb-container gb-container-52536c5e ms-p ms-rounded ms-mb-last-child-0 ms-mb-children-condensed ms-alert--contrast ms-mb-block\">\n\n<h4 class=\"gb-headline gb-headline-2f7b646a\"><span class=\"gb-icon\"><svg viewBox=\"0 0 256 256\" fill=\"#000000\" height=\"32\" width=\"32\" xmlns=\"http:\/\/www.w3.org\/2000\/svg\"><path d=\"M128,20A108,108,0,1,0,236,128,108.12,108.12,0,0,0,128,20Zm0,192a84,84,0,1,1,84-84A84.09,84.09,0,0,1,128,212Zm-12-80V80a12,12,0,0,1,24,0v52a12,12,0,0,1-24,0Zm28,40a16,16,0,1,1-16-16A16,16,0,0,1,144,172Z\"><\/path><\/svg><\/span><span class=\"gb-headline-text\">Oferta especial: El Paquete Gaud\u00ed<\/span><\/h4>\n\n\n\n<p>Si tienes pensado visitar tanto la <strong>Sagrada Familia<\/strong> como el <strong>Park G\u00fcell<\/strong>, \u00a1hazte con el <strong>Paquete Gaud\u00ed<\/strong> para disfrutar de la m\u00e1xima comodidad! Este paquete incluye <strong>acceso sin colas a ambas atracciones<\/strong>, adem\u00e1s de otras ventajas exclusivas.<br><a href=\"https:\/\/www.tiqets.com\/es\/barcelona-attractions-c66342\/the-gaudi-bundle-p1012496\/?partner=barcelonacard\" rel=\"nofollow noopener\">Haga clic aqu\u00ed para obtener m\u00e1s informaci\u00f3n \u00bb<\/a><\/p>\n\n<\/div>\n\n\n<h2 class=\"wp-block-heading\">Qu\u00e9 ver y hacer<\/h2>\n\n\n\n<p>El Park G\u00fcell es uno de los destinos m\u00e1s populares de Barcelona, con much\u00edsimo que ver y muchos lugares para tomar fotos incre\u00edbles. Estos son algunos de los mejores rincones:<\/p>\n\n\n\n<h3 class=\"wp-block-heading\"><strong>Tur\u00f3 de les Tres Creus<\/strong> <\/h3>\n\n\n\n<p>La colina de las Tres Cruces es el punto m\u00e1s alto del parque y ofrece una de las vistas m\u00e1s impresionantes de la capital catalana. Es un lugar ideal para ver la puesta de sol y muy popular para hacerse <em>selfies<\/em> con el paisaje urbano de fondo.<\/p>\n\n\n\n<p><strong>Sala Hip\u00f3stila<\/strong> <\/p>\n\n\n\n<p>Situada cerca de la entrada, esta sala cuenta con un \u00abbosque\u00bb de columnas de estilo d\u00f3rico que sostienen la terraza central del parque. El techo est\u00e1 adornado con coloridos mosaicos, cada uno de los cuales representa una estaci\u00f3n del a\u00f1o y una fase lunar. Es un ejemplo sorprendente de c\u00f3mo Gaud\u00ed integraba el arte y la naturaleza.<\/p>\n\n\n\n<p><strong>El viaducto y las pasarelas<\/strong> <\/p>\n\n\n\n<p>Dise\u00f1ados durante la etapa naturalista de Gaud\u00ed, los viaductos y pasarelas del parque est\u00e1n inspirados en la naturaleza, con columnas de piedra que parecen haber crecido de forma natural desde el suelo. Estos senderos son perfectos para dar un paseo tranquilo mientras se admira el genio arquitect\u00f3nico de Gaud\u00ed.<\/p>\n\n\n\n<h2 class=\"wp-block-heading\">\u00bfSab\u00edas que\u2026? (\u00a13 datos muy interesantes!)<\/h2>\n\n\n\n<ul class=\"wp-block-list\">\n<li>El Park G\u00fcell fue concebido originalmente como una urbanizaci\u00f3n de lujo, \u00a1pero el plan original no prosper\u00f3 y se convirti\u00f3 en un parque p\u00fablico!<\/li>\n\n\n\n<li>GGaud\u00ed vivi\u00f3 en el Park G\u00fcell desde 1906 hasta su muerte en 1926. Su casa, que ahora es la Casa Museo Gaud\u00ed, est\u00e1 abierta al p\u00fablico.<\/li>\n\n\n\n<li>Las columnas d\u00f3ricas de la sala hip\u00f3stila son en realidad colectores de agua. El agua de lluvia que cae en la plaza principal se filtra a trav\u00e9s de una cisterna subterr\u00e1nea, que estaba destinada a abastecer las casas del parque.<\/li>\n<\/ul>\n\n\n\n<h2 class=\"wp-block-heading\">Fotos<\/h2>\n\n\n\n<figure><div class=\"ms-credits\">\n<img decoding=\"async\" class=\"gb-media-fa7fd8b2\" alt=\"Park Guell in Barcelona\" src=\"https:\/\/www.barcelonacard.org\/wp-content\/uploads\/park-guell-1746809512.jpg\" title=\"park-guell-1746809512\"\/>\n<span class='ms-credits__info' id='media935'><svg xmlns=\"http:\/\/www.w3.org\/2000\/svg\" width=\"20\" height=\"22\" fill=\"#000000\" viewBox=\"0 0 256 256\"><path d=\"M128,24A104,104,0,1,0,232,128,104.11,104.11,0,0,0,128,24Zm0,192a88,88,0,1,1,88-88A88.1,88.1,0,0,1,128,216ZM96,128a32,32,0,0,0,57.6,19.2,8,8,0,0,1,12.8,9.61,48,48,0,1,1,0-57.62,8,8,0,0,1-12.8,9.61A32,32,0,0,0,96,128Z\"><\/path><\/svg>bluebe\/<a href=https:\/\/depositphotos.com\/editorial\/panoramic-view-park-guell-barcelona-catalunya-spain-235683708.html rel='nofollow' target='_blank'>Depositphotos<\/a><\/span><span class='ms-credits__btn' id='btn_media935' onclick='ms_credits_trigger(\"#media935\", this)'><svg xmlns=\"http:\/\/www.w3.org\/2000\/svg\" class=\"info_icon\" width=\"28\" height=\"28\" fill=\"#FFF\" viewBox=\"0 0 256 256\"><path d=\"M128,24A104,104,0,1,0,232,128,104.11,104.11,0,0,0,128,24Zm0,192a88,88,0,1,1,88-88A88.1,88.1,0,0,1,128,216Zm16-40a8,8,0,0,1-8,8,16,16,0,0,1-16-16V128a8,8,0,0,1,0-16,16,16,0,0,1,16,16v40A8,8,0,0,1,144,176ZM112,84a12,12,0,1,1,12,12A12,12,0,0,1,112,84Z\"><\/path><\/svg><svg xmlns=\"http:\/\/www.w3.org\/2000\/svg\" class=\"close_icon\" width=\"28\" height=\"28\" fill=\"#FFF\" viewBox=\"0 0 256 256\"><path d=\"M165.66,101.66,139.31,128l26.35,26.34a8,8,0,0,1-11.32,11.32L128,139.31l-26.34,26.35a8,8,0,0,1-11.32-11.32L116.69,128,90.34,101.66a8,8,0,0,1,11.32-11.32L128,116.69l26.34-26.35a8,8,0,0,1,11.32,11.32ZM232,128A104,104,0,1,1,128,24,104.11,104.11,0,0,1,232,128Zm-16,0a88,88,0,1,0-88,88A88.1,88.1,0,0,0,216,128Z\"><\/path><\/svg><\/span><\/div>\n\n\n<figcaption class=\"gb-text\">El Parque G\u00fcell, obra del arquitecto Gaud\u00ed, en un d\u00eda de verano en Barcelona, Espa\u00f1a<\/figcaption>\n<\/figure>\n\n\n\n<figure><div class=\"ms-credits\">\n<img decoding=\"async\" class=\"gb-media-6e6039e3\" alt=\"\" src=\"https:\/\/www.barcelonacard.org\/wp-content\/uploads\/lizard-fountain-1747201135.jpg\" title=\"lizard-fountain-1747201135\"\/>\n<span class='ms-credits__info' id='media998'><svg xmlns=\"http:\/\/www.w3.org\/2000\/svg\" width=\"20\" height=\"22\" fill=\"#000000\" viewBox=\"0 0 256 256\"><path d=\"M128,24A104,104,0,1,0,232,128,104.11,104.11,0,0,0,128,24Zm0,192a88,88,0,1,1,88-88A88.1,88.1,0,0,1,128,216ZM96,128a32,32,0,0,0,57.6,19.2,8,8,0,0,1,12.8,9.61,48,48,0,1,1,0-57.62,8,8,0,0,1-12.8,9.61A32,32,0,0,0,96,128Z\"><\/path><\/svg>YuliyaGusyeva\/<a href=https:\/\/depositphotos.com\/editorial\/salou-spain-may-2015-portaventura-roller-coaster-shambala-motion-famous-384820482.html rel='nofollow' target='_blank'>Depositphotos<\/a><\/span><span class='ms-credits__btn' id='btn_media998' onclick='ms_credits_trigger(\"#media998\", this)'><svg xmlns=\"http:\/\/www.w3.org\/2000\/svg\" class=\"info_icon\" width=\"28\" height=\"28\" fill=\"#FFF\" viewBox=\"0 0 256 256\"><path d=\"M128,24A104,104,0,1,0,232,128,104.11,104.11,0,0,0,128,24Zm0,192a88,88,0,1,1,88-88A88.1,88.1,0,0,1,128,216Zm16-40a8,8,0,0,1-8,8,16,16,0,0,1-16-16V128a8,8,0,0,1,0-16,16,16,0,0,1,16,16v40A8,8,0,0,1,144,176ZM112,84a12,12,0,1,1,12,12A12,12,0,0,1,112,84Z\"><\/path><\/svg><svg xmlns=\"http:\/\/www.w3.org\/2000\/svg\" class=\"close_icon\" width=\"28\" height=\"28\" fill=\"#FFF\" viewBox=\"0 0 256 256\"><path d=\"M165.66,101.66,139.31,128l26.35,26.34a8,8,0,0,1-11.32,11.32L128,139.31l-26.34,26.35a8,8,0,0,1-11.32-11.32L116.69,128,90.34,101.66a8,8,0,0,1,11.32-11.32L128,116.69l26.34-26.35a8,8,0,0,1,11.32,11.32ZM232,128A104,104,0,1,1,128,24,104.11,104.11,0,0,1,232,128Zm-16,0a88,88,0,1,0-88,88A88.1,88.1,0,0,0,216,128Z\"><\/path><\/svg><\/span><\/div>\n\n\n<figcaption class=\"gb-text\">La fuente de los lagartos en el Parque G\u00fcell de Barcelona, Espa\u00f1a<\/figcaption>\n<\/figure>\n\n\n\n<figure><div class=\"ms-credits\">\n<img decoding=\"async\" class=\"gb-media-3e502703\" alt=\"\" src=\"https:\/\/www.barcelonacard.org\/wp-content\/uploads\/park-guell-barcelona-1747201164.jpg\" title=\"park-guell-barcelona-1747201164\"\/>\n<span class='ms-credits__info' id='media999'><svg xmlns=\"http:\/\/www.w3.org\/2000\/svg\" width=\"20\" height=\"22\" fill=\"#000000\" viewBox=\"0 0 256 256\"><path d=\"M128,24A104,104,0,1,0,232,128,104.11,104.11,0,0,0,128,24Zm0,192a88,88,0,1,1,88-88A88.1,88.1,0,0,1,128,216ZM96,128a32,32,0,0,0,57.6,19.2,8,8,0,0,1,12.8,9.61,48,48,0,1,1,0-57.62,8,8,0,0,1-12.8,9.61A32,32,0,0,0,96,128Z\"><\/path><\/svg>Pitstock\/<a href=https:\/\/depositphotos.com\/editorial\/scenic-view-europe-newest-theme-park-ferrari-land-part-portaventura-413565430.html rel='nofollow' target='_blank'>Depositphotos<\/a><\/span><span class='ms-credits__btn' id='btn_media999' onclick='ms_credits_trigger(\"#media999\", this)'><svg xmlns=\"http:\/\/www.w3.org\/2000\/svg\" class=\"info_icon\" width=\"28\" height=\"28\" fill=\"#FFF\" viewBox=\"0 0 256 256\"><path d=\"M128,24A104,104,0,1,0,232,128,104.11,104.11,0,0,0,128,24Zm0,192a88,88,0,1,1,88-88A88.1,88.1,0,0,1,128,216Zm16-40a8,8,0,0,1-8,8,16,16,0,0,1-16-16V128a8,8,0,0,1,0-16,16,16,0,0,1,16,16v40A8,8,0,0,1,144,176ZM112,84a12,12,0,1,1,12,12A12,12,0,0,1,112,84Z\"><\/path><\/svg><svg xmlns=\"http:\/\/www.w3.org\/2000\/svg\" class=\"close_icon\" width=\"28\" height=\"28\" fill=\"#FFF\" viewBox=\"0 0 256 256\"><path d=\"M165.66,101.66,139.31,128l26.35,26.34a8,8,0,0,1-11.32,11.32L128,139.31l-26.34,26.35a8,8,0,0,1-11.32-11.32L116.69,128,90.34,101.66a8,8,0,0,1,11.32-11.32L128,116.69l26.34-26.35a8,8,0,0,1,11.32,11.32ZM232,128A104,104,0,1,1,128,24,104.11,104.11,0,0,1,232,128Zm-16,0a88,88,0,1,0-88,88A88.1,88.1,0,0,0,216,128Z\"><\/path><\/svg><\/span><\/div>\n\n\n<figcaption class=\"gb-text\">El p\u00f3rtico de la lavander\u00eda en el Parque G\u00fcell de Barcelona, Espa\u00f1a<\/figcaption>\n<\/figure>\n\n\n\n<h2 class=\"wp-block-heading\"><strong>Historia<\/strong><\/h2>\n\n\n\n<p>Antes de convertirse en el colorido lugar emblem\u00e1tico que conocemos hoy en d\u00eda, el Park G\u00fcell tuvo un comienzo muy diferente. Esta es la historia de c\u00f3mo empez\u00f3 todo:<\/p>\n\n\n\n<div class=\"ms-timeline-list\">\n<div class=\"ms-timeline-item\">\n<p class=\"gb-text ms-timeline-item__time\">1900<\/p>\n\n\n\n<p class=\"gb-text\">Un rico empresario llamado Eusebi G\u00fcell pidi\u00f3 a su amigo, el arquitecto Antoni Gaud\u00ed, que dise\u00f1ara un elegante barrio ajardinado en Barcelona.<\/p>\n<\/div>\n\n\n\n<div class=\"ms-timeline-item\">\n<p class=\"gb-text ms-timeline-item__time\">1906<\/p>\n\n\n\n<p class=\"gb-text\">Gaud\u00ed comenz\u00f3 a construir en una colina llamada Muntanya Pelada. El plan era levantar 60 casas, pero solo se terminaron 2.<\/p>\n<\/div>\n\n\n\n<div class=\"ms-timeline-item\">\n<p class=\"gb-text ms-timeline-item__time\">1914<\/p>\n\n\n\n<p class=\"gb-text\">El proyecto se detuvo porque la gente no compraba las casas. Pero los hermosos jardines, senderos y edificios se mantuvieron.<\/p>\n<\/div>\n\n\n\n<div class=\"ms-timeline-item\">\n<p class=\"gb-text ms-timeline-item__time\">1922<\/p>\n\n\n\n<p class=\"gb-text\">La familia de Eusebi G\u00fcell don\u00f3 el parque a la ciudad de Barcelona.<\/p>\n<\/div>\n\n\n\n<div class=\"ms-timeline-item\">\n<p class=\"gb-text ms-timeline-item__time\">1926<\/p>\n\n\n\n<p class=\"gb-text\">El Park G\u00fcell abri\u00f3 oficialmente como parque p\u00fablico. Gaud\u00ed tambi\u00e9n falleci\u00f3 ese mismo a\u00f1o.<\/p>\n<\/div>\n\n\n\n<div class=\"ms-timeline-item\">\n<p class=\"gb-text ms-timeline-item__time\">1984<\/p>\n\n\n\n<p class=\"gb-text\">El Park G\u00fcell fue declarado Patrimonio de la Humanidad por la UNESCO por su dise\u00f1o \u00fanico y hermoso.<\/p>\n<\/div>\n\n\n\n<div class=\"ms-timeline-item\">\n<p class=\"gb-text ms-timeline-item__time\">Hoy<\/p>\n\n\n\n<p class=\"gb-text\">Es uno de los parques m\u00e1s famosos del mundo, una mezcla de naturaleza, arte e imaginaci\u00f3n donde millones de personas acuden a pasear, hacer fotos y disfrutar del estilo l\u00fadico de Gaud\u00ed.<\/p>\n<\/div>\n<\/div>\n\n\n\n<h2 class=\"wp-block-heading\">Mapa y direcci\u00f3n (ubicaci\u00f3n)<\/h2>\n\n\n\n<address class=\"wp-block-ms-blocks-staticmap ms-mapblock ms-mb-block\"><h4>Park Guell<\/h4><p class=\"ms-mb-0\"><img decoding=\"async\" class=\"ms-mapblock__map ms-rounded\" src=\"https:\/\/www.barcelonacard.org\/es\/wp-content\/uploads\/sites\/7\/maps\/staticmap_41.4144948_2.1526945_14_600x400.png\" alt=\"Map of Park Guell\"\/><\/p><p class=\"ms-text-sm ms-text-muted\">Park G\u00fcell, Gr\u00e0cia, 08024 Barcelona, Spain \u00b7 <a rel=\"nofollow noopener\" target=\"_blank\" href=\"https:\/\/maps.google.com\/?q=41.4144948,2.1526945\">Google Maps<\/a><\/p><\/address>\n\n\n\n<h2 class=\"wp-block-heading\">C\u00f3mo llegar<\/h2>\n\n\n\n<p>El Park G\u00fcell tiene varios puntos de acceso. Para llegar de la forma m\u00e1s f\u00e1cil y c\u00f3moda, te recomendamos los siguientes:<\/p>\n\n\n\n<ul class=\"wp-block-list\">\n<li>Carretera del Carmel, 23: Esta entrada tambi\u00e9n cuenta con una zona de aparcamiento para autocares.<\/li>\n\n\n\n<li>Carrer de Larrard: Entrada desde la calle lateral Carrer d&#8217;Olot \/ Carrer Marianao.<\/li>\n\n\n\n<li>Avinguda del Santuari de Sant Josep de la Muntanya: Entrada por escalera mec\u00e1nica.or.<\/li>\n<\/ul>\n\n\n\n<p><strong>\ud83d\ude87 Metro:<\/strong> Toma la l\u00ednea L3 (verde) y b\u00e1jate en la estaci\u00f3n Lesseps. Desde all\u00ed, hay unos 20 minutos a pie. Te recomendamos elegir la entrada de la Avinguda del Santuari de Sant Josep de la Muntanya, que cuenta con una escalera mec\u00e1nica.<\/p>\n\n\n\n<p><strong>\ud83d\ude8c Autob\u00fas:<\/strong><\/p>\n\n\n\n<ul class=\"wp-block-list\">\n<li>Autob\u00fas H6 y D40: B\u00e1jate en Travessera de Dalt. Camina 10 minutos hasta la entrada de Sant Josep de la Muntanya o Carrer de Larrard.<\/li>\n\n\n\n<li>Autob\u00fas 24 y V19: Paran justo al lado de la entrada principal, en la Carretera del Carmel.<\/li>\n<\/ul>\n\n\n\n<p><strong>\ud83d\ude8c Autobuses tur\u00edsticos:<\/strong> <a href=\"https:\/\/www.tiqets.com\/es\/barcelona-attractions-c66342\/tickets-for-hop-on-hop-off-bus-barcelona-p974325\/?partner=barcelonacard\" data-type=\"link\" data-id=\"https:\/\/www.tiqets.com\/en\/barcelona-attractions-c66342\/tickets-for-hop-on-hop-off-bus-barcelona-p974325\/?partner=barcelonacard\" rel=\"nofollow noopener\">Barcelona Bus Tur\u00edstic<\/a> (l\u00ednea azul) y <a href=\"https:\/\/www.tiqets.com\/es\/barcelona-attractions-c66342\/tickets-for-city-tour-barcelona-p974590\/?partner=barcelonacard\" data-type=\"link\" data-id=\"https:\/\/www.tiqets.com\/en\/barcelona-attractions-c66342\/tickets-for-city-tour-barcelona-p974590\/?partner=barcelonacard\" rel=\"nofollow noopener\">Barcelona City Tour<\/a> (ruta verde) paran en la avenida de la Mare de D\u00e9u de Montserrat. Desde all\u00ed, hay 10 minutos a pie por la avenida Pompeu Fabra.<\/p>\n\n\n\n<p><strong>\ud83d\ude96 Taxi:<\/strong> Los taxis te pueden dejar en la entrada de la Carretera del Carmel, que es la m\u00e1s cercana y c\u00f3moda.<\/p>\n\n\n\n<p>\ud83d\ude97 <strong>Coche:<\/strong> Puedes aparcar en el aparcamiento BSM Travessera de Dalt \u2013 Park G\u00fcell. \u00a1Utiliza la aplicaci\u00f3n smou para gestionar el aparcamiento y obtener un 30% de descuento!<\/p>\n\n\n\n<p><\/p>\n","protected":false},"excerpt":{"rendered":"<p>El mundo de mosaicos de Gaud\u00ed con vistas a la ciudad. Una joya de la UNESCO que se agota r\u00e1pidamente.<\/p>\n","protected":false},"author":4,"featured_media":864,"parent":0,"menu_order":4,"template":"","meta":{"_acf_changed":false,"button_url":"https:\/\/www.tiqets.com\/es\/barcelona-attractions-c66342\/tickets-for-park-guell-entry-ticket-audio-guide-p1111514\/?partner=barcelonacard","ms_product_id":"1111514","ms_product_name":"Park G\u00fcell: Entry Ticket + Audio Guide","ms_price":"20","ms_currency":"EUR","ms_rating_value":"4.3","ms_review_count":"37161","product_id":"1111514","street_address":"Carrer d'Olot, 11","city":"Barcelona","country":"Spain","postal_code":"08024","lattitude":"41.414495","longitude":"2.152694","rank_math_title":"Park G\u00fcell: Compra tus entradas online | Desde \u20ac%customfield(ms_price)% | Sin colas","rank_math_description":"DISPONIBILIDAD LIMITADA - Reserva tus entradas para el Park G\u00fcell de Barcelona y disfruta de acceso sin colas a este maravilloso parque. Explora la zona monumental, pasea por las pasarelas de piedra y t\u00f3mate una selfie frente a la famosa escultura del drag\u00f3n de Gaud\u00ed. \u00a1No te lo pierdas!"},"ticket-type":[],"producer":[],"class_list":["post-967","ticket","type-ticket","status-publish","has-post-thumbnail","hentry"],"acf":[],"product_schema":{"ms_product_id":"1111514","ms_product_name":"Park G\u00fcell: Entry Ticket + Audio Guide","ms_price":"20","ms_currency":"EUR","ms_rating_value":"4.3","ms_review_count":"37161"},"location_schema":{"product_id":"1111514","street_address":"Carrer d'Olot, 11","city":"Barcelona","country":"Spain","postal_code":"08024","lattitude":"41.414495","longitude":"2.152694"},"_links":{"self":[{"href":"https:\/\/www.barcelonacard.org\/es\/wp-json\/wp\/v2\/ticket\/967","targetHints":{"allow":["GET"]}}],"collection":[{"href":"https:\/\/www.barcelonacard.org\/es\/wp-json\/wp\/v2\/ticket"}],"about":[{"href":"https:\/\/www.barcelonacard.org\/es\/wp-json\/wp\/v2\/types\/ticket"}],"author":[{"embeddable":true,"href":"https:\/\/www.barcelonacard.org\/es\/wp-json\/wp\/v2\/users\/4"}],"wp:featuredmedia":[{"embeddable":true,"href":"https:\/\/www.barcelonacard.org\/es\/wp-json\/wp\/v2\/media\/864"}],"wp:attachment":[{"href":"https:\/\/www.barcelonacard.org\/es\/wp-json\/wp\/v2\/media?parent=967"}],"wp:term":[{"taxonomy":"ticket-type","embeddable":true,"href":"https:\/\/www.barcelonacard.org\/es\/wp-json\/wp\/v2\/ticket-type?post=967"},{"taxonomy":"producer","embeddable":true,"href":"https:\/\/www.barcelonacard.org\/es\/wp-json\/wp\/v2\/producer?post=967"}],"curies":[{"name":"wp","href":"https:\/\/api.w.org\/{rel}","templated":true}]}}