{"id":1006,"date":"2025-09-11T16:55:08","date_gmt":"2025-09-11T14:55:08","guid":{"rendered":"https:\/\/www.barcelonacard.org\/es\/?post_type=ticket&#038;p=1006"},"modified":"2026-04-06T20:45:31","modified_gmt":"2026-04-06T18:45:31","slug":"casa-mila","status":"publish","type":"ticket","link":"https:\/\/www.barcelonacard.org\/es\/entradas\/casa-mila\/","title":{"rendered":"Entradas Casa Mil\u00e0 (La Pedrera)"},"content":{"rendered":"\n<p>Sin colas | Se agota r\u00e1pido | Imprescindible<\/p>\n\n\n\n<p class=\"lead\">La Casa Mil\u00e0 (tambi\u00e9n conocida como La Pedrera) es una maravilla tanto art\u00edstica como arquitect\u00f3nica. Su famosa fachada est\u00e1 tallada en piedra marr\u00f3n lisa, pero su superficie ondulada y sinuosa le da un aspecto suave y casi org\u00e1nico, como si fuera un ser vivo.<\/p>\n\n\n<ul class=\"gb-container gb-container-53b82d66 ms-icon-list\">\n\n<li class=\"gb-headline gb-headline-f5138486 ms-icon-list__item\"><span class=\"gb-icon\"><svg viewBox=\"0 0 256 256\" fill=\"#000000\" height=\"32\" width=\"32\" xmlns=\"http:\/\/www.w3.org\/2000\/svg\"><path d=\"M232.49,80.49l-128,128a12,12,0,0,1-17,0l-56-56a12,12,0,1,1,17-17L96,183,215.51,63.51a12,12,0,0,1,17,17Z\"><\/path><\/svg><\/span><span class=\"gb-headline-text\">Ahorra tiempo y reserva tus entradas online para evitar las colas.<\/span><\/li>\n\n\n\n<li class=\"gb-headline gb-headline-eb81dbda ms-icon-list__item\"><span class=\"gb-icon\"><svg viewBox=\"0 0 256 256\" fill=\"#000000\" height=\"32\" width=\"32\" xmlns=\"http:\/\/www.w3.org\/2000\/svg\"><path d=\"M232.49,80.49l-128,128a12,12,0,0,1-17,0l-56-56a12,12,0,1,1,17-17L96,183,215.51,63.51a12,12,0,0,1,17,17Z\"><\/path><\/svg><\/span><span class=\"gb-headline-text\">Descubre todo lo que hay que saber sobre la Casa Mil\u00e0 con una gu\u00eda en v\u00eddeo.<\/span><\/li>\n\n\n\n<li class=\"gb-headline gb-headline-b37bb796 ms-icon-list__item\"><span class=\"gb-icon\"><svg viewBox=\"0 0 256 256\" fill=\"#000000\" height=\"32\" width=\"32\" xmlns=\"http:\/\/www.w3.org\/2000\/svg\"><path d=\"M232.49,80.49l-128,128a12,12,0,0,1-17,0l-56-56a12,12,0,1,1,17-17L96,183,215.51,63.51a12,12,0,0,1,17,17Z\"><\/path><\/svg><\/span><span class=\"gb-headline-text\">Para una experiencia a\u00fan m\u00e1s especial, haz la visita nocturna, que incluye cava en la azotea.<\/span><\/li>\n\n<\/ul>\n\n\n<h2 class=\"wp-block-heading\"><strong>Entradas y precios<\/strong><\/h2>\n\n\n\n<p>La Casa Mil\u00e0 ofrece entradas en seis categor\u00edas: adultos, personas mayores, estudiantes, adolescentes, visitantes con discapacidad y ni\u00f1os. Los ni\u00f1os menores de 11 a\u00f1os disfrutan de entrada gratuita.<\/p>\n\n\n\n<div class=\"ms-rounded ms-mb-last-child-0 ms-mb-block ms-tfs--contrast ms-p ms-tfs\">\n<h3 class=\"gb-text\"><strong>Entradas para Casa Mil\u00e0<\/strong><\/h3>\n\n\n\n<p class=\"ms-link-unstyled\"><strong>\ud83c\udf9f\ufe0f <a href=\"https:\/\/www.tiqets.com\/es\/barcelona-attractions-c66342\/tickets-for-la-pedrera-essential-p973460\/?partner=barcelonacard\" rel=\"nofollow noopener\">Entrada + Audiogu\u00eda<\/a><\/strong><\/p>\n\n\n\n<ul class=\"wp-block-list\">\n<li>Evita las colas y explora el famoso edificio de Gaud\u00ed por tu cuenta.<\/li>\n\n\n\n<li>Visita la azotea con las esculturas de las chimeneas, el \u00e1tico con maquetas, un apartamento hist\u00f3rico y los patios.<\/li>\n\n\n\n<li>Acude en cualquier momento durante el horario de apertura.<\/li>\n<\/ul>\n\n\n\n<p class=\"ms-link-unstyled\"><strong>\ud83d\udde3\ufe0f&nbsp;<a href=\"https:\/\/www.tiqets.com\/es\/barcelona-attractions-c66342\/tickets-for-fast-track-la-pedrera-guided-tour-p1090736\/?partner=barcelonacard\" rel=\"nofollow noopener\">Tour guiado<\/a><\/strong><\/p>\n\n\n\n<ul class=\"wp-block-list\">\n<li>\u00danete a un grupo reducido con un gu\u00eda que te llevar\u00e1 por todas las zonas principales: azotea, \u00e1tico, apartamento y mucho m\u00e1s.<\/li>\n\n\n\n<li>Evita las colas y descubre historias y curiosidades sobre Gaud\u00ed y la casa.<\/li>\n\n\n\n<li>Perfecto si te gusta aprender m\u00e1s sobre la marcha.<\/li>\n<\/ul>\n\n\n\n<p class=\"ms-link-unstyled\"><strong>\ud83c\udf19 <a href=\"https:\/\/www.tiqets.com\/es\/barcelona-attractions-c66342\/tickets-for-casa-mila-guided-night-tour-optional-dinner-p973865\/?partner=barcelonacard\" rel=\"nofollow noopener\">Tour guiado nocturno + Cena opcional<\/a><\/strong><\/p>\n\n\n\n<ul class=\"wp-block-list\">\n<li>Esta visita guiada nocturna te permite contemplar la belleza de Barcelona bajo las estrellas y concluye con un espect\u00e1culo audiovisual en la azotea.<\/li>\n\n\n\n<li>Tambi\u00e9n puedes reservar una cena para acompa\u00f1arla.<\/li>\n\n\n\n<li>Ideal si quieres algo especial o un poco diferente de una visita diurna.<\/li>\n<\/ul>\n\n\n\n<div class=\"ms-cta-button-options ms-mb-block ms-cta\">\n<a class=\"gb-text ms-btn ms-btn--primary ms-shadow\" href=\"https:\/\/www.tiqets.com\/es\/barcelona-attractions-c66342\/tickets-for-la-pedrera-essential-p973460\/?partner=barcelonacard\" rel=\"nofollow noopener\">Entrada<\/a>\n\n\n\n<a class=\"gb-text ms-btn ms-btn--outline-primary ms-shadow\" href=\"https:\/\/www.tiqets.com\/en\/casa-mila-la-pedrera-tickets-l145464\/?partner=barcelonacard\" rel=\"nofollow noopener\">Todas las opciones de entradas<\/a>\n<\/div>\n<\/div>\n\n\n\n<h2 class=\"wp-block-heading\">Horario de apertura<\/h2>\n\n\n\n<p>Casa Mil\u00e0 recibe visitantes durante todo el a\u00f1o con horarios estacionales que se adaptan a los cambios en las horas de luz de Barcelona.<\/p>\n\n\n<div class=\"ms-table\"><table><tr><th>Per\u00edodo<\/th><th>Fechas<\/th><th>D\u00edas<\/th><th>Horario diurno<\/th><th>Visitas nocturnas<\/th><\/tr><tr><td>Horario de invierno<\/td><td>10 nov 2025 \u2013 5 mar 2026<\/td><td>Lunes \u2013 Domingo y festivos<\/td><td>9:00 \u2013 18:30<\/td><td>19:00 \u2013 23:00<\/td><\/tr><tr><td>Horario especial de Navidad<\/td><td>26 dic 2025 \u2013 4 ene 2026<\/td><td>Lunes \u2013 Domingo<\/td><td>9:00 \u2013 20:30<\/td><td>21:00 \u2013 23:00<\/td><\/tr><tr><td>A\u00f1o Nuevo (1 enero 2026)<\/td><td>\u2013<\/td><td>\u2013<\/td><td>11:00 \u2013 20:30<\/td><td>\u2013<\/td><\/tr><tr><td>Horario de verano<\/td><td>6 mar 2026 \u2013 1 nov 2026<\/td><td>Lunes \u2013 Domingo y festivos<\/td><td>9:00 \u2013 20:30<\/td><td>20:40 \u2013 22:20<\/td><\/tr><\/table><\/div>\n\n\n<div class=\"ms-p ms-rounded ms-mb-last-child-0 ms-mb-children-condensed ms-alert--contrast ms-mb-block\">\n<h4 class=\"gb-text-26a71c5b\"><span class=\"gb-shape\"><svg viewBox=\"0 0 256 256\" fill=\"#000000\" height=\"32\" width=\"32\" xmlns=\"http:\/\/www.w3.org\/2000\/svg\"><path d=\"M108,84a16,16,0,1,1,16,16A16,16,0,0,1,108,84Zm128,44A108,108,0,1,1,128,20,108.12,108.12,0,0,1,236,128Zm-24,0a84,84,0,1,0-84,84A84.09,84.09,0,0,0,212,128Zm-72,36.68V132a20,20,0,0,0-20-20,12,12,0,0,0-4,23.32V168a20,20,0,0,0,20,20,12,12,0,0,0,4-23.32Z\"><\/path><\/svg><\/span><span class=\"gb-text\"><strong><strong>Oferta especial:<\/strong><\/strong><\/span><\/h4>\n\n\n\n<p class=\"gb-text\">Si tienes pensado visitar Casa Batll\u00f3, Casa Mil\u00e0 y Casa Vicens, el <strong>paquete 3 Casas de Gaud\u00ed<\/strong> es una opci\u00f3n muy conveniente. El paquete 3 Casas de Gaud\u00ed incluye acceso sin colas a las tres atracciones y una aplicaci\u00f3n con gu\u00eda de la ciudad para ayudarte a recorrer los lugares de inter\u00e9s cultural de Barcelona.<\/p>\n\n\n\n<p class=\"gb-text\"><a href=\"https:\/\/www.tiqets.com\/es\/barcelona-attractions-c66342\/three-houses-of-gaudi-p1012536\/?partner=barcelonacard\" rel=\"nofollow noopener\">Haz clic aqu\u00ed para obtener m\u00e1s informaci\u00f3n \u00bb<\/a><\/p>\n<\/div>\n\n\n\n<h2 class=\"wp-block-heading\"><strong>Qu\u00e9 ver y hacer<\/strong><\/h2>\n\n\n\n<p>Casa Mil\u00e0 es una obra maestra del modernismo catal\u00e1n y una visita obligada para cualquier amante de la arquitectura. Esto es lo que puedes explorar durante tu visita:<\/p>\n\n\n\n<h3 class=\"wp-block-heading\"><strong>Los patios<\/strong><\/h3>\n\n\n\n<p>Los patios interiores de Casa Mil\u00e0 son una maravilla del dise\u00f1o, ya que aportan luz natural al edificio. Los patios tambi\u00e9n cuentan con los caracter\u00edsticos trabajos en hierro forjado de Gaud\u00ed y coloridos murales, que contribuyen a la est\u00e9tica \u00fanica del edificio.<\/p>\n\n\n\n<h3 class=\"wp-block-heading\"><strong>La azotea<\/strong><\/h3>\n\n\n\n<p>La azotea es una de las caracter\u00edsticas m\u00e1s emblem\u00e1ticas de Casa Mil\u00e0, famosa por sus chimeneas surrealistas y sus vistas panor\u00e1micas de Barcelona. Si realiza la visita nocturna, podr\u00e1 presenciar un impresionante espect\u00e1culo audiovisual que ilumina la azotea, creando una atm\u00f3sfera m\u00e1gica.<\/p>\n\n\n\n<h3 class=\"wp-block-heading\"><strong>El \u00e1tico<\/strong><\/h3>\n\n\n\n<p>Conocido como el \u00ab\u00c1tico de la Ballena\u00bb debido a sus singulares arcos catenarios que se asemejan a la caja tor\u00e1cica de una ballena, este espacio alberga una exposici\u00f3n permanente llamada \u00abEspai Gaud\u00ed\u00bb. Esta exposici\u00f3n profundiza en la visi\u00f3n arquitect\u00f3nica de Gaud\u00ed y en las t\u00e9cnicas innovadoras que utiliz\u00f3 en su obra.<\/p>\n\n\n\n<h3 class=\"wp-block-heading\"><strong>La planta principal<\/strong><\/h3>\n\n\n\n<p>La planta principal, que en su d\u00eda fue la lujosa residencia de la familia Mil\u00e0, alberga ahora exposiciones temporales. Estas exposiciones ofrecen a los visitantes una visi\u00f3n de la vida en Barcelona a principios del siglo XX y de las complejidades del dise\u00f1o de la obra de Gaud\u00ed.<\/p>\n\n\n\n<h2 class=\"wp-block-heading\">\u00bfSab\u00edas que\u2026? (\u00a13 datos muy interesantes!)<\/h2>\n\n\n\n<ul class=\"wp-block-list\">\n<li>Incluso hoy en d\u00eda, hay algunos apartamentos privados que siguen ocupados, mientras que otras partes del edificio se utilizan como oficinas.<\/li>\n\n\n\n<li>Gaud\u00ed quer\u00eda que los residentes del edificio interactuaran y se conocieran entre s\u00ed, por lo que instal\u00f3 ascensores solo en cada segundo piso para crear m\u00e1s oportunidades de encuentro.<\/li>\n\n\n\n<li>El apodo La Pedrera, que significa \u00abla cantera\u00bb, era originalmente un t\u00e9rmino despectivo utilizado por los lugare\u00f1os que no estaban acostumbrados al estilo arquitect\u00f3nico poco convencional de Gaud\u00ed.<\/li>\n<\/ul>\n\n\n\n<h2 class=\"wp-block-heading\">Fotos<\/h2>\n\n\n\n<figure><div class=\"ms-credits\">\n<img decoding=\"async\" class=\"gb-media-90e9d5d7\" src=\"https:\/\/www.barcelonacard.org\/wp-content\/uploads\/casa-mila-1747037707.jpg\" alt=\"\" title=\"casa-mila-1747037707\"\/>\n<span class='ms-credits__info' id='media966'><svg xmlns=\"http:\/\/www.w3.org\/2000\/svg\" width=\"20\" height=\"22\" fill=\"#000000\" viewBox=\"0 0 256 256\"><path d=\"M128,24A104,104,0,1,0,232,128,104.11,104.11,0,0,0,128,24Zm0,192a88,88,0,1,1,88-88A88.1,88.1,0,0,1,128,216ZM96,128a32,32,0,0,0,57.6,19.2,8,8,0,0,1,12.8,9.61,48,48,0,1,1,0-57.62,8,8,0,0,1-12.8,9.61A32,32,0,0,0,96,128Z\"><\/path><\/svg>OlyaSolodenko\/<a href=https:\/\/depositphotos.com\/editorial\/barcelona-spain-december-2022-exterior-casa-mila-pedrera-antoni-gaudi-701339116.html rel='nofollow' target='_blank'>Depositphotos<\/a><\/span><span class='ms-credits__btn' id='btn_media966' onclick='ms_credits_trigger(\"#media966\", this)'><svg xmlns=\"http:\/\/www.w3.org\/2000\/svg\" class=\"info_icon\" width=\"28\" height=\"28\" fill=\"#FFF\" viewBox=\"0 0 256 256\"><path d=\"M128,24A104,104,0,1,0,232,128,104.11,104.11,0,0,0,128,24Zm0,192a88,88,0,1,1,88-88A88.1,88.1,0,0,1,128,216Zm16-40a8,8,0,0,1-8,8,16,16,0,0,1-16-16V128a8,8,0,0,1,0-16,16,16,0,0,1,16,16v40A8,8,0,0,1,144,176ZM112,84a12,12,0,1,1,12,12A12,12,0,0,1,112,84Z\"><\/path><\/svg><svg xmlns=\"http:\/\/www.w3.org\/2000\/svg\" class=\"close_icon\" width=\"28\" height=\"28\" fill=\"#FFF\" viewBox=\"0 0 256 256\"><path d=\"M165.66,101.66,139.31,128l26.35,26.34a8,8,0,0,1-11.32,11.32L128,139.31l-26.34,26.35a8,8,0,0,1-11.32-11.32L116.69,128,90.34,101.66a8,8,0,0,1,11.32-11.32L128,116.69l26.34-26.35a8,8,0,0,1,11.32,11.32ZM232,128A104,104,0,1,1,128,24,104.11,104.11,0,0,1,232,128Zm-16,0a88,88,0,1,0-88,88A88.1,88.1,0,0,0,216,128Z\"><\/path><\/svg><\/span><\/div>\n\n\n<figcaption class=\"gb-text\">Exterior de la Casa Mil\u00e0 (La Pedrera) de Antoni Gaud\u00ed en Barcelona, Espa\u00f1a<\/figcaption>\n<\/figure>\n\n\n\n<figure><div class=\"ms-credits\">\n<img decoding=\"async\" class=\"gb-media-fbf38060\" alt=\"\" src=\"https:\/\/www.barcelonacard.org\/wp-content\/uploads\/roof-casa-mila-1747037735.jpg\" title=\"roof-casa-mila-1747037735\"\/>\n<span class='ms-credits__info' id='media967'><svg xmlns=\"http:\/\/www.w3.org\/2000\/svg\" width=\"20\" height=\"22\" fill=\"#000000\" viewBox=\"0 0 256 256\"><path d=\"M128,24A104,104,0,1,0,232,128,104.11,104.11,0,0,0,128,24Zm0,192a88,88,0,1,1,88-88A88.1,88.1,0,0,1,128,216ZM96,128a32,32,0,0,0,57.6,19.2,8,8,0,0,1,12.8,9.61,48,48,0,1,1,0-57.62,8,8,0,0,1-12.8,9.61A32,32,0,0,0,96,128Z\"><\/path><\/svg>florin1961\/<a href=https:\/\/depositphotos.com\/editorial\/barcelona-catalonia-spain-feb-2022-details-roof-casa-mila-pedrera-705349700.html rel='nofollow' target='_blank'>Depositphotos<\/a><\/span><span class='ms-credits__btn' id='btn_media967' onclick='ms_credits_trigger(\"#media967\", this)'><svg xmlns=\"http:\/\/www.w3.org\/2000\/svg\" class=\"info_icon\" width=\"28\" height=\"28\" fill=\"#FFF\" viewBox=\"0 0 256 256\"><path d=\"M128,24A104,104,0,1,0,232,128,104.11,104.11,0,0,0,128,24Zm0,192a88,88,0,1,1,88-88A88.1,88.1,0,0,1,128,216Zm16-40a8,8,0,0,1-8,8,16,16,0,0,1-16-16V128a8,8,0,0,1,0-16,16,16,0,0,1,16,16v40A8,8,0,0,1,144,176ZM112,84a12,12,0,1,1,12,12A12,12,0,0,1,112,84Z\"><\/path><\/svg><svg xmlns=\"http:\/\/www.w3.org\/2000\/svg\" class=\"close_icon\" width=\"28\" height=\"28\" fill=\"#FFF\" viewBox=\"0 0 256 256\"><path d=\"M165.66,101.66,139.31,128l26.35,26.34a8,8,0,0,1-11.32,11.32L128,139.31l-26.34,26.35a8,8,0,0,1-11.32-11.32L116.69,128,90.34,101.66a8,8,0,0,1,11.32-11.32L128,116.69l26.34-26.35a8,8,0,0,1,11.32,11.32ZM232,128A104,104,0,1,1,128,24,104.11,104.11,0,0,1,232,128Zm-16,0a88,88,0,1,0-88,88A88.1,88.1,0,0,0,216,128Z\"><\/path><\/svg><\/span><\/div>\n\n\n<figcaption class=\"gb-text\">Detalles del tejado de la Casa Mil\u00e0<\/figcaption>\n<\/figure>\n\n\n\n<figure><div class=\"ms-credits\">\n<img decoding=\"async\" class=\"gb-media-bca56b47\" alt=\"\" src=\"https:\/\/www.barcelonacard.org\/wp-content\/uploads\/courtyard-of-casa-mila-1747037799.jpg\" title=\"courtyard-of-casa-mila-1747037799\"\/>\n<span class='ms-credits__info' id='media968'><svg xmlns=\"http:\/\/www.w3.org\/2000\/svg\" width=\"20\" height=\"22\" fill=\"#000000\" viewBox=\"0 0 256 256\"><path d=\"M128,24A104,104,0,1,0,232,128,104.11,104.11,0,0,0,128,24Zm0,192a88,88,0,1,1,88-88A88.1,88.1,0,0,1,128,216ZM96,128a32,32,0,0,0,57.6,19.2,8,8,0,0,1,12.8,9.61,48,48,0,1,1,0-57.62,8,8,0,0,1-12.8,9.61A32,32,0,0,0,96,128Z\"><\/path><\/svg>taldav68\/<a href=https:\/\/depositphotos.com\/editorial\/barcelona-spain-october-2023-colorful-elliptic-courtyard-casa-mila-pedrera-693678838.html rel='nofollow' target='_blank'>Depositphotos<\/a><\/span><span class='ms-credits__btn' id='btn_media968' onclick='ms_credits_trigger(\"#media968\", this)'><svg xmlns=\"http:\/\/www.w3.org\/2000\/svg\" class=\"info_icon\" width=\"28\" height=\"28\" fill=\"#FFF\" viewBox=\"0 0 256 256\"><path d=\"M128,24A104,104,0,1,0,232,128,104.11,104.11,0,0,0,128,24Zm0,192a88,88,0,1,1,88-88A88.1,88.1,0,0,1,128,216Zm16-40a8,8,0,0,1-8,8,16,16,0,0,1-16-16V128a8,8,0,0,1,0-16,16,16,0,0,1,16,16v40A8,8,0,0,1,144,176ZM112,84a12,12,0,1,1,12,12A12,12,0,0,1,112,84Z\"><\/path><\/svg><svg xmlns=\"http:\/\/www.w3.org\/2000\/svg\" class=\"close_icon\" width=\"28\" height=\"28\" fill=\"#FFF\" viewBox=\"0 0 256 256\"><path d=\"M165.66,101.66,139.31,128l26.35,26.34a8,8,0,0,1-11.32,11.32L128,139.31l-26.34,26.35a8,8,0,0,1-11.32-11.32L116.69,128,90.34,101.66a8,8,0,0,1,11.32-11.32L128,116.69l26.34-26.35a8,8,0,0,1,11.32,11.32ZM232,128A104,104,0,1,1,128,24,104.11,104.11,0,0,1,232,128Zm-16,0a88,88,0,1,0-88,88A88.1,88.1,0,0,0,216,128Z\"><\/path><\/svg><\/span><\/div>\n\n\n<figcaption class=\"gb-text\">El colorido patio el\u00edptico de la Casa Mil\u00e0<\/figcaption>\n<\/figure>\n\n\n\n<h2 class=\"wp-block-heading\"><strong>Historia<\/strong><\/h2>\n\n\n\n<p>Descubra la historia que se esconde detr\u00e1s de uno de los monumentos m\u00e1s emblem\u00e1ticos de Barcelona.<\/p>\n\n\n\n<div class=\"ms-timeline-list\">\n<div class=\"ms-timeline-item\">\n<p class=\"gb-text ms-timeline-item__time\">1906<\/p>\n\n\n\n<p class=\"gb-text\">Gaud\u00ed comienza a construir la Casa Mil\u00e0 (La Pedrera) para la acaudalada familia Mil\u00e0.<\/p>\n<\/div>\n\n\n\n<div class=\"ms-timeline-item\">\n<p class=\"gb-text ms-timeline-item__time\">1912<\/p>\n\n\n\n<p class=\"gb-text\">Se termina la construcci\u00f3n del edificio, con una fachada ondulada de piedra y balcones de hierro, muy singular para su \u00e9poca.<\/p>\n<\/div>\n\n\n\n<div class=\"ms-timeline-item\">\n<p class=\"gb-text ms-timeline-item__time\">1969<\/p>\n\n\n\n<p class=\"gb-text\">Se convierte en monumento cultural protegido en Espa\u00f1a.<\/p>\n<\/div>\n\n\n\n<div class=\"ms-timeline-item\">\n<p class=\"gb-text ms-timeline-item__time\">1984<\/p>\n\n\n\n<p class=\"gb-text\">La UNESCO lo declara Patrimonio de la Humanidad por su valor art\u00edstico.<\/p>\n<\/div>\n\n\n\n<div class=\"ms-timeline-item\">\n<p class=\"gb-text ms-timeline-item__time\">1996<\/p>\n\n\n\n<p class=\"gb-text\">Tras su restauraci\u00f3n, se abre al p\u00fablico para visitas.<\/p>\n<\/div>\n\n\n\n<div class=\"ms-timeline-item\">\n<p class=\"gb-text ms-timeline-item__time\">2013<\/p>\n\n\n\n<p class=\"gb-text\">Se convierte en un centro cultural con arte, m\u00fasica y exposiciones.<\/p>\n<\/div>\n<\/div>\n\n\n\n<div>\n<h2 class=\"wp-block-heading\"><strong>Mapa y direcci\u00f3n (ubicaci\u00f3n)<\/strong><\/h2>\n<\/div>\n\n\n\n<address class=\"ms-mapblock ms-mb-block\">\n\t\n\t\t<h4>\n\t\t\tCasa Mila\t\t<\/h2>\n\n\t\t<p class=\"ms-mb-0\">\n            <img decoding=\"async\" class=\"ms-mapblock__map ms-rounded\" src=\"https:\/\/www.barcelonacard.org\/es\/wp-content\/uploads\/sites\/7\/maps\/staticmap_41.3952155_2.1619024_14_768x432.png\" alt=\"Casa Mila\" \/>\n\t\t<\/p>\n\n\t\t<p class=\"ms-text-sm ms-text-muted\">\n\t\t\tPg. de Gr\u00e0cia, 92, L&#8217;Eixample, 08008 Barcelona, Spain \u00b7\n\t\t\t<a rel=\"nofollow noopener\" target=\"_blank\" href=\"https:\/\/maps.google.com\/?q=41.3952155,2.1619024\">Google Maps<\/a>\n\t\t<\/p>\n\n\t<\/address>\n\n\n<h2 class=\"wp-block-heading\"><strong>C\u00f3mo llegar<\/strong><\/h2>\n\n\n\n<p><strong>\ud83d\ude8c Autob\u00fas:<\/strong> Puedes tomar cualquiera de estos autobuses: V15, V17, H10, H8, 7, 22, 24, 6, 33 o 34.<\/p>\n\n\n\n<p><strong>\ud83d\ude87 Metro:<\/strong> Las l\u00edneas 3 y 5 paran en la estaci\u00f3n Diagonal, cerca de La Pedrera.<\/p>\n\n\n\n<p><strong>\ud83d\ude86 Tren Renfe:<\/strong> B\u00e1jese en la estaci\u00f3n Passeig de Gr\u00e0cia.<\/p>\n\n\n\n<p><strong>\ud83d\ude86 Tren FGC:<\/strong> B\u00e1jese en la estaci\u00f3n Proven\u00e7a \u2013 La Pedrera.<\/p>\n","protected":false},"excerpt":{"rendered":"<p>La Casa Mil\u00e0 (La Pedrera) es una impresionante maravilla arquitect\u00f3nica, con su ondulante fachada de piedra que recuerda a una forma viva.<\/p>\n","protected":false},"author":4,"featured_media":846,"parent":0,"menu_order":11,"template":"","meta":{"_acf_changed":false,"button_url":"https:\/\/www.tiqets.com\/es\/barcelona-attractions-c66342\/tickets-for-barcelona-card-72-Hour-96-Hour-120-Hour-p975758\/?partner=barcelonacard","ms_product_id":"973460","ms_product_name":"Casa Mil\u00e0 - La Pedrera: Entry Ticket + Audio Guide","ms_price":"25","ms_currency":"EUR","ms_rating_value":"4.7","ms_review_count":"9643","product_id":"973460","street_address":"Passeig de Gr\u00e0cia, 92","city":"Barcelona","country":"Spain","postal_code":"08008","lattitude":"41.395383","longitude":"2.161957","rank_math_title":"Casa Mil\u00e0 (La Pedrera): Compra tus entradas online | Desde \u20ac%customfield(ms_price)% | Sin colas","rank_math_description":"Reserva tus entradas para la Casa Mil\u00e0 (La Pedrera) y descubre una de las atracciones imprescindibles de Barcelona. Ven a explorar este hermoso edificio y descubre su fascinante historia y arquitectura con acceso sin colas y una pr\u00e1ctica audiogu\u00eda multiling\u00fce."},"ticket-type":[],"producer":[],"class_list":["post-1006","ticket","type-ticket","status-publish","has-post-thumbnail","hentry"],"acf":[],"product_schema":{"ms_product_id":"973460","ms_product_name":"Casa Mil\u00e0 - La Pedrera: Entry Ticket + Audio Guide","ms_price":"25","ms_currency":"EUR","ms_rating_value":"4.7","ms_review_count":"9643"},"location_schema":{"product_id":"973460","street_address":"Passeig de Gr\u00e0cia, 92","city":"Barcelona","country":"Spain","postal_code":"08008","lattitude":"41.395383","longitude":"2.161957"},"_links":{"self":[{"href":"https:\/\/www.barcelonacard.org\/es\/wp-json\/wp\/v2\/ticket\/1006","targetHints":{"allow":["GET"]}}],"collection":[{"href":"https:\/\/www.barcelonacard.org\/es\/wp-json\/wp\/v2\/ticket"}],"about":[{"href":"https:\/\/www.barcelonacard.org\/es\/wp-json\/wp\/v2\/types\/ticket"}],"author":[{"embeddable":true,"href":"https:\/\/www.barcelonacard.org\/es\/wp-json\/wp\/v2\/users\/4"}],"wp:featuredmedia":[{"embeddable":true,"href":"https:\/\/www.barcelonacard.org\/es\/wp-json\/wp\/v2\/media\/846"}],"wp:attachment":[{"href":"https:\/\/www.barcelonacard.org\/es\/wp-json\/wp\/v2\/media?parent=1006"}],"wp:term":[{"taxonomy":"ticket-type","embeddable":true,"href":"https:\/\/www.barcelonacard.org\/es\/wp-json\/wp\/v2\/ticket-type?post=1006"},{"taxonomy":"producer","embeddable":true,"href":"https:\/\/www.barcelonacard.org\/es\/wp-json\/wp\/v2\/producer?post=1006"}],"curies":[{"name":"wp","href":"https:\/\/api.w.org\/{rel}","templated":true}]}}