{"id":242,"date":"2026-02-27T19:42:41","date_gmt":"2026-02-27T18:42:41","guid":{"rendered":"https:\/\/www.barcelonacard.org\/cs\/?post_type=ticket&#038;p=242"},"modified":"2026-04-10T21:16:35","modified_gmt":"2026-04-10T19:16:35","slug":"balicek-gaudi","status":"publish","type":"ticket","link":"https:\/\/www.barcelonacard.org\/cs\/vstupenky\/balicek-gaudi\/","title":{"rendered":"Bal\u00ed\u010dek Gaud\u00ed"},"content":{"rendered":"\n<p>Bal\u00ed\u010dek Gaud\u00ed je nejpohodln\u011bj\u0161\u00ed zp\u016fsob, jak nav\u0161t\u00edvit dv\u011b nejslavn\u011bj\u0161\u00ed Gaud\u00edho pam\u00e1tky v Barcelon\u011b: Sagrada Fam\u00edlia a Park G\u00fcell.<\/p>\n\n\n\n<h2 class=\"wp-block-heading\">Co t\u011b \u010dek\u00e1<\/h2>\n\n\n<ul class=\"gb-container gb-container-0926de03 ms-mb-block ms-icon-list\">\n\n<li class=\"gb-headline gb-headline-5c2bcade ms-icon-list__item\"><span class=\"gb-icon\"><svg viewBox=\"0 0 256 256\" fill=\"#000000\" height=\"32\" width=\"32\" xmlns=\"http:\/\/www.w3.org\/2000\/svg\"><path d=\"M232.49,80.49l-128,128a12,12,0,0,1-17,0l-56-56a12,12,0,1,1,17-17L96,183,215.51,63.51a12,12,0,0,1,17,17Z\"><\/path><\/svg><\/span><span class=\"gb-headline-text\">Vstup bez fronty do Sagrada Fam\u00edlia \u2013 p\u0159esko\u010d\u00ed\u0161 pokladnu<\/span><\/li>\n\n\n\n<li class=\"gb-headline gb-headline-7c84206f ms-icon-list__item\"><span class=\"gb-icon\"><svg viewBox=\"0 0 256 256\" fill=\"#000000\" height=\"32\" width=\"32\" xmlns=\"http:\/\/www.w3.org\/2000\/svg\"><path d=\"M232.49,80.49l-128,128a12,12,0,0,1-17,0l-56-56a12,12,0,1,1,17-17L96,183,215.51,63.51a12,12,0,0,1,17,17Z\"><\/path><\/svg><\/span><span class=\"gb-headline-text\">Vstup do Monument\u00e1ln\u00ed z\u00f3ny Parku G\u00fcell se zaru\u010den\u00fdm p\u0159\u00edstupem<\/span><\/li>\n\n\n\n<li class=\"gb-headline gb-headline-b37bb796 ms-icon-list__item\"><span class=\"gb-icon\"><svg viewBox=\"0 0 256 256\" fill=\"#000000\" height=\"32\" width=\"32\" xmlns=\"http:\/\/www.w3.org\/2000\/svg\"><path d=\"M232.49,80.49l-128,128a12,12,0,0,1-17,0l-56-56a12,12,0,1,1,17-17L96,183,215.51,63.51a12,12,0,0,1,17,17Z\"><\/path><\/svg><\/span><span class=\"gb-headline-text\">Jedna rezervace pro ob\u011b atrakce m\u00edsto dvou samostatn\u00fdch l\u00edstk\u016f<\/span><\/li>\n\n\n\n<li class=\"gb-headline gb-headline-4d0fb89a ms-icon-list__item\"><span class=\"gb-icon\"><svg viewBox=\"0 0 256 256\" fill=\"#000000\" height=\"32\" width=\"32\" xmlns=\"http:\/\/www.w3.org\/2000\/svg\"><path d=\"M232.49,80.49l-128,128a12,12,0,0,1-17,0l-56-56a12,12,0,1,1,17-17L96,183,215.51,63.51a12,12,0,0,1,17,17Z\"><\/path><\/svg><\/span><span class=\"gb-headline-text\">Aplikace Barcelona Audio Guide s v\u00edce ne\u017e 100 zaj\u00edmav\u00fdmi m\u00edsty po cel\u00e9m m\u011bst\u011b<\/span><\/li>\n\n<\/ul>\n\n\n<h2 class=\"wp-block-heading\">Jak koupit Bal\u00ed\u010dek Gaud\u00ed?<\/h2>\n\n\n\n<ol class=\"wp-block-list\">\n<li>Pou\u017eij rezerva\u010dn\u00ed modul na t\u00e9to str\u00e1nce k n\u00e1kupu sv\u00e9ho Bal\u00ed\u010dku Gaud\u00ed.<\/li>\n\n\n\n<li>Po proveden\u00ed rezervace si vybere\u0161 datum a \u010das n\u00e1v\u0161t\u011bv Sagrada Fam\u00edlia a Parku G\u00fcell.<\/li>\n\n\n\n<li>Vstupenky a pokyny obdr\u017e\u00ed\u0161 e-mailem.<\/li>\n<\/ol>\n\n\n\n<div class=\"ms-shadow-sm ms-rounded ms-cta-banner ms-mb-block ms-cta\">\n<div class=\"gb-element-9d8fb0a1\">\n<div class=\"ms-cta-banner__body ms-p\">\n<h2 class=\"gb-text gb-text-e425a629\">Rezervuj si Bal\u00ed\u010dek Gaud\u00ed<\/h2>\n\n\n\n<p class=\"gb-text gb-text-86d0d25c\">Od 65,50 \u20ac za Sagrada Fam\u00edlia + Park G\u00fcell + Audio Guide.<\/p>\n<\/div>\n\n\n\n<div class=\"ms-cta-banner__header ms-p\">\n<a class=\"gb-text ms-btn ms-btn--primary\" href=\"https:\/\/www.tiqets.com\/cs\/barcelona-attractions-c66342\/the-gaudi-bundle-p1012496\/?partner=barcelonacard\" rel=\"nofollow noopener\"><strong>Koupit vstupenky<\/strong><\/a>\n<\/div>\n<\/div>\n<\/div>\n\n\n\n<h2 class=\"wp-block-heading\">Co je sou\u010d\u00e1st\u00ed Bal\u00ed\u010dku Gaud\u00ed?<\/h2>\n\n\n\n<div class=\"ms-accordion ms-mb-block\">\n<div class=\"ms-accordion__item\">\n<div class=\"ms-accordion__header\">\n<h3 class=\"gb-text-ms-blocks-103\"><span class=\"gb-shape\"><svg viewBox=\"0 0 256 256\" fill=\"#000000\" height=\"32\" width=\"32\" xmlns=\"http:\/\/www.w3.org\/2000\/svg\"><path d=\"M128,60a44,44,0,1,0,44,44A44.05,44.05,0,0,0,128,60Zm0,64a20,20,0,1,1,20-20A20,20,0,0,1,128,124Zm0-112a92.1,92.1,0,0,0-92,92c0,77.36,81.64,135.4,85.12,137.83a12,12,0,0,0,13.76,0,259,259,0,0,0,42.18-39C205.15,170.57,220,136.37,220,104A92.1,92.1,0,0,0,128,12Zm31.3,174.71A249.35,249.35,0,0,1,128,216.89a249.35,249.35,0,0,1-31.3-30.18C80,167.37,60,137.31,60,104a68,68,0,0,1,136,0C196,137.31,176,167.37,159.3,186.71Z\"><\/path><\/svg><\/span><span class=\"gb-text\">Park G\u00fcell<\/span><\/h3>\n<\/div>\n\n\n\n<div class=\"ms-accordion__body\"><figure>\n                    <div class=\"ms-credits\"><img decoding=\"async\" width=\"1920\" height=\"1080\" class=\"gb-image gb-image-cc263dd8\" src=\"https:\/\/www.barcelonacard.org\/wp-content\/uploads\/park-guell-1746809512.jpg\" alt=\"Park Guell in Barcelona\" title=\"park-guell-1746809512\" srcset=\"https:\/\/www.barcelonacard.org\/cs\/wp-content\/uploads\/sites\/16\/park-guell-1746809512.jpg 1920w, https:\/\/www.barcelonacard.org\/cs\/wp-content\/uploads\/sites\/16\/park-guell-1746809512-768x432.jpg 768w, https:\/\/www.barcelonacard.org\/cs\/wp-content\/uploads\/sites\/16\/park-guell-1746809512-1024x576.jpg 1024w, https:\/\/www.barcelonacard.org\/cs\/wp-content\/uploads\/sites\/16\/park-guell-1746809512-1280x720.jpg 1280w, https:\/\/www.barcelonacard.org\/cs\/wp-content\/uploads\/sites\/16\/park-guell-1746809512-1600x900.jpg 1600w\" sizes=\"(max-width: 1920px) 100vw, 1920px\"><span class='ms-credits__info' id='media935'><svg xmlns=\"http:\/\/www.w3.org\/2000\/svg\" width=\"20\" height=\"22\" fill=\"#000000\" viewBox=\"0 0 256 256\"><path d=\"M128,24A104,104,0,1,0,232,128,104.11,104.11,0,0,0,128,24Zm0,192a88,88,0,1,1,88-88A88.1,88.1,0,0,1,128,216ZM96,128a32,32,0,0,0,57.6,19.2,8,8,0,0,1,12.8,9.61,48,48,0,1,1,0-57.62,8,8,0,0,1-12.8,9.61A32,32,0,0,0,96,128Z\"><\/path><\/svg>bluebe\/<a href=https:\/\/depositphotos.com\/editorial\/panoramic-view-park-guell-barcelona-catalunya-spain-235683708.html rel='nofollow' target='_blank'>Depositphotos<\/a><\/span><span class='ms-credits__btn' id='btn_media935' onclick='ms_credits_trigger(\"#media935\", this)'><svg xmlns=\"http:\/\/www.w3.org\/2000\/svg\" class=\"info_icon\" width=\"28\" height=\"28\" fill=\"#FFF\" viewBox=\"0 0 256 256\"><path d=\"M128,24A104,104,0,1,0,232,128,104.11,104.11,0,0,0,128,24Zm0,192a88,88,0,1,1,88-88A88.1,88.1,0,0,1,128,216Zm16-40a8,8,0,0,1-8,8,16,16,0,0,1-16-16V128a8,8,0,0,1,0-16,16,16,0,0,1,16,16v40A8,8,0,0,1,144,176ZM112,84a12,12,0,1,1,12,12A12,12,0,0,1,112,84Z\"><\/path><\/svg><svg xmlns=\"http:\/\/www.w3.org\/2000\/svg\" class=\"close_icon\" width=\"28\" height=\"28\" fill=\"#FFF\" viewBox=\"0 0 256 256\"><path d=\"M165.66,101.66,139.31,128l26.35,26.34a8,8,0,0,1-11.32,11.32L128,139.31l-26.34,26.35a8,8,0,0,1-11.32-11.32L116.69,128,90.34,101.66a8,8,0,0,1,11.32-11.32L128,116.69l26.34-26.35a8,8,0,0,1,11.32,11.32ZM232,128A104,104,0,1,1,128,24,104.11,104.11,0,0,1,232,128Zm-16,0a88,88,0,1,0-88,88A88.1,88.1,0,0,0,216,128Z\"><\/path><\/svg><\/span><\/div><figcaption class=\"gb-headline gb-headline-1052c05a gb-headline-text\">Panoramatick\u00fd pohled na Park G\u00fcell v Barcelon\u011b<\/figcaption><\/figure>\n\n<ul class=\"gb-container gb-container-53b82d66 ms-mb-block ms-icon-list\">\n\n<li class=\"gb-headline gb-headline-f5138486 ms-icon-list__item\"><span class=\"gb-icon\"><svg viewBox=\"0 0 256 256\" fill=\"#000000\" height=\"32\" width=\"32\" xmlns=\"http:\/\/www.w3.org\/2000\/svg\"><path d=\"M232.49,80.49l-128,128a12,12,0,0,1-17,0l-56-56a12,12,0,1,1,17-17L96,183,215.51,63.51a12,12,0,0,1,17,17Z\"><\/path><\/svg><\/span><span class=\"gb-headline-text\">Snadn\u00fd vstup do Monument\u00e1ln\u00ed z\u00f3ny Parku G\u00fcell.<\/span><\/li>\n\n<\/ul>\n\n\n<p>Vstupenku si m\u016f\u017ee\u0161 roz\u0161\u00ed\u0159it o vstup do Gaud\u00edho domovn\u00edho muzea. Prozkoumej n\u00e1bytek na m\u00edru a um\u011bleck\u00e1 d\u00edla, kter\u00e1 Gaud\u00ed s\u00e1m navrhl, a nav\u0161tiv jeho posledn\u00ed domov \u2013 m\u00edsto, kter\u00e9 dokl\u00e1d\u00e1 bohatstv\u00ed katal\u00e1nsk\u00e9ho \u0159emesla z doby secese.<\/p>\n\n\n\n<p><strong>Tip:<\/strong> Nezapome\u0148 si ud\u011blat selfie s cel\u00fdm m\u011bstem v pozad\u00ed!<\/p>\n<\/div>\n<\/div>\n\n\n\n<div class=\"ms-accordion__item\">\n<div class=\"ms-accordion__header\">\n<h3 class=\"gb-text-ms-blocks-203\"><span class=\"gb-shape\"><svg viewBox=\"0 0 256 256\" fill=\"#000000\" height=\"32\" width=\"32\" xmlns=\"http:\/\/www.w3.org\/2000\/svg\"><path d=\"M128,60a44,44,0,1,0,44,44A44.05,44.05,0,0,0,128,60Zm0,64a20,20,0,1,1,20-20A20,20,0,0,1,128,124Zm0-112a92.1,92.1,0,0,0-92,92c0,77.36,81.64,135.4,85.12,137.83a12,12,0,0,0,13.76,0,259,259,0,0,0,42.18-39C205.15,170.57,220,136.37,220,104A92.1,92.1,0,0,0,128,12Zm31.3,174.71A249.35,249.35,0,0,1,128,216.89a249.35,249.35,0,0,1-31.3-30.18C80,167.37,60,137.31,60,104a68,68,0,0,1,136,0C196,137.31,176,167.37,159.3,186.71Z\"><\/path><\/svg><\/span><span class=\"gb-text\">Sagrada Fam\u00edlia<\/span><\/h3>\n<\/div>\n\n\n\n<div class=\"ms-accordion__body\"><figure>\n                    <div class=\"ms-credits\"><img decoding=\"async\" width=\"1920\" height=\"1080\" class=\"gb-image gb-image-d7e8bb26\" src=\"https:\/\/www.barcelonacard.org\/wp-content\/uploads\/sagrada-familia-1746809971.jpg\" alt=\"Sagrada Familia Basilica\" title=\"sagrada-familia-1746809971\" srcset=\"https:\/\/www.barcelonacard.org\/cs\/wp-content\/uploads\/sites\/16\/sagrada-familia-1746809971.jpg 1920w, https:\/\/www.barcelonacard.org\/cs\/wp-content\/uploads\/sites\/16\/sagrada-familia-1746809971-768x432.jpg 768w, https:\/\/www.barcelonacard.org\/cs\/wp-content\/uploads\/sites\/16\/sagrada-familia-1746809971-1024x576.jpg 1024w, https:\/\/www.barcelonacard.org\/cs\/wp-content\/uploads\/sites\/16\/sagrada-familia-1746809971-1280x720.jpg 1280w, https:\/\/www.barcelonacard.org\/cs\/wp-content\/uploads\/sites\/16\/sagrada-familia-1746809971-1600x900.jpg 1600w\" sizes=\"(max-width: 1920px) 100vw, 1920px\"><span class='ms-credits__info' id='media936'><svg xmlns=\"http:\/\/www.w3.org\/2000\/svg\" width=\"20\" height=\"22\" fill=\"#000000\" viewBox=\"0 0 256 256\"><path d=\"M128,24A104,104,0,1,0,232,128,104.11,104.11,0,0,0,128,24Zm0,192a88,88,0,1,1,88-88A88.1,88.1,0,0,1,128,216ZM96,128a32,32,0,0,0,57.6,19.2,8,8,0,0,1,12.8,9.61,48,48,0,1,1,0-57.62,8,8,0,0,1-12.8,9.61A32,32,0,0,0,96,128Z\"><\/path><\/svg>TTstudio\/<a href=https:\/\/depositphotos.com\/editorial\/barcelona-spain-february-2016-sagrada-familia-basilica-barcelona-antoni-gaudi-525256358.html rel='nofollow' target='_blank'>Depositphotos<\/a><\/span><span class='ms-credits__btn' id='btn_media936' onclick='ms_credits_trigger(\"#media936\", this)'><svg xmlns=\"http:\/\/www.w3.org\/2000\/svg\" class=\"info_icon\" width=\"28\" height=\"28\" fill=\"#FFF\" viewBox=\"0 0 256 256\"><path d=\"M128,24A104,104,0,1,0,232,128,104.11,104.11,0,0,0,128,24Zm0,192a88,88,0,1,1,88-88A88.1,88.1,0,0,1,128,216Zm16-40a8,8,0,0,1-8,8,16,16,0,0,1-16-16V128a8,8,0,0,1,0-16,16,16,0,0,1,16,16v40A8,8,0,0,1,144,176ZM112,84a12,12,0,1,1,12,12A12,12,0,0,1,112,84Z\"><\/path><\/svg><svg xmlns=\"http:\/\/www.w3.org\/2000\/svg\" class=\"close_icon\" width=\"28\" height=\"28\" fill=\"#FFF\" viewBox=\"0 0 256 256\"><path d=\"M165.66,101.66,139.31,128l26.35,26.34a8,8,0,0,1-11.32,11.32L128,139.31l-26.34,26.35a8,8,0,0,1-11.32-11.32L116.69,128,90.34,101.66a8,8,0,0,1,11.32-11.32L128,116.69l26.34-26.35a8,8,0,0,1,11.32,11.32ZM232,128A104,104,0,1,1,128,24,104.11,104.11,0,0,1,232,128Zm-16,0a88,88,0,1,0-88,88A88.1,88.1,0,0,0,216,128Z\"><\/path><\/svg><\/span><\/div><figcaption class=\"gb-headline gb-headline-a73d9ee0 gb-headline-text\">Bazilika Sagrada Fam\u00edlia v Barcelon\u011b<\/figcaption><\/figure>\n\n<ul class=\"gb-container gb-container-1ec7782c ms-mb-block ms-icon-list\">\n\n<li class=\"gb-headline gb-headline-ea4f5bed ms-icon-list__item\"><span class=\"gb-icon\"><svg viewBox=\"0 0 256 256\" fill=\"#000000\" height=\"32\" width=\"32\" xmlns=\"http:\/\/www.w3.org\/2000\/svg\"><path d=\"M232.49,80.49l-128,128a12,12,0,0,1-17,0l-56-56a12,12,0,1,1,17-17L96,183,215.51,63.51a12,12,0,0,1,17,17Z\"><\/path><\/svg><\/span><span class=\"gb-headline-text\">Vstup bez fronty do Sagrada Fam\u00edlia.<\/span><\/li>\n\n\n\n<li class=\"gb-headline gb-headline-eb81dbda ms-icon-list__item\"><span class=\"gb-icon\"><svg viewBox=\"0 0 256 256\" fill=\"#000000\" height=\"32\" width=\"32\" xmlns=\"http:\/\/www.w3.org\/2000\/svg\"><path d=\"M232.49,80.49l-128,128a12,12,0,0,1-17,0l-56-56a12,12,0,1,1,17-17L96,183,215.51,63.51a12,12,0,0,1,17,17Z\"><\/path><\/svg><\/span><span class=\"gb-headline-text\">Ofici\u00e1ln\u00ed audiopr\u016fvodce dostupn\u00fd ve 20 jazyc\u00edch.<\/span><\/li>\n\n<\/ul>\n\n\n<p>Vstupenku si m\u016f\u017ee\u0161 roz\u0161\u00ed\u0159it o p\u0159\u00edstup na v\u011b\u017ee a vychutnat si nejkr\u00e1sn\u011bj\u0161\u00ed v\u00fdhledy na Barcelonu, kter\u00e9 jinde nenajde\u0161.<\/p>\n<\/div>\n<\/div>\n\n\n\n<div class=\"ms-accordion__item\">\n<div class=\"ms-accordion__header\">\n<h3 class=\"gb-text-ms-blocks-303\"><span class=\"gb-shape\"><svg viewBox=\"0 0 256 256\" fill=\"#000000\" height=\"32\" width=\"32\" xmlns=\"http:\/\/www.w3.org\/2000\/svg\"><path d=\"M176,12H80A28,28,0,0,0,52,40V216a28,28,0,0,0,28,28h96a28,28,0,0,0,28-28V40A28,28,0,0,0,176,12ZM76,76H180V180H76Zm4-40h96a4,4,0,0,1,4,4V52H76V40A4,4,0,0,1,80,36Zm96,184H80a4,4,0,0,1-4-4V204H180v12A4,4,0,0,1,176,220Z\"><\/path><\/svg><\/span><span class=\"gb-text\">Barcelona: aplikace Audio Guide<\/span><\/h3>\n<\/div>\n\n\n\n<div class=\"ms-accordion__body\">\n<ul class=\"wp-block-list\">\n<li>Aplikace s v\u00edce ne\u017e 100 zaj\u00edmav\u00fdmi m\u00edsty ve m\u011bst\u011b.<\/li>\n\n\n\n<li>Fotografie, popisy a audio koment\u00e1\u0159e od m\u00edstn\u00edch odborn\u00edk\u016f v angli\u010dtin\u011b, ital\u0161tin\u011b, francouz\u0161tin\u011b, n\u011bm\u010din\u011b a \u0161pan\u011bl\u0161tin\u011b.<\/li>\n\n\n\n<li>Offline interaktivn\u00ed mapy a navigace, aby ses mohl proch\u00e1zet vlastn\u00edm tempem.<\/li>\n<\/ul>\n\n\n\n<p><strong>Upozorn\u011bn\u00ed:<\/strong> Aplikace neobsahuje vstupenky na popisovan\u00e1 m\u00edsta. K poslechu audio koment\u00e1\u0159\u016f ve smartphonu bude\u0161 pot\u0159ebovat vlastn\u00ed sluch\u00e1tka.<\/p>\n<\/div>\n<\/div>\n<\/div>\n\n\n<div class=\"gb-container gb-container-7d45ff9c ms-p ms-rounded ms-mb-last-child-0 ms-mb-children-condensed ms-alert--contrast ms-mb-block\">\n\n<p><strong>Chce\u0161 i dopravu a muzea?<\/strong> Kombinace Bal\u00ed\u010dek Gaud\u00ed + Barcelona Card p\u0159id\u00e1v\u00e1 neomezen\u00e9 vyu\u017eit\u00ed MHD, bezplatn\u00fd vstup do v\u00edce ne\u017e 28 muze\u00ed a p\u0159es 70 slev po cel\u00e9 Barcelon\u011b.<\/p>\n\n\n\n<p><a href=\"https:\/\/www.tiqets.com\/cs\/barcelona-attractions-c66342\/barcelona-card-the-gaudi-bundle-p1014705\/?partner=barcelonacard\" rel=\"nofollow noopener\">Zobrazit kombinaci<\/a> \u00bb<\/p>\n\n<\/div>\n\n\n<h2 class=\"wp-block-heading\">Dal\u0161\u00ed pasy pro Barcelonu<\/h2>\n\n\n\n<p>Bal\u00ed\u010dek Gaud\u00ed nen\u00ed jedin\u00fd pas zahrnuj\u00edc\u00ed Sagrada Fam\u00edlia a Park G\u00fcell. Pod\u00edvej se, jak obstoj\u00ed v porovn\u00e1n\u00ed s ostatn\u00edmi.<\/p>\n\n\n<div class=\"ms-table frozenColumn\"><table><tr><th>Funkce<\/th><th><a href=\"https:\/\/www.barcelonacard.org\/tickets\/all-in-barcelona-card\/\">All-In Card<\/a><\/th><th><a href=\"https:\/\/www.barcelonacard.org\/cs\/vstupenky\/barcelona-city-pass\/\">The Barcelona Pass<\/a><\/th><th><a href=\"https:\/\/www.barcelonacard.org\/tickets\/barcelona-essentials-pass\/\">Karta Essentials Pass<\/a><\/th><th><a href=\"https:\/\/www.barcelonacard.org\/cs\/vstupenky\/balicek-gaudi\/\">Bal\u00ed\u010dek Gaud\u00ed<\/a><\/th><\/tr><tr><td>Cena<\/td><td>\u20ac124,50<\/td><td>\u20ac96,00<\/td><td>\u20ac87,00<\/td><td>\u20ac65,50<\/td><\/tr><tr><td>Sagrada Familia<\/td><td>\u2713<\/td><td>\u2713<\/td><td>\u2713<\/td><td>\u2713<\/td><\/tr><tr><td>Park G\u00fcell<\/td><td>\u2713<\/td><td>\u2713<\/td><td>\u2713<\/td><td>\u2713<\/td><\/tr><tr><td>Doprava (Hola BCN)<\/td><td>\u2713<\/td><td><\/td><td>\u2713<\/td><td> <\/td><\/tr><tr><td>Audio pr\u016fvodce<\/td><td><\/td><td>\u2713<\/td><td>\u2713<\/td><td>\u2713<\/td><\/tr><tr><td>3. atrakce<\/td><td>2 pr\u00e9miov\u00e9 volby<\/td><td>Vyberte 1: Casa Batll\u00f3, La Pedrera nebo turistick\u00e9ho autobusu<\/td><td><\/td><td> <\/td><\/tr><tr><td>Muzejn\u00ed pas<\/td><td>33 muze\u00ed<\/td><td><\/td><td><\/td><td> <\/td><\/tr><tr><td>Slevy<\/td><td>32 slev<\/td><td>10% k\u00f3d (5 pou\u017eit\u00ed)<\/td><td>10% k\u00f3d (5 pou\u017eit\u00ed)<\/td><td> <\/td><\/tr><tr><td>Digit\u00e1ln\u00ed vstupenka<\/td><td>\u2713<\/td><td>\u2713<\/td><td>\u2713<\/td><td>\u2713<\/td><\/tr><\/table><\/div>\n\n\n<p class=\"gb-text-b8f78388\"><span class=\"gb-text\">Porovnat v\u0161echny barcelonsk\u00e9 pasy podrobn\u011b<\/span><span class=\"gb-shape\"><svg xmlns=\"http:\/\/www.w3.org\/2000\/svg\" width=\"32\" height=\"32\" fill=\"#000000\" viewBox=\"0 0 256 256\"><path d=\"M141.66,133.66l-80,80a8,8,0,0,1-11.32-11.32L124.69,128,50.34,53.66A8,8,0,0,1,61.66,42.34l80,80A8,8,0,0,1,141.66,133.66Zm80-11.32-80-80a8,8,0,0,0-11.32,11.32L204.69,128l-74.35,74.34a8,8,0,0,0,11.32,11.32l80-80A8,8,0,0,0,221.66,122.34Z\"><\/path><\/svg><\/span><\/p>\n","protected":false},"excerpt":{"rendered":"<p>Bal\u00ed\u010dek Gaud\u00ed p\u0159edstavuje pohodln\u00fd zp\u016fsob, jak nav\u0161t\u00edvit nejv\u00fdznamn\u011bj\u0161\u00ed Gaud\u00edho pam\u00e1tky v Barcelon\u011b<\/p>\n","protected":false},"author":4,"featured_media":934,"parent":0,"menu_order":3,"template":"","meta":{"_acf_changed":false,"button_url":"https:\/\/www.tiqets.com\/cs\/barcelona-attractions-c66342\/the-gaudi-bundle-p1012496\/?partner=barcelonacard","ms_product_id":"1012496","ms_product_name":"The Gaudi Bundle","ms_price":"65","ms_currency":"EUR","ms_rating_value":"4.4","ms_review_count":"1406","product_id":"1012496","street_address":"","city":"Barcelona","country":"Spain","postal_code":"","lattitude":"41.386876","longitude":"2.169279","rank_math_title":"Bal\u00ed\u010dek Gaud\u00ed: nejlep\u0161\u00ed alternativa k Barcelona Card | Od \u20ac%customfield(ms_price)%","rank_math_description":"Bal\u00ed\u010dek Gaud\u00ed je vstupenka 2 v 1 na nejobl\u00edben\u011bj\u0161\u00ed atrakce Barcelony: Sagrada Fam\u00edlia a Park G\u00fcell, navr\u017een\u00e9 slavn\u00fdm architektem Anton\u00edm Gaud\u00edm. Rezervuj hned, u\u0161et\u0159i \u010das a vyhni se dlouh\u00fdm front\u00e1m."},"ticket-type":[],"producer":[],"class_list":["post-242","ticket","type-ticket","status-publish","has-post-thumbnail","hentry"],"acf":[],"product_schema":{"ms_product_id":"1012496","ms_product_name":"The Gaudi Bundle","ms_price":"65","ms_currency":"EUR","ms_rating_value":"4.4","ms_review_count":"1406"},"location_schema":{"product_id":"1012496","street_address":"","city":"Barcelona","country":"Spain","postal_code":"","lattitude":"41.386876","longitude":"2.169279"},"_links":{"self":[{"href":"https:\/\/www.barcelonacard.org\/cs\/wp-json\/wp\/v2\/ticket\/242","targetHints":{"allow":["GET"]}}],"collection":[{"href":"https:\/\/www.barcelonacard.org\/cs\/wp-json\/wp\/v2\/ticket"}],"about":[{"href":"https:\/\/www.barcelonacard.org\/cs\/wp-json\/wp\/v2\/types\/ticket"}],"author":[{"embeddable":true,"href":"https:\/\/www.barcelonacard.org\/cs\/wp-json\/wp\/v2\/users\/4"}],"wp:featuredmedia":[{"embeddable":true,"href":"https:\/\/www.barcelonacard.org\/cs\/wp-json\/wp\/v2\/media\/934"}],"wp:attachment":[{"href":"https:\/\/www.barcelonacard.org\/cs\/wp-json\/wp\/v2\/media?parent=242"}],"wp:term":[{"taxonomy":"ticket-type","embeddable":true,"href":"https:\/\/www.barcelonacard.org\/cs\/wp-json\/wp\/v2\/ticket-type?post=242"},{"taxonomy":"producer","embeddable":true,"href":"https:\/\/www.barcelonacard.org\/cs\/wp-json\/wp\/v2\/producer?post=242"}],"curies":[{"name":"wp","href":"https:\/\/api.w.org\/{rel}","templated":true}]}}