{"id":199,"date":"2026-02-27T19:42:43","date_gmt":"2026-02-27T18:42:43","guid":{"rendered":"https:\/\/www.barcelonacard.org\/cs\/?post_type=ticket&#038;p=199"},"modified":"2026-04-07T17:07:39","modified_gmt":"2026-04-07T15:07:39","slug":"park-guell","status":"publish","type":"ticket","link":"https:\/\/www.barcelonacard.org\/cs\/vstupenky\/park-guell\/","title":{"rendered":"Vstupenky do Parku G\u00fcell"},"content":{"rendered":"\n<div class=\"wp-block-group is-nowrap is-layout-flex wp-container-core-group-is-layout-ad2f72ca wp-block-group-is-layout-flex\">\n<div class=\"gb-text ms-badge ms-badge--primary ms-mb-block\">Pam\u00e1tka UNESCO<\/div>\n\n\n\n<div class=\"gb-text ms-badge ms-badge--primary ms-mb-block\">bez \u010dek\u00e1n\u00ed ve front\u011b<\/div>\n\n\n\n<div class=\"gb-text ms-badge ms-badge--primary ms-mb-block\">rychle se vyprod\u00e1v\u00e1<\/div>\n\n\n\n<div class=\"gb-text ms-badge ms-badge--primary ms-mb-block\">povinn\u00e1 zast\u00e1vka<\/div>\n<\/div>\n\n\n\n<div class=\"ms-rounded ms-mb-last-child-0 ms-mb-block ms-tfs--contrast ms-p ms-tfs\">\n<h3 class=\"gb-text\">\ud83c\udf9f\ufe0f <strong>Vstupenky do Parku G\u00fcell<\/strong><\/h3>\n\n\n\n<p class=\"ms-link-unstyled\"><a href=\"https:\/\/www.tiqets.com\/cs\/barcelona-attractions-c66342\/tickets-for-park-guell-entry-ticket-audio-guide-p1111514\/?partner=barcelonacard\" rel=\"nofollow noopener\"><strong>Park G\u00fcell: Vstupenka + Audiopr\u016fvodce<\/strong><\/a><\/p>\n\n\n\n<p>Ide\u00e1ln\u00ed pro individu\u00e1ln\u00ed cestovatele \u2013 Nejprod\u00e1van\u011bj\u0161\u00ed! Pokud si chce\u0161 v\u0161e prohl\u00e9dnout vlastn\u00edm tempem, tato vstupenka je p\u0159esn\u011b pro tebe. Z\u00edsk\u00e1\u0161 p\u0159\u00edstup do monument\u00e1ln\u00ed z\u00f3ny parku G\u00fcell a audiopr\u016fvodce, kter\u00fd si st\u00e1hne\u0161 do telefonu. Velmi jednoduch\u00e9 a flexibiln\u00ed.<\/p>\n\n\n\n<p class=\"ms-link-unstyled\"><a href=\"https:\/\/www.tiqets.com\/cs\/barcelona-attractions-c66342\/tickets-for-park-guell-guided-tour-p1107460\/?partner=barcelonacard\" data-type=\"link\" data-id=\"https:\/\/www.tiqets.com\/en\/barcelona-attractions-c66342\/tickets-for-park-guell-guided-tour-p1107460\/?partner=barcelonacard\" rel=\"nofollow noopener\"><strong>Park G\u00fcell: Prohl\u00eddka s pr\u016fvodcem<\/strong><\/a><\/p>\n\n\n\n<p>Ide\u00e1ln\u00ed pro ty, kdo p\u0159ij\u00ed\u017ed\u011bj\u00ed poprv\u00e9. Pokud rad\u011bji chce\u0161, aby ti n\u011bkdo vysv\u011btlil, co vid\u00ed\u0161, tato prohl\u00eddka je skv\u011bl\u00e1 volba. Pr\u016fvodce t\u011b provede parkem a pod\u011bl\u00ed se o zaj\u00edmav\u00e9 p\u0159\u00edb\u011bhy o Gaud\u00edm a jeho designu. Skv\u011bl\u00e9 pro ty, kdo p\u0159ij\u00ed\u017ed\u011bj\u00ed poprv\u00e9, nebo pro kohokoli, koho zaj\u00edm\u00e1 historie a symbolika parku.<\/p>\n\n\n\n<hr class=\"wp-block-separator has-alpha-channel-opacity\"\/>\n\n\n\n<h3 class=\"wp-block-heading\">\ud83c\udfab <strong>Pl\u00e1nuje\u0161 v Barcelon\u011b vid\u011bt v\u00edc? Tyto bal\u00ed\u010dky ti to usnadn\u00ed.<\/strong><\/h3>\n\n\n\n<ul class=\"wp-block-list\">\n<li><a href=\"https:\/\/www.tiqets.com\/cs\/barcelona-attractions-c66342\/best-of-barcelona-bundle-p1031461\/?partner=barcelonacard\" rel=\"nofollow noopener\"><strong>Best of Barcelona bal\u00ed\u010dek:<\/strong><\/a> Park G\u00fcell, Sagrada Familia a Casa Batll\u00f3.<\/li>\n\n\n\n<li><a href=\"https:\/\/www.barcelonacard.org\/cs\/vstupenky\/barcelona-city-pass\/\"><strong>Barcelona Pass:<\/strong><\/a> Park G\u00fcell, Sagrada Familia a je\u0161t\u011b jedna atrakce \u2013 Casa Batll\u00f3, La Pedrera nebo hop-on hop-off autobus. Jsi velk\u00fd fanou\u0161ek Gaud\u00edho?<\/li>\n\n\n\n<li><a href=\"https:\/\/www.barcelonacard.org\/cs\/vstupenky\/balicek-gaudi\/\"><strong>Bal\u00ed\u010dek Gaud\u00ed:<\/strong><\/a> Pokr\u00fdv\u00e1 v\u0161echna jeho nejd\u016fle\u017eit\u011bj\u0161\u00ed d\u00edla.<\/li>\n<\/ul>\n\n\n\n<hr class=\"wp-block-separator has-alpha-channel-opacity\"\/>\n\n\n\n<h3 class=\"wp-block-heading\">\u2705 <strong>Rychl\u00e1 doporu\u010den\u00ed<\/strong><\/h3>\n\n\n\n<ul class=\"wp-block-list\">\n<li>Milovn\u00edk Gaud\u00edho: Z\u00e1\u017eitek Gaud\u00ed nebo Bal\u00ed\u010dek Gaud\u00ed<\/li>\n\n\n\n<li>Hlavn\u00ed atrakce: Best of Barcelona<\/li>\n\n\n\n<li>Chce\u0161 flexibilitu: Barcelona Pass<\/li>\n<\/ul>\n\n\n\n<div class=\"ms-cta-button-options ms-mb-block ms-cta\">\n<a class=\"gb-text ms-btn ms-btn--primary ms-shadow\" href=\"https:\/\/www.tiqets.com\/cs\/barcelona-attractions-c66342\/tickets-for-park-guell-entry-ticket-audio-guide-p1111514\/?partner=barcelonacard\" rel=\"nofollow noopener\"><strong>Vstupenky do Parku G\u00fcell<\/strong><\/a>\n\n\n\n<a class=\"gb-text ms-btn ms-btn--outline-primary ms-shadow\" href=\"https:\/\/www.tiqets.com\/cs\/park-guell-tickets-l141902\/?partner=barcelonacard\" rel=\"nofollow noopener\"><strong>V\u0161echny mo\u017enosti<\/strong><\/a>\n<\/div>\n<\/div>\n\n\n\n<p>\u017d\u00e1dn\u00e1 n\u00e1v\u0161t\u011bva Barcelony by nebyla \u00fapln\u00e1 bez zast\u00e1vky v Parku G\u00fcell \u2013 nejd\u016fle\u017eit\u011bj\u0161\u00edm parku m\u011bsta, navr\u017een\u00e9m slavn\u00fdm architektem Anton\u00ednem Gaud\u00edm.<\/p>\n\n\n\n<h2 class=\"wp-block-heading\">Hlavn\u00ed body<\/h2>\n\n\n<ul class=\"gb-container gb-container-53b82d66 ms-mb-block ms-icon-list\">\n\n<li class=\"gb-headline gb-headline-f5138486 ms-icon-list__item\"><span class=\"gb-icon\"><svg viewBox=\"0 0 256 256\" fill=\"#000000\" height=\"32\" width=\"32\" xmlns=\"http:\/\/www.w3.org\/2000\/svg\"><path d=\"M232.49,80.49l-128,128a12,12,0,0,1-17,0l-56-56a12,12,0,1,1,17-17L96,183,215.51,63.51a12,12,0,0,1,17,17Z\"><\/path><\/svg><\/span><span class=\"gb-headline-text\">Park G\u00fcell p\u0159itahuje hodn\u011b n\u00e1v\u0161t\u011bvn\u00edk\u016f, kup si vstupenky online a p\u0159esko\u010d fronty<\/span><\/li>\n\n\n\n<li class=\"gb-headline gb-headline-eb81dbda ms-icon-list__item\"><span class=\"gb-icon\"><svg viewBox=\"0 0 256 256\" fill=\"#000000\" height=\"32\" width=\"32\" xmlns=\"http:\/\/www.w3.org\/2000\/svg\"><path d=\"M232.49,80.49l-128,128a12,12,0,0,1-17,0l-56-56a12,12,0,1,1,17-17L96,183,215.51,63.51a12,12,0,0,1,17,17Z\"><\/path><\/svg><\/span><span class=\"gb-headline-text\">Vyber si datum a \u010das, kter\u00e9 nejl\u00e9pe sed\u00ed tv\u00e9mu dovolenkov\u00e9mu pl\u00e1nu<\/span><\/li>\n\n\n\n<li class=\"gb-headline gb-headline-b37bb796 ms-icon-list__item\"><span class=\"gb-icon\"><svg viewBox=\"0 0 256 256\" fill=\"#000000\" height=\"32\" width=\"32\" xmlns=\"http:\/\/www.w3.org\/2000\/svg\"><path d=\"M232.49,80.49l-128,128a12,12,0,0,1-17,0l-56-56a12,12,0,1,1,17-17L96,183,215.51,63.51a12,12,0,0,1,17,17Z\"><\/path><\/svg><\/span><span class=\"gb-headline-text\">Vystoupej na vrchol kopce a u\u017eij si velkolep\u00fd v\u00fdhled na Barcelonu u tv\u00fdch nohou!<\/span><\/li>\n\n<\/ul>\n\n\n<h2 class=\"wp-block-heading\"><strong>Vstupenky a ceny<\/strong><\/h2>\n\n\n\n<p>Park G\u00fcell nab\u00edz\u00ed cenov\u011b dostupn\u00e9 vstupenky, d\u011bti do 6 let maj\u00ed vstup zdarma. K dispozici je n\u011bkolik mo\u017enost\u00ed.<\/p>\n\n\n\n<p>Vzhledem k popularit\u011b parku d\u016frazn\u011b doporu\u010dujeme koupit si vstupenky p\u0159edem online, abys m\u011bl\/a jistotu po\u017eadovan\u00e9ho \u010dasov\u00e9ho slotu. Prohl\u00eddka s pr\u016fvodcem je obzvl\u00e1\u0161\u0165 hodnotn\u00e1 pro ty, kdo se zaj\u00edmaj\u00ed o historick\u00fd a architektonick\u00fd v\u00fdznam Gaud\u00edho d\u00edla.<\/p>\n\n\n\n<h2 class=\"wp-block-heading\"><strong>Otev\u00edrac\u00ed doba<\/strong><\/h2>\n\n\n<div class=\"ms-table\"><table><tr><th>Obdob\u00ed<\/th><th>Otev\u00edrac\u00ed doba<\/th><th>Posledn\u00ed vstup<\/th><\/tr><tr><td>25. \u0159\u00edjna \u2013 6. \u00fanora<\/td><td>9:30 \u2013 17:30<\/td><td>16:30<\/td><\/tr><tr><td>7. \u00fanora \u2013 28. b\u0159ezna<\/td><td>9:30 \u2013 18:00<\/td><td>17:00<\/td><\/tr><tr><td>29. b\u0159ezna \u2013 24. \u0159\u00edjna<\/td><td>9:30 \u2013 19:30<\/td><td>18:30<\/td><\/tr><\/table><\/div>\n\n\n<p>Na vstupence m\u00e1\u0161 ur\u010den\u00fd \u010das a od toho \u010dasu m\u00e1\u0161 30 minut na vstup. Nap\u0159\u00edklad pokud m\u00e1\u0161 vstupenku na 9:30, m\u016f\u017ee\u0161 vstoupit do 10:00. Pot\u00e9 ztrat\u00ed\u0161 n\u00e1rok na vstup. Jakmile jsi uvnit\u0159, m\u016f\u017ee\u0161 z\u016fstat jak dlouho chce\u0161, ale pokud odejde\u0161, nem\u016f\u017ee\u0161 se vr\u00e1tit. Sna\u017e se p\u0159ij\u00edt v\u010das, abys neprop\u00e1sl\/a sv\u016fj vstupn\u00ed \u010das.<\/p>\n\n\n<div class=\"gb-container gb-container-52536c5e ms-p ms-rounded ms-mb-last-child-0 ms-mb-children-condensed ms-alert--contrast ms-mb-block\">\n\n<h4 class=\"gb-headline gb-headline-2f7b646a\"><span class=\"gb-icon\"><svg viewBox=\"0 0 256 256\" fill=\"#000000\" height=\"32\" width=\"32\" xmlns=\"http:\/\/www.w3.org\/2000\/svg\"><path d=\"M128,20A108,108,0,1,0,236,128,108.12,108.12,0,0,0,128,20Zm0,192a84,84,0,1,1,84-84A84.09,84.09,0,0,1,128,212Zm-12-80V80a12,12,0,0,1,24,0v52a12,12,0,0,1-24,0Zm28,40a16,16,0,1,1-16-16A16,16,0,0,1,144,172Z\"><\/path><\/svg><\/span><span class=\"gb-headline-text\"><strong>Speci\u00e1ln\u00ed nab\u00eddka: Bal\u00ed\u010dek Gaud\u00ed<\/strong><\/span><\/h4>\n\n\n\n<p>Pokud pl\u00e1nuje\u0161 nav\u0161t\u00edvit Sagrada Familia i Park G\u00fcell, po\u0159i\u010f si Bal\u00ed\u010dek Gaud\u00ed. Zahrnuje p\u0159ednostn\u00ed vstup do obou atrakc\u00ed a dal\u0161\u00ed exkluzivn\u00ed v\u00fdhody.<br><a href=\"https:\/\/www.tiqets.com\/cs\/barcelona-attractions-c66342\/the-gaudi-bundle-p1012496\/?partner=barcelonacard\" rel=\"nofollow noopener\">Klikni sem pro v\u00edce informac\u00ed \u00bb<\/a><\/p>\n\n<\/div>\n\n\n<h2 class=\"wp-block-heading\"><strong>Co uvid\u00ed\u0161 a za\u017eije\u0161<\/strong><\/h2>\n\n\n\n<p>Park G\u00fcell je jednou z nejobl\u00edben\u011bj\u0161\u00edch destinac\u00ed v Barcelon\u011b, s mno\u017estv\u00edm zaj\u00edmavost\u00ed a spoustou m\u00edst na skv\u011bl\u00e9 fotky:<\/p>\n\n\n\n<h3 class=\"wp-block-heading\"><strong>Tur\u00f3 de les Tres Creus<\/strong><\/h3>\n\n\n\n<p>Kopec t\u0159\u00ed k\u0159\u00ed\u017e\u016f je nejvy\u0161\u0161\u00edm bodem parku a nab\u00edz\u00ed jeden z nej\u00fachvatn\u011bj\u0161\u00edch v\u00fdhled\u016f na katal\u00e1nskou metropoli. Je to ide\u00e1ln\u00ed m\u00edsto pro sledov\u00e1n\u00ed z\u00e1padu slunce a obl\u00edben\u00fd spot na selfie s panoramatem m\u011bsta v pozad\u00ed.<\/p>\n\n\n\n<h3 class=\"wp-block-heading\"><strong>Hypostylov\u00fd s\u00e1l<\/strong><\/h3>\n\n\n\n<p>Nach\u00e1z\u00ed se bl\u00edzko vstupu a obsahuje les d\u00f3rsk\u00fdch sloup\u016f, kter\u00e9 podp\u00edraj\u00ed centr\u00e1ln\u00ed terasu parku. Strop je zdoben barevn\u00fdmi mozaikami, kde ka\u017ed\u00e1 barva p\u0159edstavuje jin\u00e9 ro\u010dn\u00ed obdob\u00ed a f\u00e1zi m\u011bs\u00edce. Je to p\u016fsobiv\u00fd p\u0159\u00edklad Gaud\u00edho propojen\u00ed um\u011bn\u00ed a p\u0159\u00edrody.<\/p>\n\n\n\n<h3 class=\"wp-block-heading\"><strong>Viadukty a proch\u00e1zkov\u00e9 cesty<\/strong><\/h3>\n\n\n\n<p>Viadukty a cesty, navr\u017een\u00e9 b\u011bhem Gaud\u00edho naturalistick\u00e9ho obdob\u00ed, jsou inspirov\u00e1ny p\u0159\u00edrodou \u2013 kamenn\u00e9 sloupy vypadaj\u00ed, jako by p\u0159irozen\u011b vyrostly ze zem\u011b. Tyto stezky jsou ide\u00e1ln\u00ed na poklidnou proch\u00e1zku p\u0159i obdivov\u00e1n\u00ed Gaud\u00edho architektonick\u00e9ho g\u00e9nia.<\/p>\n\n\n\n<h2 class=\"wp-block-heading\"><strong>V\u011bd\u011bl\/a jsi? (3 zaj\u00edmavosti!)<\/strong><\/h2>\n\n\n\n<ul class=\"wp-block-list\">\n<li>Park G\u00fcell byl p\u016fvodn\u011b zam\u00fd\u0161len jako luxusn\u00ed reziden\u010dn\u00ed \u010dtvr\u0165, ale kdy\u017e p\u016fvodn\u00ed pl\u00e1n selhal, byl p\u0159em\u011bn\u011bn na ve\u0159ejn\u00fd park.<\/li>\n\n\n\n<li>Gaud\u00ed \u017eil v Parku G\u00fcell od roku 1906 a\u017e do sv\u00e9 smrti v roce 1926. Jeho d\u016fm je nyn\u00ed Gaud\u00edho d\u016fm-muzeum (Casa Museu Gaud\u00ed) a je otev\u0159en\u00fd pro n\u00e1v\u0161t\u011bvn\u00edky.<\/li>\n\n\n\n<li>D\u00f3rsk\u00e9 sloupy v Hypostylov\u00e9m s\u00e1le jsou ve skute\u010dnosti sb\u011bra\u010de de\u0161\u0165ov\u00e9 vody. De\u0161\u0165ov\u00e1 voda z horn\u00edho n\u00e1m\u011bst\u00ed se filtruje do podzemn\u00ed cisterny, kter\u00e1 m\u011bla z\u00e1sobovat domy v parku.<\/li>\n<\/ul>\n\n\n\n<h2 class=\"wp-block-heading\"><strong>Fotografie<\/strong><\/h2>\n\n\n\n<figure><div class=\"ms-credits\">\n<img decoding=\"async\" class=\"gb-media-fa7fd8b2\" alt=\"Park Guell in Barcelona\" src=\"https:\/\/www.barcelonacard.org\/cs\/wp-content\/uploads\/sites\/16\/park-guell-1746809512.jpg\" title=\"park-guell-1746809512\"\/>\n<span class='ms-credits__info' id='media935'><svg xmlns=\"http:\/\/www.w3.org\/2000\/svg\" width=\"20\" height=\"22\" fill=\"#000000\" viewBox=\"0 0 256 256\"><path d=\"M128,24A104,104,0,1,0,232,128,104.11,104.11,0,0,0,128,24Zm0,192a88,88,0,1,1,88-88A88.1,88.1,0,0,1,128,216ZM96,128a32,32,0,0,0,57.6,19.2,8,8,0,0,1,12.8,9.61,48,48,0,1,1,0-57.62,8,8,0,0,1-12.8,9.61A32,32,0,0,0,96,128Z\"><\/path><\/svg>bluebe\/<a href=https:\/\/depositphotos.com\/editorial\/panoramic-view-park-guell-barcelona-catalunya-spain-235683708.html rel='nofollow' target='_blank'>Depositphotos<\/a><\/span><span class='ms-credits__btn' id='btn_media935' onclick='ms_credits_trigger(\"#media935\", this)'><svg xmlns=\"http:\/\/www.w3.org\/2000\/svg\" class=\"info_icon\" width=\"28\" height=\"28\" fill=\"#FFF\" viewBox=\"0 0 256 256\"><path d=\"M128,24A104,104,0,1,0,232,128,104.11,104.11,0,0,0,128,24Zm0,192a88,88,0,1,1,88-88A88.1,88.1,0,0,1,128,216Zm16-40a8,8,0,0,1-8,8,16,16,0,0,1-16-16V128a8,8,0,0,1,0-16,16,16,0,0,1,16,16v40A8,8,0,0,1,144,176ZM112,84a12,12,0,1,1,12,12A12,12,0,0,1,112,84Z\"><\/path><\/svg><svg xmlns=\"http:\/\/www.w3.org\/2000\/svg\" class=\"close_icon\" width=\"28\" height=\"28\" fill=\"#FFF\" viewBox=\"0 0 256 256\"><path d=\"M165.66,101.66,139.31,128l26.35,26.34a8,8,0,0,1-11.32,11.32L128,139.31l-26.34,26.35a8,8,0,0,1-11.32-11.32L116.69,128,90.34,101.66a8,8,0,0,1,11.32-11.32L128,116.69l26.34-26.35a8,8,0,0,1,11.32,11.32ZM232,128A104,104,0,1,1,128,24,104.11,104.11,0,0,1,232,128Zm-16,0a88,88,0,1,0-88,88A88.1,88.1,0,0,0,216,128Z\"><\/path><\/svg><\/span><\/div>\n\n\n<figcaption class=\"gb-text\">Park G\u00fcell od architekta Gaud\u00edho v letn\u00edm dni v Barcelon\u011b<\/figcaption>\n<\/figure>\n\n\n\n<figure><div class=\"ms-credits\">\n<img decoding=\"async\" class=\"gb-media-6e6039e3\" alt=\"\" src=\"https:\/\/www.barcelonacard.org\/cs\/wp-content\/uploads\/sites\/16\/lizard-fountain-1747201135.jpg\" title=\"lizard-fountain-1747201135\"\/>\n<span class='ms-credits__info' id='media998'><svg xmlns=\"http:\/\/www.w3.org\/2000\/svg\" width=\"20\" height=\"22\" fill=\"#000000\" viewBox=\"0 0 256 256\"><path d=\"M128,24A104,104,0,1,0,232,128,104.11,104.11,0,0,0,128,24Zm0,192a88,88,0,1,1,88-88A88.1,88.1,0,0,1,128,216ZM96,128a32,32,0,0,0,57.6,19.2,8,8,0,0,1,12.8,9.61,48,48,0,1,1,0-57.62,8,8,0,0,1-12.8,9.61A32,32,0,0,0,96,128Z\"><\/path><\/svg>fazon1\/<a href=https:\/\/depositphotos.com\/editorial\/lizard-fountain-at-park-guell-7644123.html rel='nofollow' target='_blank'>Depositphotos<\/a><\/span><span class='ms-credits__btn' id='btn_media998' onclick='ms_credits_trigger(\"#media998\", this)'><svg xmlns=\"http:\/\/www.w3.org\/2000\/svg\" class=\"info_icon\" width=\"28\" height=\"28\" fill=\"#FFF\" viewBox=\"0 0 256 256\"><path d=\"M128,24A104,104,0,1,0,232,128,104.11,104.11,0,0,0,128,24Zm0,192a88,88,0,1,1,88-88A88.1,88.1,0,0,1,128,216Zm16-40a8,8,0,0,1-8,8,16,16,0,0,1-16-16V128a8,8,0,0,1,0-16,16,16,0,0,1,16,16v40A8,8,0,0,1,144,176ZM112,84a12,12,0,1,1,12,12A12,12,0,0,1,112,84Z\"><\/path><\/svg><svg xmlns=\"http:\/\/www.w3.org\/2000\/svg\" class=\"close_icon\" width=\"28\" height=\"28\" fill=\"#FFF\" viewBox=\"0 0 256 256\"><path d=\"M165.66,101.66,139.31,128l26.35,26.34a8,8,0,0,1-11.32,11.32L128,139.31l-26.34,26.35a8,8,0,0,1-11.32-11.32L116.69,128,90.34,101.66a8,8,0,0,1,11.32-11.32L128,116.69l26.34-26.35a8,8,0,0,1,11.32,11.32ZM232,128A104,104,0,1,1,128,24,104.11,104.11,0,0,1,232,128Zm-16,0a88,88,0,1,0-88,88A88.1,88.1,0,0,0,216,128Z\"><\/path><\/svg><\/span><\/div>\n\n\n<figcaption class=\"gb-text\">Je\u0161t\u011br\u010d\u00ed font\u00e1na v Parku G\u00fcell v Barcelon\u011b<\/figcaption>\n<\/figure>\n\n\n\n<figure><div class=\"ms-credits\">\n<img decoding=\"async\" class=\"gb-media-3e502703\" alt=\"\" src=\"https:\/\/www.barcelonacard.org\/cs\/wp-content\/uploads\/sites\/16\/park-guell-barcelona-1747201164.jpg\" title=\"park-guell-barcelona-1747201164\"\/>\n<span class='ms-credits__info' id='media999'><svg xmlns=\"http:\/\/www.w3.org\/2000\/svg\" width=\"20\" height=\"22\" fill=\"#000000\" viewBox=\"0 0 256 256\"><path d=\"M128,24A104,104,0,1,0,232,128,104.11,104.11,0,0,0,128,24Zm0,192a88,88,0,1,1,88-88A88.1,88.1,0,0,1,128,216ZM96,128a32,32,0,0,0,57.6,19.2,8,8,0,0,1,12.8,9.61,48,48,0,1,1,0-57.62,8,8,0,0,1-12.8,9.61A32,32,0,0,0,96,128Z\"><\/path><\/svg>Dragonfly666\/<a href=https:\/\/depositphotos.com\/editorial\/parc-guell-in-barcelona-178011736.html rel='nofollow' target='_blank'>Depositphotos<\/a><\/span><span class='ms-credits__btn' id='btn_media999' onclick='ms_credits_trigger(\"#media999\", this)'><svg xmlns=\"http:\/\/www.w3.org\/2000\/svg\" class=\"info_icon\" width=\"28\" height=\"28\" fill=\"#FFF\" viewBox=\"0 0 256 256\"><path d=\"M128,24A104,104,0,1,0,232,128,104.11,104.11,0,0,0,128,24Zm0,192a88,88,0,1,1,88-88A88.1,88.1,0,0,1,128,216Zm16-40a8,8,0,0,1-8,8,16,16,0,0,1-16-16V128a8,8,0,0,1,0-16,16,16,0,0,1,16,16v40A8,8,0,0,1,144,176ZM112,84a12,12,0,1,1,12,12A12,12,0,0,1,112,84Z\"><\/path><\/svg><svg xmlns=\"http:\/\/www.w3.org\/2000\/svg\" class=\"close_icon\" width=\"28\" height=\"28\" fill=\"#FFF\" viewBox=\"0 0 256 256\"><path d=\"M165.66,101.66,139.31,128l26.35,26.34a8,8,0,0,1-11.32,11.32L128,139.31l-26.34,26.35a8,8,0,0,1-11.32-11.32L116.69,128,90.34,101.66a8,8,0,0,1,11.32-11.32L128,116.69l26.34-26.35a8,8,0,0,1,11.32,11.32ZM232,128A104,104,0,1,1,128,24,104.11,104.11,0,0,1,232,128Zm-16,0a88,88,0,1,0-88,88A88.1,88.1,0,0,0,216,128Z\"><\/path><\/svg><\/span><\/div>\n\n\n<figcaption class=\"gb-text\">Portikus pr\u00e1delny v Parku G\u00fcell v Barcelon\u011b, \u0160pan\u011blsk<\/figcaption>\n<\/figure>\n\n\n\n<h2 class=\"wp-block-heading\"><strong>Historie<\/strong><\/h2>\n\n\n\n<p>Ne\u017e se stal barevnou dominantou, kterou zn\u00e1me dnes, m\u011bl Park G\u00fcell zcela jin\u00fd za\u010d\u00e1tek:<\/p>\n\n\n\n<div class=\"ms-timeline-list\">\n<div class=\"ms-timeline-item\">\n<p class=\"gb-text ms-timeline-item__time\">1900<\/p>\n\n\n\n<p class=\"gb-text\">Bohat\u00fd podnikatel Eusebi G\u00fcell po\u017e\u00e1dal sv\u00e9ho p\u0159\u00edtele, architekta Antoniho Gaud\u00edho, aby navrhl elegantn\u00ed zahradn\u00ed \u010dtvr\u0165 v Barcelon\u011b.<\/p>\n<\/div>\n\n\n\n<div class=\"ms-timeline-item\">\n<p class=\"gb-text ms-timeline-item__time\">1906<\/p>\n\n\n\n<p class=\"gb-text\">Gaud\u00ed zah\u00e1jil stavbu na kopci zvan\u00e9m Muntanya Pelada. Pl\u00e1n byl postavit 60 dom\u016f, ale dokon\u010deny byly pouze 2.<\/p>\n<\/div>\n\n\n\n<div class=\"ms-timeline-item\">\n<p class=\"gb-text ms-timeline-item__time\">1914<\/p>\n\n\n\n<p class=\"gb-text\">Projekt byl zastaven, proto\u017ee lid\u00e9 domy nekupovali. Kr\u00e1sn\u00e9 zahrady, cesty a budovy ale z\u016fstaly.<\/p>\n<\/div>\n\n\n\n<div class=\"ms-timeline-item\">\n<p class=\"gb-text ms-timeline-item__time\">1922<\/p>\n\n\n\n<p class=\"gb-text\">Rodina Eusebiho G\u00fcella darovala park m\u011bstu Barcelona.<\/p>\n<\/div>\n\n\n\n<div class=\"ms-timeline-item\">\n<p class=\"gb-text ms-timeline-item__time\">1926<\/p>\n\n\n\n<p class=\"gb-text\">Park G\u00fcell byl ofici\u00e1ln\u011b otev\u0159en jako ve\u0159ejn\u00fd park. Ve stejn\u00e9m roce zem\u0159el i Gaud\u00ed.<\/p>\n<\/div>\n\n\n\n<div class=\"ms-timeline-item\">\n<p class=\"gb-text ms-timeline-item__time\">1984<\/p>\n\n\n\n<p class=\"gb-text\">Park G\u00fcell byl pro sv\u016fj jedine\u010dn\u00fd a kr\u00e1sn\u00fd design zaps\u00e1n na seznam UNESCO.<\/p>\n<\/div>\n\n\n\n<div class=\"ms-timeline-item\">\n<p class=\"gb-text ms-timeline-item__time\">Sou\u010dasnost<\/p>\n\n\n\n<p class=\"gb-text\">Je jedn\u00edm z nejslavn\u011bj\u0161\u00edch park\u016f na sv\u011bt\u011b \u2013 m\u00edsto, kde se potk\u00e1v\u00e1 p\u0159\u00edroda, um\u011bn\u00ed a fantazie. Miliony lid\u00ed sem p\u0159ich\u00e1zej\u00ed na proch\u00e1zky, fotky a aby si u\u017eili Gaud\u00edho hrav\u00fd styl.<\/p>\n<\/div>\n<\/div>\n\n\n\n<h2 class=\"wp-block-heading\"><strong>Mapa a adresa (Poloha)<\/strong><\/h2>\n\n\n\n<address class=\"ms-mapblock ms-mb-block\">\n\t\n\t\t<h4>\n\t\t\tPark Guell\t\t<\/h2>\n\n\t\t<p class=\"ms-mb-0\">\n            <img decoding=\"async\" class=\"ms-mapblock__map ms-rounded\" src=\"https:\/\/www.barcelonacard.org\/cs\/wp-content\/uploads\/sites\/16\/maps\/staticmap_41.4144948_2.1526945_14_768x432.png\" alt=\"Park Guell\" \/>\n\t\t<\/p>\n\n\t\t<p class=\"ms-text-sm ms-text-muted\">\n\t\t\tPark G\u00fcell, Gr\u00e0cia, 08024 Barcelona, Spain \u00b7\n\t\t\t<a rel=\"nofollow noopener\" target=\"_blank\" href=\"https:\/\/maps.google.com\/?q=41.4144948,2.1526945\">Google Maps<\/a>\n\t\t<\/p>\n\n\t<\/address>\n\n\n<h2 class=\"wp-block-heading\"><strong>Jak se tam dostat<\/strong><\/h2>\n\n\n\n<p>Park G\u00fcell m\u00e1 n\u011bkolik vstupn\u00edch bod\u016f. Pro nejsnaz\u0161\u00ed a nejpohodln\u011bj\u0161\u00ed p\u0159\u00edstup doporu\u010dujeme:<\/p>\n\n\n\n<ul class=\"wp-block-list\">\n<li>Carretera del Carmel, 23 \u2013 u tohoto vstupu je i parkovi\u0161t\u011b pro autobusy.<\/li>\n\n\n\n<li>Carrer de Larrard \u2013 vstup z uli\u010dky Carrer d&#8217;Olot \/ Carrer Marianao.<\/li>\n\n\n\n<li>Avinguda del Santuari de Sant Josep de la Muntanya \u2013 vstup eskal\u00e1torem.<\/li>\n<\/ul>\n\n\n\n<p><strong>\ud83d\ude87 Metro:<\/strong> Je\u010f linkou L3 (Zelen\u00e1) a vystup na stanici Lesseps. Odtud je to asi 20 minut ch\u016fze. Doporu\u010dujeme vstup na Avinguda del Santuari de Sant Josep de la Muntanya, kde je eskal\u00e1tor.<\/p>\n\n\n\n<p><strong>\ud83d\ude8c Autobus:<\/strong><\/p>\n\n\n\n<ul class=\"wp-block-list\">\n<li>H6 a D40: Vystup na Travessera de Dalt. 10 minut ch\u016fze ke vstupu na Sant Josep de la Muntanya nebo Carrer de Larrard.<\/li>\n\n\n\n<li>24 a V19: Zastavuj\u00ed p\u0159\u00edmo u hlavn\u00edho vstupu na Carretera del Carmel.<\/li>\n<\/ul>\n\n\n\n<p><strong>\ud83d\ude8c <strong>Turistick\u00fd autobus:<\/strong><\/strong> <a href=\"https:\/\/www.tiqets.com\/cs\/barcelona-attractions-c66342\/tickets-for-hop-on-hop-off-bus-barcelona-p974325\/?partner=barcelonacard\" rel=\"nofollow noopener\">Barcelona Bus Tur\u00edstic<\/a> (Modr\u00e1 linka) a <a href=\"https:\/\/www.tiqets.com\/cs\/barcelona-attractions-c66342\/tickets-for-city-tour-barcelona-p974590\/?partner=barcelonacard\" rel=\"nofollow noopener\">Barcelona City Tour<\/a> (Zelen\u00e1 trasa) zastavuj\u00ed na Avinguda de la Mare de D\u00e9u de Montserrat. Odtud je to 10 minut ch\u016fze p\u0159es Av. Pompeu Fabra.<\/p>\n\n\n\n<p><strong>\ud83d\ude96 Taxi:<\/strong> Taxi t\u011b m\u016f\u017ee vysadit u vstupu Carretera del Carmel, kter\u00fd je nejbli\u017e\u0161\u00ed a nejpohodln\u011bj\u0161\u00ed.<\/p>\n\n\n\n<p>\ud83d\ude97 <strong>Auto:<\/strong> M\u016f\u017ee\u0161 parkovat na parkovi\u0161ti BSM Travessera de Dalt \u2013 Park G\u00fcell. P\u0159es aplikaci smou m\u016f\u017ee\u0161 spravovat parkov\u00e1n\u00ed a z\u00edskat 30% slevu.<\/p>\n\n\n\n<p><\/p>\n","protected":false},"excerpt":{"rendered":"<p>Gaud\u00edho mozaikov\u00fd poh\u00e1dkov\u00fd sv\u011bt s v\u00fdhledem na m\u011bsto. Klenot UNESCO, jeho\u017e vstupenky se rychle vyprod\u00e1vaj\u00ed.<\/p>\n","protected":false},"author":4,"featured_media":935,"parent":0,"menu_order":4,"template":"","meta":{"_acf_changed":false,"button_url":"https:\/\/www.tiqets.com\/cs\/co-podniknout-ve-meste-barcelona-c66342\/vstupenky-na-park-guell-vstupenka-audio-pruvodce-p1111514\/?partner=barcelonacard","ms_product_id":"1111514","ms_product_name":"Park G\u00fcell: Entry Ticket + Audio Guide","ms_price":"20","ms_currency":"EUR","ms_rating_value":"4.3","ms_review_count":"37135","product_id":"1111514","street_address":"Carrer d'Olot, 11","city":"Barcelona","country":"Spain","postal_code":"08024","lattitude":"41.414495","longitude":"2.152694","rank_math_title":"Park G\u00fcell: Kupte si vstupenky online | \u20ac%customfield(ms_price)% | Bez \u010dek\u00e1n\u00ed ve front\u011b","rank_math_description":"OMEZEN\u00c1 DOSTUPNOST \u2013 Rezervujte si vstupenky do Parku G\u00fcell v Barcelon\u011b a u\u017eijte si bez \u010dek\u00e1n\u00ed ve front\u011b p\u0159\u00edstup do tohoto n\u00e1dhern\u00e9ho parku. Prozkoumejte monument\u00e1ln\u00ed z\u00f3nu, projd\u011bte se po vyv\u00fd\u0161en\u00fdch kamenn\u00fdch chodn\u00edc\u00edch a po\u0159i\u010fte si selfie p\u0159ed slavnou Gaud\u00edho sochou draka. To si nesm\u00edte nechat uj\u00edt!"},"ticket-type":[],"producer":[],"class_list":["post-199","ticket","type-ticket","status-publish","has-post-thumbnail","hentry"],"acf":[],"product_schema":{"ms_product_id":"1111514","ms_product_name":"Park G\u00fcell: Entry Ticket + Audio Guide","ms_price":"20","ms_currency":"EUR","ms_rating_value":"4.3","ms_review_count":"37135"},"location_schema":{"product_id":"1111514","street_address":"Carrer d'Olot, 11","city":"Barcelona","country":"Spain","postal_code":"08024","lattitude":"41.414495","longitude":"2.152694"},"_links":{"self":[{"href":"https:\/\/www.barcelonacard.org\/cs\/wp-json\/wp\/v2\/ticket\/199","targetHints":{"allow":["GET"]}}],"collection":[{"href":"https:\/\/www.barcelonacard.org\/cs\/wp-json\/wp\/v2\/ticket"}],"about":[{"href":"https:\/\/www.barcelonacard.org\/cs\/wp-json\/wp\/v2\/types\/ticket"}],"author":[{"embeddable":true,"href":"https:\/\/www.barcelonacard.org\/cs\/wp-json\/wp\/v2\/users\/4"}],"wp:featuredmedia":[{"embeddable":true,"href":"https:\/\/www.barcelonacard.org\/cs\/wp-json\/wp\/v2\/media\/935"}],"wp:attachment":[{"href":"https:\/\/www.barcelonacard.org\/cs\/wp-json\/wp\/v2\/media?parent=199"}],"wp:term":[{"taxonomy":"ticket-type","embeddable":true,"href":"https:\/\/www.barcelonacard.org\/cs\/wp-json\/wp\/v2\/ticket-type?post=199"},{"taxonomy":"producer","embeddable":true,"href":"https:\/\/www.barcelonacard.org\/cs\/wp-json\/wp\/v2\/producer?post=199"}],"curies":[{"name":"wp","href":"https:\/\/api.w.org\/{rel}","templated":true}]}}